{"id":5964,"date":"2021-07-18T17:41:50","date_gmt":"2021-07-18T15:41:50","guid":{"rendered":"https:\/\/bazanakrakowskiej.pl\/?page_id=5964"},"modified":"2021-07-18T17:42:35","modified_gmt":"2021-07-18T15:42:35","slug":"nadchodzace-wydarzenia","status":"publish","type":"page","link":"https:\/\/bazanakrakowskiej.pl\/index.php\/nadchodzace-wydarzenia\/","title":{"rendered":"Nadchodz\u0105ce wydarzenia"},"content":{"rendered":"<h2 style=\"text-align: center;\">Nadchodz\u0105ce wydarzenia<\/h2>\n<p style=\"text-align: center;\"><div id=\"mec_skin_5963\" class=\"mec-wrap colorskin-custom  \">\r\n    \r\n        \r\n    <div class=\"mec-tile\">\r\n        <div class=\"mec-calendar-topsec\">\r\n            <div class=\"mec-clear\">\r\n                                <div class=\"mec-skin-tile-month-navigator-container\">\r\n                    <div class=\"mec-month-navigator\" id=\"mec_month_navigator_5963_202605\"><div class=\"mec-calendar-header\"><h2>maj 2026<\/h2><\/div><div class=\"mec-next-month mec-load-month mec-next-month\" data-mec-year=\"2026\" data-mec-month=\"06\"><a href=\"#\" class=\"mec-load-month-link\">czerwiec <i class=\"mec-sl-angle-right\"><\/i><\/a><\/div><\/div>\r\n                <\/div>\r\n                \r\n                <div class=\"mec-calendar-table\" id=\"mec_skin_events_5963\">\r\n                                            <div class=\"mec-month-container mec-month-container-selected\" id=\"mec_tile_month_5963_202605\" data-month-id=\"202605\"><div class=\"mec-wrap colorskin-custom\">\r\n    <div class=\"mec-event-tile-view\">\r\n        <div class=\"row\"><div class=\"col-md-3 col-sm-3\">        <script type=\"application\/ld+json\">\r\n        {\r\n            \"@context\": \"http:\/\/schema.org\",\r\n            \"@type\": \"Event\",\r\n            \"eventStatus\": \"https:\/\/schema.org\/EventScheduled\",\r\n            \"startDate\": \"2026-05-02\",\r\n            \"endDate\": \"2026-05-02\",\r\n            \"eventAttendanceMode\": \"https:\/\/schema.org\/OfflineEventAttendanceMode\",\r\n            \"location\":\r\n            {\r\n                \"@type\": \"Place\",\r\n                                \"name\": \"Baza na Krakowskiej\",\r\n                \"image\": \"\",\r\n                \"address\": \"\"\r\n                            },\r\n            \"organizer\":\r\n            {\r\n                \"@type\": \"Person\",\r\n                \"name\": \"\",\r\n                \"url\": \"\"\r\n            },\r\n            \"offers\":\r\n            {\r\n                \"url\": \"https:\/\/bazanakrakowskiej.pl\/index.php\/wydarzenia\/mozliwosc-organizacji-urodzin\/\",\r\n                \"price\": \"\",\r\n                \"priceCurrency\": \"$\",\r\n                \"availability\": \"https:\/\/schema.org\/InStock\",\r\n                \"validFrom\": \"2026-05-02T00:00\"\r\n            },\r\n            \"performer\": \"\",\r\n            \"description\": \"&lt;p&gt;Wi\u0119cej informacji w zak\u0142adce &lt;a href=&quot;https:\/\/bazanakrakowskiej.pl\/index.php\/oferta-dodatkowa\/&quot;&gt;URODZINY&lt;\/a&gt; \ud83d\ude42&lt;\/p&gt; \",\r\n            \"image\": \"\",\r\n            \"name\": \"Mo\u017cliwo\u015b\u0107 organizacji urodzin\",\r\n            \"url\": \"https:\/\/bazanakrakowskiej.pl\/index.php\/wydarzenia\/mozliwosc-organizacji-urodzin\/\"\r\n        }\r\n        <\/script>\r\n                            <article  data-href=\"https:\/\/bazanakrakowskiej.pl\/index.php\/wydarzenia\/mozliwosc-organizacji-urodzin\/\" data-target=\"m1\" style=\"background:#f587a6\" class=\"mec-past-event mec-event-article mec-tile-item  mec-clear   \">\r\n                                                                        <div class=\"event-tile-view-head clearfix\">\r\n                                                            <div class=\"mec-event-month\"><span class=\"mec-start-date-label\" itemprop=\"startDate\">2 maj<\/span><\/div>\r\n                                                        <div class=\"mec-event-time\"><i class=\"mec-sl-clock\"><\/i>10:00<\/div>\r\n                        <\/div>\r\n                        <div class=\"mec-event-content\" data-target=\"m1\" data-event-id=\"7953\">\r\n                            <a href=\"https:\/\/bazanakrakowskiej.pl\/index.php\/wydarzenia\/mozliwosc-organizacji-urodzin\/\" target=\"m1\" class=\"mec-tile-into-content-link\"><\/a>                            <div class=\"mec-tile-event-content\">\r\n                                <div class=\"mec-event-detail\">\r\n                                                                                                            <span class=\"mec-event-loc-place\"><i class=\"mec-sl-location-pin\"><\/i>Baza na Krakowskiej<\/span>                                                                    <\/div>\r\n                                                                <h4 class=\"mec-event-title\"><a class=\"mec-color-hover\"  data-event-id=\"7953\" href=\"https:\/\/bazanakrakowskiej.pl\/index.php\/wydarzenia\/mozliwosc-organizacji-urodzin\/\" target=\"m1\" rel=\"noopener\">Mo\u017cliwo\u015b\u0107 organizacji urodzin<\/a><\/h4>\r\n                                                            <\/div>\r\n                        <\/div>\r\n                    <\/article>\r\n                <\/div>            <div class=\"col-md-3 col-sm-3\">        <script type=\"application\/ld+json\">\r\n        {\r\n            \"@context\": \"http:\/\/schema.org\",\r\n            \"@type\": \"Event\",\r\n            \"eventStatus\": \"https:\/\/schema.org\/EventScheduled\",\r\n            \"startDate\": \"2026-05-02\",\r\n            \"endDate\": \"2026-05-02\",\r\n            \"eventAttendanceMode\": \"https:\/\/schema.org\/OfflineEventAttendanceMode\",\r\n            \"location\":\r\n            {\r\n                \"@type\": \"Place\",\r\n                                \"name\": \"Baza na Krakowskiej\",\r\n                \"image\": \"\",\r\n                \"address\": \"\"\r\n                            },\r\n            \"organizer\":\r\n            {\r\n                \"@type\": \"Person\",\r\n                \"name\": \"\",\r\n                \"url\": \"\"\r\n            },\r\n            \"offers\":\r\n            {\r\n                \"url\": \"https:\/\/bazanakrakowskiej.pl\/index.php\/wydarzenia\/mozliwosc-organizacji-urodzin-4\/\",\r\n                \"price\": \"\",\r\n                \"priceCurrency\": \"$\",\r\n                \"availability\": \"https:\/\/schema.org\/InStock\",\r\n                \"validFrom\": \"2026-05-02T00:00\"\r\n            },\r\n            \"performer\": \"\",\r\n            \"description\": \"&lt;p&gt;Wi\u0119cej informacji w zak\u0142adce &lt;a href=&quot;https:\/\/bazanakrakowskiej.pl\/index.php\/oferta-dodatkowa\/&quot;&gt;URODZINY&lt;\/a&gt; \ud83d\ude42&lt;\/p&gt; \",\r\n            \"image\": \"\",\r\n            \"name\": \"Mo\u017cliwo\u015b\u0107 organizacji urodzin\",\r\n            \"url\": \"https:\/\/bazanakrakowskiej.pl\/index.php\/wydarzenia\/mozliwosc-organizacji-urodzin-4\/\"\r\n        }\r\n        <\/script>\r\n                            <article  data-href=\"https:\/\/bazanakrakowskiej.pl\/index.php\/wydarzenia\/mozliwosc-organizacji-urodzin-4\/\" data-target=\"m1\" style=\"background:#f587a6\" class=\"mec-past-event mec-event-article mec-tile-item  mec-clear   \">\r\n                                                                        <div class=\"event-tile-view-head clearfix\">\r\n                                                            <div class=\"mec-event-month\"><span class=\"mec-start-date-label\" itemprop=\"startDate\">2 maj<\/span><\/div>\r\n                                                        <div class=\"mec-event-time\"><i class=\"mec-sl-clock\"><\/i>13:00<\/div>\r\n                        <\/div>\r\n                        <div class=\"mec-event-content\" data-target=\"m1\" data-event-id=\"7954\">\r\n                            <a href=\"https:\/\/bazanakrakowskiej.pl\/index.php\/wydarzenia\/mozliwosc-organizacji-urodzin-4\/\" target=\"m1\" class=\"mec-tile-into-content-link\"><\/a>                            <div class=\"mec-tile-event-content\">\r\n                                <div class=\"mec-event-detail\">\r\n                                                                                                            <span class=\"mec-event-loc-place\"><i class=\"mec-sl-location-pin\"><\/i>Baza na Krakowskiej<\/span>                                                                    <\/div>\r\n                                                                <h4 class=\"mec-event-title\"><a class=\"mec-color-hover\"  data-event-id=\"7954\" href=\"https:\/\/bazanakrakowskiej.pl\/index.php\/wydarzenia\/mozliwosc-organizacji-urodzin-4\/\" target=\"m1\" rel=\"noopener\">Mo\u017cliwo\u015b\u0107 organizacji urodzin<\/a><\/h4>\r\n                                                            <\/div>\r\n                        <\/div>\r\n                    <\/article>\r\n                <\/div>            <div class=\"col-md-3 col-sm-3\">        <script type=\"application\/ld+json\">\r\n        {\r\n            \"@context\": \"http:\/\/schema.org\",\r\n            \"@type\": \"Event\",\r\n            \"eventStatus\": \"https:\/\/schema.org\/EventScheduled\",\r\n            \"startDate\": \"2026-05-02\",\r\n            \"endDate\": \"2026-05-02\",\r\n            \"eventAttendanceMode\": \"https:\/\/schema.org\/OfflineEventAttendanceMode\",\r\n            \"location\":\r\n            {\r\n                \"@type\": \"Place\",\r\n                                \"name\": \"Baza na Krakowskiej\",\r\n                \"image\": \"\",\r\n                \"address\": \"\"\r\n                            },\r\n            \"organizer\":\r\n            {\r\n                \"@type\": \"Person\",\r\n                \"name\": \"Ma\u0142gorzata Grabowska- Fluder\",\r\n                \"url\": \"https:\/\/www.instagram.com\/malflu_foto\/\"\r\n            },\r\n            \"offers\":\r\n            {\r\n                \"url\": \"https:\/\/bazanakrakowskiej.pl\/index.php\/wydarzenia\/korepetycje-z-warzyw-warsztaty-kulinarne\/\",\r\n                \"price\": \"\",\r\n                \"priceCurrency\": \"$\",\r\n                \"availability\": \"https:\/\/schema.org\/InStock\",\r\n                \"validFrom\": \"2026-05-02T00:00\"\r\n            },\r\n            \"performer\": \"\",\r\n            \"description\": \"&lt;p&gt;Razem z &lt;a class=&quot;x1i10hfl xjbqb8w x1ejq31n xd10rxx x1sy0etr x17r0tee x972fbf xcfux6l x1qhh985 xm0m39n x9f619 x1ypdohk xt0psk2 xe8uvvx xdj266r x11i5rnm xat24cr x1mh8g0r xexx8yu x4uap5 x18d9i69 xkhd6sd x16tdsg8 x1hl2dhg xggy1nq x1a2a7pz notranslate _a6hd&quot; tabindex=&quot;0&quot; role=&quot;link&quot; href=&quot;https:\/\/www.instagram.com\/malflu_foto\/&quot;&gt;@malflu_foto&lt;\/a&gt; zapraszamy na&lt;br \/&gt; KOREPETYCJE Z WARZYW!&lt;\/p&gt; &lt;p&gt;Du\u017co dobrej, pozytywnej energii, pyszno\u015bci na talerzu, degustacja i znakomite towarzystwo- bo tak smakuje \u017cycie \u263a\ufe0f&lt;\/p&gt; &lt;p&gt;Jak m\u00f3wi Gosia \u201echc\u0119 pokaza\u0107, \u017ce warto je\u015b\u0107 sezonowo, \u017ce proste gotowanie mo\u017ce by\u0107 przyjemno\u015bci\u0105, \u017ce dzi\u0119ki jako\u015bciowym sk\u0142adnikom jedzenie mo\u017ce sta\u0107 si\u0119 lekarstwem- od\u017cywia\u0107 cia\u0142o i ducha\u201d \ud83c\udf72&lt;\/p&gt; &lt;p&gt;Szczeg\u00f3\u0142y i zapisy bezpo\u015brednio u Gosi pod nr tel. 500565030&lt;br \/&gt; Daty warsztat\u00f3w b\u0119d\u0105 podawane na bie\u017c\u0105co \u263a\ufe0f&lt;\/p&gt; &lt;div class=&quot;figure&quot;&gt;&lt;img loading=&quot;lazy&quot; decoding=&quot;async&quot; class=&quot;alignnone size-medium wp-image-7492&quot; src=&quot;https:\/\/bazanakrakowskiej.pl\/wp-content\/uploads\/2024\/03\/20240229_180717_0000-212x300.jpg&quot; alt=&quot;&quot; width=&quot;212&quot; height=&quot;300&quot; srcset=&quot;https:\/\/bazanakrakowskiej.pl\/wp-content\/uploads\/2024\/03\/20240229_180717_0000-212x300.jpg 212w, https:\/\/bazanakrakowskiej.pl\/wp-content\/uploads\/2024\/03\/20240229_180717_0000-724x1024.jpg 724w, https:\/\/bazanakrakowskiej.pl\/wp-content\/uploads\/2024\/03\/20240229_180717_0000-768x1086.jpg 768w, https:\/\/bazanakrakowskiej.pl\/wp-content\/uploads\/2024\/03\/20240229_180717_0000-1086x1536.jpg 1086w, https:\/\/bazanakrakowskiej.pl\/wp-content\/uploads\/2024\/03\/20240229_180717_0000.jpg 1414w&quot; sizes=&quot;auto, (max-width: 212px) 100vw, 212px&quot; \/&gt;&lt;\/div&gt; \",\r\n            \"image\": \"\",\r\n            \"name\": \"Korepetycje z warzyw- warsztaty kulinarne\",\r\n            \"url\": \"https:\/\/bazanakrakowskiej.pl\/index.php\/wydarzenia\/korepetycje-z-warzyw-warsztaty-kulinarne\/\"\r\n        }\r\n        <\/script>\r\n                            <article  data-href=\"https:\/\/bazanakrakowskiej.pl\/index.php\/wydarzenia\/korepetycje-z-warzyw-warsztaty-kulinarne\/\" data-target=\"m1\" style=\"background:#6fed6a\" class=\"mec-past-event mec-event-article mec-tile-item  mec-clear   \">\r\n                                                                        <div class=\"event-tile-view-head clearfix\">\r\n                                                            <div class=\"mec-event-month\"><span class=\"mec-start-date-label\" itemprop=\"startDate\">2 maj<\/span><\/div>\r\n                                                        <div class=\"mec-event-time\"><i class=\"mec-sl-clock\"><\/i>16:00<\/div>\r\n                        <\/div>\r\n                        <div class=\"mec-event-content\" data-target=\"m1\" data-event-id=\"7491\">\r\n                            <a href=\"https:\/\/bazanakrakowskiej.pl\/index.php\/wydarzenia\/korepetycje-z-warzyw-warsztaty-kulinarne\/\" target=\"m1\" class=\"mec-tile-into-content-link\"><\/a>                            <div class=\"mec-tile-event-content\">\r\n                                <div class=\"mec-event-detail\">\r\n                                                                                                            <span class=\"mec-event-loc-place\"><i class=\"mec-sl-location-pin\"><\/i>Baza na Krakowskiej<\/span>                                                                    <\/div>\r\n                                                                <h4 class=\"mec-event-title\"><a class=\"mec-color-hover\"  data-event-id=\"7491\" href=\"https:\/\/bazanakrakowskiej.pl\/index.php\/wydarzenia\/korepetycje-z-warzyw-warsztaty-kulinarne\/\" target=\"m1\" rel=\"noopener\">Korepetycje z warzyw- warsztaty kulinarne<\/a><\/h4>\r\n                                                            <\/div>\r\n                        <\/div>\r\n                    <\/article>\r\n                <\/div>                    <div class=\"col-md-3 col-sm-3\">        <script type=\"application\/ld+json\">\r\n        {\r\n            \"@context\": \"http:\/\/schema.org\",\r\n            \"@type\": \"Event\",\r\n            \"eventStatus\": \"https:\/\/schema.org\/EventScheduled\",\r\n            \"startDate\": \"2026-05-04\",\r\n            \"endDate\": \"2026-05-04\",\r\n            \"eventAttendanceMode\": \"https:\/\/schema.org\/OfflineEventAttendanceMode\",\r\n            \"location\":\r\n            {\r\n                \"@type\": \"Place\",\r\n                                \"name\": \"Baza na Krakowskiej\",\r\n                \"image\": \"\",\r\n                \"address\": \"\"\r\n                            },\r\n            \"organizer\":\r\n            {\r\n                \"@type\": \"Person\",\r\n                \"name\": \"Barbara Niemczyk\",\r\n                \"url\": \"\"\r\n            },\r\n            \"offers\":\r\n            {\r\n                \"url\": \"https:\/\/bazanakrakowskiej.pl\/index.php\/wydarzenia\/przedprzedszkole-3\/\",\r\n                \"price\": \"\",\r\n                \"priceCurrency\": \"$\",\r\n                \"availability\": \"https:\/\/schema.org\/InStock\",\r\n                \"validFrom\": \"2026-05-04T00:00\"\r\n            },\r\n            \"performer\": \"\",\r\n            \"description\": \"&lt;p&gt;To zaj\u0119cia adaptacyjne dla dzieci &lt;strong&gt;2+&lt;\/strong&gt; (bez udzia\u0142u Rodzica), prowadzone wg autorskich scenariuszy, maj\u0105ce na celu przygotowanie maluch\u00f3w do p\u00f3j\u015bcia do przedszkola.&lt;\/p&gt; &lt;p&gt;&lt;strong&gt;NASZA OFERTA: &lt;\/strong&gt;&lt;\/p&gt; &lt;ul&gt; &lt;li&gt;Zaj\u0119cia 5 razy w tygodniu!&lt;\/li&gt; &lt;li&gt;Od poniedzia\u0142ku do pi\u0105tku w godzinach 8:00-13:00&lt;\/li&gt; &lt;li&gt;&lt;strong&gt;3&lt;\/strong&gt; abonamenty do wyboru + abonament indywidulany&lt;\/li&gt; &lt;li&gt;Nauka poprzez zabaw\u0119!&lt;\/li&gt; &lt;\/ul&gt; &lt;p&gt;&lt;strong&gt;Naszym celem jest:&lt;\/strong&gt;&lt;\/p&gt; &lt;p&gt;\u2013 nawi\u0105zywanie i wzmacnianie kontakt\u00f3w spo\u0142ecznych z dzie\u0107mi w grupie&lt;br \/&gt; \u2013 wdra\u017canie do samodzielno\u015bci poprzez nabywanie nowych umiej\u0119tno\u015bci&lt;br \/&gt; \u2013 stwarzanie warunk\u00f3w sprzyjaj\u0105cych wsp\u00f3lnej zabawie&lt;br \/&gt; \u2013 kszta\u0142towanie u dzieci zdolno\u015bci radzenia sobie w nowych sytuacjach&lt;br \/&gt; \u2013 zach\u0119canie do udzia\u0142u w zaj\u0119ciach artystycznych, plastycznych itp.&lt;\/p&gt; &lt;p&gt;&lt;strong&gt;Zapewniamy:&lt;\/strong&gt;&lt;\/p&gt; &lt;p&gt;\u2013 troskliw\u0105 opiek\u0119 i bezpiecze\u0144stwo&lt;br \/&gt; \u2013 przestronne sale, przystosowane do potrzeb dzieci&lt;br \/&gt; \u2013 zabawki, materia\u0142y edukacyjne&lt;br \/&gt; \u2013 zaj\u0119cia plastyczne, muzyczne itp.&lt;br \/&gt; \u2013 indywidulane podej\u015bcie do dziecka&lt;\/p&gt; &lt;p&gt;Szczeg\u00f3\u0142y tutaj: &lt;a href=&quot;https:\/\/bazanakrakowskiej.pl\/index.php\/przedprzedszkole\/&quot;&gt;https:\/\/bazanakrakowskiej.pl\/index.php\/przedprzedszkole\/&lt;\/a&gt;&lt;\/p&gt; \",\r\n            \"image\": \"\",\r\n            \"name\": \"PrzedPrzedszkole\",\r\n            \"url\": \"https:\/\/bazanakrakowskiej.pl\/index.php\/wydarzenia\/przedprzedszkole-3\/\"\r\n        }\r\n        <\/script>\r\n                            <article  data-href=\"https:\/\/bazanakrakowskiej.pl\/index.php\/wydarzenia\/przedprzedszkole-3\/\" data-target=\"m1\" style=\"background:#eae019\" class=\"mec-past-event mec-event-article mec-tile-item  mec-clear   \">\r\n                                                                        <div class=\"event-tile-view-head clearfix\">\r\n                                                            <div class=\"mec-event-month\"><span class=\"mec-start-date-label\" itemprop=\"startDate\">4 maj<\/span><\/div>\r\n                                                        <div class=\"mec-event-time\"><i class=\"mec-sl-clock\"><\/i>08:00<\/div>\r\n                        <\/div>\r\n                        <div class=\"mec-event-content\" data-target=\"m1\" data-event-id=\"7050\">\r\n                            <a href=\"https:\/\/bazanakrakowskiej.pl\/index.php\/wydarzenia\/przedprzedszkole-3\/\" target=\"m1\" class=\"mec-tile-into-content-link\"><\/a>                            <div class=\"mec-tile-event-content\">\r\n                                <div class=\"mec-event-detail\">\r\n                                                                                                            <span class=\"mec-event-loc-place\"><i class=\"mec-sl-location-pin\"><\/i>Baza na Krakowskiej<\/span>                                                                    <\/div>\r\n                                                                <h4 class=\"mec-event-title\"><a class=\"mec-color-hover\"  data-event-id=\"7050\" href=\"https:\/\/bazanakrakowskiej.pl\/index.php\/wydarzenia\/przedprzedszkole-3\/\" target=\"m1\" rel=\"noopener\">PrzedPrzedszkole<\/a><\/h4>\r\n                                                            <\/div>\r\n                        <\/div>\r\n                    <\/article>\r\n                <\/div><\/div>            <div class=\"row\"><div class=\"col-md-3 col-sm-3\">        <script type=\"application\/ld+json\">\r\n        {\r\n            \"@context\": \"http:\/\/schema.org\",\r\n            \"@type\": \"Event\",\r\n            \"eventStatus\": \"https:\/\/schema.org\/EventScheduled\",\r\n            \"startDate\": \"2026-05-04\",\r\n            \"endDate\": \"2026-05-04\",\r\n            \"eventAttendanceMode\": \"https:\/\/schema.org\/OfflineEventAttendanceMode\",\r\n            \"location\":\r\n            {\r\n                \"@type\": \"Place\",\r\n                                \"name\": \"Baza na Krakowskiej\",\r\n                \"image\": \"\",\r\n                \"address\": \"\"\r\n                            },\r\n            \"organizer\":\r\n            {\r\n                \"@type\": \"Person\",\r\n                \"name\": \"Gabriela Nguyen Nam\",\r\n                \"url\": \"\"\r\n            },\r\n            \"offers\":\r\n            {\r\n                \"url\": \"https:\/\/bazanakrakowskiej.pl\/index.php\/wydarzenia\/balet-5-8-lat\/\",\r\n                \"price\": \"\",\r\n                \"priceCurrency\": \"$\",\r\n                \"availability\": \"https:\/\/schema.org\/InStock\",\r\n                \"validFrom\": \"2026-05-04T00:00\"\r\n            },\r\n            \"performer\": \"\",\r\n            \"description\": \"&lt;p&gt;&lt;strong&gt;Grupa taneczna Ta\u0144cz\u0105ce Brzd\u0105ce grupa wiekowa 4-5 lat&lt;\/strong&gt;&lt;\/p&gt; &lt;p&gt;Balet z elementami rytmiki i ta\u0144ca klasycznego&lt;\/p&gt; &lt;p&gt;Zaj\u0119cia w ka\u017cdy poniedzia\u0142ek o godz. 15:00-15:55&lt;\/p&gt; &lt;p&gt;Miejsce: BAZA NA KRAKOWSKIEJ&lt;\/p&gt; &lt;p&gt;Koszt: 160 z\u0142\/ msc&lt;\/p&gt; &lt;p&gt;Wi\u0119cej o zaj\u0119ciach przeczytasz tutaj: &lt;a href=&quot;https:\/\/bazanakrakowskiej.pl\/index.php\/zajecia-taneczne\/&quot;&gt;Taniec wsp\u00f3\u0142czesny \u2013 BAZA NA KRAKOWSKIEJ&lt;\/a&gt;&lt;\/p&gt; \",\r\n            \"image\": \"\",\r\n            \"name\": \"Ta\u0144cz\u0105ce Brzd\u0105ce 4-5 lat\",\r\n            \"url\": \"https:\/\/bazanakrakowskiej.pl\/index.php\/wydarzenia\/balet-5-8-lat\/\"\r\n        }\r\n        <\/script>\r\n                            <article  data-href=\"https:\/\/bazanakrakowskiej.pl\/index.php\/wydarzenia\/balet-5-8-lat\/\" data-target=\"m1\" style=\"background:#00e8c5\" class=\"mec-past-event mec-event-article mec-tile-item  mec-clear   \">\r\n                                                                        <div class=\"event-tile-view-head clearfix\">\r\n                                                            <div class=\"mec-event-month\"><span class=\"mec-start-date-label\" itemprop=\"startDate\">4 maj<\/span><\/div>\r\n                                                        <div class=\"mec-event-time\"><i class=\"mec-sl-clock\"><\/i>15:00<\/div>\r\n                        <\/div>\r\n                        <div class=\"mec-event-content\" data-target=\"m1\" data-event-id=\"7163\">\r\n                            <a href=\"https:\/\/bazanakrakowskiej.pl\/index.php\/wydarzenia\/balet-5-8-lat\/\" target=\"m1\" class=\"mec-tile-into-content-link\"><\/a>                            <div class=\"mec-tile-event-content\">\r\n                                <div class=\"mec-event-detail\">\r\n                                                                                                            <span class=\"mec-event-loc-place\"><i class=\"mec-sl-location-pin\"><\/i>Baza na Krakowskiej<\/span>                                                                    <\/div>\r\n                                                                <h4 class=\"mec-event-title\"><a class=\"mec-color-hover\"  data-event-id=\"7163\" href=\"https:\/\/bazanakrakowskiej.pl\/index.php\/wydarzenia\/balet-5-8-lat\/\" target=\"m1\" rel=\"noopener\">Ta\u0144cz\u0105ce Brzd\u0105ce 4-5 lat<\/a><\/h4>\r\n                                                            <\/div>\r\n                        <\/div>\r\n                    <\/article>\r\n                <\/div>            <div class=\"col-md-3 col-sm-3\">        <script type=\"application\/ld+json\">\r\n        {\r\n            \"@context\": \"http:\/\/schema.org\",\r\n            \"@type\": \"Event\",\r\n            \"eventStatus\": \"https:\/\/schema.org\/EventScheduled\",\r\n            \"startDate\": \"2026-05-04\",\r\n            \"endDate\": \"2026-05-04\",\r\n            \"eventAttendanceMode\": \"https:\/\/schema.org\/OfflineEventAttendanceMode\",\r\n            \"location\":\r\n            {\r\n                \"@type\": \"Place\",\r\n                                \"name\": \"Szko\u0142a Podstawowa w Bestwinie\",\r\n                \"image\": \"\",\r\n                \"address\": \"\"\r\n                            },\r\n            \"organizer\":\r\n            {\r\n                \"@type\": \"Person\",\r\n                \"name\": \"Gabriela Nguyen Nam\",\r\n                \"url\": \"\"\r\n            },\r\n            \"offers\":\r\n            {\r\n                \"url\": \"https:\/\/bazanakrakowskiej.pl\/index.php\/wydarzenia\/bazaart-junior-taniec-wspoleczesny\/\",\r\n                \"price\": \"\",\r\n                \"priceCurrency\": \"$\",\r\n                \"availability\": \"https:\/\/schema.org\/InStock\",\r\n                \"validFrom\": \"2026-05-04T00:00\"\r\n            },\r\n            \"performer\": \"\",\r\n            \"description\": \"&lt;p&gt;&lt;strong&gt;BazaART Junior \/Taniec wsp\u00f3\u0142czesny&lt;br \/&gt; (gr. wiekowa 6-8 lat)&lt;br \/&gt; &lt;\/strong&gt;zaj\u0119cia 2 razy w tygodniu&lt;\/p&gt; &lt;p&gt;&lt;strong&gt;Poniedzia\u0142ki&lt;\/strong&gt; godz. 16:00-17:00 (Szko\u0142a Podstawowa w Bestwinie)&lt;\/p&gt; &lt;p&gt;&lt;strong&gt;\u015arody&lt;\/strong&gt; godz.15:30-17:00 (Szko\u0142a Podstawowa w Bestwinie)&lt;\/p&gt; &lt;p&gt;Koszt: 40 z\u0142 \/msc&lt;\/p&gt; &lt;p&gt;Wi\u0119cej o zaj\u0119ciach przeczytasz tutaj: &lt;a href=&quot;https:\/\/bazanakrakowskiej.pl\/index.php\/zajecia-taneczne\/&quot;&gt;Taniec wsp\u00f3\u0142czesny \u2013 BAZA NA KRAKOWSKIEJ&lt;\/a&gt;&lt;\/p&gt; \",\r\n            \"image\": \"\",\r\n            \"name\": \"BazaART Junior- taniec wsp\u00f3\u0142czesny 6-8 lat\",\r\n            \"url\": \"https:\/\/bazanakrakowskiej.pl\/index.php\/wydarzenia\/bazaart-junior-taniec-wspoleczesny\/\"\r\n        }\r\n        <\/script>\r\n                            <article  data-href=\"https:\/\/bazanakrakowskiej.pl\/index.php\/wydarzenia\/bazaart-junior-taniec-wspoleczesny\/\" data-target=\"m1\" style=\"background:#f2823c\" class=\"mec-past-event mec-event-article mec-tile-item  mec-clear   \">\r\n                                                                        <div class=\"event-tile-view-head clearfix\">\r\n                                                            <div class=\"mec-event-month\"><span class=\"mec-start-date-label\" itemprop=\"startDate\">4 maj<\/span><\/div>\r\n                                                        <div class=\"mec-event-time\"><i class=\"mec-sl-clock\"><\/i>16:00<\/div>\r\n                        <\/div>\r\n                        <div class=\"mec-event-content\" data-target=\"m1\" data-event-id=\"7934\">\r\n                            <a href=\"https:\/\/bazanakrakowskiej.pl\/index.php\/wydarzenia\/bazaart-junior-taniec-wspoleczesny\/\" target=\"m1\" class=\"mec-tile-into-content-link\"><\/a>                            <div class=\"mec-tile-event-content\">\r\n                                <div class=\"mec-event-detail\">\r\n                                                                                                            <span class=\"mec-event-loc-place\"><i class=\"mec-sl-location-pin\"><\/i>Szko\u0142a Podstawowa w Bestwinie<\/span>                                                                    <\/div>\r\n                                                                <h4 class=\"mec-event-title\"><a class=\"mec-color-hover\"  data-event-id=\"7934\" href=\"https:\/\/bazanakrakowskiej.pl\/index.php\/wydarzenia\/bazaart-junior-taniec-wspoleczesny\/\" target=\"m1\" rel=\"noopener\">BazaART Junior- taniec wsp\u00f3\u0142czesny 6-8 lat<\/a><\/h4>\r\n                                                            <\/div>\r\n                        <\/div>\r\n                    <\/article>\r\n                <\/div>            <div class=\"col-md-3 col-sm-3\">        <script type=\"application\/ld+json\">\r\n        {\r\n            \"@context\": \"http:\/\/schema.org\",\r\n            \"@type\": \"Event\",\r\n            \"eventStatus\": \"https:\/\/schema.org\/EventScheduled\",\r\n            \"startDate\": \"2026-05-04\",\r\n            \"endDate\": \"2026-05-04\",\r\n            \"eventAttendanceMode\": \"https:\/\/schema.org\/OfflineEventAttendanceMode\",\r\n            \"location\":\r\n            {\r\n                \"@type\": \"Place\",\r\n                                \"name\": \"Szko\u0142a Podstawowa w Bestwinie\",\r\n                \"image\": \"\",\r\n                \"address\": \"\"\r\n                            },\r\n            \"organizer\":\r\n            {\r\n                \"@type\": \"Person\",\r\n                \"name\": \"Gabriela Nguyen Nam\",\r\n                \"url\": \"\"\r\n            },\r\n            \"offers\":\r\n            {\r\n                \"url\": \"https:\/\/bazanakrakowskiej.pl\/index.php\/wydarzenia\/bazaart-junior-plus-taniec-wspolczesny-2\/\",\r\n                \"price\": \"\",\r\n                \"priceCurrency\": \"$\",\r\n                \"availability\": \"https:\/\/schema.org\/InStock\",\r\n                \"validFrom\": \"2026-05-04T00:00\"\r\n            },\r\n            \"performer\": \"\",\r\n            \"description\": \"&lt;p&gt;&lt;strong&gt;BazaART Junior PLUS\/Taniec wsp\u00f3\u0142czesny&lt;\/strong&gt;&lt;b&gt;&lt;br \/&gt; &lt;strong&gt;(gr. wiekowa 6-8 lat)&lt;\/strong&gt;&lt;br \/&gt; &lt;\/b&gt;zaj\u0119cia 2 razy w tygodniu&lt;\/p&gt; &lt;p&gt;&lt;strong&gt;Poniedzia\u0142ki&lt;\/strong&gt; godz. 16:00-17:30 (Szko\u0142a Podstawowa w Bestwinie)&lt;\/p&gt; &lt;p&gt;&lt;strong&gt;\u015arody&lt;\/strong&gt; godz.17:00- 18:30 (Szko\u0142a Podstawowa w Bestwinie)&lt;\/p&gt; &lt;p&gt;Koszt: 40 z\u0142 \/msc&lt;\/p&gt; &lt;p&gt;&nbsp;&lt;\/p&gt; &lt;p&gt;Wi\u0119cej o zaj\u0119ciach przeczytasz tutaj: &lt;a href=&quot;https:\/\/bazanakrakowskiej.pl\/index.php\/zajecia-taneczne\/&quot;&gt;Taniec wsp\u00f3\u0142czesny \u2013 BAZA NA KRAKOWSKIEJ&lt;\/a&gt;&lt;\/p&gt; \",\r\n            \"image\": \"\",\r\n            \"name\": \"BazaART Junior PLUS\/Taniec wsp\u00f3\u0142czesny\",\r\n            \"url\": \"https:\/\/bazanakrakowskiej.pl\/index.php\/wydarzenia\/bazaart-junior-plus-taniec-wspolczesny-2\/\"\r\n        }\r\n        <\/script>\r\n                            <article  data-href=\"https:\/\/bazanakrakowskiej.pl\/index.php\/wydarzenia\/bazaart-junior-plus-taniec-wspolczesny-2\/\" data-target=\"m1\" style=\"background:#f20c77\" class=\"mec-past-event mec-event-article mec-tile-item  mec-clear   \">\r\n                                                                        <div class=\"event-tile-view-head clearfix\">\r\n                                                            <div class=\"mec-event-month\"><span class=\"mec-start-date-label\" itemprop=\"startDate\">4 maj<\/span><\/div>\r\n                                                        <div class=\"mec-event-time\"><i class=\"mec-sl-clock\"><\/i>16:00<\/div>\r\n                        <\/div>\r\n                        <div class=\"mec-event-content\" data-target=\"m1\" data-event-id=\"8588\">\r\n                            <a href=\"https:\/\/bazanakrakowskiej.pl\/index.php\/wydarzenia\/bazaart-junior-plus-taniec-wspolczesny-2\/\" target=\"m1\" class=\"mec-tile-into-content-link\"><\/a>                            <div class=\"mec-tile-event-content\">\r\n                                <div class=\"mec-event-detail\">\r\n                                                                                                            <span class=\"mec-event-loc-place\"><i class=\"mec-sl-location-pin\"><\/i>Szko\u0142a Podstawowa w Bestwinie<\/span>                                                                    <\/div>\r\n                                                                <h4 class=\"mec-event-title\"><a class=\"mec-color-hover\"  data-event-id=\"8588\" href=\"https:\/\/bazanakrakowskiej.pl\/index.php\/wydarzenia\/bazaart-junior-plus-taniec-wspolczesny-2\/\" target=\"m1\" rel=\"noopener\">BazaART Junior PLUS\/Taniec wsp\u00f3\u0142czesny<\/a><\/h4>\r\n                                                            <\/div>\r\n                        <\/div>\r\n                    <\/article>\r\n                <\/div>            <div class=\"col-md-3 col-sm-3\">        <script type=\"application\/ld+json\">\r\n        {\r\n            \"@context\": \"http:\/\/schema.org\",\r\n            \"@type\": \"Event\",\r\n            \"eventStatus\": \"https:\/\/schema.org\/EventScheduled\",\r\n            \"startDate\": \"2026-05-04\",\r\n            \"endDate\": \"2026-05-04\",\r\n            \"eventAttendanceMode\": \"https:\/\/schema.org\/OfflineEventAttendanceMode\",\r\n            \"location\":\r\n            {\r\n                \"@type\": \"Place\",\r\n                                \"name\": \"Szko\u0142a Podstawowa w Bestwinie\",\r\n                \"image\": \"\",\r\n                \"address\": \"\"\r\n                            },\r\n            \"organizer\":\r\n            {\r\n                \"@type\": \"Person\",\r\n                \"name\": \"Gabriela Nguyen Nam\",\r\n                \"url\": \"\"\r\n            },\r\n            \"offers\":\r\n            {\r\n                \"url\": \"https:\/\/bazanakrakowskiej.pl\/index.php\/wydarzenia\/bazaart-taniec-wspolczesny-9-12-lat\/\",\r\n                \"price\": \"\",\r\n                \"priceCurrency\": \"$\",\r\n                \"availability\": \"https:\/\/schema.org\/InStock\",\r\n                \"validFrom\": \"2026-05-04T00:00\"\r\n            },\r\n            \"performer\": \"\",\r\n            \"description\": \"&lt;p&gt;&lt;strong&gt;BazaART \u2013 taniec wsp\u00f3\u0142czesny&lt;br \/&gt; &lt;\/strong&gt;&lt;strong&gt;(gr. wiekowa 9-12 lat)&lt;\/strong&gt;&lt;br \/&gt; zaj\u0119cia 2 razy w tygodniu&lt;\/p&gt; &lt;p&gt;&lt;strong&gt;Poniedzia\u0142ki&lt;\/strong&gt; godz. 17:30-19:00 (Szko\u0142a Podstawowa w Bestwinie)&lt;\/p&gt; &lt;p&gt;&lt;strong&gt;\u015arody&lt;\/strong&gt; godz.18:30-20:00 (Szko\u0142a Podstawowa w Bestwinie)&lt;\/p&gt; &lt;p&gt;Koszt:40 z\u0142\/ zaj\u0119cia&lt;\/p&gt; &lt;p&gt;Wi\u0119cej o zaj\u0119ciach przeczytasz tutaj: &lt;a href=&quot;https:\/\/bazanakrakowskiej.pl\/index.php\/zajecia-taneczne\/&quot;&gt;Taniec wsp\u00f3\u0142czesny \u2013 BAZA NA KRAKOWSKIEJ&lt;\/a&gt;&lt;\/p&gt; \",\r\n            \"image\": \"\",\r\n            \"name\": \"BazaART- taniec wsp\u00f3\u0142czesny 9-12 lat\",\r\n            \"url\": \"https:\/\/bazanakrakowskiej.pl\/index.php\/wydarzenia\/bazaart-taniec-wspolczesny-9-12-lat\/\"\r\n        }\r\n        <\/script>\r\n                            <article  data-href=\"https:\/\/bazanakrakowskiej.pl\/index.php\/wydarzenia\/bazaart-taniec-wspolczesny-9-12-lat\/\" data-target=\"m1\" style=\"background:#9548e2\" class=\"mec-past-event mec-event-article mec-tile-item  mec-clear   \">\r\n                                                                        <div class=\"event-tile-view-head clearfix\">\r\n                                                            <div class=\"mec-event-month\"><span class=\"mec-start-date-label\" itemprop=\"startDate\">4 maj<\/span><\/div>\r\n                                                        <div class=\"mec-event-time\"><i class=\"mec-sl-clock\"><\/i>17:30<\/div>\r\n                        <\/div>\r\n                        <div class=\"mec-event-content\" data-target=\"m1\" data-event-id=\"7938\">\r\n                            <a href=\"https:\/\/bazanakrakowskiej.pl\/index.php\/wydarzenia\/bazaart-taniec-wspolczesny-9-12-lat\/\" target=\"m1\" class=\"mec-tile-into-content-link\"><\/a>                            <div class=\"mec-tile-event-content\">\r\n                                <div class=\"mec-event-detail\">\r\n                                                                                                            <span class=\"mec-event-loc-place\"><i class=\"mec-sl-location-pin\"><\/i>Szko\u0142a Podstawowa w Bestwinie<\/span>                                                                    <\/div>\r\n                                                                <h4 class=\"mec-event-title\"><a class=\"mec-color-hover\"  data-event-id=\"7938\" href=\"https:\/\/bazanakrakowskiej.pl\/index.php\/wydarzenia\/bazaart-taniec-wspolczesny-9-12-lat\/\" target=\"m1\" rel=\"noopener\">BazaART- taniec wsp\u00f3\u0142czesny 9-12 lat<\/a><\/h4>\r\n                                                            <\/div>\r\n                        <\/div>\r\n                    <\/article>\r\n                <\/div><\/div>            <div class=\"row\"><div class=\"col-md-3 col-sm-3\">        <script type=\"application\/ld+json\">\r\n        {\r\n            \"@context\": \"http:\/\/schema.org\",\r\n            \"@type\": \"Event\",\r\n            \"eventStatus\": \"https:\/\/schema.org\/EventScheduled\",\r\n            \"startDate\": \"2026-05-04\",\r\n            \"endDate\": \"2026-05-04\",\r\n            \"eventAttendanceMode\": \"https:\/\/schema.org\/OfflineEventAttendanceMode\",\r\n            \"location\":\r\n            {\r\n                \"@type\": \"Place\",\r\n                                \"name\": \"Baza na Krakowskiej\/ s. lustrzana\",\r\n                \"image\": \"\",\r\n                \"address\": \"\"\r\n                            },\r\n            \"organizer\":\r\n            {\r\n                \"@type\": \"Person\",\r\n                \"name\": \"Anna Porwit\",\r\n                \"url\": \"https:\/\/www.facebook.com\/pasjamojaity\"\r\n            },\r\n            \"offers\":\r\n            {\r\n                \"url\": \"https:\/\/bazanakrakowskiej.pl\/index.php\/wydarzenia\/stepstretch\/\",\r\n                \"price\": \"\",\r\n                \"priceCurrency\": \"$\",\r\n                \"availability\": \"https:\/\/schema.org\/InStock\",\r\n                \"validFrom\": \"2026-05-04T00:00\"\r\n            },\r\n            \"performer\": \"\",\r\n            \"description\": \"&lt;div id=&quot;fws_66c33680580d2&quot; class=&quot;wpb_row vc_row-fluid vc_row top-level &quot; data-column-margin=&quot;default&quot; data-midnight=&quot;dark&quot;&gt; &lt;div class=&quot;row_col_wrap_12 col span_12 dark left&quot;&gt; &lt;div class=&quot;vc_col-sm-8 wpb_column column_container vc_column_container col no-extra-padding inherit_tablet inherit_phone &quot; data-padding-pos=&quot;all&quot; data-has-bg-color=&quot;false&quot; data-bg-color=&quot;&quot; data-bg-opacity=&quot;1&quot; data-animation=&quot;&quot; data-delay=&quot;0&quot;&gt; &lt;div class=&quot;vc_column-inner&quot;&gt; &lt;div class=&quot;wpb_wrapper&quot;&gt; &lt;div class=&quot;wpb_text_column wpb_content_element &quot;&gt; &lt;div class=&quot;wpb_wrapper&quot;&gt; &lt;div class=&quot;vc_col-sm-8 wpb_column column_container vc_column_container col no-extra-padding inherit_tablet inherit_phone &quot; data-padding-pos=&quot;all&quot; data-has-bg-color=&quot;false&quot; data-bg-color=&quot;&quot; data-bg-opacity=&quot;1&quot; data-animation=&quot;&quot; data-delay=&quot;0&quot;&gt; &lt;div class=&quot;vc_column-inner&quot;&gt; &lt;div class=&quot;wpb_wrapper&quot;&gt; &lt;div class=&quot;wpb_text_column wpb_content_element &quot;&gt; &lt;div class=&quot;wpb_wrapper&quot;&gt; &lt;p&gt;Zapraszamy na wystrza\u0142owe zaj\u0119cia &lt;strong&gt;FITNESS&lt;\/strong&gt;, pod okiem wykwalifikowanej instruktorki!&lt;br \/&gt; Mo\u017cliwo\u015b\u0107 nabycia karnet\u00f3w!&lt;br \/&gt; Super atmosfera!&lt;br \/&gt; Materia\u0142y do \u0107wicze\u0144!&lt;\/p&gt; &lt;p&gt;\ud83d\udfe9Poniedzia\u0142ki \u25aa\ufe0fStep cardio- trening ze stepem&lt;br \/&gt; 18:00-19:00&lt;\/p&gt; &lt;p&gt;\ud83d\udfe6Wtorki \u25aa\ufe0fSi\u0142a i sylwetka- trening z obci\u0105\u017ceniem&lt;br \/&gt; 18:00-19:00&lt;\/p&gt; &lt;p&gt;\ud83d\udfeaCzwartki \u25aa\ufe0fMobility -trening rozci\u0105gaj\u0105cy&lt;br \/&gt; 18:45-19:45&lt;\/p&gt; &lt;p&gt;&nbsp;&lt;\/p&gt; &lt;p&gt;Instruktor: Anna Porwit\/&lt;a href=&quot;https:\/\/www.facebook.com\/pasjamojaity&quot;&gt;Pasjamojaity&lt;\/a&gt;&lt;\/p&gt; &lt;p&gt;Zapisy pod nr tel. 796 500 690&lt;\/p&gt; &lt;\/div&gt; &lt;\/div&gt; &lt;\/div&gt; &lt;\/div&gt; &lt;\/div&gt; &lt;div class=&quot;vc_col-sm-4 wpb_column column_container vc_column_container col no-extra-padding inherit_tablet inherit_phone &quot; data-padding-pos=&quot;all&quot; data-has-bg-color=&quot;false&quot; data-bg-color=&quot;&quot; data-bg-opacity=&quot;1&quot; data-animation=&quot;&quot; data-delay=&quot;0&quot;&gt; &lt;div class=&quot;vc_column-inner&quot;&gt; &lt;div class=&quot;wpb_wrapper&quot;&gt; &lt;div class=&quot;img-with-aniamtion-wrap &quot; data-max-width=&quot;100%&quot; data-max-width-mobile=&quot;default&quot; data-shadow=&quot;none&quot; data-animation=&quot;fade-in&quot;&gt; &lt;div class=&quot;inner&quot;&gt; &lt;div class=&quot;hover-wrap&quot;&gt; &lt;div class=&quot;hover-wrap-inner&quot;&gt;&lt;\/div&gt; &lt;\/div&gt; &lt;\/div&gt; &lt;\/div&gt; &lt;\/div&gt; &lt;\/div&gt; &lt;\/div&gt; &lt;\/div&gt; &lt;\/div&gt; &lt;\/div&gt; &lt;\/div&gt; &lt;\/div&gt; &lt;\/div&gt; &lt;\/div&gt; \",\r\n            \"image\": \"\",\r\n            \"name\": \"Zaj\u0119cia FITNESS Step cardio- trening ze stepem\",\r\n            \"url\": \"https:\/\/bazanakrakowskiej.pl\/index.php\/wydarzenia\/stepstretch\/\"\r\n        }\r\n        <\/script>\r\n                            <article  data-href=\"https:\/\/bazanakrakowskiej.pl\/index.php\/wydarzenia\/stepstretch\/\" data-target=\"m1\" style=\"background:#00e4e8\" class=\"mec-past-event mec-event-article mec-tile-item  mec-clear   \">\r\n                                                                        <div class=\"event-tile-view-head clearfix\">\r\n                                                            <div class=\"mec-event-month\"><span class=\"mec-start-date-label\" itemprop=\"startDate\">4 maj<\/span><\/div>\r\n                                                        <div class=\"mec-event-time\"><i class=\"mec-sl-clock\"><\/i>18:00<\/div>\r\n                        <\/div>\r\n                        <div class=\"mec-event-content\" data-target=\"m1\" data-event-id=\"7040\">\r\n                            <a href=\"https:\/\/bazanakrakowskiej.pl\/index.php\/wydarzenia\/stepstretch\/\" target=\"m1\" class=\"mec-tile-into-content-link\"><\/a>                            <div class=\"mec-tile-event-content\">\r\n                                <div class=\"mec-event-detail\">\r\n                                                                                                            <span class=\"mec-event-loc-place\"><i class=\"mec-sl-location-pin\"><\/i>Baza na Krakowskiej\/ s. lustrzana<\/span>                                                                    <\/div>\r\n                                                                <h4 class=\"mec-event-title\"><a class=\"mec-color-hover\"  data-event-id=\"7040\" href=\"https:\/\/bazanakrakowskiej.pl\/index.php\/wydarzenia\/stepstretch\/\" target=\"m1\" rel=\"noopener\">Zaj\u0119cia FITNESS Step cardio- trening ze stepem<\/a><\/h4>\r\n                                                            <\/div>\r\n                        <\/div>\r\n                    <\/article>\r\n                <\/div>                    <div class=\"col-md-3 col-sm-3\">        <script type=\"application\/ld+json\">\r\n        {\r\n            \"@context\": \"http:\/\/schema.org\",\r\n            \"@type\": \"Event\",\r\n            \"eventStatus\": \"https:\/\/schema.org\/EventScheduled\",\r\n            \"startDate\": \"2026-05-05\",\r\n            \"endDate\": \"2026-05-05\",\r\n            \"eventAttendanceMode\": \"https:\/\/schema.org\/OfflineEventAttendanceMode\",\r\n            \"location\":\r\n            {\r\n                \"@type\": \"Place\",\r\n                                \"name\": \"Baza na Krakowskiej\",\r\n                \"image\": \"\",\r\n                \"address\": \"\"\r\n                            },\r\n            \"organizer\":\r\n            {\r\n                \"@type\": \"Person\",\r\n                \"name\": \"Barbara Niemczyk\",\r\n                \"url\": \"\"\r\n            },\r\n            \"offers\":\r\n            {\r\n                \"url\": \"https:\/\/bazanakrakowskiej.pl\/index.php\/wydarzenia\/przedprzedszkole-3\/\",\r\n                \"price\": \"\",\r\n                \"priceCurrency\": \"$\",\r\n                \"availability\": \"https:\/\/schema.org\/InStock\",\r\n                \"validFrom\": \"2026-05-05T00:00\"\r\n            },\r\n            \"performer\": \"\",\r\n            \"description\": \"&lt;p&gt;To zaj\u0119cia adaptacyjne dla dzieci &lt;strong&gt;2+&lt;\/strong&gt; (bez udzia\u0142u Rodzica), prowadzone wg autorskich scenariuszy, maj\u0105ce na celu przygotowanie maluch\u00f3w do p\u00f3j\u015bcia do przedszkola.&lt;\/p&gt; &lt;p&gt;&lt;strong&gt;NASZA OFERTA: &lt;\/strong&gt;&lt;\/p&gt; &lt;ul&gt; &lt;li&gt;Zaj\u0119cia 5 razy w tygodniu!&lt;\/li&gt; &lt;li&gt;Od poniedzia\u0142ku do pi\u0105tku w godzinach 8:00-13:00&lt;\/li&gt; &lt;li&gt;&lt;strong&gt;3&lt;\/strong&gt; abonamenty do wyboru + abonament indywidulany&lt;\/li&gt; &lt;li&gt;Nauka poprzez zabaw\u0119!&lt;\/li&gt; &lt;\/ul&gt; &lt;p&gt;&lt;strong&gt;Naszym celem jest:&lt;\/strong&gt;&lt;\/p&gt; &lt;p&gt;\u2013 nawi\u0105zywanie i wzmacnianie kontakt\u00f3w spo\u0142ecznych z dzie\u0107mi w grupie&lt;br \/&gt; \u2013 wdra\u017canie do samodzielno\u015bci poprzez nabywanie nowych umiej\u0119tno\u015bci&lt;br \/&gt; \u2013 stwarzanie warunk\u00f3w sprzyjaj\u0105cych wsp\u00f3lnej zabawie&lt;br \/&gt; \u2013 kszta\u0142towanie u dzieci zdolno\u015bci radzenia sobie w nowych sytuacjach&lt;br \/&gt; \u2013 zach\u0119canie do udzia\u0142u w zaj\u0119ciach artystycznych, plastycznych itp.&lt;\/p&gt; &lt;p&gt;&lt;strong&gt;Zapewniamy:&lt;\/strong&gt;&lt;\/p&gt; &lt;p&gt;\u2013 troskliw\u0105 opiek\u0119 i bezpiecze\u0144stwo&lt;br \/&gt; \u2013 przestronne sale, przystosowane do potrzeb dzieci&lt;br \/&gt; \u2013 zabawki, materia\u0142y edukacyjne&lt;br \/&gt; \u2013 zaj\u0119cia plastyczne, muzyczne itp.&lt;br \/&gt; \u2013 indywidulane podej\u015bcie do dziecka&lt;\/p&gt; &lt;p&gt;Szczeg\u00f3\u0142y tutaj: &lt;a href=&quot;https:\/\/bazanakrakowskiej.pl\/index.php\/przedprzedszkole\/&quot;&gt;https:\/\/bazanakrakowskiej.pl\/index.php\/przedprzedszkole\/&lt;\/a&gt;&lt;\/p&gt; \",\r\n            \"image\": \"\",\r\n            \"name\": \"PrzedPrzedszkole\",\r\n            \"url\": \"https:\/\/bazanakrakowskiej.pl\/index.php\/wydarzenia\/przedprzedszkole-3\/\"\r\n        }\r\n        <\/script>\r\n                            <article  data-href=\"https:\/\/bazanakrakowskiej.pl\/index.php\/wydarzenia\/przedprzedszkole-3\/\" data-target=\"m1\" style=\"background:#eae019\" class=\"mec-past-event mec-event-article mec-tile-item  mec-clear   \">\r\n                                                                        <div class=\"event-tile-view-head clearfix\">\r\n                                                            <div class=\"mec-event-month\"><span class=\"mec-start-date-label\" itemprop=\"startDate\">5 maj<\/span><\/div>\r\n                                                        <div class=\"mec-event-time\"><i class=\"mec-sl-clock\"><\/i>08:00<\/div>\r\n                        <\/div>\r\n                        <div class=\"mec-event-content\" data-target=\"m1\" data-event-id=\"7050\">\r\n                            <a href=\"https:\/\/bazanakrakowskiej.pl\/index.php\/wydarzenia\/przedprzedszkole-3\/\" target=\"m1\" class=\"mec-tile-into-content-link\"><\/a>                            <div class=\"mec-tile-event-content\">\r\n                                <div class=\"mec-event-detail\">\r\n                                                                                                            <span class=\"mec-event-loc-place\"><i class=\"mec-sl-location-pin\"><\/i>Baza na Krakowskiej<\/span>                                                                    <\/div>\r\n                                                                <h4 class=\"mec-event-title\"><a class=\"mec-color-hover\"  data-event-id=\"7050\" href=\"https:\/\/bazanakrakowskiej.pl\/index.php\/wydarzenia\/przedprzedszkole-3\/\" target=\"m1\" rel=\"noopener\">PrzedPrzedszkole<\/a><\/h4>\r\n                                                            <\/div>\r\n                        <\/div>\r\n                    <\/article>\r\n                <\/div>            <div class=\"col-md-3 col-sm-3\">        <script type=\"application\/ld+json\">\r\n        {\r\n            \"@context\": \"http:\/\/schema.org\",\r\n            \"@type\": \"Event\",\r\n            \"eventStatus\": \"https:\/\/schema.org\/EventScheduled\",\r\n            \"startDate\": \"2026-05-05\",\r\n            \"endDate\": \"2026-05-05\",\r\n            \"eventAttendanceMode\": \"https:\/\/schema.org\/OfflineEventAttendanceMode\",\r\n            \"location\":\r\n            {\r\n                \"@type\": \"Place\",\r\n                                \"name\": \"Baza na Krakowskiej\/ s. lustrzana\",\r\n                \"image\": \"\",\r\n                \"address\": \"\"\r\n                            },\r\n            \"organizer\":\r\n            {\r\n                \"@type\": \"Person\",\r\n                \"name\": \"Anna Porwit\",\r\n                \"url\": \"https:\/\/www.facebook.com\/pasjamojaity\"\r\n            },\r\n            \"offers\":\r\n            {\r\n                \"url\": \"https:\/\/bazanakrakowskiej.pl\/index.php\/wydarzenia\/zajecia-fitness\/\",\r\n                \"price\": \"\",\r\n                \"priceCurrency\": \"$\",\r\n                \"availability\": \"https:\/\/schema.org\/InStock\",\r\n                \"validFrom\": \"2026-05-05T00:00\"\r\n            },\r\n            \"performer\": \"\",\r\n            \"description\": \"&lt;div class=&quot;vc_col-sm-8 wpb_column column_container vc_column_container col no-extra-padding inherit_tablet inherit_phone &quot; data-padding-pos=&quot;all&quot; data-has-bg-color=&quot;false&quot; data-bg-color=&quot;&quot; data-bg-opacity=&quot;1&quot; data-animation=&quot;&quot; data-delay=&quot;0&quot;&gt; &lt;div class=&quot;vc_column-inner&quot;&gt; &lt;div class=&quot;wpb_wrapper&quot;&gt; &lt;div class=&quot;wpb_text_column wpb_content_element &quot;&gt; &lt;div class=&quot;wpb_wrapper&quot;&gt; &lt;div class=&quot;vc_col-sm-8 wpb_column column_container vc_column_container col no-extra-padding inherit_tablet inherit_phone &quot; data-padding-pos=&quot;all&quot; data-has-bg-color=&quot;false&quot; data-bg-color=&quot;&quot; data-bg-opacity=&quot;1&quot; data-animation=&quot;&quot; data-delay=&quot;0&quot;&gt; &lt;div class=&quot;vc_column-inner&quot;&gt; &lt;div class=&quot;wpb_wrapper&quot;&gt; &lt;div class=&quot;wpb_text_column wpb_content_element &quot;&gt; &lt;div class=&quot;wpb_wrapper&quot;&gt; &lt;p&gt;Zapraszamy na wystrza\u0142owe zaj\u0119cia &lt;strong&gt;FITNESS&lt;\/strong&gt;, pod okiem wykwalifikowanej instruktorki!&lt;br \/&gt; Mo\u017cliwo\u015b\u0107 nabycia karnet\u00f3w!&lt;br \/&gt; Super atmosfera!&lt;br \/&gt; Materia\u0142y do \u0107wicze\u0144!&lt;\/p&gt; &lt;p&gt;\ud83d\udfe9Poniedzia\u0142ki \u25aa\ufe0fStep cardio- trening ze stepem&lt;br \/&gt; 18:00-19:00&lt;\/p&gt; &lt;p&gt;\ud83d\udfe6Wtorki \u25aa\ufe0fSi\u0142a i sylwetka- trening z obci\u0105\u017ceniem&lt;br \/&gt; 18:00-19:00&lt;\/p&gt; &lt;p&gt;\ud83d\udfeaCzwartki \u25aa\ufe0fMobility -trening rozci\u0105gaj\u0105cy&lt;br \/&gt; 18:45-19:45&lt;\/p&gt; &lt;p&gt;&nbsp;&lt;\/p&gt; &lt;p&gt;Instruktor: Anna Porwit\/&lt;a href=&quot;https:\/\/www.facebook.com\/pasjamojaity&quot;&gt;Pasjamojaity&lt;\/a&gt;&lt;\/p&gt; &lt;p&gt;Zapisy pod nr tel. 796 500 690&lt;\/p&gt; &lt;p&gt;&nbsp;&lt;\/p&gt; &lt;div class=&quot;vc_col-sm-4 wpb_column column_container vc_column_container col no-extra-padding inherit_tablet inherit_phone &quot; data-padding-pos=&quot;all&quot; data-has-bg-color=&quot;false&quot; data-bg-color=&quot;&quot; data-bg-opacity=&quot;1&quot; data-animation=&quot;&quot; data-delay=&quot;0&quot;&gt; &lt;div class=&quot;vc_column-inner&quot;&gt; &lt;div class=&quot;wpb_wrapper&quot;&gt; &lt;div class=&quot;img-with-aniamtion-wrap &quot; data-max-width=&quot;100%&quot; data-max-width-mobile=&quot;default&quot; data-shadow=&quot;none&quot; data-animation=&quot;fade-in&quot;&gt; &lt;div class=&quot;inner&quot;&gt; &lt;div class=&quot;hover-wrap&quot;&gt; &lt;div class=&quot;hover-wrap-inner&quot;&gt;&lt;\/div&gt; &lt;\/div&gt; &lt;\/div&gt; &lt;\/div&gt; &lt;\/div&gt; &lt;\/div&gt; &lt;\/div&gt; &lt;\/div&gt; &lt;\/div&gt; &lt;\/div&gt; &lt;\/div&gt; &lt;\/div&gt; &lt;div class=&quot;vc_col-sm-4 wpb_column column_container vc_column_container col no-extra-padding inherit_tablet inherit_phone &quot; data-padding-pos=&quot;all&quot; data-has-bg-color=&quot;false&quot; data-bg-color=&quot;&quot; data-bg-opacity=&quot;1&quot; data-animation=&quot;&quot; data-delay=&quot;0&quot;&gt; &lt;div class=&quot;vc_column-inner&quot;&gt; &lt;div class=&quot;wpb_wrapper&quot;&gt; &lt;div class=&quot;img-with-aniamtion-wrap &quot; data-max-width=&quot;100%&quot; data-max-width-mobile=&quot;default&quot; data-shadow=&quot;none&quot; data-animation=&quot;fade-in&quot;&gt; &lt;div class=&quot;inner&quot;&gt; &lt;div class=&quot;hover-wrap&quot;&gt; &lt;div class=&quot;hover-wrap-inner&quot;&gt;&lt;\/div&gt; &lt;\/div&gt; &lt;\/div&gt; &lt;\/div&gt; &lt;\/div&gt; &lt;\/div&gt; &lt;\/div&gt; &lt;\/div&gt; &lt;\/div&gt; &lt;\/div&gt; &lt;\/div&gt; &lt;\/div&gt; \",\r\n            \"image\": \"\",\r\n            \"name\": \"Zaj\u0119cia FITNESS Si\u0142a i sylwetka- trening z obci\u0105\u017ceniem\",\r\n            \"url\": \"https:\/\/bazanakrakowskiej.pl\/index.php\/wydarzenia\/zajecia-fitness\/\"\r\n        }\r\n        <\/script>\r\n                            <article  data-href=\"https:\/\/bazanakrakowskiej.pl\/index.php\/wydarzenia\/zajecia-fitness\/\" data-target=\"m1\" style=\"background:#00e4e8\" class=\"mec-past-event mec-event-article mec-tile-item  mec-clear   \">\r\n                                                                        <div class=\"event-tile-view-head clearfix\">\r\n                                                            <div class=\"mec-event-month\"><span class=\"mec-start-date-label\" itemprop=\"startDate\">5 maj<\/span><\/div>\r\n                                                        <div class=\"mec-event-time\"><i class=\"mec-sl-clock\"><\/i>18:00<\/div>\r\n                        <\/div>\r\n                        <div class=\"mec-event-content\" data-target=\"m1\" data-event-id=\"6923\">\r\n                            <a href=\"https:\/\/bazanakrakowskiej.pl\/index.php\/wydarzenia\/zajecia-fitness\/\" target=\"m1\" class=\"mec-tile-into-content-link\"><\/a>                            <div class=\"mec-tile-event-content\">\r\n                                <div class=\"mec-event-detail\">\r\n                                                                                                            <span class=\"mec-event-loc-place\"><i class=\"mec-sl-location-pin\"><\/i>Baza na Krakowskiej\/ s. lustrzana<\/span>                                                                    <\/div>\r\n                                                                <h4 class=\"mec-event-title\"><a class=\"mec-color-hover\"  data-event-id=\"6923\" href=\"https:\/\/bazanakrakowskiej.pl\/index.php\/wydarzenia\/zajecia-fitness\/\" target=\"m1\" rel=\"noopener\">Zaj\u0119cia FITNESS Si\u0142a i sylwetka- trening z obci\u0105\u017ceniem<\/a><\/h4>\r\n                                                            <\/div>\r\n                        <\/div>\r\n                    <\/article>\r\n                <\/div>                    <div class=\"col-md-3 col-sm-3\">        <script type=\"application\/ld+json\">\r\n        {\r\n            \"@context\": \"http:\/\/schema.org\",\r\n            \"@type\": \"Event\",\r\n            \"eventStatus\": \"https:\/\/schema.org\/EventScheduled\",\r\n            \"startDate\": \"2026-05-06\",\r\n            \"endDate\": \"2026-05-06\",\r\n            \"eventAttendanceMode\": \"https:\/\/schema.org\/OfflineEventAttendanceMode\",\r\n            \"location\":\r\n            {\r\n                \"@type\": \"Place\",\r\n                                \"name\": \"Baza na Krakowskiej\",\r\n                \"image\": \"\",\r\n                \"address\": \"\"\r\n                            },\r\n            \"organizer\":\r\n            {\r\n                \"@type\": \"Person\",\r\n                \"name\": \"Barbara Niemczyk\",\r\n                \"url\": \"\"\r\n            },\r\n            \"offers\":\r\n            {\r\n                \"url\": \"https:\/\/bazanakrakowskiej.pl\/index.php\/wydarzenia\/przedprzedszkole-3\/\",\r\n                \"price\": \"\",\r\n                \"priceCurrency\": \"$\",\r\n                \"availability\": \"https:\/\/schema.org\/InStock\",\r\n                \"validFrom\": \"2026-05-06T00:00\"\r\n            },\r\n            \"performer\": \"\",\r\n            \"description\": \"&lt;p&gt;To zaj\u0119cia adaptacyjne dla dzieci &lt;strong&gt;2+&lt;\/strong&gt; (bez udzia\u0142u Rodzica), prowadzone wg autorskich scenariuszy, maj\u0105ce na celu przygotowanie maluch\u00f3w do p\u00f3j\u015bcia do przedszkola.&lt;\/p&gt; &lt;p&gt;&lt;strong&gt;NASZA OFERTA: &lt;\/strong&gt;&lt;\/p&gt; &lt;ul&gt; &lt;li&gt;Zaj\u0119cia 5 razy w tygodniu!&lt;\/li&gt; &lt;li&gt;Od poniedzia\u0142ku do pi\u0105tku w godzinach 8:00-13:00&lt;\/li&gt; &lt;li&gt;&lt;strong&gt;3&lt;\/strong&gt; abonamenty do wyboru + abonament indywidulany&lt;\/li&gt; &lt;li&gt;Nauka poprzez zabaw\u0119!&lt;\/li&gt; &lt;\/ul&gt; &lt;p&gt;&lt;strong&gt;Naszym celem jest:&lt;\/strong&gt;&lt;\/p&gt; &lt;p&gt;\u2013 nawi\u0105zywanie i wzmacnianie kontakt\u00f3w spo\u0142ecznych z dzie\u0107mi w grupie&lt;br \/&gt; \u2013 wdra\u017canie do samodzielno\u015bci poprzez nabywanie nowych umiej\u0119tno\u015bci&lt;br \/&gt; \u2013 stwarzanie warunk\u00f3w sprzyjaj\u0105cych wsp\u00f3lnej zabawie&lt;br \/&gt; \u2013 kszta\u0142towanie u dzieci zdolno\u015bci radzenia sobie w nowych sytuacjach&lt;br \/&gt; \u2013 zach\u0119canie do udzia\u0142u w zaj\u0119ciach artystycznych, plastycznych itp.&lt;\/p&gt; &lt;p&gt;&lt;strong&gt;Zapewniamy:&lt;\/strong&gt;&lt;\/p&gt; &lt;p&gt;\u2013 troskliw\u0105 opiek\u0119 i bezpiecze\u0144stwo&lt;br \/&gt; \u2013 przestronne sale, przystosowane do potrzeb dzieci&lt;br \/&gt; \u2013 zabawki, materia\u0142y edukacyjne&lt;br \/&gt; \u2013 zaj\u0119cia plastyczne, muzyczne itp.&lt;br \/&gt; \u2013 indywidulane podej\u015bcie do dziecka&lt;\/p&gt; &lt;p&gt;Szczeg\u00f3\u0142y tutaj: &lt;a href=&quot;https:\/\/bazanakrakowskiej.pl\/index.php\/przedprzedszkole\/&quot;&gt;https:\/\/bazanakrakowskiej.pl\/index.php\/przedprzedszkole\/&lt;\/a&gt;&lt;\/p&gt; \",\r\n            \"image\": \"\",\r\n            \"name\": \"PrzedPrzedszkole\",\r\n            \"url\": \"https:\/\/bazanakrakowskiej.pl\/index.php\/wydarzenia\/przedprzedszkole-3\/\"\r\n        }\r\n        <\/script>\r\n                            <article  data-href=\"https:\/\/bazanakrakowskiej.pl\/index.php\/wydarzenia\/przedprzedszkole-3\/\" data-target=\"m1\" style=\"background:#eae019\" class=\"mec-past-event mec-event-article mec-tile-item  mec-clear   \">\r\n                                                                        <div class=\"event-tile-view-head clearfix\">\r\n                                                            <div class=\"mec-event-month\"><span class=\"mec-start-date-label\" itemprop=\"startDate\">6 maj<\/span><\/div>\r\n                                                        <div class=\"mec-event-time\"><i class=\"mec-sl-clock\"><\/i>08:00<\/div>\r\n                        <\/div>\r\n                        <div class=\"mec-event-content\" data-target=\"m1\" data-event-id=\"7050\">\r\n                            <a href=\"https:\/\/bazanakrakowskiej.pl\/index.php\/wydarzenia\/przedprzedszkole-3\/\" target=\"m1\" class=\"mec-tile-into-content-link\"><\/a>                            <div class=\"mec-tile-event-content\">\r\n                                <div class=\"mec-event-detail\">\r\n                                                                                                            <span class=\"mec-event-loc-place\"><i class=\"mec-sl-location-pin\"><\/i>Baza na Krakowskiej<\/span>                                                                    <\/div>\r\n                                                                <h4 class=\"mec-event-title\"><a class=\"mec-color-hover\"  data-event-id=\"7050\" href=\"https:\/\/bazanakrakowskiej.pl\/index.php\/wydarzenia\/przedprzedszkole-3\/\" target=\"m1\" rel=\"noopener\">PrzedPrzedszkole<\/a><\/h4>\r\n                                                            <\/div>\r\n                        <\/div>\r\n                    <\/article>\r\n                <\/div><\/div>            <div class=\"row\"><div class=\"col-md-3 col-sm-3\">        <script type=\"application\/ld+json\">\r\n        {\r\n            \"@context\": \"http:\/\/schema.org\",\r\n            \"@type\": \"Event\",\r\n            \"eventStatus\": \"https:\/\/schema.org\/EventScheduled\",\r\n            \"startDate\": \"2026-05-06\",\r\n            \"endDate\": \"2026-05-06\",\r\n            \"eventAttendanceMode\": \"https:\/\/schema.org\/OfflineEventAttendanceMode\",\r\n            \"location\":\r\n            {\r\n                \"@type\": \"Place\",\r\n                                \"name\": \"Szko\u0142a Podstawowa w Bestwinie\",\r\n                \"image\": \"\",\r\n                \"address\": \"\"\r\n                            },\r\n            \"organizer\":\r\n            {\r\n                \"@type\": \"Person\",\r\n                \"name\": \"Gabriela Nguyen Nam\",\r\n                \"url\": \"\"\r\n            },\r\n            \"offers\":\r\n            {\r\n                \"url\": \"https:\/\/bazanakrakowskiej.pl\/index.php\/wydarzenia\/bazaart-junior-taniec-wspolczesny\/\",\r\n                \"price\": \"\",\r\n                \"priceCurrency\": \"$\",\r\n                \"availability\": \"https:\/\/schema.org\/InStock\",\r\n                \"validFrom\": \"2026-05-06T00:00\"\r\n            },\r\n            \"performer\": \"\",\r\n            \"description\": \"&lt;p&gt;&lt;strong&gt;BazaART Junior \/Taniec wsp\u00f3\u0142czesny&lt;\/strong&gt;&lt;b&gt;&lt;br \/&gt; &lt;strong&gt;(gr. wiekowa 6-8 lat)&lt;\/strong&gt;&lt;br \/&gt; &lt;\/b&gt;zaj\u0119cia 2 razy w tygodniu&lt;\/p&gt; &lt;p&gt;&lt;strong&gt;Poniedzia\u0142ki&lt;\/strong&gt; godz. 16:00-17:00 (Szko\u0142a Podstawowa w Bestwinie)&lt;\/p&gt; &lt;p&gt;&lt;strong&gt;\u015arody&lt;\/strong&gt; godz.15:30-17:00 (Szko\u0142a Podstawowa w Bestwinie)&lt;\/p&gt; &lt;p&gt;Koszt: 40 z\u0142 \/msc&lt;\/p&gt; &lt;p&gt;&nbsp;&lt;\/p&gt; &lt;p&gt;Wi\u0119cej o zaj\u0119ciach przeczytasz tutaj: &lt;a href=&quot;https:\/\/bazanakrakowskiej.pl\/index.php\/zajecia-taneczne\/&quot;&gt;Taniec wsp\u00f3\u0142czesny \u2013 BAZA NA KRAKOWSKIEJ&lt;\/a&gt;&lt;\/p&gt; \",\r\n            \"image\": \"\",\r\n            \"name\": \"BazaART Junior- taniec wsp\u00f3\u0142czesny 6-8 lat\",\r\n            \"url\": \"https:\/\/bazanakrakowskiej.pl\/index.php\/wydarzenia\/bazaart-junior-taniec-wspolczesny\/\"\r\n        }\r\n        <\/script>\r\n                            <article  data-href=\"https:\/\/bazanakrakowskiej.pl\/index.php\/wydarzenia\/bazaart-junior-taniec-wspolczesny\/\" data-target=\"m1\" style=\"background:#f2823c\" class=\"mec-past-event mec-event-article mec-tile-item  mec-clear   \">\r\n                                                                        <div class=\"event-tile-view-head clearfix\">\r\n                                                            <div class=\"mec-event-month\"><span class=\"mec-start-date-label\" itemprop=\"startDate\">6 maj<\/span><\/div>\r\n                                                        <div class=\"mec-event-time\"><i class=\"mec-sl-clock\"><\/i>15:30<\/div>\r\n                        <\/div>\r\n                        <div class=\"mec-event-content\" data-target=\"m1\" data-event-id=\"7935\">\r\n                            <a href=\"https:\/\/bazanakrakowskiej.pl\/index.php\/wydarzenia\/bazaart-junior-taniec-wspolczesny\/\" target=\"m1\" class=\"mec-tile-into-content-link\"><\/a>                            <div class=\"mec-tile-event-content\">\r\n                                <div class=\"mec-event-detail\">\r\n                                                                                                            <span class=\"mec-event-loc-place\"><i class=\"mec-sl-location-pin\"><\/i>Szko\u0142a Podstawowa w Bestwinie<\/span>                                                                    <\/div>\r\n                                                                <h4 class=\"mec-event-title\"><a class=\"mec-color-hover\"  data-event-id=\"7935\" href=\"https:\/\/bazanakrakowskiej.pl\/index.php\/wydarzenia\/bazaart-junior-taniec-wspolczesny\/\" target=\"m1\" rel=\"noopener\">BazaART Junior- taniec wsp\u00f3\u0142czesny 6-8 lat<\/a><\/h4>\r\n                                                            <\/div>\r\n                        <\/div>\r\n                    <\/article>\r\n                <\/div>            <div class=\"col-md-3 col-sm-3\">        <script type=\"application\/ld+json\">\r\n        {\r\n            \"@context\": \"http:\/\/schema.org\",\r\n            \"@type\": \"Event\",\r\n            \"eventStatus\": \"https:\/\/schema.org\/EventScheduled\",\r\n            \"startDate\": \"2026-05-06\",\r\n            \"endDate\": \"2026-05-06\",\r\n            \"eventAttendanceMode\": \"https:\/\/schema.org\/OfflineEventAttendanceMode\",\r\n            \"location\":\r\n            {\r\n                \"@type\": \"Place\",\r\n                                \"name\": \"Baza na Krakowskiej\/ s. lustrzana\",\r\n                \"image\": \"\",\r\n                \"address\": \"\"\r\n                            },\r\n            \"organizer\":\r\n            {\r\n                \"@type\": \"Person\",\r\n                \"name\": \"Paulina Gw\u00f3\u017ad\u017a\",\r\n                \"url\": \"https:\/\/www.instagram.com\/studio.gwozdz\/\"\r\n            },\r\n            \"offers\":\r\n            {\r\n                \"url\": \"https:\/\/bazanakrakowskiej.pl\/index.php\/wydarzenia\/kurs-tanca-towarzyskiego-dla-dzieci\/\",\r\n                \"price\": \"\",\r\n                \"priceCurrency\": \"$\",\r\n                \"availability\": \"https:\/\/schema.org\/InStock\",\r\n                \"validFrom\": \"2026-05-06T00:00\"\r\n            },\r\n            \"performer\": \"\",\r\n            \"description\": \"&lt;p&gt;&lt;span style=&quot;color: #993366;&quot;&gt;&lt;strong&gt;KURS TA\u0143CA TOWARZYSKIEGO dla dzieci! &lt;\/strong&gt;&lt;\/span&gt;&lt;br \/&gt; Czeka nas spora dawka ruchu i przede wszystkim dobra zabawa!&lt;\/p&gt; &lt;p&gt;Koszt 140 z\u0142\/msc&lt;\/p&gt; &lt;p&gt;Zaj\u0119cia w ka\u017cd\u0105 \u015brod\u0119 od godz.&lt;span style=&quot;color: #993366;&quot;&gt;16:30-17:30&lt;\/span&gt;&lt;br \/&gt; Zapraszamy dzieci w wieku od 5-8 lat.&lt;\/p&gt; &lt;p&gt;Zaj\u0119cia podsumowane b\u0119d\u0105 pokazem ta\u0144ca podczas wyst\u0119pu \u015bwi\u0105tecznego oraz corocznej GALI \ud83d\ude42&lt;\/p&gt; &lt;p&gt;Zaj\u0119cia poprowadzi &lt;span style=&quot;color: #993366;&quot;&gt;&lt;strong&gt;Paulina Gw\u00f3\u017ad\u017a&lt;\/strong&gt;&lt;\/span&gt;, tancerka ta\u0144ca towarzyskiego od ponad 18 lat. Na swojej tanecznej drodze szkoli\u0142a si\u0119 u mistrz\u00f3w \u015awiata, Europy i Polski. Posiada najwy\u017csz\u0105 mi\u0119dzynarodow\u0105 klas\u0119 taneczn\u0105 &#8222;S&#8221; w ta\u0144cach latynoameryka\u0144skich.&lt;\/p&gt; &lt;p&gt;Zapisy i informacje pod nr tel. 731 251 102.&lt;br \/&gt; Ograniczona ilo\u015b\u0107 miejsc.&lt;\/p&gt; &lt;p&gt;&nbsp;&lt;\/p&gt; &lt;div class=&quot;figure&quot;&gt;&lt;img loading=&quot;lazy&quot; decoding=&quot;async&quot; class=&quot;alignnone size-medium wp-image-8361&quot; src=&quot;https:\/\/bazanakrakowskiej.pl\/wp-content\/uploads\/2025\/07\/Taniec-212x300.png&quot; alt=&quot;&quot; width=&quot;212&quot; height=&quot;300&quot; srcset=&quot;https:\/\/bazanakrakowskiej.pl\/wp-content\/uploads\/2025\/07\/Taniec-212x300.png 212w, https:\/\/bazanakrakowskiej.pl\/wp-content\/uploads\/2025\/07\/Taniec-724x1024.png 724w, https:\/\/bazanakrakowskiej.pl\/wp-content\/uploads\/2025\/07\/Taniec-768x1086.png 768w, https:\/\/bazanakrakowskiej.pl\/wp-content\/uploads\/2025\/07\/Taniec-1086x1536.png 1086w, https:\/\/bazanakrakowskiej.pl\/wp-content\/uploads\/2025\/07\/Taniec-1448x2048.png 1448w, https:\/\/bazanakrakowskiej.pl\/wp-content\/uploads\/2025\/07\/Taniec.png 1587w&quot; sizes=&quot;auto, (max-width: 212px) 100vw, 212px&quot; \/&gt;&lt;\/div&gt; \",\r\n            \"image\": \"\",\r\n            \"name\": \"Kurs ta\u0144ca towarzyskiego dla dzieci\",\r\n            \"url\": \"https:\/\/bazanakrakowskiej.pl\/index.php\/wydarzenia\/kurs-tanca-towarzyskiego-dla-dzieci\/\"\r\n        }\r\n        <\/script>\r\n                            <article  data-href=\"https:\/\/bazanakrakowskiej.pl\/index.php\/wydarzenia\/kurs-tanca-towarzyskiego-dla-dzieci\/\" data-target=\"m1\" style=\"background:#f46ee2\" class=\"mec-past-event mec-event-article mec-tile-item  mec-clear   \">\r\n                                                                        <div class=\"event-tile-view-head clearfix\">\r\n                                                            <div class=\"mec-event-month\"><span class=\"mec-start-date-label\" itemprop=\"startDate\">6 maj<\/span><\/div>\r\n                                                        <div class=\"mec-event-time\"><i class=\"mec-sl-clock\"><\/i>16:30<\/div>\r\n                        <\/div>\r\n                        <div class=\"mec-event-content\" data-target=\"m1\" data-event-id=\"7459\">\r\n                            <a href=\"https:\/\/bazanakrakowskiej.pl\/index.php\/wydarzenia\/kurs-tanca-towarzyskiego-dla-dzieci\/\" target=\"m1\" class=\"mec-tile-into-content-link\"><\/a>                            <div class=\"mec-tile-event-content\">\r\n                                <div class=\"mec-event-detail\">\r\n                                                                                                            <span class=\"mec-event-loc-place\"><i class=\"mec-sl-location-pin\"><\/i>Baza na Krakowskiej\/ s. lustrzana<\/span>                                                                    <\/div>\r\n                                                                <h4 class=\"mec-event-title\"><a class=\"mec-color-hover\"  data-event-id=\"7459\" href=\"https:\/\/bazanakrakowskiej.pl\/index.php\/wydarzenia\/kurs-tanca-towarzyskiego-dla-dzieci\/\" target=\"m1\" rel=\"noopener\">Kurs ta\u0144ca towarzyskiego dla dzieci<\/a><\/h4>\r\n                                                            <\/div>\r\n                        <\/div>\r\n                    <\/article>\r\n                <\/div>            <div class=\"col-md-3 col-sm-3\">        <script type=\"application\/ld+json\">\r\n        {\r\n            \"@context\": \"http:\/\/schema.org\",\r\n            \"@type\": \"Event\",\r\n            \"eventStatus\": \"https:\/\/schema.org\/EventScheduled\",\r\n            \"startDate\": \"2026-05-06\",\r\n            \"endDate\": \"2026-05-06\",\r\n            \"eventAttendanceMode\": \"https:\/\/schema.org\/OfflineEventAttendanceMode\",\r\n            \"location\":\r\n            {\r\n                \"@type\": \"Place\",\r\n                                \"name\": \"Szko\u0142a Podstawowa w Bestwinie\",\r\n                \"image\": \"\",\r\n                \"address\": \"\"\r\n                            },\r\n            \"organizer\":\r\n            {\r\n                \"@type\": \"Person\",\r\n                \"name\": \"Gabriela Nguyen Nam\",\r\n                \"url\": \"\"\r\n            },\r\n            \"offers\":\r\n            {\r\n                \"url\": \"https:\/\/bazanakrakowskiej.pl\/index.php\/wydarzenia\/bazaart-junior-plus-taniec-wspolczesny\/\",\r\n                \"price\": \"\",\r\n                \"priceCurrency\": \"$\",\r\n                \"availability\": \"https:\/\/schema.org\/InStock\",\r\n                \"validFrom\": \"2026-05-06T00:00\"\r\n            },\r\n            \"performer\": \"\",\r\n            \"description\": \"&lt;p&gt;&lt;strong&gt;BazaART Junior PLUS\/Taniec wsp\u00f3\u0142czesny&lt;\/strong&gt;&lt;b&gt;&lt;br \/&gt; &lt;strong&gt;(gr. wiekowa 6-8 lat)&lt;\/strong&gt;&lt;br \/&gt; &lt;\/b&gt;zaj\u0119cia 2 razy w tygodniu&lt;\/p&gt; &lt;p&gt;&lt;strong&gt;Poniedzia\u0142ki&lt;\/strong&gt; godz. 16:00-17:30 (Szko\u0142a Podstawowa w Bestwinie)&lt;\/p&gt; &lt;p&gt;&lt;strong&gt;\u015arody&lt;\/strong&gt; godz.17:00- 18:30 (Szko\u0142a Podstawowa w Bestwinie)&lt;\/p&gt; &lt;p&gt;Koszt: 40 z\u0142 \/msc&lt;\/p&gt; &lt;p&gt;&nbsp;&lt;\/p&gt; &lt;p&gt;Wi\u0119cej o zaj\u0119ciach przeczytasz tutaj: &lt;a href=&quot;https:\/\/bazanakrakowskiej.pl\/index.php\/zajecia-taneczne\/&quot;&gt;Taniec wsp\u00f3\u0142czesny \u2013 BAZA NA KRAKOWSKIEJ&lt;\/a&gt;&lt;\/p&gt; \",\r\n            \"image\": \"\",\r\n            \"name\": \"BazaART Junior PLUS \/Taniec wsp\u00f3\u0142czesny\",\r\n            \"url\": \"https:\/\/bazanakrakowskiej.pl\/index.php\/wydarzenia\/bazaart-junior-plus-taniec-wspolczesny\/\"\r\n        }\r\n        <\/script>\r\n                            <article  data-href=\"https:\/\/bazanakrakowskiej.pl\/index.php\/wydarzenia\/bazaart-junior-plus-taniec-wspolczesny\/\" data-target=\"m1\" style=\"background:#f20c77\" class=\"mec-past-event mec-event-article mec-tile-item  mec-clear   \">\r\n                                                                        <div class=\"event-tile-view-head clearfix\">\r\n                                                            <div class=\"mec-event-month\"><span class=\"mec-start-date-label\" itemprop=\"startDate\">6 maj<\/span><\/div>\r\n                                                        <div class=\"mec-event-time\"><i class=\"mec-sl-clock\"><\/i>17:00<\/div>\r\n                        <\/div>\r\n                        <div class=\"mec-event-content\" data-target=\"m1\" data-event-id=\"8587\">\r\n                            <a href=\"https:\/\/bazanakrakowskiej.pl\/index.php\/wydarzenia\/bazaart-junior-plus-taniec-wspolczesny\/\" target=\"m1\" class=\"mec-tile-into-content-link\"><\/a>                            <div class=\"mec-tile-event-content\">\r\n                                <div class=\"mec-event-detail\">\r\n                                                                                                            <span class=\"mec-event-loc-place\"><i class=\"mec-sl-location-pin\"><\/i>Szko\u0142a Podstawowa w Bestwinie<\/span>                                                                    <\/div>\r\n                                                                <h4 class=\"mec-event-title\"><a class=\"mec-color-hover\"  data-event-id=\"8587\" href=\"https:\/\/bazanakrakowskiej.pl\/index.php\/wydarzenia\/bazaart-junior-plus-taniec-wspolczesny\/\" target=\"m1\" rel=\"noopener\">BazaART Junior PLUS \/Taniec wsp\u00f3\u0142czesny<\/a><\/h4>\r\n                                                            <\/div>\r\n                        <\/div>\r\n                    <\/article>\r\n                <\/div>            <div class=\"col-md-3 col-sm-3\">        <script type=\"application\/ld+json\">\r\n        {\r\n            \"@context\": \"http:\/\/schema.org\",\r\n            \"@type\": \"Event\",\r\n            \"eventStatus\": \"https:\/\/schema.org\/EventScheduled\",\r\n            \"startDate\": \"2026-05-06\",\r\n            \"endDate\": \"2026-05-06\",\r\n            \"eventAttendanceMode\": \"https:\/\/schema.org\/OfflineEventAttendanceMode\",\r\n            \"location\":\r\n            {\r\n                \"@type\": \"Place\",\r\n                                \"name\": \"Baza na Krakowskiej\/ s. lustrzana\",\r\n                \"image\": \"\",\r\n                \"address\": \"\"\r\n                            },\r\n            \"organizer\":\r\n            {\r\n                \"@type\": \"Person\",\r\n                \"name\": \"Paulina Gw\u00f3\u017ad\u017a\",\r\n                \"url\": \"https:\/\/www.instagram.com\/studio.gwozdz\/\"\r\n            },\r\n            \"offers\":\r\n            {\r\n                \"url\": \"https:\/\/bazanakrakowskiej.pl\/index.php\/wydarzenia\/latino-ladies-style-kurs-tanca-dla-kobiet\/\",\r\n                \"price\": \"\",\r\n                \"priceCurrency\": \"$\",\r\n                \"availability\": \"https:\/\/schema.org\/InStock\",\r\n                \"validFrom\": \"2026-05-06T00:00\"\r\n            },\r\n            \"performer\": \"\",\r\n            \"description\": \"&lt;p&gt;&lt;strong&gt;3 miesi\u0119czny kurs ta\u0144ca dla kobiet! &lt;\/strong&gt;&lt;\/p&gt; &lt;p&gt;Zapraszamy na nowe zaj\u0119cia taneczne pe\u0142ne energii i rado\u015bci!&lt;\/p&gt; &lt;p&gt;Od podstaw nauczymy nie tylko krok\u00f3w, ale i ekspresji ruch\u00f3w w rytmie w\u0142asnego cia\u0142a.&lt;\/p&gt; &lt;p&gt;Odkryjemy swoj\u0105 zmys\u0142owo\u015b\u0107, kobieco\u015b\u0107, zasmakujemy r\u00f3\u017cnych styl\u00f3w latynoameryka\u0144skich!&lt;\/p&gt; &lt;p&gt;Kurs potrwa od pa\u017adziernika do grudnia (mo\u017cliwo\u015b\u0107 kontynuacji).&lt;\/p&gt; &lt;p&gt;Zaj\u0119cia w ka\u017cd\u0105 o godz.17:30-18:30&lt;\/p&gt; &lt;p&gt;Zaj\u0119cia poprowadzi &lt;strong&gt;Paulina Gw\u00f3\u017ad\u017a&lt;\/strong&gt;, tancerka ta\u0144ca towarzyskiego od ponad 18 lat.&lt;br \/&gt; Na swojej tanecznej drodze szkoli\u0142a si\u0119 u mistrz\u00f3w \u015awiata, Europy i Polski.&lt;br \/&gt; najwy\u017csz\u0105 mi\u0119dzynarodow\u0105 klas\u0119 taneczn\u0105 \u201eS\u201d w ta\u0144cach latynoameryka\u0144skich.&lt;\/p&gt; &lt;p&gt;Zapisy i informacje pod nr tel 731 251 102.&lt;\/p&gt; &lt;p&gt;Ograniczona ilo\u015b\u0107 miejsc.&lt;br \/&gt; (start zaj\u0119\u0107 przy min.4 osobach)&lt;\/p&gt; &lt;p&gt;Cena za kurs (12 spotka\u0144): 390 z\u0142&lt;\/p&gt; \",\r\n            \"image\": \"\",\r\n            \"name\": \"Latino Ladies Style- kurs ta\u0144ca dla kobiet\",\r\n            \"url\": \"https:\/\/bazanakrakowskiej.pl\/index.php\/wydarzenia\/latino-ladies-style-kurs-tanca-dla-kobiet\/\"\r\n        }\r\n        <\/script>\r\n                            <article  data-href=\"https:\/\/bazanakrakowskiej.pl\/index.php\/wydarzenia\/latino-ladies-style-kurs-tanca-dla-kobiet\/\" data-target=\"m1\" style=\"background:#0082f4\" class=\"mec-past-event mec-event-article mec-tile-item  mec-clear   \">\r\n                                                                        <div class=\"event-tile-view-head clearfix\">\r\n                                                            <div class=\"mec-event-month\"><span class=\"mec-start-date-label\" itemprop=\"startDate\">6 maj<\/span><\/div>\r\n                                                        <div class=\"mec-event-time\"><i class=\"mec-sl-clock\"><\/i>17:30<\/div>\r\n                        <\/div>\r\n                        <div class=\"mec-event-content\" data-target=\"m1\" data-event-id=\"8035\">\r\n                            <a href=\"https:\/\/bazanakrakowskiej.pl\/index.php\/wydarzenia\/latino-ladies-style-kurs-tanca-dla-kobiet\/\" target=\"m1\" class=\"mec-tile-into-content-link\"><\/a>                            <div class=\"mec-tile-event-content\">\r\n                                <div class=\"mec-event-detail\">\r\n                                                                                                            <span class=\"mec-event-loc-place\"><i class=\"mec-sl-location-pin\"><\/i>Baza na Krakowskiej\/ s. lustrzana<\/span>                                                                    <\/div>\r\n                                                                <h4 class=\"mec-event-title\"><a class=\"mec-color-hover\"  data-event-id=\"8035\" href=\"https:\/\/bazanakrakowskiej.pl\/index.php\/wydarzenia\/latino-ladies-style-kurs-tanca-dla-kobiet\/\" target=\"m1\" rel=\"noopener\">Latino Ladies Style- kurs ta\u0144ca dla kobiet<\/a><\/h4>\r\n                                                            <\/div>\r\n                        <\/div>\r\n                    <\/article>\r\n                <\/div><\/div>            <div class=\"row\"><div class=\"col-md-3 col-sm-3\">        <script type=\"application\/ld+json\">\r\n        {\r\n            \"@context\": \"http:\/\/schema.org\",\r\n            \"@type\": \"Event\",\r\n            \"eventStatus\": \"https:\/\/schema.org\/EventScheduled\",\r\n            \"startDate\": \"2026-05-06\",\r\n            \"endDate\": \"2026-05-06\",\r\n            \"eventAttendanceMode\": \"https:\/\/schema.org\/OfflineEventAttendanceMode\",\r\n            \"location\":\r\n            {\r\n                \"@type\": \"Place\",\r\n                                \"name\": \"Baza na Krakowskiej\",\r\n                \"image\": \"\",\r\n                \"address\": \"\"\r\n                            },\r\n            \"organizer\":\r\n            {\r\n                \"@type\": \"Person\",\r\n                \"name\": \"Rainer Castro Amoros\",\r\n                \"url\": \"\"\r\n            },\r\n            \"offers\":\r\n            {\r\n                \"url\": \"https:\/\/bazanakrakowskiej.pl\/index.php\/wydarzenia\/kurs-jezyka-hiszpanskiego\/\",\r\n                \"price\": \"\",\r\n                \"priceCurrency\": \"$\",\r\n                \"availability\": \"https:\/\/schema.org\/InStock\",\r\n                \"validFrom\": \"2026-05-06T00:00\"\r\n            },\r\n            \"performer\": \"\",\r\n            \"description\": \"&lt;p&gt;&lt;span class=&quot;html-span xexx8yu xyri2b x18d9i69 x1c1uobl x1hl2dhg x16tdsg8 x1vvkbs x3nfvp2 x1j61x8r x1fcty0u xdj266r xat24cr xm2jcoa x1mpyi22 xxymvpz xlup9mm x1kky2od&quot;&gt;&lt;img loading=&quot;lazy&quot; decoding=&quot;async&quot; class=&quot;xz74otr x15mokao x1ga7v0g x16uus16 xbiv7yw&quot; src=&quot;https:\/\/static.xx.fbcdn.net\/images\/emoji.php\/v9\/t34\/1\/16\/1f1ea_1f1f8.png&quot; alt=&quot;\ud83c\uddea\ud83c\uddf8&quot; width=&quot;16&quot; height=&quot;16&quot; \/&gt;&lt;\/span&gt;&lt;strong&gt;Od marca rusza w Bazie Kurs j\u0119zyka hiszpa\u0144skiego!&lt;\/strong&gt; &lt;span class=&quot;html-span xexx8yu xyri2b x18d9i69 x1c1uobl x1hl2dhg x16tdsg8 x1vvkbs x3nfvp2 x1j61x8r x1fcty0u xdj266r xat24cr xm2jcoa x1mpyi22 xxymvpz xlup9mm x1kky2od&quot;&gt;&lt;img loading=&quot;lazy&quot; decoding=&quot;async&quot; class=&quot;xz74otr x15mokao x1ga7v0g x16uus16 xbiv7yw&quot; src=&quot;https:\/\/static.xx.fbcdn.net\/images\/emoji.php\/v9\/t34\/1\/16\/1f1ea_1f1f8.png&quot; alt=&quot;\ud83c\uddea\ud83c\uddf8&quot; width=&quot;16&quot; height=&quot;16&quot; \/&gt;&lt;\/span&gt;&lt;br \/&gt; \u2013 praktyczna nauka j\u0119zyka&lt;br \/&gt; \u2013 zaj\u0119cia w ma\u0142ych grupach&lt;br \/&gt; \u2013 nauka krok po kroku z native speakerem&lt;\/p&gt; &lt;p&gt;Zaj\u0119cia prowadzi R\u00e1iner Castro Amor\u00f3s , pochodz\u0105cy z Kuby, mieszkaj\u0105cy kilka lat w Barcelonie, a obecnie w Polsce, gdzie uczy j\u0119zyka hiszpa\u0144skiego i jest trenerem personalnym ze specjalizacj\u0105 lekkoatletyka.&lt;br \/&gt; Start zaj\u0119\u0107 ju\u017c 4 marca!&lt;br \/&gt; \u015arody:&lt;br \/&gt; &lt;span class=&quot;html-span xexx8yu xyri2b x18d9i69 x1c1uobl x1hl2dhg x16tdsg8 x1vvkbs x3nfvp2 x1j61x8r x1fcty0u xdj266r xat24cr xm2jcoa x1mpyi22 xxymvpz xlup9mm x1kky2od&quot;&gt;&lt;img loading=&quot;lazy&quot; decoding=&quot;async&quot; class=&quot;xz74otr x15mokao x1ga7v0g x16uus16 xbiv7yw&quot; src=&quot;https:\/\/static.xx.fbcdn.net\/images\/emoji.php\/v9\/t15\/1\/16\/1f49b.png&quot; alt=&quot;\ud83d\udc9b&quot; width=&quot;18&quot; height=&quot;18&quot; \/&gt;&lt;\/span&gt;godz. 16:30-17:30 zaj\u0119cia dla dzieci w wieku szkolnym&lt;br \/&gt; &lt;span class=&quot;html-span xexx8yu xyri2b x18d9i69 x1c1uobl x1hl2dhg x16tdsg8 x1vvkbs x3nfvp2 x1j61x8r x1fcty0u xdj266r xat24cr xm2jcoa x1mpyi22 xxymvpz xlup9mm x1kky2od&quot;&gt;&lt;img loading=&quot;lazy&quot; decoding=&quot;async&quot; class=&quot;xz74otr x15mokao x1ga7v0g x16uus16 xbiv7yw&quot; src=&quot;https:\/\/static.xx.fbcdn.net\/images\/emoji.php\/v9\/t6c\/1\/16\/2764.png&quot; alt=&quot;\u2764\ufe0f&quot; width=&quot;16&quot; height=&quot;16&quot; \/&gt;&lt;\/span&gt;godz. 17:30-18:30 zaj\u0119cia dla doros\u0142ych&lt;br \/&gt; Koszt miesi\u0119czny: 200 z\u0142 (1h\/ 50 z\u0142)&lt;br \/&gt; &lt;span class=&quot;html-span xexx8yu xyri2b x18d9i69 x1c1uobl x1hl2dhg x16tdsg8 x1vvkbs x3nfvp2 x1j61x8r x1fcty0u xdj266r xat24cr xm2jcoa x1mpyi22 xxymvpz xlup9mm x1kky2od&quot;&gt;&lt;img loading=&quot;lazy&quot; decoding=&quot;async&quot; class=&quot;xz74otr x15mokao x1ga7v0g x16uus16 xbiv7yw&quot; src=&quot;https:\/\/static.xx.fbcdn.net\/images\/emoji.php\/v9\/t34\/1\/16\/1f1ea_1f1f8.png&quot; alt=&quot;\ud83c\uddea\ud83c\uddf8&quot; width=&quot;16&quot; height=&quot;16&quot; \/&gt;&lt;\/span&gt;&lt;span class=&quot;html-span xexx8yu xyri2b x18d9i69 x1c1uobl x1hl2dhg x16tdsg8 x1vvkbs x3nfvp2 x1j61x8r x1fcty0u xdj266r xat24cr xm2jcoa x1mpyi22 xxymvpz xlup9mm x1kky2od&quot;&gt;&lt;img loading=&quot;lazy&quot; decoding=&quot;async&quot; class=&quot;xz74otr x15mokao x1ga7v0g x16uus16 xbiv7yw&quot; src=&quot;https:\/\/static.xx.fbcdn.net\/images\/emoji.php\/v9\/t34\/1\/16\/1f1ea_1f1f8.png&quot; alt=&quot;\ud83c\uddea\ud83c\uddf8&quot; width=&quot;16&quot; height=&quot;16&quot; \/&gt;&lt;\/span&gt;&lt;span class=&quot;html-span xexx8yu xyri2b x18d9i69 x1c1uobl x1hl2dhg x16tdsg8 x1vvkbs x3nfvp2 x1j61x8r x1fcty0u xdj266r xat24cr xm2jcoa x1mpyi22 xxymvpz xlup9mm x1kky2od&quot;&gt;&lt;img loading=&quot;lazy&quot; decoding=&quot;async&quot; class=&quot;xz74otr x15mokao x1ga7v0g x16uus16 xbiv7yw&quot; src=&quot;https:\/\/static.xx.fbcdn.net\/images\/emoji.php\/v9\/t34\/1\/16\/1f1ea_1f1f8.png&quot; alt=&quot;\ud83c\uddea\ud83c\uddf8&quot; width=&quot;16&quot; height=&quot;16&quot; \/&gt;&lt;\/span&gt;&lt;span class=&quot;html-span xexx8yu xyri2b x18d9i69 x1c1uobl x1hl2dhg x16tdsg8 x1vvkbs x3nfvp2 x1j61x8r x1fcty0u xdj266r xat24cr xm2jcoa x1mpyi22 xxymvpz xlup9mm x1kky2od&quot;&gt;&lt;img loading=&quot;lazy&quot; decoding=&quot;async&quot; class=&quot;xz74otr x15mokao x1ga7v0g x16uus16 xbiv7yw&quot; src=&quot;https:\/\/static.xx.fbcdn.net\/images\/emoji.php\/v9\/t34\/1\/16\/1f1ea_1f1f8.png&quot; alt=&quot;\ud83c\uddea\ud83c\uddf8&quot; width=&quot;16&quot; height=&quot;16&quot; \/&gt;&lt;\/span&gt;&lt;span class=&quot;html-span xexx8yu xyri2b x18d9i69 x1c1uobl x1hl2dhg x16tdsg8 x1vvkbs x3nfvp2 x1j61x8r x1fcty0u xdj266r xat24cr xm2jcoa x1mpyi22 xxymvpz xlup9mm x1kky2od&quot;&gt;&lt;img loading=&quot;lazy&quot; decoding=&quot;async&quot; class=&quot;xz74otr x15mokao x1ga7v0g x16uus16 xbiv7yw&quot; src=&quot;https:\/\/static.xx.fbcdn.net\/images\/emoji.php\/v9\/t34\/1\/16\/1f1ea_1f1f8.png&quot; alt=&quot;\ud83c\uddea\ud83c\uddf8&quot; width=&quot;16&quot; height=&quot;16&quot; \/&gt;&lt;\/span&gt;&lt;span class=&quot;html-span xexx8yu xyri2b x18d9i69 x1c1uobl x1hl2dhg x16tdsg8 x1vvkbs x3nfvp2 x1j61x8r x1fcty0u xdj266r xat24cr xm2jcoa x1mpyi22 xxymvpz xlup9mm x1kky2od&quot;&gt;&lt;img loading=&quot;lazy&quot; decoding=&quot;async&quot; class=&quot;xz74otr x15mokao x1ga7v0g x16uus16 xbiv7yw&quot; src=&quot;https:\/\/static.xx.fbcdn.net\/images\/emoji.php\/v9\/t34\/1\/16\/1f1ea_1f1f8.png&quot; alt=&quot;\ud83c\uddea\ud83c\uddf8&quot; width=&quot;16&quot; height=&quot;16&quot; \/&gt;&lt;\/span&gt;&lt;span class=&quot;html-span xexx8yu xyri2b x18d9i69 x1c1uobl x1hl2dhg x16tdsg8 x1vvkbs x3nfvp2 x1j61x8r x1fcty0u xdj266r xat24cr xm2jcoa x1mpyi22 xxymvpz xlup9mm x1kky2od&quot;&gt;&lt;img loading=&quot;lazy&quot; decoding=&quot;async&quot; class=&quot;xz74otr x15mokao x1ga7v0g x16uus16 xbiv7yw&quot; src=&quot;https:\/\/static.xx.fbcdn.net\/images\/emoji.php\/v9\/t34\/1\/16\/1f1ea_1f1f8.png&quot; alt=&quot;\ud83c\uddea\ud83c\uddf8&quot; width=&quot;16&quot; height=&quot;16&quot; \/&gt;&lt;\/span&gt;&lt;span class=&quot;html-span xexx8yu xyri2b x18d9i69 x1c1uobl x1hl2dhg x16tdsg8 x1vvkbs x3nfvp2 x1j61x8r x1fcty0u xdj266r xat24cr xm2jcoa x1mpyi22 xxymvpz xlup9mm x1kky2od&quot;&gt;&lt;img loading=&quot;lazy&quot; decoding=&quot;async&quot; class=&quot;xz74otr x15mokao x1ga7v0g x16uus16 xbiv7yw&quot; src=&quot;https:\/\/static.xx.fbcdn.net\/images\/emoji.php\/v9\/t34\/1\/16\/1f1ea_1f1f8.png&quot; alt=&quot;\ud83c\uddea\ud83c\uddf8&quot; width=&quot;16&quot; height=&quot;16&quot; \/&gt;&lt;\/span&gt;&lt;span class=&quot;html-span xexx8yu xyri2b x18d9i69 x1c1uobl x1hl2dhg x16tdsg8 x1vvkbs x3nfvp2 x1j61x8r x1fcty0u xdj266r xat24cr xm2jcoa x1mpyi22 xxymvpz xlup9mm x1kky2od&quot;&gt;&lt;img loading=&quot;lazy&quot; decoding=&quot;async&quot; class=&quot;xz74otr x15mokao x1ga7v0g x16uus16 xbiv7yw&quot; src=&quot;https:\/\/static.xx.fbcdn.net\/images\/emoji.php\/v9\/t34\/1\/16\/1f1ea_1f1f8.png&quot; alt=&quot;\ud83c\uddea\ud83c\uddf8&quot; width=&quot;16&quot; height=&quot;16&quot; \/&gt;&lt;\/span&gt;&lt;span class=&quot;html-span xexx8yu xyri2b x18d9i69 x1c1uobl x1hl2dhg x16tdsg8 x1vvkbs x3nfvp2 x1j61x8r x1fcty0u xdj266r xat24cr xm2jcoa x1mpyi22 xxymvpz xlup9mm x1kky2od&quot;&gt;&lt;img loading=&quot;lazy&quot; decoding=&quot;async&quot; class=&quot;xz74otr x15mokao x1ga7v0g x16uus16 xbiv7yw&quot; src=&quot;https:\/\/static.xx.fbcdn.net\/images\/emoji.php\/v9\/t34\/1\/16\/1f1ea_1f1f8.png&quot; alt=&quot;\ud83c\uddea\ud83c\uddf8&quot; width=&quot;16&quot; height=&quot;16&quot; \/&gt;&lt;\/span&gt;&lt;span class=&quot;html-span xexx8yu xyri2b x18d9i69 x1c1uobl x1hl2dhg x16tdsg8 x1vvkbs x3nfvp2 x1j61x8r x1fcty0u xdj266r xat24cr xm2jcoa x1mpyi22 xxymvpz xlup9mm x1kky2od&quot;&gt;&lt;img loading=&quot;lazy&quot; decoding=&quot;async&quot; class=&quot;xz74otr x15mokao x1ga7v0g x16uus16 xbiv7yw&quot; src=&quot;https:\/\/static.xx.fbcdn.net\/images\/emoji.php\/v9\/t34\/1\/16\/1f1ea_1f1f8.png&quot; alt=&quot;\ud83c\uddea\ud83c\uddf8&quot; width=&quot;16&quot; height=&quot;16&quot; \/&gt;&lt;\/span&gt;&lt;span class=&quot;html-span xexx8yu xyri2b x18d9i69 x1c1uobl x1hl2dhg x16tdsg8 x1vvkbs x3nfvp2 x1j61x8r x1fcty0u xdj266r xat24cr xm2jcoa x1mpyi22 xxymvpz xlup9mm x1kky2od&quot;&gt;&lt;img loading=&quot;lazy&quot; decoding=&quot;async&quot; class=&quot;xz74otr x15mokao x1ga7v0g x16uus16 xbiv7yw&quot; src=&quot;https:\/\/static.xx.fbcdn.net\/images\/emoji.php\/v9\/t34\/1\/16\/1f1ea_1f1f8.png&quot; alt=&quot;\ud83c\uddea\ud83c\uddf8&quot; width=&quot;16&quot; height=&quot;16&quot; \/&gt;&lt;\/span&gt;&lt;span class=&quot;html-span xexx8yu xyri2b x18d9i69 x1c1uobl x1hl2dhg x16tdsg8 x1vvkbs x3nfvp2 x1j61x8r x1fcty0u xdj266r xat24cr xm2jcoa x1mpyi22 xxymvpz xlup9mm x1kky2od&quot;&gt;&lt;img loading=&quot;lazy&quot; decoding=&quot;async&quot; class=&quot;xz74otr x15mokao x1ga7v0g x16uus16 xbiv7yw&quot; src=&quot;https:\/\/static.xx.fbcdn.net\/images\/emoji.php\/v9\/t34\/1\/16\/1f1ea_1f1f8.png&quot; alt=&quot;\ud83c\uddea\ud83c\uddf8&quot; width=&quot;16&quot; height=&quot;16&quot; \/&gt;&lt;\/span&gt;&lt;span class=&quot;html-span xexx8yu xyri2b x18d9i69 x1c1uobl x1hl2dhg x16tdsg8 x1vvkbs x3nfvp2 x1j61x8r x1fcty0u xdj266r xat24cr xm2jcoa x1mpyi22 xxymvpz xlup9mm x1kky2od&quot;&gt;&lt;img loading=&quot;lazy&quot; decoding=&quot;async&quot; class=&quot;xz74otr x15mokao x1ga7v0g x16uus16 xbiv7yw&quot; src=&quot;https:\/\/static.xx.fbcdn.net\/images\/emoji.php\/v9\/t34\/1\/16\/1f1ea_1f1f8.png&quot; alt=&quot;\ud83c\uddea\ud83c\uddf8&quot; width=&quot;16&quot; height=&quot;16&quot; \/&gt;&lt;\/span&gt;&lt;span class=&quot;html-span xexx8yu xyri2b x18d9i69 x1c1uobl x1hl2dhg x16tdsg8 x1vvkbs x3nfvp2 x1j61x8r x1fcty0u xdj266r xat24cr xm2jcoa x1mpyi22 xxymvpz xlup9mm x1kky2od&quot;&gt;&lt;img loading=&quot;lazy&quot; decoding=&quot;async&quot; class=&quot;xz74otr x15mokao x1ga7v0g x16uus16 xbiv7yw&quot; src=&quot;https:\/\/static.xx.fbcdn.net\/images\/emoji.php\/v9\/t34\/1\/16\/1f1ea_1f1f8.png&quot; alt=&quot;\ud83c\uddea\ud83c\uddf8&quot; width=&quot;16&quot; height=&quot;16&quot; \/&gt;&lt;\/span&gt;&lt;span class=&quot;html-span xexx8yu xyri2b x18d9i69 x1c1uobl x1hl2dhg x16tdsg8 x1vvkbs x3nfvp2 x1j61x8r x1fcty0u xdj266r xat24cr xm2jcoa x1mpyi22 xxymvpz xlup9mm x1kky2od&quot;&gt;&lt;img loading=&quot;lazy&quot; decoding=&quot;async&quot; class=&quot;xz74otr x15mokao x1ga7v0g x16uus16 xbiv7yw&quot; src=&quot;https:\/\/static.xx.fbcdn.net\/images\/emoji.php\/v9\/t34\/1\/16\/1f1ea_1f1f8.png&quot; alt=&quot;\ud83c\uddea\ud83c\uddf8&quot; width=&quot;16&quot; height=&quot;16&quot; \/&gt;&lt;\/span&gt;&lt;span class=&quot;html-span xexx8yu xyri2b x18d9i69 x1c1uobl x1hl2dhg x16tdsg8 x1vvkbs x3nfvp2 x1j61x8r x1fcty0u xdj266r xat24cr xm2jcoa x1mpyi22 xxymvpz xlup9mm x1kky2od&quot;&gt;&lt;img loading=&quot;lazy&quot; decoding=&quot;async&quot; class=&quot;xz74otr x15mokao x1ga7v0g x16uus16 xbiv7yw&quot; src=&quot;https:\/\/static.xx.fbcdn.net\/images\/emoji.php\/v9\/t34\/1\/16\/1f1ea_1f1f8.png&quot; alt=&quot;\ud83c\uddea\ud83c\uddf8&quot; width=&quot;16&quot; height=&quot;16&quot; \/&gt;&lt;\/span&gt;&lt;br \/&gt; A oto kilka powod\u00f3w dlaczego warto nauczy\u0107 si\u0119 j\u0119zyka hiszpa\u0144skiego!&lt;\/p&gt; &lt;p&gt;1. Zr\u00f3b co\u015b dla siebie!&lt;\/p&gt; &lt;p&gt;2. Poznaj bogactwo i r\u00f3\u017cnorodno\u015b\u0107 hiszpa\u0144skiej kultury&lt;\/p&gt; &lt;p&gt;3. Zwi\u0119ksz swoje szanse na rynku pracy poprzez znajomo\u015b\u0107 nowego j\u0119zyka&lt;\/p&gt; &lt;p&gt;4. Hiszpa\u0144ski to j\u0119zyk urz\u0119dowy w 21 krajach- znaj\u0105c go b\u0119dziesz m\u00f3g\u0142 si\u0119 porozumiewa\u0107 nie tylko w Hiszpanii!&lt;\/p&gt; &lt;p&gt;5. Dzi\u0119ki znajomo\u015b\u0107 hiszpa\u0144skiego z du\u017co wi\u0119ksz\u0105 \u0142atwo\u015bci\u0105 podejdziesz do nauki innych j\u0119zyk\u00f3w roma\u0144skich tj. w\u0142oski, francuski czy portugalski.&lt;\/p&gt; &lt;p&gt;6. Nauka ka\u017cdego nowego j\u0119zyka stymuluje m\u00f3zg, poprawia pami\u0119\u0107, wp\u0142ywa na rozw\u00f3j umiej\u0119tno\u015bci poznawczych i zdolno\u015bci komunikacyjnych.&lt;\/p&gt; &lt;p&gt;&lt;span class=&quot;html-span xexx8yu xyri2b x18d9i69 x1c1uobl x1hl2dhg x16tdsg8 x1vvkbs x3nfvp2 x1j61x8r x1fcty0u xdj266r xat24cr xm2jcoa x1mpyi22 xxymvpz xlup9mm x1kky2od&quot;&gt;&lt;img loading=&quot;lazy&quot; decoding=&quot;async&quot; class=&quot;xz74otr x15mokao x1ga7v0g x16uus16 xbiv7yw&quot; src=&quot;https:\/\/static.xx.fbcdn.net\/images\/emoji.php\/v9\/t34\/1\/16\/1f1ea_1f1f8.png&quot; alt=&quot;\ud83c\uddea\ud83c\uddf8&quot; width=&quot;16&quot; height=&quot;16&quot; \/&gt;&lt;\/span&gt;&lt;span class=&quot;html-span xexx8yu xyri2b x18d9i69 x1c1uobl x1hl2dhg x16tdsg8 x1vvkbs x3nfvp2 x1j61x8r x1fcty0u xdj266r xat24cr xm2jcoa x1mpyi22 xxymvpz xlup9mm x1kky2od&quot;&gt;&lt;img loading=&quot;lazy&quot; decoding=&quot;async&quot; class=&quot;xz74otr x15mokao x1ga7v0g x16uus16 xbiv7yw&quot; src=&quot;https:\/\/static.xx.fbcdn.net\/images\/emoji.php\/v9\/t34\/1\/16\/1f1ea_1f1f8.png&quot; alt=&quot;\ud83c\uddea\ud83c\uddf8&quot; width=&quot;16&quot; height=&quot;16&quot; \/&gt;&lt;\/span&gt;&lt;span class=&quot;html-span xexx8yu xyri2b x18d9i69 x1c1uobl x1hl2dhg x16tdsg8 x1vvkbs x3nfvp2 x1j61x8r x1fcty0u xdj266r xat24cr xm2jcoa x1mpyi22 xxymvpz xlup9mm x1kky2od&quot;&gt;&lt;img loading=&quot;lazy&quot; decoding=&quot;async&quot; class=&quot;xz74otr x15mokao x1ga7v0g x16uus16 xbiv7yw&quot; src=&quot;https:\/\/static.xx.fbcdn.net\/images\/emoji.php\/v9\/t34\/1\/16\/1f1ea_1f1f8.png&quot; alt=&quot;\ud83c\uddea\ud83c\uddf8&quot; width=&quot;16&quot; height=&quot;16&quot; \/&gt;&lt;\/span&gt;&lt;span class=&quot;html-span xexx8yu xyri2b x18d9i69 x1c1uobl x1hl2dhg x16tdsg8 x1vvkbs x3nfvp2 x1j61x8r x1fcty0u xdj266r xat24cr xm2jcoa x1mpyi22 xxymvpz xlup9mm x1kky2od&quot;&gt;&lt;img loading=&quot;lazy&quot; decoding=&quot;async&quot; class=&quot;xz74otr x15mokao x1ga7v0g x16uus16 xbiv7yw&quot; src=&quot;https:\/\/static.xx.fbcdn.net\/images\/emoji.php\/v9\/t34\/1\/16\/1f1ea_1f1f8.png&quot; alt=&quot;\ud83c\uddea\ud83c\uddf8&quot; width=&quot;16&quot; height=&quot;16&quot; \/&gt;&lt;\/span&gt;&lt;span class=&quot;html-span xexx8yu xyri2b x18d9i69 x1c1uobl x1hl2dhg x16tdsg8 x1vvkbs x3nfvp2 x1j61x8r x1fcty0u xdj266r xat24cr xm2jcoa x1mpyi22 xxymvpz xlup9mm x1kky2od&quot;&gt;&lt;img loading=&quot;lazy&quot; decoding=&quot;async&quot; class=&quot;xz74otr x15mokao x1ga7v0g x16uus16 xbiv7yw&quot; src=&quot;https:\/\/static.xx.fbcdn.net\/images\/emoji.php\/v9\/t34\/1\/16\/1f1ea_1f1f8.png&quot; alt=&quot;\ud83c\uddea\ud83c\uddf8&quot; width=&quot;16&quot; height=&quot;16&quot; \/&gt;&lt;\/span&gt;&lt;span class=&quot;html-span xexx8yu xyri2b x18d9i69 x1c1uobl x1hl2dhg x16tdsg8 x1vvkbs x3nfvp2 x1j61x8r x1fcty0u xdj266r xat24cr xm2jcoa x1mpyi22 xxymvpz xlup9mm x1kky2od&quot;&gt;&lt;img loading=&quot;lazy&quot; decoding=&quot;async&quot; class=&quot;xz74otr x15mokao x1ga7v0g x16uus16 xbiv7yw&quot; src=&quot;https:\/\/static.xx.fbcdn.net\/images\/emoji.php\/v9\/t34\/1\/16\/1f1ea_1f1f8.png&quot; alt=&quot;\ud83c\uddea\ud83c\uddf8&quot; width=&quot;16&quot; height=&quot;16&quot; \/&gt;&lt;\/span&gt;&lt;span class=&quot;html-span xexx8yu xyri2b x18d9i69 x1c1uobl x1hl2dhg x16tdsg8 x1vvkbs x3nfvp2 x1j61x8r x1fcty0u xdj266r xat24cr xm2jcoa x1mpyi22 xxymvpz xlup9mm x1kky2od&quot;&gt;&lt;img loading=&quot;lazy&quot; decoding=&quot;async&quot; class=&quot;xz74otr x15mokao x1ga7v0g x16uus16 xbiv7yw&quot; src=&quot;https:\/\/static.xx.fbcdn.net\/images\/emoji.php\/v9\/t34\/1\/16\/1f1ea_1f1f8.png&quot; alt=&quot;\ud83c\uddea\ud83c\uddf8&quot; width=&quot;16&quot; height=&quot;16&quot; \/&gt;&lt;\/span&gt;&lt;span class=&quot;html-span xexx8yu xyri2b x18d9i69 x1c1uobl x1hl2dhg x16tdsg8 x1vvkbs x3nfvp2 x1j61x8r x1fcty0u xdj266r xat24cr xm2jcoa x1mpyi22 xxymvpz xlup9mm x1kky2od&quot;&gt;&lt;img loading=&quot;lazy&quot; decoding=&quot;async&quot; class=&quot;xz74otr x15mokao x1ga7v0g x16uus16 xbiv7yw&quot; src=&quot;https:\/\/static.xx.fbcdn.net\/images\/emoji.php\/v9\/t34\/1\/16\/1f1ea_1f1f8.png&quot; alt=&quot;\ud83c\uddea\ud83c\uddf8&quot; width=&quot;16&quot; height=&quot;16&quot; \/&gt;&lt;\/span&gt;&lt;span class=&quot;html-span xexx8yu xyri2b x18d9i69 x1c1uobl x1hl2dhg x16tdsg8 x1vvkbs x3nfvp2 x1j61x8r x1fcty0u xdj266r xat24cr xm2jcoa x1mpyi22 xxymvpz xlup9mm x1kky2od&quot;&gt;&lt;img loading=&quot;lazy&quot; decoding=&quot;async&quot; class=&quot;xz74otr x15mokao x1ga7v0g x16uus16 xbiv7yw&quot; src=&quot;https:\/\/static.xx.fbcdn.net\/images\/emoji.php\/v9\/t34\/1\/16\/1f1ea_1f1f8.png&quot; alt=&quot;\ud83c\uddea\ud83c\uddf8&quot; width=&quot;16&quot; height=&quot;16&quot; \/&gt;&lt;\/span&gt;&lt;span class=&quot;html-span xexx8yu xyri2b x18d9i69 x1c1uobl x1hl2dhg x16tdsg8 x1vvkbs x3nfvp2 x1j61x8r x1fcty0u xdj266r xat24cr xm2jcoa x1mpyi22 xxymvpz xlup9mm x1kky2od&quot;&gt;&lt;img loading=&quot;lazy&quot; decoding=&quot;async&quot; class=&quot;xz74otr x15mokao x1ga7v0g x16uus16 xbiv7yw&quot; src=&quot;https:\/\/static.xx.fbcdn.net\/images\/emoji.php\/v9\/t34\/1\/16\/1f1ea_1f1f8.png&quot; alt=&quot;\ud83c\uddea\ud83c\uddf8&quot; width=&quot;16&quot; height=&quot;16&quot; \/&gt;&lt;\/span&gt;&lt;span class=&quot;html-span xexx8yu xyri2b x18d9i69 x1c1uobl x1hl2dhg x16tdsg8 x1vvkbs x3nfvp2 x1j61x8r x1fcty0u xdj266r xat24cr xm2jcoa x1mpyi22 xxymvpz xlup9mm x1kky2od&quot;&gt;&lt;img loading=&quot;lazy&quot; decoding=&quot;async&quot; class=&quot;xz74otr x15mokao x1ga7v0g x16uus16 xbiv7yw&quot; src=&quot;https:\/\/static.xx.fbcdn.net\/images\/emoji.php\/v9\/t34\/1\/16\/1f1ea_1f1f8.png&quot; alt=&quot;\ud83c\uddea\ud83c\uddf8&quot; width=&quot;16&quot; height=&quot;16&quot; \/&gt;&lt;\/span&gt;&lt;span class=&quot;html-span xexx8yu xyri2b x18d9i69 x1c1uobl x1hl2dhg x16tdsg8 x1vvkbs x3nfvp2 x1j61x8r x1fcty0u xdj266r xat24cr xm2jcoa x1mpyi22 xxymvpz xlup9mm x1kky2od&quot;&gt;&lt;img loading=&quot;lazy&quot; decoding=&quot;async&quot; class=&quot;xz74otr x15mokao x1ga7v0g x16uus16 xbiv7yw&quot; src=&quot;https:\/\/static.xx.fbcdn.net\/images\/emoji.php\/v9\/t34\/1\/16\/1f1ea_1f1f8.png&quot; alt=&quot;\ud83c\uddea\ud83c\uddf8&quot; width=&quot;16&quot; height=&quot;16&quot; \/&gt;&lt;\/span&gt;&lt;span class=&quot;html-span xexx8yu xyri2b x18d9i69 x1c1uobl x1hl2dhg x16tdsg8 x1vvkbs x3nfvp2 x1j61x8r x1fcty0u xdj266r xat24cr xm2jcoa x1mpyi22 xxymvpz xlup9mm x1kky2od&quot;&gt;&lt;img loading=&quot;lazy&quot; decoding=&quot;async&quot; class=&quot;xz74otr x15mokao x1ga7v0g x16uus16 xbiv7yw&quot; src=&quot;https:\/\/static.xx.fbcdn.net\/images\/emoji.php\/v9\/t34\/1\/16\/1f1ea_1f1f8.png&quot; alt=&quot;\ud83c\uddea\ud83c\uddf8&quot; width=&quot;16&quot; height=&quot;16&quot; \/&gt;&lt;\/span&gt;&lt;span class=&quot;html-span xexx8yu xyri2b x18d9i69 x1c1uobl x1hl2dhg x16tdsg8 x1vvkbs x3nfvp2 x1j61x8r x1fcty0u xdj266r xat24cr xm2jcoa x1mpyi22 xxymvpz xlup9mm x1kky2od&quot;&gt;&lt;img loading=&quot;lazy&quot; decoding=&quot;async&quot; class=&quot;xz74otr x15mokao x1ga7v0g x16uus16 xbiv7yw&quot; src=&quot;https:\/\/static.xx.fbcdn.net\/images\/emoji.php\/v9\/t34\/1\/16\/1f1ea_1f1f8.png&quot; alt=&quot;\ud83c\uddea\ud83c\uddf8&quot; width=&quot;16&quot; height=&quot;16&quot; \/&gt;&lt;\/span&gt;&lt;span class=&quot;html-span xexx8yu xyri2b x18d9i69 x1c1uobl x1hl2dhg x16tdsg8 x1vvkbs x3nfvp2 x1j61x8r x1fcty0u xdj266r xat24cr xm2jcoa x1mpyi22 xxymvpz xlup9mm x1kky2od&quot;&gt;&lt;img loading=&quot;lazy&quot; decoding=&quot;async&quot; class=&quot;xz74otr x15mokao x1ga7v0g x16uus16 xbiv7yw&quot; src=&quot;https:\/\/static.xx.fbcdn.net\/images\/emoji.php\/v9\/t34\/1\/16\/1f1ea_1f1f8.png&quot; alt=&quot;\ud83c\uddea\ud83c\uddf8&quot; width=&quot;16&quot; height=&quot;16&quot; \/&gt;&lt;\/span&gt;&lt;span class=&quot;html-span xexx8yu xyri2b x18d9i69 x1c1uobl x1hl2dhg x16tdsg8 x1vvkbs x3nfvp2 x1j61x8r x1fcty0u xdj266r xat24cr xm2jcoa x1mpyi22 xxymvpz xlup9mm x1kky2od&quot;&gt;&lt;img loading=&quot;lazy&quot; decoding=&quot;async&quot; class=&quot;xz74otr x15mokao x1ga7v0g x16uus16 xbiv7yw&quot; src=&quot;https:\/\/static.xx.fbcdn.net\/images\/emoji.php\/v9\/t34\/1\/16\/1f1ea_1f1f8.png&quot; alt=&quot;\ud83c\uddea\ud83c\uddf8&quot; width=&quot;16&quot; height=&quot;16&quot; \/&gt;&lt;\/span&gt;&lt;span class=&quot;html-span xexx8yu xyri2b x18d9i69 x1c1uobl x1hl2dhg x16tdsg8 x1vvkbs x3nfvp2 x1j61x8r x1fcty0u xdj266r xat24cr xm2jcoa x1mpyi22 xxymvpz xlup9mm x1kky2od&quot;&gt;&lt;img loading=&quot;lazy&quot; decoding=&quot;async&quot; class=&quot;xz74otr x15mokao x1ga7v0g x16uus16 xbiv7yw&quot; src=&quot;https:\/\/static.xx.fbcdn.net\/images\/emoji.php\/v9\/t34\/1\/16\/1f1ea_1f1f8.png&quot; alt=&quot;\ud83c\uddea\ud83c\uddf8&quot; width=&quot;16&quot; height=&quot;16&quot; \/&gt;&lt;\/span&gt;&lt;\/p&gt; &lt;p&gt;&lt;strong&gt;Kim jest N A T I V E S P E A K E R ?&lt;\/strong&gt;&lt;\/p&gt; &lt;p&gt;To osoba, kt\u00f3ra wychowa\u0142a si\u0119 w kraju, gdzie dany jest j\u0119zykiem ojczystym. Takie osoby od najm\u0142odszych lat pos\u0142uguj\u0105 si\u0119 tym j\u0119zykiem, co pozwala im na naturalne i swobodne wyra\u017canie my\u015bli. Cechuje je r\u00f3wnie\u017c g\u0142\u0119bokie zrozumienie kultury, obyczaj\u00f3w i kontekstu spo\u0142ecznego, w kt\u00f3rym si\u0119 poruszaj\u0105. Nauka z native speakerem to szereg korzy\u015bci, kt\u00f3re maj\u0105 kluczowe znaczenie dla rozwoju j\u0119zykowego: \u2013 mo\u017cliwo\u015b\u0107 os\u0142uchania si\u0119 z autentycznym akcentem oraz intonacj\u0105, co znacz\u0105co wp\u0142ywa na popraw\u0119 wymowy i p\u0142ynno\u015bci wypowiedzi. \u2013 \u0107wiczy\u0107 prowadzenie konwersacji w r\u00f3\u017cnych kontekstach, co zwi\u0119kszy ich pewno\u015b\u0107 siebie w pos\u0142ugiwaniu si\u0119 j\u0119zykiem.&lt;\/p&gt; &lt;p&gt;Serdecznie zapraszamy!&lt;\/p&gt; &lt;p&gt;Zapisy pod nr 731 251 102&lt;\/p&gt; &lt;div class=&quot;figure&quot;&gt;&lt;img loading=&quot;lazy&quot; decoding=&quot;async&quot; class=&quot;alignnone size-medium wp-image-8757&quot; src=&quot;https:\/\/bazanakrakowskiej.pl\/wp-content\/uploads\/2026\/02\/Kurs-hiszpanskiego-dla-poczatkujacych-212x300.png&quot; alt=&quot;&quot; width=&quot;212&quot; height=&quot;300&quot; srcset=&quot;https:\/\/bazanakrakowskiej.pl\/wp-content\/uploads\/2026\/02\/Kurs-hiszpanskiego-dla-poczatkujacych-212x300.png 212w, https:\/\/bazanakrakowskiej.pl\/wp-content\/uploads\/2026\/02\/Kurs-hiszpanskiego-dla-poczatkujacych-724x1024.png 724w, https:\/\/bazanakrakowskiej.pl\/wp-content\/uploads\/2026\/02\/Kurs-hiszpanskiego-dla-poczatkujacych-768x1086.png 768w, https:\/\/bazanakrakowskiej.pl\/wp-content\/uploads\/2026\/02\/Kurs-hiszpanskiego-dla-poczatkujacych-1086x1536.png 1086w, https:\/\/bazanakrakowskiej.pl\/wp-content\/uploads\/2026\/02\/Kurs-hiszpanskiego-dla-poczatkujacych-1448x2048.png 1448w, https:\/\/bazanakrakowskiej.pl\/wp-content\/uploads\/2026\/02\/Kurs-hiszpanskiego-dla-poczatkujacych.png 1587w&quot; sizes=&quot;auto, (max-width: 212px) 100vw, 212px&quot; \/&gt;&lt;\/div&gt; &lt;p&gt;&nbsp;&lt;\/p&gt; \",\r\n            \"image\": \"\",\r\n            \"name\": \"Kurs j\u0119zyka hiszpa\u0144skiego\",\r\n            \"url\": \"https:\/\/bazanakrakowskiej.pl\/index.php\/wydarzenia\/kurs-jezyka-hiszpanskiego\/\"\r\n        }\r\n        <\/script>\r\n                            <article  data-href=\"https:\/\/bazanakrakowskiej.pl\/index.php\/wydarzenia\/kurs-jezyka-hiszpanskiego\/\" data-target=\"m1\" style=\"background:#eae019\" class=\"mec-past-event mec-event-article mec-tile-item  mec-clear   \">\r\n                                                                        <div class=\"event-tile-view-head clearfix\">\r\n                                                            <div class=\"mec-event-month\"><span class=\"mec-start-date-label\" itemprop=\"startDate\">6 maj<\/span><\/div>\r\n                                                        <div class=\"mec-event-time\"><i class=\"mec-sl-clock\"><\/i>17:30<\/div>\r\n                        <\/div>\r\n                        <div class=\"mec-event-content\" data-target=\"m1\" data-event-id=\"8779\">\r\n                            <a href=\"https:\/\/bazanakrakowskiej.pl\/index.php\/wydarzenia\/kurs-jezyka-hiszpanskiego\/\" target=\"m1\" class=\"mec-tile-into-content-link\"><\/a>                            <div class=\"mec-tile-event-content\">\r\n                                <div class=\"mec-event-detail\">\r\n                                                                                                            <span class=\"mec-event-loc-place\"><i class=\"mec-sl-location-pin\"><\/i>Baza na Krakowskiej<\/span>                                                                    <\/div>\r\n                                                                <h4 class=\"mec-event-title\"><a class=\"mec-color-hover\"  data-event-id=\"8779\" href=\"https:\/\/bazanakrakowskiej.pl\/index.php\/wydarzenia\/kurs-jezyka-hiszpanskiego\/\" target=\"m1\" rel=\"noopener\">Kurs j\u0119zyka hiszpa\u0144skiego<\/a><\/h4>\r\n                                                            <\/div>\r\n                        <\/div>\r\n                    <\/article>\r\n                <\/div>            <div class=\"col-md-3 col-sm-3\">        <script type=\"application\/ld+json\">\r\n        {\r\n            \"@context\": \"http:\/\/schema.org\",\r\n            \"@type\": \"Event\",\r\n            \"eventStatus\": \"https:\/\/schema.org\/EventScheduled\",\r\n            \"startDate\": \"2026-05-06\",\r\n            \"endDate\": \"2026-05-06\",\r\n            \"eventAttendanceMode\": \"https:\/\/schema.org\/OfflineEventAttendanceMode\",\r\n            \"location\":\r\n            {\r\n                \"@type\": \"Place\",\r\n                                \"name\": \"Szko\u0142a Podstawowa w Bestwinie\",\r\n                \"image\": \"\",\r\n                \"address\": \"\"\r\n                            },\r\n            \"organizer\":\r\n            {\r\n                \"@type\": \"Person\",\r\n                \"name\": \"Gabriela Nguyen Nam\",\r\n                \"url\": \"\"\r\n            },\r\n            \"offers\":\r\n            {\r\n                \"url\": \"https:\/\/bazanakrakowskiej.pl\/index.php\/wydarzenia\/taniec-wspolczesny-9-12-lat\/\",\r\n                \"price\": \"\",\r\n                \"priceCurrency\": \"$\",\r\n                \"availability\": \"https:\/\/schema.org\/InStock\",\r\n                \"validFrom\": \"2026-05-06T00:00\"\r\n            },\r\n            \"performer\": \"\",\r\n            \"description\": \"&lt;p&gt;&lt;strong&gt;BazaART &#8211; taniec wsp\u00f3\u0142czesny&lt;br \/&gt; &lt;\/strong&gt;&lt;strong&gt;(gr. wiekowa 9-12 lat)&lt;\/strong&gt;&lt;br \/&gt; zaj\u0119cia 2 razy w tygodniu&lt;\/p&gt; &lt;p&gt;&lt;strong&gt;Poniedzia\u0142ki&lt;\/strong&gt; godz. 17:30-19:00 (Szko\u0142a Podstawowa w Bestwinie)&lt;\/p&gt; &lt;p&gt;&lt;strong&gt;\u015arody&lt;\/strong&gt; godz.18:30-20:00 (Szko\u0142a Podstawowa w Bestwinie)&lt;\/p&gt; &lt;p&gt;Koszt: 40 z\u0142\/ zaj\u0119cia&lt;\/p&gt; &lt;p&gt;Wi\u0119cej o zaj\u0119ciach przeczytasz tutaj: &lt;a href=&quot;https:\/\/bazanakrakowskiej.pl\/index.php\/zajecia-taneczne\/&quot;&gt;Taniec wsp\u00f3\u0142czesny \u2013 BAZA NA KRAKOWSKIEJ&lt;\/a&gt;&lt;\/p&gt; \",\r\n            \"image\": \"\",\r\n            \"name\": \"BazaART- taniec wsp\u00f3\u0142czesny 9-12 lat\",\r\n            \"url\": \"https:\/\/bazanakrakowskiej.pl\/index.php\/wydarzenia\/taniec-wspolczesny-9-12-lat\/\"\r\n        }\r\n        <\/script>\r\n                            <article  data-href=\"https:\/\/bazanakrakowskiej.pl\/index.php\/wydarzenia\/taniec-wspolczesny-9-12-lat\/\" data-target=\"m1\" style=\"background:#9548e2\" class=\"mec-past-event mec-event-article mec-tile-item  mec-clear   \">\r\n                                                                        <div class=\"event-tile-view-head clearfix\">\r\n                                                            <div class=\"mec-event-month\"><span class=\"mec-start-date-label\" itemprop=\"startDate\">6 maj<\/span><\/div>\r\n                                                        <div class=\"mec-event-time\"><i class=\"mec-sl-clock\"><\/i>18:30<\/div>\r\n                        <\/div>\r\n                        <div class=\"mec-event-content\" data-target=\"m1\" data-event-id=\"7161\">\r\n                            <a href=\"https:\/\/bazanakrakowskiej.pl\/index.php\/wydarzenia\/taniec-wspolczesny-9-12-lat\/\" target=\"m1\" class=\"mec-tile-into-content-link\"><\/a>                            <div class=\"mec-tile-event-content\">\r\n                                <div class=\"mec-event-detail\">\r\n                                                                                                            <span class=\"mec-event-loc-place\"><i class=\"mec-sl-location-pin\"><\/i>Szko\u0142a Podstawowa w Bestwinie<\/span>                                                                    <\/div>\r\n                                                                <h4 class=\"mec-event-title\"><a class=\"mec-color-hover\"  data-event-id=\"7161\" href=\"https:\/\/bazanakrakowskiej.pl\/index.php\/wydarzenia\/taniec-wspolczesny-9-12-lat\/\" target=\"m1\" rel=\"noopener\">BazaART- taniec wsp\u00f3\u0142czesny 9-12 lat<\/a><\/h4>\r\n                                                            <\/div>\r\n                        <\/div>\r\n                    <\/article>\r\n                <\/div>                    <div class=\"col-md-3 col-sm-3\">        <script type=\"application\/ld+json\">\r\n        {\r\n            \"@context\": \"http:\/\/schema.org\",\r\n            \"@type\": \"Event\",\r\n            \"eventStatus\": \"https:\/\/schema.org\/EventScheduled\",\r\n            \"startDate\": \"2026-05-07\",\r\n            \"endDate\": \"2026-05-07\",\r\n            \"eventAttendanceMode\": \"https:\/\/schema.org\/OfflineEventAttendanceMode\",\r\n            \"location\":\r\n            {\r\n                \"@type\": \"Place\",\r\n                                \"name\": \"Baza na Krakowskiej\",\r\n                \"image\": \"\",\r\n                \"address\": \"\"\r\n                            },\r\n            \"organizer\":\r\n            {\r\n                \"@type\": \"Person\",\r\n                \"name\": \"Barbara Niemczyk\",\r\n                \"url\": \"\"\r\n            },\r\n            \"offers\":\r\n            {\r\n                \"url\": \"https:\/\/bazanakrakowskiej.pl\/index.php\/wydarzenia\/przedprzedszkole-3\/\",\r\n                \"price\": \"\",\r\n                \"priceCurrency\": \"$\",\r\n                \"availability\": \"https:\/\/schema.org\/InStock\",\r\n                \"validFrom\": \"2026-05-07T00:00\"\r\n            },\r\n            \"performer\": \"\",\r\n            \"description\": \"&lt;p&gt;To zaj\u0119cia adaptacyjne dla dzieci &lt;strong&gt;2+&lt;\/strong&gt; (bez udzia\u0142u Rodzica), prowadzone wg autorskich scenariuszy, maj\u0105ce na celu przygotowanie maluch\u00f3w do p\u00f3j\u015bcia do przedszkola.&lt;\/p&gt; &lt;p&gt;&lt;strong&gt;NASZA OFERTA: &lt;\/strong&gt;&lt;\/p&gt; &lt;ul&gt; &lt;li&gt;Zaj\u0119cia 5 razy w tygodniu!&lt;\/li&gt; &lt;li&gt;Od poniedzia\u0142ku do pi\u0105tku w godzinach 8:00-13:00&lt;\/li&gt; &lt;li&gt;&lt;strong&gt;3&lt;\/strong&gt; abonamenty do wyboru + abonament indywidulany&lt;\/li&gt; &lt;li&gt;Nauka poprzez zabaw\u0119!&lt;\/li&gt; &lt;\/ul&gt; &lt;p&gt;&lt;strong&gt;Naszym celem jest:&lt;\/strong&gt;&lt;\/p&gt; &lt;p&gt;\u2013 nawi\u0105zywanie i wzmacnianie kontakt\u00f3w spo\u0142ecznych z dzie\u0107mi w grupie&lt;br \/&gt; \u2013 wdra\u017canie do samodzielno\u015bci poprzez nabywanie nowych umiej\u0119tno\u015bci&lt;br \/&gt; \u2013 stwarzanie warunk\u00f3w sprzyjaj\u0105cych wsp\u00f3lnej zabawie&lt;br \/&gt; \u2013 kszta\u0142towanie u dzieci zdolno\u015bci radzenia sobie w nowych sytuacjach&lt;br \/&gt; \u2013 zach\u0119canie do udzia\u0142u w zaj\u0119ciach artystycznych, plastycznych itp.&lt;\/p&gt; &lt;p&gt;&lt;strong&gt;Zapewniamy:&lt;\/strong&gt;&lt;\/p&gt; &lt;p&gt;\u2013 troskliw\u0105 opiek\u0119 i bezpiecze\u0144stwo&lt;br \/&gt; \u2013 przestronne sale, przystosowane do potrzeb dzieci&lt;br \/&gt; \u2013 zabawki, materia\u0142y edukacyjne&lt;br \/&gt; \u2013 zaj\u0119cia plastyczne, muzyczne itp.&lt;br \/&gt; \u2013 indywidulane podej\u015bcie do dziecka&lt;\/p&gt; &lt;p&gt;Szczeg\u00f3\u0142y tutaj: &lt;a href=&quot;https:\/\/bazanakrakowskiej.pl\/index.php\/przedprzedszkole\/&quot;&gt;https:\/\/bazanakrakowskiej.pl\/index.php\/przedprzedszkole\/&lt;\/a&gt;&lt;\/p&gt; \",\r\n            \"image\": \"\",\r\n            \"name\": \"PrzedPrzedszkole\",\r\n            \"url\": \"https:\/\/bazanakrakowskiej.pl\/index.php\/wydarzenia\/przedprzedszkole-3\/\"\r\n        }\r\n        <\/script>\r\n                            <article  data-href=\"https:\/\/bazanakrakowskiej.pl\/index.php\/wydarzenia\/przedprzedszkole-3\/\" data-target=\"m1\" style=\"background:#eae019\" class=\"mec-past-event mec-event-article mec-tile-item  mec-clear   \">\r\n                                                                        <div class=\"event-tile-view-head clearfix\">\r\n                                                            <div class=\"mec-event-month\"><span class=\"mec-start-date-label\" itemprop=\"startDate\">7 maj<\/span><\/div>\r\n                                                        <div class=\"mec-event-time\"><i class=\"mec-sl-clock\"><\/i>08:00<\/div>\r\n                        <\/div>\r\n                        <div class=\"mec-event-content\" data-target=\"m1\" data-event-id=\"7050\">\r\n                            <a href=\"https:\/\/bazanakrakowskiej.pl\/index.php\/wydarzenia\/przedprzedszkole-3\/\" target=\"m1\" class=\"mec-tile-into-content-link\"><\/a>                            <div class=\"mec-tile-event-content\">\r\n                                <div class=\"mec-event-detail\">\r\n                                                                                                            <span class=\"mec-event-loc-place\"><i class=\"mec-sl-location-pin\"><\/i>Baza na Krakowskiej<\/span>                                                                    <\/div>\r\n                                                                <h4 class=\"mec-event-title\"><a class=\"mec-color-hover\"  data-event-id=\"7050\" href=\"https:\/\/bazanakrakowskiej.pl\/index.php\/wydarzenia\/przedprzedszkole-3\/\" target=\"m1\" rel=\"noopener\">PrzedPrzedszkole<\/a><\/h4>\r\n                                                            <\/div>\r\n                        <\/div>\r\n                    <\/article>\r\n                <\/div>            <div class=\"col-md-3 col-sm-3\">        <script type=\"application\/ld+json\">\r\n        {\r\n            \"@context\": \"http:\/\/schema.org\",\r\n            \"@type\": \"Event\",\r\n            \"eventStatus\": \"https:\/\/schema.org\/EventScheduled\",\r\n            \"startDate\": \"2026-05-07\",\r\n            \"endDate\": \"2026-05-07\",\r\n            \"eventAttendanceMode\": \"https:\/\/schema.org\/OfflineEventAttendanceMode\",\r\n            \"location\":\r\n            {\r\n                \"@type\": \"Place\",\r\n                                \"name\": \"Baza na Krakowskiej\",\r\n                \"image\": \"\",\r\n                \"address\": \"\"\r\n                            },\r\n            \"organizer\":\r\n            {\r\n                \"@type\": \"Person\",\r\n                \"name\": \"\",\r\n                \"url\": \"\"\r\n            },\r\n            \"offers\":\r\n            {\r\n                \"url\": \"https:\/\/bazanakrakowskiej.pl\/index.php\/wydarzenia\/mozliwosc-organizacji-urodzin-2\/\",\r\n                \"price\": \"\",\r\n                \"priceCurrency\": \"$\",\r\n                \"availability\": \"https:\/\/schema.org\/InStock\",\r\n                \"validFrom\": \"2026-05-07T00:00\"\r\n            },\r\n            \"performer\": \"\",\r\n            \"description\": \"&lt;p&gt;Wi\u0119cej informacji w zak\u0142adce &lt;a href=&quot;https:\/\/bazanakrakowskiej.pl\/index.php\/oferta-dodatkowa\/&quot;&gt;URODZINY&lt;\/a&gt; \ud83d\ude42&lt;\/p&gt; \",\r\n            \"image\": \"\",\r\n            \"name\": \"Mo\u017cliwo\u015b\u0107 organizacji urodzin\",\r\n            \"url\": \"https:\/\/bazanakrakowskiej.pl\/index.php\/wydarzenia\/mozliwosc-organizacji-urodzin-2\/\"\r\n        }\r\n        <\/script>\r\n                            <article  data-href=\"https:\/\/bazanakrakowskiej.pl\/index.php\/wydarzenia\/mozliwosc-organizacji-urodzin-2\/\" data-target=\"m1\" style=\"background:#f587a6\" class=\"mec-past-event mec-event-article mec-tile-item  mec-clear   \">\r\n                                                                        <div class=\"event-tile-view-head clearfix\">\r\n                                                            <div class=\"mec-event-month\"><span class=\"mec-start-date-label\" itemprop=\"startDate\">7 maj<\/span><\/div>\r\n                                                        <div class=\"mec-event-time\"><i class=\"mec-sl-clock\"><\/i>16:30<\/div>\r\n                        <\/div>\r\n                        <div class=\"mec-event-content\" data-target=\"m1\" data-event-id=\"7160\">\r\n                            <a href=\"https:\/\/bazanakrakowskiej.pl\/index.php\/wydarzenia\/mozliwosc-organizacji-urodzin-2\/\" target=\"m1\" class=\"mec-tile-into-content-link\"><\/a>                            <div class=\"mec-tile-event-content\">\r\n                                <div class=\"mec-event-detail\">\r\n                                                                                                            <span class=\"mec-event-loc-place\"><i class=\"mec-sl-location-pin\"><\/i>Baza na Krakowskiej<\/span>                                                                    <\/div>\r\n                                                                <h4 class=\"mec-event-title\"><a class=\"mec-color-hover\"  data-event-id=\"7160\" href=\"https:\/\/bazanakrakowskiej.pl\/index.php\/wydarzenia\/mozliwosc-organizacji-urodzin-2\/\" target=\"m1\" rel=\"noopener\">Mo\u017cliwo\u015b\u0107 organizacji urodzin<\/a><\/h4>\r\n                                                            <\/div>\r\n                        <\/div>\r\n                    <\/article>\r\n                <\/div><\/div>            <div class=\"row\"><div class=\"col-md-3 col-sm-3\">        <script type=\"application\/ld+json\">\r\n        {\r\n            \"@context\": \"http:\/\/schema.org\",\r\n            \"@type\": \"Event\",\r\n            \"eventStatus\": \"https:\/\/schema.org\/EventScheduled\",\r\n            \"startDate\": \"2026-05-07\",\r\n            \"endDate\": \"2026-05-07\",\r\n            \"eventAttendanceMode\": \"https:\/\/schema.org\/OfflineEventAttendanceMode\",\r\n            \"location\":\r\n            {\r\n                \"@type\": \"Place\",\r\n                                \"name\": \"Baza na Krakowskiej\/ s. lustrzana\",\r\n                \"image\": \"\",\r\n                \"address\": \"\"\r\n                            },\r\n            \"organizer\":\r\n            {\r\n                \"@type\": \"Person\",\r\n                \"name\": \"Anna Porwit\",\r\n                \"url\": \"https:\/\/www.facebook.com\/pasjamojaity\"\r\n            },\r\n            \"offers\":\r\n            {\r\n                \"url\": \"https:\/\/bazanakrakowskiej.pl\/index.php\/wydarzenia\/zajecia-fitness-hantle-gumy-hip-band-rollowanie\/\",\r\n                \"price\": \"\",\r\n                \"priceCurrency\": \"$\",\r\n                \"availability\": \"https:\/\/schema.org\/InStock\",\r\n                \"validFrom\": \"2026-05-07T00:00\"\r\n            },\r\n            \"performer\": \"\",\r\n            \"description\": \"&lt;p&gt;Zapraszamy na wystrza\u0142owe zaj\u0119cia &lt;strong&gt;FITNESS&lt;\/strong&gt;, pod okiem wykwalifikowanej instruktorki!&lt;br \/&gt; Mo\u017cliwo\u015b\u0107 nabycia karnet\u00f3w!&lt;br \/&gt; Super atmosfera!&lt;br \/&gt; Materia\u0142y do \u0107wicze\u0144!&lt;\/p&gt; &lt;p&gt;\ud83d\udfe9Poniedzia\u0142ki \u25aa\ufe0fStep cardio- trening ze stepem&lt;br \/&gt; 18:00-19:00&lt;\/p&gt; &lt;p&gt;\ud83d\udfe6Wtorki \u25aa\ufe0fSi\u0142a i sylwetka- trening z obci\u0105\u017ceniem&lt;br \/&gt; 18:00-19:00&lt;\/p&gt; &lt;p&gt;\ud83d\udfeaCzwartki \u25aa\ufe0fMobility -trening rozci\u0105gaj\u0105cy&lt;br \/&gt; 18:45-19:45&lt;\/p&gt; &lt;p&gt;&nbsp;&lt;\/p&gt; &lt;p&gt;Instruktor: Anna Porwit\/&lt;a href=&quot;https:\/\/www.facebook.com\/pasjamojaity&quot;&gt;Pasjamojaity&lt;\/a&gt;&lt;\/p&gt; &lt;p&gt;Zapisy pod nr tel. 796 500 690&lt;\/p&gt; &lt;p&gt;&nbsp;&lt;\/p&gt; \",\r\n            \"image\": \"\",\r\n            \"name\": \"Zaj\u0119cia Fitness Mobility -trening rozci\u0105gaj\u0105cy\",\r\n            \"url\": \"https:\/\/bazanakrakowskiej.pl\/index.php\/wydarzenia\/zajecia-fitness-hantle-gumy-hip-band-rollowanie\/\"\r\n        }\r\n        <\/script>\r\n                            <article  data-href=\"https:\/\/bazanakrakowskiej.pl\/index.php\/wydarzenia\/zajecia-fitness-hantle-gumy-hip-band-rollowanie\/\" data-target=\"m1\" style=\"background:#00e4e8\" class=\"mec-past-event mec-event-article mec-tile-item  mec-clear   \">\r\n                                                                        <div class=\"event-tile-view-head clearfix\">\r\n                                                            <div class=\"mec-event-month\"><span class=\"mec-start-date-label\" itemprop=\"startDate\">7 maj<\/span><\/div>\r\n                                                        <div class=\"mec-event-time\"><i class=\"mec-sl-clock\"><\/i>18:45<\/div>\r\n                        <\/div>\r\n                        <div class=\"mec-event-content\" data-target=\"m1\" data-event-id=\"8257\">\r\n                            <a href=\"https:\/\/bazanakrakowskiej.pl\/index.php\/wydarzenia\/zajecia-fitness-hantle-gumy-hip-band-rollowanie\/\" target=\"m1\" class=\"mec-tile-into-content-link\"><\/a>                            <div class=\"mec-tile-event-content\">\r\n                                <div class=\"mec-event-detail\">\r\n                                                                                                            <span class=\"mec-event-loc-place\"><i class=\"mec-sl-location-pin\"><\/i>Baza na Krakowskiej\/ s. lustrzana<\/span>                                                                    <\/div>\r\n                                                                <h4 class=\"mec-event-title\"><a class=\"mec-color-hover\"  data-event-id=\"8257\" href=\"https:\/\/bazanakrakowskiej.pl\/index.php\/wydarzenia\/zajecia-fitness-hantle-gumy-hip-band-rollowanie\/\" target=\"m1\" rel=\"noopener\">Zaj\u0119cia Fitness Mobility -trening rozci\u0105gaj\u0105cy<\/a><\/h4>\r\n                                                            <\/div>\r\n                        <\/div>\r\n                    <\/article>\r\n                <\/div>                    <div class=\"col-md-3 col-sm-3\">        <script type=\"application\/ld+json\">\r\n        {\r\n            \"@context\": \"http:\/\/schema.org\",\r\n            \"@type\": \"Event\",\r\n            \"eventStatus\": \"https:\/\/schema.org\/EventScheduled\",\r\n            \"startDate\": \"2026-05-08\",\r\n            \"endDate\": \"2026-05-08\",\r\n            \"eventAttendanceMode\": \"https:\/\/schema.org\/OfflineEventAttendanceMode\",\r\n            \"location\":\r\n            {\r\n                \"@type\": \"Place\",\r\n                                \"name\": \"Baza na Krakowskiej\",\r\n                \"image\": \"\",\r\n                \"address\": \"\"\r\n                            },\r\n            \"organizer\":\r\n            {\r\n                \"@type\": \"Person\",\r\n                \"name\": \"Barbara Niemczyk\",\r\n                \"url\": \"\"\r\n            },\r\n            \"offers\":\r\n            {\r\n                \"url\": \"https:\/\/bazanakrakowskiej.pl\/index.php\/wydarzenia\/przedprzedszkole-3\/\",\r\n                \"price\": \"\",\r\n                \"priceCurrency\": \"$\",\r\n                \"availability\": \"https:\/\/schema.org\/InStock\",\r\n                \"validFrom\": \"2026-05-08T00:00\"\r\n            },\r\n            \"performer\": \"\",\r\n            \"description\": \"&lt;p&gt;To zaj\u0119cia adaptacyjne dla dzieci &lt;strong&gt;2+&lt;\/strong&gt; (bez udzia\u0142u Rodzica), prowadzone wg autorskich scenariuszy, maj\u0105ce na celu przygotowanie maluch\u00f3w do p\u00f3j\u015bcia do przedszkola.&lt;\/p&gt; &lt;p&gt;&lt;strong&gt;NASZA OFERTA: &lt;\/strong&gt;&lt;\/p&gt; &lt;ul&gt; &lt;li&gt;Zaj\u0119cia 5 razy w tygodniu!&lt;\/li&gt; &lt;li&gt;Od poniedzia\u0142ku do pi\u0105tku w godzinach 8:00-13:00&lt;\/li&gt; &lt;li&gt;&lt;strong&gt;3&lt;\/strong&gt; abonamenty do wyboru + abonament indywidulany&lt;\/li&gt; &lt;li&gt;Nauka poprzez zabaw\u0119!&lt;\/li&gt; &lt;\/ul&gt; &lt;p&gt;&lt;strong&gt;Naszym celem jest:&lt;\/strong&gt;&lt;\/p&gt; &lt;p&gt;\u2013 nawi\u0105zywanie i wzmacnianie kontakt\u00f3w spo\u0142ecznych z dzie\u0107mi w grupie&lt;br \/&gt; \u2013 wdra\u017canie do samodzielno\u015bci poprzez nabywanie nowych umiej\u0119tno\u015bci&lt;br \/&gt; \u2013 stwarzanie warunk\u00f3w sprzyjaj\u0105cych wsp\u00f3lnej zabawie&lt;br \/&gt; \u2013 kszta\u0142towanie u dzieci zdolno\u015bci radzenia sobie w nowych sytuacjach&lt;br \/&gt; \u2013 zach\u0119canie do udzia\u0142u w zaj\u0119ciach artystycznych, plastycznych itp.&lt;\/p&gt; &lt;p&gt;&lt;strong&gt;Zapewniamy:&lt;\/strong&gt;&lt;\/p&gt; &lt;p&gt;\u2013 troskliw\u0105 opiek\u0119 i bezpiecze\u0144stwo&lt;br \/&gt; \u2013 przestronne sale, przystosowane do potrzeb dzieci&lt;br \/&gt; \u2013 zabawki, materia\u0142y edukacyjne&lt;br \/&gt; \u2013 zaj\u0119cia plastyczne, muzyczne itp.&lt;br \/&gt; \u2013 indywidulane podej\u015bcie do dziecka&lt;\/p&gt; &lt;p&gt;Szczeg\u00f3\u0142y tutaj: &lt;a href=&quot;https:\/\/bazanakrakowskiej.pl\/index.php\/przedprzedszkole\/&quot;&gt;https:\/\/bazanakrakowskiej.pl\/index.php\/przedprzedszkole\/&lt;\/a&gt;&lt;\/p&gt; \",\r\n            \"image\": \"\",\r\n            \"name\": \"PrzedPrzedszkole\",\r\n            \"url\": \"https:\/\/bazanakrakowskiej.pl\/index.php\/wydarzenia\/przedprzedszkole-3\/\"\r\n        }\r\n        <\/script>\r\n                            <article  data-href=\"https:\/\/bazanakrakowskiej.pl\/index.php\/wydarzenia\/przedprzedszkole-3\/\" data-target=\"m1\" style=\"background:#eae019\" class=\"mec-past-event mec-event-article mec-tile-item  mec-clear   \">\r\n                                                                        <div class=\"event-tile-view-head clearfix\">\r\n                                                            <div class=\"mec-event-month\"><span class=\"mec-start-date-label\" itemprop=\"startDate\">8 maj<\/span><\/div>\r\n                                                        <div class=\"mec-event-time\"><i class=\"mec-sl-clock\"><\/i>08:00<\/div>\r\n                        <\/div>\r\n                        <div class=\"mec-event-content\" data-target=\"m1\" data-event-id=\"7050\">\r\n                            <a href=\"https:\/\/bazanakrakowskiej.pl\/index.php\/wydarzenia\/przedprzedszkole-3\/\" target=\"m1\" class=\"mec-tile-into-content-link\"><\/a>                            <div class=\"mec-tile-event-content\">\r\n                                <div class=\"mec-event-detail\">\r\n                                                                                                            <span class=\"mec-event-loc-place\"><i class=\"mec-sl-location-pin\"><\/i>Baza na Krakowskiej<\/span>                                                                    <\/div>\r\n                                                                <h4 class=\"mec-event-title\"><a class=\"mec-color-hover\"  data-event-id=\"7050\" href=\"https:\/\/bazanakrakowskiej.pl\/index.php\/wydarzenia\/przedprzedszkole-3\/\" target=\"m1\" rel=\"noopener\">PrzedPrzedszkole<\/a><\/h4>\r\n                                                            <\/div>\r\n                        <\/div>\r\n                    <\/article>\r\n                <\/div>            <div class=\"col-md-3 col-sm-3\">        <script type=\"application\/ld+json\">\r\n        {\r\n            \"@context\": \"http:\/\/schema.org\",\r\n            \"@type\": \"Event\",\r\n            \"eventStatus\": \"https:\/\/schema.org\/EventScheduled\",\r\n            \"startDate\": \"2026-05-08\",\r\n            \"endDate\": \"2026-05-08\",\r\n            \"eventAttendanceMode\": \"https:\/\/schema.org\/OfflineEventAttendanceMode\",\r\n            \"location\":\r\n            {\r\n                \"@type\": \"Place\",\r\n                                \"name\": \"Baza na Krakowskiej\/ s. lustrzana\",\r\n                \"image\": \"\",\r\n                \"address\": \"\"\r\n                            },\r\n            \"organizer\":\r\n            {\r\n                \"@type\": \"Person\",\r\n                \"name\": \"Anna Porwit\",\r\n                \"url\": \"https:\/\/www.facebook.com\/pasjamojaity\"\r\n            },\r\n            \"offers\":\r\n            {\r\n                \"url\": \"https:\/\/bazanakrakowskiej.pl\/index.php\/wydarzenia\/fitness-dla-seniorow\/\",\r\n                \"price\": \"\",\r\n                \"priceCurrency\": \"$\",\r\n                \"availability\": \"https:\/\/schema.org\/InStock\",\r\n                \"validFrom\": \"2026-05-08T00:00\"\r\n            },\r\n            \"performer\": \"\",\r\n            \"description\": \"&lt;p&gt;&lt;span class=&quot;x1xsqp64 xiy17q3 x1o6pynw x19co3pv xdj266r xcwd3tp xat24cr x39eecv x2b8uid&quot; data-testid=&quot;emoji&quot;&gt;&lt;span class=&quot;xexx8yu xn5pp95 x18d9i69 x2fxd7x x3jgonx x1bhl96m&quot;&gt;\ud83d\udfe8&lt;\/span&gt;&lt;\/span&gt;&lt;span class=&quot;x1xsqp64 xiy17q3 x1o6pynw x19co3pv xdj266r xcwd3tp xat24cr x39eecv x2b8uid&quot; data-testid=&quot;emoji&quot;&gt;&lt;span class=&quot;xexx8yu xn5pp95 x18d9i69 x2fxd7x x3jgonx x1bhl96m&quot;&gt;\ud83d\udfea&lt;\/span&gt;&lt;\/span&gt;FITNESS DLA SENIOR\u00d3W &lt;span class=&quot;x1xsqp64 xiy17q3 x1o6pynw x19co3pv xdj266r xcwd3tp xat24cr x39eecv x2b8uid&quot; data-testid=&quot;emoji&quot;&gt;&lt;span class=&quot;xexx8yu xn5pp95 x18d9i69 x2fxd7x x3jgonx x1bhl96m&quot;&gt;\ud83d\udfe8&lt;\/span&gt;&lt;\/span&gt;&lt;span class=&quot;x1xsqp64 xiy17q3 x1o6pynw x19co3pv xdj266r xcwd3tp xat24cr x39eecv x2b8uid&quot; data-testid=&quot;emoji&quot;&gt;&lt;span class=&quot;xexx8yu xn5pp95 x18d9i69 x2fxd7x x3jgonx x1bhl96m&quot;&gt;\ud83d\udfea&lt;\/span&gt;&lt;\/span&gt;&lt;br \/&gt; Zapraszamy na nowe zaj\u0119cia!&lt;\/p&gt; &lt;p&gt;Ka\u017cdy pi\u0105tek godz.11:00-12:00, Baza na Krakowskiej\/ sala lustrzana&lt;\/p&gt; &lt;p&gt;Specjalnie opracowany program pozwoli uczestnikom czu\u0107 si\u0119 swobodnie i komfortowo, a w\u0142\u0105czenie do codzienno\u015bci rutyny \u0107wicze\u0144 fizycznych pozwoli zachowa\u0107 sprawno\u015b\u0107 i si\u0142\u0119 cia\u0142a.&lt;\/p&gt; &lt;p&gt;Jakie jeszcze s\u0105 zalety udzia\u0142u w zaj\u0119ciach?&lt;br \/&gt; &lt;span class=&quot;x1xsqp64 xiy17q3 x1o6pynw x19co3pv xdj266r xcwd3tp xat24cr x39eecv x2b8uid&quot; data-testid=&quot;emoji&quot;&gt;&lt;span class=&quot;xexx8yu xn5pp95 x18d9i69 x2fxd7x x3jgonx x1bhl96m&quot;&gt;\ud83d\udfea&lt;\/span&gt;&lt;\/span&gt;&lt;span class=&quot;x1xsqp64 xiy17q3 x1o6pynw x19co3pv xdj266r xcwd3tp xat24cr x39eecv x2b8uid&quot; data-testid=&quot;emoji&quot;&gt;&lt;span class=&quot;xexx8yu xn5pp95 x18d9i69 x2fxd7x x3jgonx x1bhl96m&quot;&gt;\ud83d\udfe8&lt;\/span&gt;&lt;\/span&gt;Zdrowie serca i sprawno\u015b\u0107 uk\u0142adu sercowo-naczyniowego&lt;br \/&gt; &lt;span class=&quot;x1xsqp64 xiy17q3 x1o6pynw x19co3pv xdj266r xcwd3tp xat24cr x39eecv x2b8uid&quot; data-testid=&quot;emoji&quot;&gt;&lt;span class=&quot;xexx8yu xn5pp95 x18d9i69 x2fxd7x x3jgonx x1bhl96m&quot;&gt;\ud83d\udfea&lt;\/span&gt;&lt;\/span&gt;&lt;span class=&quot;x1xsqp64 xiy17q3 x1o6pynw x19co3pv xdj266r xcwd3tp xat24cr x39eecv x2b8uid&quot; data-testid=&quot;emoji&quot;&gt;&lt;span class=&quot;xexx8yu xn5pp95 x18d9i69 x2fxd7x x3jgonx x1bhl96m&quot;&gt;\ud83d\udfe8&lt;\/span&gt;&lt;\/span&gt;Poprawa wytrzyma\u0142o\u015bci i og\u00f3lnego poziomu energii&lt;br \/&gt; &lt;span class=&quot;x1xsqp64 xiy17q3 x1o6pynw x19co3pv xdj266r xcwd3tp xat24cr x39eecv x2b8uid&quot; data-testid=&quot;emoji&quot;&gt;&lt;span class=&quot;xexx8yu xn5pp95 x18d9i69 x2fxd7x x3jgonx x1bhl96m&quot;&gt;\ud83d\udfea&lt;\/span&gt;&lt;\/span&gt;&lt;span class=&quot;x1xsqp64 xiy17q3 x1o6pynw x19co3pv xdj266r xcwd3tp xat24cr x39eecv x2b8uid&quot; data-testid=&quot;emoji&quot;&gt;&lt;span class=&quot;xexx8yu xn5pp95 x18d9i69 x2fxd7x x3jgonx x1bhl96m&quot;&gt;\ud83d\udfe8&lt;\/span&gt;&lt;\/span&gt;Nastr\u00f3j i dobre samopoczucie psychiczne&lt;br \/&gt; &lt;span class=&quot;x1xsqp64 xiy17q3 x1o6pynw x19co3pv xdj266r xcwd3tp xat24cr x39eecv x2b8uid&quot; data-testid=&quot;emoji&quot;&gt;&lt;span class=&quot;xexx8yu xn5pp95 x18d9i69 x2fxd7x x3jgonx x1bhl96m&quot;&gt;\ud83d\udfea&lt;\/span&gt;&lt;\/span&gt;&lt;span class=&quot;x1xsqp64 xiy17q3 x1o6pynw x19co3pv xdj266r xcwd3tp xat24cr x39eecv x2b8uid&quot; data-testid=&quot;emoji&quot;&gt;&lt;span class=&quot;xexx8yu xn5pp95 x18d9i69 x2fxd7x x3jgonx x1bhl96m&quot;&gt;\ud83d\udfe8&lt;\/span&gt;&lt;\/span&gt;Wzmocnienie wi\u0119zi spo\u0142eczne i zmniejszenie poczucia samotno\u015bci&lt;br \/&gt; &lt;span class=&quot;x1xsqp64 xiy17q3 x1o6pynw x19co3pv xdj266r xcwd3tp xat24cr x39eecv x2b8uid&quot; data-testid=&quot;emoji&quot;&gt;&lt;span class=&quot;xexx8yu xn5pp95 x18d9i69 x2fxd7x x3jgonx x1bhl96m&quot;&gt;\ud83d\udfea&lt;\/span&gt;&lt;\/span&gt;&lt;span class=&quot;x1xsqp64 xiy17q3 x1o6pynw x19co3pv xdj266r xcwd3tp xat24cr x39eecv x2b8uid&quot; data-testid=&quot;emoji&quot;&gt;&lt;span class=&quot;xexx8yu xn5pp95 x18d9i69 x2fxd7x x3jgonx x1bhl96m&quot;&gt;\ud83d\udfe8&lt;\/span&gt;&lt;\/span&gt;Zachowanie niezale\u017cno\u015bci i \u0142atwiejsze wykonywanie codziennych czynno\u015bci poprzez \u0107wiczenia buduj\u0105ce i utrzymuj\u0105ce si\u0142\u0119&lt;\/p&gt; &lt;p&gt;Serdecznie zapraszamy!&lt;br \/&gt; &lt;span class=&quot;x1xsqp64 xiy17q3 x1o6pynw x19co3pv xdj266r xcwd3tp xat24cr x39eecv x2b8uid&quot; data-testid=&quot;emoji&quot;&gt;&lt;span class=&quot;xexx8yu xn5pp95 x18d9i69 x2fxd7x x3jgonx x1bhl96m&quot;&gt;\ud83d\udfe8&lt;\/span&gt;&lt;\/span&gt;Prosimy o udost\u0119pnienie tej wiadomo\u015bci najbli\u017cszym, domownikom i wszystkim osobom, kt\u00f3re by\u0142by zainteresowane udzia\u0142em w zaj\u0119ciach.&lt;span class=&quot;x1xsqp64 xiy17q3 x1o6pynw x19co3pv xdj266r xcwd3tp xat24cr x39eecv x2b8uid&quot; data-testid=&quot;emoji&quot;&gt;&lt;span class=&quot;xexx8yu xn5pp95 x18d9i69 x2fxd7x x3jgonx x1bhl96m&quot;&gt;\ud83d\udfe8&lt;\/span&gt;&lt;\/span&gt;&lt;\/p&gt; &lt;p&gt;Zaj\u0119cia prowadzi wykwalifikowana instruktorka fitness Anna Porwit.&lt;br \/&gt; &lt;span class=&quot;x1xsqp64 xiy17q3 x1o6pynw x19co3pv xdj266r xcwd3tp xat24cr x39eecv x2b8uid&quot; data-testid=&quot;emoji&quot;&gt;&lt;span class=&quot;xexx8yu xn5pp95 x18d9i69 x2fxd7x x3jgonx x1bhl96m&quot;&gt;\ud83d\udcde&lt;\/span&gt;&lt;\/span&gt;Szczeg\u00f3\u0142y pod nr tel: 796 500 690&lt;\/p&gt; \",\r\n            \"image\": \"https:\/\/bazanakrakowskiej.pl\/wp-content\/uploads\/2024\/11\/fitness-dla-seniorow.png\",\r\n            \"name\": \"Fitness dla Senior\u00f3w\",\r\n            \"url\": \"https:\/\/bazanakrakowskiej.pl\/index.php\/wydarzenia\/fitness-dla-seniorow\/\"\r\n        }\r\n        <\/script>\r\n                            <article  data-href=\"https:\/\/bazanakrakowskiej.pl\/index.php\/wydarzenia\/fitness-dla-seniorow\/\" data-target=\"m1\" style=\"background:#00a0d2 url('https:\/\/bazanakrakowskiej.pl\/wp-content\/uploads\/2024\/11\/fitness-dla-seniorow-300x400.png')\" class=\"mec-past-event mec-event-article mec-tile-item  mec-clear   \">\r\n                                                                        <div class=\"event-tile-view-head clearfix\">\r\n                                                            <div class=\"mec-event-month\"><span class=\"mec-start-date-label\" itemprop=\"startDate\">8 maj<\/span><\/div>\r\n                                                        <div class=\"mec-event-time\"><i class=\"mec-sl-clock\"><\/i>11:00<\/div>\r\n                        <\/div>\r\n                        <div class=\"mec-event-content\" data-target=\"m1\" data-event-id=\"8134\">\r\n                            <a href=\"https:\/\/bazanakrakowskiej.pl\/index.php\/wydarzenia\/fitness-dla-seniorow\/\" target=\"m1\" class=\"mec-tile-into-content-link\"><\/a>                            <div class=\"mec-tile-event-content\">\r\n                                <div class=\"mec-event-detail\">\r\n                                                                                                            <span class=\"mec-event-loc-place\"><i class=\"mec-sl-location-pin\"><\/i>Baza na Krakowskiej\/ s. lustrzana<\/span>                                                                    <\/div>\r\n                                                                <h4 class=\"mec-event-title\"><a class=\"mec-color-hover\"  data-event-id=\"8134\" href=\"https:\/\/bazanakrakowskiej.pl\/index.php\/wydarzenia\/fitness-dla-seniorow\/\" target=\"m1\" rel=\"noopener\">Fitness dla Senior\u00f3w<\/a><\/h4>\r\n                                                            <\/div>\r\n                        <\/div>\r\n                    <\/article>\r\n                <\/div>            <div class=\"col-md-3 col-sm-3\">        <script type=\"application\/ld+json\">\r\n        {\r\n            \"@context\": \"http:\/\/schema.org\",\r\n            \"@type\": \"Event\",\r\n            \"eventStatus\": \"https:\/\/schema.org\/EventScheduled\",\r\n            \"startDate\": \"2026-05-08\",\r\n            \"endDate\": \"2026-05-08\",\r\n            \"eventAttendanceMode\": \"https:\/\/schema.org\/OfflineEventAttendanceMode\",\r\n            \"location\":\r\n            {\r\n                \"@type\": \"Place\",\r\n                                \"name\": \"Baza na Krakowskiej\/ s. lustrzana\",\r\n                \"image\": \"\",\r\n                \"address\": \"\"\r\n                            },\r\n            \"organizer\":\r\n            {\r\n                \"@type\": \"Person\",\r\n                \"name\": \"Anna Porwit\",\r\n                \"url\": \"https:\/\/www.facebook.com\/pasjamojaity\"\r\n            },\r\n            \"offers\":\r\n            {\r\n                \"url\": \"https:\/\/bazanakrakowskiej.pl\/index.php\/wydarzenia\/fitness-dla-seniorow-2\/\",\r\n                \"price\": \"\",\r\n                \"priceCurrency\": \"$\",\r\n                \"availability\": \"https:\/\/schema.org\/InStock\",\r\n                \"validFrom\": \"2026-05-08T00:00\"\r\n            },\r\n            \"performer\": \"\",\r\n            \"description\": \"&lt;p&gt;&lt;span class=&quot;x1xsqp64 xiy17q3 x1o6pynw x19co3pv xdj266r xcwd3tp xat24cr x39eecv x2b8uid&quot; data-testid=&quot;emoji&quot;&gt;&lt;span class=&quot;xexx8yu xn5pp95 x18d9i69 x2fxd7x x3jgonx x1bhl96m&quot;&gt;\ud83d\udfe8&lt;\/span&gt;&lt;\/span&gt;&lt;span class=&quot;x1xsqp64 xiy17q3 x1o6pynw x19co3pv xdj266r xcwd3tp xat24cr x39eecv x2b8uid&quot; data-testid=&quot;emoji&quot;&gt;&lt;span class=&quot;xexx8yu xn5pp95 x18d9i69 x2fxd7x x3jgonx x1bhl96m&quot;&gt;\ud83d\udfea&lt;\/span&gt;&lt;\/span&gt;FITNESS DLA SENIOR\u00d3W &lt;span class=&quot;x1xsqp64 xiy17q3 x1o6pynw x19co3pv xdj266r xcwd3tp xat24cr x39eecv x2b8uid&quot; data-testid=&quot;emoji&quot;&gt;&lt;span class=&quot;xexx8yu xn5pp95 x18d9i69 x2fxd7x x3jgonx x1bhl96m&quot;&gt;\ud83d\udfe8&lt;\/span&gt;&lt;\/span&gt;&lt;span class=&quot;x1xsqp64 xiy17q3 x1o6pynw x19co3pv xdj266r xcwd3tp xat24cr x39eecv x2b8uid&quot; data-testid=&quot;emoji&quot;&gt;&lt;span class=&quot;xexx8yu xn5pp95 x18d9i69 x2fxd7x x3jgonx x1bhl96m&quot;&gt;\ud83d\udfea&lt;\/span&gt;&lt;\/span&gt;&lt;br \/&gt; Zapraszamy na nowe zaj\u0119cia!&lt;\/p&gt; &lt;p&gt;Ka\u017cdy pi\u0105tek godz.11:00-12:00 i 12:00-13:00 , Baza na Krakowskiej\/ sala lustrzana&lt;\/p&gt; &lt;p&gt;Specjalnie opracowany program pozwoli uczestnikom czu\u0107 si\u0119 swobodnie i komfortowo, a w\u0142\u0105czenie do codzienno\u015bci rutyny \u0107wicze\u0144 fizycznych pozwoli zachowa\u0107 sprawno\u015b\u0107 i si\u0142\u0119 cia\u0142a.&lt;\/p&gt; &lt;p&gt;Jakie jeszcze s\u0105 zalety udzia\u0142u w zaj\u0119ciach?&lt;br \/&gt; &lt;span class=&quot;x1xsqp64 xiy17q3 x1o6pynw x19co3pv xdj266r xcwd3tp xat24cr x39eecv x2b8uid&quot; data-testid=&quot;emoji&quot;&gt;&lt;span class=&quot;xexx8yu xn5pp95 x18d9i69 x2fxd7x x3jgonx x1bhl96m&quot;&gt;\ud83d\udfea&lt;\/span&gt;&lt;\/span&gt;&lt;span class=&quot;x1xsqp64 xiy17q3 x1o6pynw x19co3pv xdj266r xcwd3tp xat24cr x39eecv x2b8uid&quot; data-testid=&quot;emoji&quot;&gt;&lt;span class=&quot;xexx8yu xn5pp95 x18d9i69 x2fxd7x x3jgonx x1bhl96m&quot;&gt;\ud83d\udfe8&lt;\/span&gt;&lt;\/span&gt;Zdrowie serca i sprawno\u015b\u0107 uk\u0142adu sercowo-naczyniowego&lt;br \/&gt; &lt;span class=&quot;x1xsqp64 xiy17q3 x1o6pynw x19co3pv xdj266r xcwd3tp xat24cr x39eecv x2b8uid&quot; data-testid=&quot;emoji&quot;&gt;&lt;span class=&quot;xexx8yu xn5pp95 x18d9i69 x2fxd7x x3jgonx x1bhl96m&quot;&gt;\ud83d\udfea&lt;\/span&gt;&lt;\/span&gt;&lt;span class=&quot;x1xsqp64 xiy17q3 x1o6pynw x19co3pv xdj266r xcwd3tp xat24cr x39eecv x2b8uid&quot; data-testid=&quot;emoji&quot;&gt;&lt;span class=&quot;xexx8yu xn5pp95 x18d9i69 x2fxd7x x3jgonx x1bhl96m&quot;&gt;\ud83d\udfe8&lt;\/span&gt;&lt;\/span&gt;Poprawa wytrzyma\u0142o\u015bci i og\u00f3lnego poziomu energii&lt;br \/&gt; &lt;span class=&quot;x1xsqp64 xiy17q3 x1o6pynw x19co3pv xdj266r xcwd3tp xat24cr x39eecv x2b8uid&quot; data-testid=&quot;emoji&quot;&gt;&lt;span class=&quot;xexx8yu xn5pp95 x18d9i69 x2fxd7x x3jgonx x1bhl96m&quot;&gt;\ud83d\udfea&lt;\/span&gt;&lt;\/span&gt;&lt;span class=&quot;x1xsqp64 xiy17q3 x1o6pynw x19co3pv xdj266r xcwd3tp xat24cr x39eecv x2b8uid&quot; data-testid=&quot;emoji&quot;&gt;&lt;span class=&quot;xexx8yu xn5pp95 x18d9i69 x2fxd7x x3jgonx x1bhl96m&quot;&gt;\ud83d\udfe8&lt;\/span&gt;&lt;\/span&gt;Nastr\u00f3j i dobre samopoczucie psychiczne&lt;br \/&gt; &lt;span class=&quot;x1xsqp64 xiy17q3 x1o6pynw x19co3pv xdj266r xcwd3tp xat24cr x39eecv x2b8uid&quot; data-testid=&quot;emoji&quot;&gt;&lt;span class=&quot;xexx8yu xn5pp95 x18d9i69 x2fxd7x x3jgonx x1bhl96m&quot;&gt;\ud83d\udfea&lt;\/span&gt;&lt;\/span&gt;&lt;span class=&quot;x1xsqp64 xiy17q3 x1o6pynw x19co3pv xdj266r xcwd3tp xat24cr x39eecv x2b8uid&quot; data-testid=&quot;emoji&quot;&gt;&lt;span class=&quot;xexx8yu xn5pp95 x18d9i69 x2fxd7x x3jgonx x1bhl96m&quot;&gt;\ud83d\udfe8&lt;\/span&gt;&lt;\/span&gt;Wzmocnienie wi\u0119zi spo\u0142eczne i zmniejszenie poczucia samotno\u015bci&lt;br \/&gt; &lt;span class=&quot;x1xsqp64 xiy17q3 x1o6pynw x19co3pv xdj266r xcwd3tp xat24cr x39eecv x2b8uid&quot; data-testid=&quot;emoji&quot;&gt;&lt;span class=&quot;xexx8yu xn5pp95 x18d9i69 x2fxd7x x3jgonx x1bhl96m&quot;&gt;\ud83d\udfea&lt;\/span&gt;&lt;\/span&gt;&lt;span class=&quot;x1xsqp64 xiy17q3 x1o6pynw x19co3pv xdj266r xcwd3tp xat24cr x39eecv x2b8uid&quot; data-testid=&quot;emoji&quot;&gt;&lt;span class=&quot;xexx8yu xn5pp95 x18d9i69 x2fxd7x x3jgonx x1bhl96m&quot;&gt;\ud83d\udfe8&lt;\/span&gt;&lt;\/span&gt;Zachowanie niezale\u017cno\u015bci i \u0142atwiejsze wykonywanie codziennych czynno\u015bci poprzez \u0107wiczenia buduj\u0105ce i utrzymuj\u0105ce si\u0142\u0119&lt;\/p&gt; &lt;p&gt;Serdecznie zapraszamy!&lt;br \/&gt; &lt;span class=&quot;x1xsqp64 xiy17q3 x1o6pynw x19co3pv xdj266r xcwd3tp xat24cr x39eecv x2b8uid&quot; data-testid=&quot;emoji&quot;&gt;&lt;span class=&quot;xexx8yu xn5pp95 x18d9i69 x2fxd7x x3jgonx x1bhl96m&quot;&gt;\ud83d\udfe8&lt;\/span&gt;&lt;\/span&gt;Prosimy o udost\u0119pnienie tej wiadomo\u015bci najbli\u017cszym, domownikom i wszystkim osobom, kt\u00f3re by\u0142by zainteresowane udzia\u0142em w zaj\u0119ciach.&lt;span class=&quot;x1xsqp64 xiy17q3 x1o6pynw x19co3pv xdj266r xcwd3tp xat24cr x39eecv x2b8uid&quot; data-testid=&quot;emoji&quot;&gt;&lt;span class=&quot;xexx8yu xn5pp95 x18d9i69 x2fxd7x x3jgonx x1bhl96m&quot;&gt;\ud83d\udfe8&lt;\/span&gt;&lt;\/span&gt;&lt;\/p&gt; &lt;p&gt;Zaj\u0119cia prowadzi wykwalifikowana instruktorka fitness Anna Porwit.&lt;br \/&gt; &lt;span class=&quot;x1xsqp64 xiy17q3 x1o6pynw x19co3pv xdj266r xcwd3tp xat24cr x39eecv x2b8uid&quot; data-testid=&quot;emoji&quot;&gt;&lt;span class=&quot;xexx8yu xn5pp95 x18d9i69 x2fxd7x x3jgonx x1bhl96m&quot;&gt;\ud83d\udcde&lt;\/span&gt;&lt;\/span&gt;Szczeg\u00f3\u0142y pod nr tel: 796 500 690&lt;\/p&gt; \",\r\n            \"image\": \"\",\r\n            \"name\": \"Fitness dla senior\u00f3w\",\r\n            \"url\": \"https:\/\/bazanakrakowskiej.pl\/index.php\/wydarzenia\/fitness-dla-seniorow-2\/\"\r\n        }\r\n        <\/script>\r\n                            <article  data-href=\"https:\/\/bazanakrakowskiej.pl\/index.php\/wydarzenia\/fitness-dla-seniorow-2\/\" data-target=\"m1\" style=\"background:#00a0d2\" class=\"mec-past-event mec-event-article mec-tile-item  mec-clear   \">\r\n                                                                        <div class=\"event-tile-view-head clearfix\">\r\n                                                            <div class=\"mec-event-month\"><span class=\"mec-start-date-label\" itemprop=\"startDate\">8 maj<\/span><\/div>\r\n                                                        <div class=\"mec-event-time\"><i class=\"mec-sl-clock\"><\/i>12:00<\/div>\r\n                        <\/div>\r\n                        <div class=\"mec-event-content\" data-target=\"m1\" data-event-id=\"8585\">\r\n                            <a href=\"https:\/\/bazanakrakowskiej.pl\/index.php\/wydarzenia\/fitness-dla-seniorow-2\/\" target=\"m1\" class=\"mec-tile-into-content-link\"><\/a>                            <div class=\"mec-tile-event-content\">\r\n                                <div class=\"mec-event-detail\">\r\n                                                                                                            <span class=\"mec-event-loc-place\"><i class=\"mec-sl-location-pin\"><\/i>Baza na Krakowskiej\/ s. lustrzana<\/span>                                                                    <\/div>\r\n                                                                <h4 class=\"mec-event-title\"><a class=\"mec-color-hover\"  data-event-id=\"8585\" href=\"https:\/\/bazanakrakowskiej.pl\/index.php\/wydarzenia\/fitness-dla-seniorow-2\/\" target=\"m1\" rel=\"noopener\">Fitness dla senior\u00f3w<\/a><\/h4>\r\n                                                            <\/div>\r\n                        <\/div>\r\n                    <\/article>\r\n                <\/div><\/div>            <div class=\"row\"><div class=\"col-md-3 col-sm-3\">        <script type=\"application\/ld+json\">\r\n        {\r\n            \"@context\": \"http:\/\/schema.org\",\r\n            \"@type\": \"Event\",\r\n            \"eventStatus\": \"https:\/\/schema.org\/EventScheduled\",\r\n            \"startDate\": \"2026-05-08\",\r\n            \"endDate\": \"2026-05-08\",\r\n            \"eventAttendanceMode\": \"https:\/\/schema.org\/OfflineEventAttendanceMode\",\r\n            \"location\":\r\n            {\r\n                \"@type\": \"Place\",\r\n                                \"name\": \"Baza na Krakowskiej\",\r\n                \"image\": \"\",\r\n                \"address\": \"\"\r\n                            },\r\n            \"organizer\":\r\n            {\r\n                \"@type\": \"Person\",\r\n                \"name\": \"\",\r\n                \"url\": \"\"\r\n            },\r\n            \"offers\":\r\n            {\r\n                \"url\": \"https:\/\/bazanakrakowskiej.pl\/index.php\/wydarzenia\/mozliwosc-organizacji-urodzin-3\/\",\r\n                \"price\": \"\",\r\n                \"priceCurrency\": \"$\",\r\n                \"availability\": \"https:\/\/schema.org\/InStock\",\r\n                \"validFrom\": \"2026-05-08T00:00\"\r\n            },\r\n            \"performer\": \"\",\r\n            \"description\": \"&lt;p&gt;Wi\u0119cej informacji w zak\u0142adce &lt;a href=&quot;https:\/\/bazanakrakowskiej.pl\/index.php\/oferta-dodatkowa\/&quot;&gt;URODZINY&lt;\/a&gt; \ud83d\ude42&lt;\/p&gt; \",\r\n            \"image\": \"\",\r\n            \"name\": \"Mo\u017cliwo\u015b\u0107 organizacji urodzin\",\r\n            \"url\": \"https:\/\/bazanakrakowskiej.pl\/index.php\/wydarzenia\/mozliwosc-organizacji-urodzin-3\/\"\r\n        }\r\n        <\/script>\r\n                            <article  data-href=\"https:\/\/bazanakrakowskiej.pl\/index.php\/wydarzenia\/mozliwosc-organizacji-urodzin-3\/\" data-target=\"m1\" style=\"background:#f587a6\" class=\"mec-past-event mec-event-article mec-tile-item  mec-clear   \">\r\n                                                                        <div class=\"event-tile-view-head clearfix\">\r\n                                                            <div class=\"mec-event-month\"><span class=\"mec-start-date-label\" itemprop=\"startDate\">8 maj<\/span><\/div>\r\n                                                        <div class=\"mec-event-time\"><i class=\"mec-sl-clock\"><\/i>17:00<\/div>\r\n                        <\/div>\r\n                        <div class=\"mec-event-content\" data-target=\"m1\" data-event-id=\"6906\">\r\n                            <a href=\"https:\/\/bazanakrakowskiej.pl\/index.php\/wydarzenia\/mozliwosc-organizacji-urodzin-3\/\" target=\"m1\" class=\"mec-tile-into-content-link\"><\/a>                            <div class=\"mec-tile-event-content\">\r\n                                <div class=\"mec-event-detail\">\r\n                                                                                                            <span class=\"mec-event-loc-place\"><i class=\"mec-sl-location-pin\"><\/i>Baza na Krakowskiej<\/span>                                                                    <\/div>\r\n                                                                <h4 class=\"mec-event-title\"><a class=\"mec-color-hover\"  data-event-id=\"6906\" href=\"https:\/\/bazanakrakowskiej.pl\/index.php\/wydarzenia\/mozliwosc-organizacji-urodzin-3\/\" target=\"m1\" rel=\"noopener\">Mo\u017cliwo\u015b\u0107 organizacji urodzin<\/a><\/h4>\r\n                                                            <\/div>\r\n                        <\/div>\r\n                    <\/article>\r\n                <\/div>                    <div class=\"col-md-3 col-sm-3\">        <script type=\"application\/ld+json\">\r\n        {\r\n            \"@context\": \"http:\/\/schema.org\",\r\n            \"@type\": \"Event\",\r\n            \"eventStatus\": \"https:\/\/schema.org\/EventScheduled\",\r\n            \"startDate\": \"2026-05-09\",\r\n            \"endDate\": \"2026-05-09\",\r\n            \"eventAttendanceMode\": \"https:\/\/schema.org\/OfflineEventAttendanceMode\",\r\n            \"location\":\r\n            {\r\n                \"@type\": \"Place\",\r\n                                \"name\": \"Baza na Krakowskiej\",\r\n                \"image\": \"\",\r\n                \"address\": \"\"\r\n                            },\r\n            \"organizer\":\r\n            {\r\n                \"@type\": \"Person\",\r\n                \"name\": \"\",\r\n                \"url\": \"\"\r\n            },\r\n            \"offers\":\r\n            {\r\n                \"url\": \"https:\/\/bazanakrakowskiej.pl\/index.php\/wydarzenia\/mozliwosc-organizacji-urodzin\/\",\r\n                \"price\": \"\",\r\n                \"priceCurrency\": \"$\",\r\n                \"availability\": \"https:\/\/schema.org\/InStock\",\r\n                \"validFrom\": \"2026-05-09T00:00\"\r\n            },\r\n            \"performer\": \"\",\r\n            \"description\": \"&lt;p&gt;Wi\u0119cej informacji w zak\u0142adce &lt;a href=&quot;https:\/\/bazanakrakowskiej.pl\/index.php\/oferta-dodatkowa\/&quot;&gt;URODZINY&lt;\/a&gt; \ud83d\ude42&lt;\/p&gt; \",\r\n            \"image\": \"\",\r\n            \"name\": \"Mo\u017cliwo\u015b\u0107 organizacji urodzin\",\r\n            \"url\": \"https:\/\/bazanakrakowskiej.pl\/index.php\/wydarzenia\/mozliwosc-organizacji-urodzin\/\"\r\n        }\r\n        <\/script>\r\n                            <article  data-href=\"https:\/\/bazanakrakowskiej.pl\/index.php\/wydarzenia\/mozliwosc-organizacji-urodzin\/\" data-target=\"m1\" style=\"background:#f587a6\" class=\"mec-past-event mec-event-article mec-tile-item  mec-clear   \">\r\n                                                                        <div class=\"event-tile-view-head clearfix\">\r\n                                                            <div class=\"mec-event-month\"><span class=\"mec-start-date-label\" itemprop=\"startDate\">9 maj<\/span><\/div>\r\n                                                        <div class=\"mec-event-time\"><i class=\"mec-sl-clock\"><\/i>10:00<\/div>\r\n                        <\/div>\r\n                        <div class=\"mec-event-content\" data-target=\"m1\" data-event-id=\"7953\">\r\n                            <a href=\"https:\/\/bazanakrakowskiej.pl\/index.php\/wydarzenia\/mozliwosc-organizacji-urodzin\/\" target=\"m1\" class=\"mec-tile-into-content-link\"><\/a>                            <div class=\"mec-tile-event-content\">\r\n                                <div class=\"mec-event-detail\">\r\n                                                                                                            <span class=\"mec-event-loc-place\"><i class=\"mec-sl-location-pin\"><\/i>Baza na Krakowskiej<\/span>                                                                    <\/div>\r\n                                                                <h4 class=\"mec-event-title\"><a class=\"mec-color-hover\"  data-event-id=\"7953\" href=\"https:\/\/bazanakrakowskiej.pl\/index.php\/wydarzenia\/mozliwosc-organizacji-urodzin\/\" target=\"m1\" rel=\"noopener\">Mo\u017cliwo\u015b\u0107 organizacji urodzin<\/a><\/h4>\r\n                                                            <\/div>\r\n                        <\/div>\r\n                    <\/article>\r\n                <\/div>            <div class=\"col-md-3 col-sm-3\">        <script type=\"application\/ld+json\">\r\n        {\r\n            \"@context\": \"http:\/\/schema.org\",\r\n            \"@type\": \"Event\",\r\n            \"eventStatus\": \"https:\/\/schema.org\/EventScheduled\",\r\n            \"startDate\": \"2026-05-09\",\r\n            \"endDate\": \"2026-05-09\",\r\n            \"eventAttendanceMode\": \"https:\/\/schema.org\/OfflineEventAttendanceMode\",\r\n            \"location\":\r\n            {\r\n                \"@type\": \"Place\",\r\n                                \"name\": \"Baza na Krakowskiej\",\r\n                \"image\": \"\",\r\n                \"address\": \"\"\r\n                            },\r\n            \"organizer\":\r\n            {\r\n                \"@type\": \"Person\",\r\n                \"name\": \"\",\r\n                \"url\": \"\"\r\n            },\r\n            \"offers\":\r\n            {\r\n                \"url\": \"https:\/\/bazanakrakowskiej.pl\/index.php\/wydarzenia\/mozliwosc-organizacji-urodzin-4\/\",\r\n                \"price\": \"\",\r\n                \"priceCurrency\": \"$\",\r\n                \"availability\": \"https:\/\/schema.org\/InStock\",\r\n                \"validFrom\": \"2026-05-09T00:00\"\r\n            },\r\n            \"performer\": \"\",\r\n            \"description\": \"&lt;p&gt;Wi\u0119cej informacji w zak\u0142adce &lt;a href=&quot;https:\/\/bazanakrakowskiej.pl\/index.php\/oferta-dodatkowa\/&quot;&gt;URODZINY&lt;\/a&gt; \ud83d\ude42&lt;\/p&gt; \",\r\n            \"image\": \"\",\r\n            \"name\": \"Mo\u017cliwo\u015b\u0107 organizacji urodzin\",\r\n            \"url\": \"https:\/\/bazanakrakowskiej.pl\/index.php\/wydarzenia\/mozliwosc-organizacji-urodzin-4\/\"\r\n        }\r\n        <\/script>\r\n                            <article  data-href=\"https:\/\/bazanakrakowskiej.pl\/index.php\/wydarzenia\/mozliwosc-organizacji-urodzin-4\/\" data-target=\"m1\" style=\"background:#f587a6\" class=\"mec-past-event mec-event-article mec-tile-item  mec-clear   \">\r\n                                                                        <div class=\"event-tile-view-head clearfix\">\r\n                                                            <div class=\"mec-event-month\"><span class=\"mec-start-date-label\" itemprop=\"startDate\">9 maj<\/span><\/div>\r\n                                                        <div class=\"mec-event-time\"><i class=\"mec-sl-clock\"><\/i>13:00<\/div>\r\n                        <\/div>\r\n                        <div class=\"mec-event-content\" data-target=\"m1\" data-event-id=\"7954\">\r\n                            <a href=\"https:\/\/bazanakrakowskiej.pl\/index.php\/wydarzenia\/mozliwosc-organizacji-urodzin-4\/\" target=\"m1\" class=\"mec-tile-into-content-link\"><\/a>                            <div class=\"mec-tile-event-content\">\r\n                                <div class=\"mec-event-detail\">\r\n                                                                                                            <span class=\"mec-event-loc-place\"><i class=\"mec-sl-location-pin\"><\/i>Baza na Krakowskiej<\/span>                                                                    <\/div>\r\n                                                                <h4 class=\"mec-event-title\"><a class=\"mec-color-hover\"  data-event-id=\"7954\" href=\"https:\/\/bazanakrakowskiej.pl\/index.php\/wydarzenia\/mozliwosc-organizacji-urodzin-4\/\" target=\"m1\" rel=\"noopener\">Mo\u017cliwo\u015b\u0107 organizacji urodzin<\/a><\/h4>\r\n                                                            <\/div>\r\n                        <\/div>\r\n                    <\/article>\r\n                <\/div>            <div class=\"col-md-3 col-sm-3\">        <script type=\"application\/ld+json\">\r\n        {\r\n            \"@context\": \"http:\/\/schema.org\",\r\n            \"@type\": \"Event\",\r\n            \"eventStatus\": \"https:\/\/schema.org\/EventScheduled\",\r\n            \"startDate\": \"2026-05-09\",\r\n            \"endDate\": \"2026-05-09\",\r\n            \"eventAttendanceMode\": \"https:\/\/schema.org\/OfflineEventAttendanceMode\",\r\n            \"location\":\r\n            {\r\n                \"@type\": \"Place\",\r\n                                \"name\": \"Baza na Krakowskiej\",\r\n                \"image\": \"\",\r\n                \"address\": \"\"\r\n                            },\r\n            \"organizer\":\r\n            {\r\n                \"@type\": \"Person\",\r\n                \"name\": \"Ma\u0142gorzata Grabowska- Fluder\",\r\n                \"url\": \"https:\/\/www.instagram.com\/malflu_foto\/\"\r\n            },\r\n            \"offers\":\r\n            {\r\n                \"url\": \"https:\/\/bazanakrakowskiej.pl\/index.php\/wydarzenia\/korepetycje-z-warzyw-warsztaty-kulinarne\/\",\r\n                \"price\": \"\",\r\n                \"priceCurrency\": \"$\",\r\n                \"availability\": \"https:\/\/schema.org\/InStock\",\r\n                \"validFrom\": \"2026-05-09T00:00\"\r\n            },\r\n            \"performer\": \"\",\r\n            \"description\": \"&lt;p&gt;Razem z &lt;a class=&quot;x1i10hfl xjbqb8w x1ejq31n xd10rxx x1sy0etr x17r0tee x972fbf xcfux6l x1qhh985 xm0m39n x9f619 x1ypdohk xt0psk2 xe8uvvx xdj266r x11i5rnm xat24cr x1mh8g0r xexx8yu x4uap5 x18d9i69 xkhd6sd x16tdsg8 x1hl2dhg xggy1nq x1a2a7pz notranslate _a6hd&quot; tabindex=&quot;0&quot; role=&quot;link&quot; href=&quot;https:\/\/www.instagram.com\/malflu_foto\/&quot;&gt;@malflu_foto&lt;\/a&gt; zapraszamy na&lt;br \/&gt; KOREPETYCJE Z WARZYW!&lt;\/p&gt; &lt;p&gt;Du\u017co dobrej, pozytywnej energii, pyszno\u015bci na talerzu, degustacja i znakomite towarzystwo- bo tak smakuje \u017cycie \u263a\ufe0f&lt;\/p&gt; &lt;p&gt;Jak m\u00f3wi Gosia \u201echc\u0119 pokaza\u0107, \u017ce warto je\u015b\u0107 sezonowo, \u017ce proste gotowanie mo\u017ce by\u0107 przyjemno\u015bci\u0105, \u017ce dzi\u0119ki jako\u015bciowym sk\u0142adnikom jedzenie mo\u017ce sta\u0107 si\u0119 lekarstwem- od\u017cywia\u0107 cia\u0142o i ducha\u201d \ud83c\udf72&lt;\/p&gt; &lt;p&gt;Szczeg\u00f3\u0142y i zapisy bezpo\u015brednio u Gosi pod nr tel. 500565030&lt;br \/&gt; Daty warsztat\u00f3w b\u0119d\u0105 podawane na bie\u017c\u0105co \u263a\ufe0f&lt;\/p&gt; &lt;div class=&quot;figure&quot;&gt;&lt;img loading=&quot;lazy&quot; decoding=&quot;async&quot; class=&quot;alignnone size-medium wp-image-7492&quot; src=&quot;https:\/\/bazanakrakowskiej.pl\/wp-content\/uploads\/2024\/03\/20240229_180717_0000-212x300.jpg&quot; alt=&quot;&quot; width=&quot;212&quot; height=&quot;300&quot; srcset=&quot;https:\/\/bazanakrakowskiej.pl\/wp-content\/uploads\/2024\/03\/20240229_180717_0000-212x300.jpg 212w, https:\/\/bazanakrakowskiej.pl\/wp-content\/uploads\/2024\/03\/20240229_180717_0000-724x1024.jpg 724w, https:\/\/bazanakrakowskiej.pl\/wp-content\/uploads\/2024\/03\/20240229_180717_0000-768x1086.jpg 768w, https:\/\/bazanakrakowskiej.pl\/wp-content\/uploads\/2024\/03\/20240229_180717_0000-1086x1536.jpg 1086w, https:\/\/bazanakrakowskiej.pl\/wp-content\/uploads\/2024\/03\/20240229_180717_0000.jpg 1414w&quot; sizes=&quot;auto, (max-width: 212px) 100vw, 212px&quot; \/&gt;&lt;\/div&gt; \",\r\n            \"image\": \"\",\r\n            \"name\": \"Korepetycje z warzyw- warsztaty kulinarne\",\r\n            \"url\": \"https:\/\/bazanakrakowskiej.pl\/index.php\/wydarzenia\/korepetycje-z-warzyw-warsztaty-kulinarne\/\"\r\n        }\r\n        <\/script>\r\n                            <article  data-href=\"https:\/\/bazanakrakowskiej.pl\/index.php\/wydarzenia\/korepetycje-z-warzyw-warsztaty-kulinarne\/\" data-target=\"m1\" style=\"background:#6fed6a\" class=\"mec-past-event mec-event-article mec-tile-item  mec-clear   \">\r\n                                                                        <div class=\"event-tile-view-head clearfix\">\r\n                                                            <div class=\"mec-event-month\"><span class=\"mec-start-date-label\" itemprop=\"startDate\">9 maj<\/span><\/div>\r\n                                                        <div class=\"mec-event-time\"><i class=\"mec-sl-clock\"><\/i>16:00<\/div>\r\n                        <\/div>\r\n                        <div class=\"mec-event-content\" data-target=\"m1\" data-event-id=\"7491\">\r\n                            <a href=\"https:\/\/bazanakrakowskiej.pl\/index.php\/wydarzenia\/korepetycje-z-warzyw-warsztaty-kulinarne\/\" target=\"m1\" class=\"mec-tile-into-content-link\"><\/a>                            <div class=\"mec-tile-event-content\">\r\n                                <div class=\"mec-event-detail\">\r\n                                                                                                            <span class=\"mec-event-loc-place\"><i class=\"mec-sl-location-pin\"><\/i>Baza na Krakowskiej<\/span>                                                                    <\/div>\r\n                                                                <h4 class=\"mec-event-title\"><a class=\"mec-color-hover\"  data-event-id=\"7491\" href=\"https:\/\/bazanakrakowskiej.pl\/index.php\/wydarzenia\/korepetycje-z-warzyw-warsztaty-kulinarne\/\" target=\"m1\" rel=\"noopener\">Korepetycje z warzyw- warsztaty kulinarne<\/a><\/h4>\r\n                                                            <\/div>\r\n                        <\/div>\r\n                    <\/article>\r\n                <\/div><\/div>                    <div class=\"row\"><div class=\"col-md-3 col-sm-3\">        <script type=\"application\/ld+json\">\r\n        {\r\n            \"@context\": \"http:\/\/schema.org\",\r\n            \"@type\": \"Event\",\r\n            \"eventStatus\": \"https:\/\/schema.org\/EventScheduled\",\r\n            \"startDate\": \"2026-05-11\",\r\n            \"endDate\": \"2026-05-11\",\r\n            \"eventAttendanceMode\": \"https:\/\/schema.org\/OfflineEventAttendanceMode\",\r\n            \"location\":\r\n            {\r\n                \"@type\": \"Place\",\r\n                                \"name\": \"Baza na Krakowskiej\",\r\n                \"image\": \"\",\r\n                \"address\": \"\"\r\n                            },\r\n            \"organizer\":\r\n            {\r\n                \"@type\": \"Person\",\r\n                \"name\": \"Barbara Niemczyk\",\r\n                \"url\": \"\"\r\n            },\r\n            \"offers\":\r\n            {\r\n                \"url\": \"https:\/\/bazanakrakowskiej.pl\/index.php\/wydarzenia\/przedprzedszkole-3\/\",\r\n                \"price\": \"\",\r\n                \"priceCurrency\": \"$\",\r\n                \"availability\": \"https:\/\/schema.org\/InStock\",\r\n                \"validFrom\": \"2026-05-11T00:00\"\r\n            },\r\n            \"performer\": \"\",\r\n            \"description\": \"&lt;p&gt;To zaj\u0119cia adaptacyjne dla dzieci &lt;strong&gt;2+&lt;\/strong&gt; (bez udzia\u0142u Rodzica), prowadzone wg autorskich scenariuszy, maj\u0105ce na celu przygotowanie maluch\u00f3w do p\u00f3j\u015bcia do przedszkola.&lt;\/p&gt; &lt;p&gt;&lt;strong&gt;NASZA OFERTA: &lt;\/strong&gt;&lt;\/p&gt; &lt;ul&gt; &lt;li&gt;Zaj\u0119cia 5 razy w tygodniu!&lt;\/li&gt; &lt;li&gt;Od poniedzia\u0142ku do pi\u0105tku w godzinach 8:00-13:00&lt;\/li&gt; &lt;li&gt;&lt;strong&gt;3&lt;\/strong&gt; abonamenty do wyboru + abonament indywidulany&lt;\/li&gt; &lt;li&gt;Nauka poprzez zabaw\u0119!&lt;\/li&gt; &lt;\/ul&gt; &lt;p&gt;&lt;strong&gt;Naszym celem jest:&lt;\/strong&gt;&lt;\/p&gt; &lt;p&gt;\u2013 nawi\u0105zywanie i wzmacnianie kontakt\u00f3w spo\u0142ecznych z dzie\u0107mi w grupie&lt;br \/&gt; \u2013 wdra\u017canie do samodzielno\u015bci poprzez nabywanie nowych umiej\u0119tno\u015bci&lt;br \/&gt; \u2013 stwarzanie warunk\u00f3w sprzyjaj\u0105cych wsp\u00f3lnej zabawie&lt;br \/&gt; \u2013 kszta\u0142towanie u dzieci zdolno\u015bci radzenia sobie w nowych sytuacjach&lt;br \/&gt; \u2013 zach\u0119canie do udzia\u0142u w zaj\u0119ciach artystycznych, plastycznych itp.&lt;\/p&gt; &lt;p&gt;&lt;strong&gt;Zapewniamy:&lt;\/strong&gt;&lt;\/p&gt; &lt;p&gt;\u2013 troskliw\u0105 opiek\u0119 i bezpiecze\u0144stwo&lt;br \/&gt; \u2013 przestronne sale, przystosowane do potrzeb dzieci&lt;br \/&gt; \u2013 zabawki, materia\u0142y edukacyjne&lt;br \/&gt; \u2013 zaj\u0119cia plastyczne, muzyczne itp.&lt;br \/&gt; \u2013 indywidulane podej\u015bcie do dziecka&lt;\/p&gt; &lt;p&gt;Szczeg\u00f3\u0142y tutaj: &lt;a href=&quot;https:\/\/bazanakrakowskiej.pl\/index.php\/przedprzedszkole\/&quot;&gt;https:\/\/bazanakrakowskiej.pl\/index.php\/przedprzedszkole\/&lt;\/a&gt;&lt;\/p&gt; \",\r\n            \"image\": \"\",\r\n            \"name\": \"PrzedPrzedszkole\",\r\n            \"url\": \"https:\/\/bazanakrakowskiej.pl\/index.php\/wydarzenia\/przedprzedszkole-3\/\"\r\n        }\r\n        <\/script>\r\n                            <article  data-href=\"https:\/\/bazanakrakowskiej.pl\/index.php\/wydarzenia\/przedprzedszkole-3\/\" data-target=\"m1\" style=\"background:#eae019\" class=\"mec-past-event mec-event-article mec-tile-item  mec-clear   \">\r\n                                                                        <div class=\"event-tile-view-head clearfix\">\r\n                                                            <div class=\"mec-event-month\"><span class=\"mec-start-date-label\" itemprop=\"startDate\">11 maj<\/span><\/div>\r\n                                                        <div class=\"mec-event-time\"><i class=\"mec-sl-clock\"><\/i>08:00<\/div>\r\n                        <\/div>\r\n                        <div class=\"mec-event-content\" data-target=\"m1\" data-event-id=\"7050\">\r\n                            <a href=\"https:\/\/bazanakrakowskiej.pl\/index.php\/wydarzenia\/przedprzedszkole-3\/\" target=\"m1\" class=\"mec-tile-into-content-link\"><\/a>                            <div class=\"mec-tile-event-content\">\r\n                                <div class=\"mec-event-detail\">\r\n                                                                                                            <span class=\"mec-event-loc-place\"><i class=\"mec-sl-location-pin\"><\/i>Baza na Krakowskiej<\/span>                                                                    <\/div>\r\n                                                                <h4 class=\"mec-event-title\"><a class=\"mec-color-hover\"  data-event-id=\"7050\" href=\"https:\/\/bazanakrakowskiej.pl\/index.php\/wydarzenia\/przedprzedszkole-3\/\" target=\"m1\" rel=\"noopener\">PrzedPrzedszkole<\/a><\/h4>\r\n                                                            <\/div>\r\n                        <\/div>\r\n                    <\/article>\r\n                <\/div>            <div class=\"col-md-3 col-sm-3\">        <script type=\"application\/ld+json\">\r\n        {\r\n            \"@context\": \"http:\/\/schema.org\",\r\n            \"@type\": \"Event\",\r\n            \"eventStatus\": \"https:\/\/schema.org\/EventScheduled\",\r\n            \"startDate\": \"2026-05-11\",\r\n            \"endDate\": \"2026-05-11\",\r\n            \"eventAttendanceMode\": \"https:\/\/schema.org\/OfflineEventAttendanceMode\",\r\n            \"location\":\r\n            {\r\n                \"@type\": \"Place\",\r\n                                \"name\": \"Baza na Krakowskiej\",\r\n                \"image\": \"\",\r\n                \"address\": \"\"\r\n                            },\r\n            \"organizer\":\r\n            {\r\n                \"@type\": \"Person\",\r\n                \"name\": \"Gabriela Nguyen Nam\",\r\n                \"url\": \"\"\r\n            },\r\n            \"offers\":\r\n            {\r\n                \"url\": \"https:\/\/bazanakrakowskiej.pl\/index.php\/wydarzenia\/balet-5-8-lat\/\",\r\n                \"price\": \"\",\r\n                \"priceCurrency\": \"$\",\r\n                \"availability\": \"https:\/\/schema.org\/InStock\",\r\n                \"validFrom\": \"2026-05-11T00:00\"\r\n            },\r\n            \"performer\": \"\",\r\n            \"description\": \"&lt;p&gt;&lt;strong&gt;Grupa taneczna Ta\u0144cz\u0105ce Brzd\u0105ce grupa wiekowa 4-5 lat&lt;\/strong&gt;&lt;\/p&gt; &lt;p&gt;Balet z elementami rytmiki i ta\u0144ca klasycznego&lt;\/p&gt; &lt;p&gt;Zaj\u0119cia w ka\u017cdy poniedzia\u0142ek o godz. 15:00-15:55&lt;\/p&gt; &lt;p&gt;Miejsce: BAZA NA KRAKOWSKIEJ&lt;\/p&gt; &lt;p&gt;Koszt: 160 z\u0142\/ msc&lt;\/p&gt; &lt;p&gt;Wi\u0119cej o zaj\u0119ciach przeczytasz tutaj: &lt;a href=&quot;https:\/\/bazanakrakowskiej.pl\/index.php\/zajecia-taneczne\/&quot;&gt;Taniec wsp\u00f3\u0142czesny \u2013 BAZA NA KRAKOWSKIEJ&lt;\/a&gt;&lt;\/p&gt; \",\r\n            \"image\": \"\",\r\n            \"name\": \"Ta\u0144cz\u0105ce Brzd\u0105ce 4-5 lat\",\r\n            \"url\": \"https:\/\/bazanakrakowskiej.pl\/index.php\/wydarzenia\/balet-5-8-lat\/\"\r\n        }\r\n        <\/script>\r\n                            <article  data-href=\"https:\/\/bazanakrakowskiej.pl\/index.php\/wydarzenia\/balet-5-8-lat\/\" data-target=\"m1\" style=\"background:#00e8c5\" class=\"mec-past-event mec-event-article mec-tile-item  mec-clear   \">\r\n                                                                        <div class=\"event-tile-view-head clearfix\">\r\n                                                            <div class=\"mec-event-month\"><span class=\"mec-start-date-label\" itemprop=\"startDate\">11 maj<\/span><\/div>\r\n                                                        <div class=\"mec-event-time\"><i class=\"mec-sl-clock\"><\/i>15:00<\/div>\r\n                        <\/div>\r\n                        <div class=\"mec-event-content\" data-target=\"m1\" data-event-id=\"7163\">\r\n                            <a href=\"https:\/\/bazanakrakowskiej.pl\/index.php\/wydarzenia\/balet-5-8-lat\/\" target=\"m1\" class=\"mec-tile-into-content-link\"><\/a>                            <div class=\"mec-tile-event-content\">\r\n                                <div class=\"mec-event-detail\">\r\n                                                                                                            <span class=\"mec-event-loc-place\"><i class=\"mec-sl-location-pin\"><\/i>Baza na Krakowskiej<\/span>                                                                    <\/div>\r\n                                                                <h4 class=\"mec-event-title\"><a class=\"mec-color-hover\"  data-event-id=\"7163\" href=\"https:\/\/bazanakrakowskiej.pl\/index.php\/wydarzenia\/balet-5-8-lat\/\" target=\"m1\" rel=\"noopener\">Ta\u0144cz\u0105ce Brzd\u0105ce 4-5 lat<\/a><\/h4>\r\n                                                            <\/div>\r\n                        <\/div>\r\n                    <\/article>\r\n                <\/div>            <div class=\"col-md-3 col-sm-3\">        <script type=\"application\/ld+json\">\r\n        {\r\n            \"@context\": \"http:\/\/schema.org\",\r\n            \"@type\": \"Event\",\r\n            \"eventStatus\": \"https:\/\/schema.org\/EventScheduled\",\r\n            \"startDate\": \"2026-05-11\",\r\n            \"endDate\": \"2026-05-11\",\r\n            \"eventAttendanceMode\": \"https:\/\/schema.org\/OfflineEventAttendanceMode\",\r\n            \"location\":\r\n            {\r\n                \"@type\": \"Place\",\r\n                                \"name\": \"Szko\u0142a Podstawowa w Bestwinie\",\r\n                \"image\": \"\",\r\n                \"address\": \"\"\r\n                            },\r\n            \"organizer\":\r\n            {\r\n                \"@type\": \"Person\",\r\n                \"name\": \"Gabriela Nguyen Nam\",\r\n                \"url\": \"\"\r\n            },\r\n            \"offers\":\r\n            {\r\n                \"url\": \"https:\/\/bazanakrakowskiej.pl\/index.php\/wydarzenia\/bazaart-junior-taniec-wspoleczesny\/\",\r\n                \"price\": \"\",\r\n                \"priceCurrency\": \"$\",\r\n                \"availability\": \"https:\/\/schema.org\/InStock\",\r\n                \"validFrom\": \"2026-05-11T00:00\"\r\n            },\r\n            \"performer\": \"\",\r\n            \"description\": \"&lt;p&gt;&lt;strong&gt;BazaART Junior \/Taniec wsp\u00f3\u0142czesny&lt;br \/&gt; (gr. wiekowa 6-8 lat)&lt;br \/&gt; &lt;\/strong&gt;zaj\u0119cia 2 razy w tygodniu&lt;\/p&gt; &lt;p&gt;&lt;strong&gt;Poniedzia\u0142ki&lt;\/strong&gt; godz. 16:00-17:00 (Szko\u0142a Podstawowa w Bestwinie)&lt;\/p&gt; &lt;p&gt;&lt;strong&gt;\u015arody&lt;\/strong&gt; godz.15:30-17:00 (Szko\u0142a Podstawowa w Bestwinie)&lt;\/p&gt; &lt;p&gt;Koszt: 40 z\u0142 \/msc&lt;\/p&gt; &lt;p&gt;Wi\u0119cej o zaj\u0119ciach przeczytasz tutaj: &lt;a href=&quot;https:\/\/bazanakrakowskiej.pl\/index.php\/zajecia-taneczne\/&quot;&gt;Taniec wsp\u00f3\u0142czesny \u2013 BAZA NA KRAKOWSKIEJ&lt;\/a&gt;&lt;\/p&gt; \",\r\n            \"image\": \"\",\r\n            \"name\": \"BazaART Junior- taniec wsp\u00f3\u0142czesny 6-8 lat\",\r\n            \"url\": \"https:\/\/bazanakrakowskiej.pl\/index.php\/wydarzenia\/bazaart-junior-taniec-wspoleczesny\/\"\r\n        }\r\n        <\/script>\r\n                            <article  data-href=\"https:\/\/bazanakrakowskiej.pl\/index.php\/wydarzenia\/bazaart-junior-taniec-wspoleczesny\/\" data-target=\"m1\" style=\"background:#f2823c\" class=\"mec-past-event mec-event-article mec-tile-item  mec-clear   \">\r\n                                                                        <div class=\"event-tile-view-head clearfix\">\r\n                                                            <div class=\"mec-event-month\"><span class=\"mec-start-date-label\" itemprop=\"startDate\">11 maj<\/span><\/div>\r\n                                                        <div class=\"mec-event-time\"><i class=\"mec-sl-clock\"><\/i>16:00<\/div>\r\n                        <\/div>\r\n                        <div class=\"mec-event-content\" data-target=\"m1\" data-event-id=\"7934\">\r\n                            <a href=\"https:\/\/bazanakrakowskiej.pl\/index.php\/wydarzenia\/bazaart-junior-taniec-wspoleczesny\/\" target=\"m1\" class=\"mec-tile-into-content-link\"><\/a>                            <div class=\"mec-tile-event-content\">\r\n                                <div class=\"mec-event-detail\">\r\n                                                                                                            <span class=\"mec-event-loc-place\"><i class=\"mec-sl-location-pin\"><\/i>Szko\u0142a Podstawowa w Bestwinie<\/span>                                                                    <\/div>\r\n                                                                <h4 class=\"mec-event-title\"><a class=\"mec-color-hover\"  data-event-id=\"7934\" href=\"https:\/\/bazanakrakowskiej.pl\/index.php\/wydarzenia\/bazaart-junior-taniec-wspoleczesny\/\" target=\"m1\" rel=\"noopener\">BazaART Junior- taniec wsp\u00f3\u0142czesny 6-8 lat<\/a><\/h4>\r\n                                                            <\/div>\r\n                        <\/div>\r\n                    <\/article>\r\n                <\/div>            <div class=\"col-md-3 col-sm-3\">        <script type=\"application\/ld+json\">\r\n        {\r\n            \"@context\": \"http:\/\/schema.org\",\r\n            \"@type\": \"Event\",\r\n            \"eventStatus\": \"https:\/\/schema.org\/EventScheduled\",\r\n            \"startDate\": \"2026-05-11\",\r\n            \"endDate\": \"2026-05-11\",\r\n            \"eventAttendanceMode\": \"https:\/\/schema.org\/OfflineEventAttendanceMode\",\r\n            \"location\":\r\n            {\r\n                \"@type\": \"Place\",\r\n                                \"name\": \"Szko\u0142a Podstawowa w Bestwinie\",\r\n                \"image\": \"\",\r\n                \"address\": \"\"\r\n                            },\r\n            \"organizer\":\r\n            {\r\n                \"@type\": \"Person\",\r\n                \"name\": \"Gabriela Nguyen Nam\",\r\n                \"url\": \"\"\r\n            },\r\n            \"offers\":\r\n            {\r\n                \"url\": \"https:\/\/bazanakrakowskiej.pl\/index.php\/wydarzenia\/bazaart-junior-plus-taniec-wspolczesny-2\/\",\r\n                \"price\": \"\",\r\n                \"priceCurrency\": \"$\",\r\n                \"availability\": \"https:\/\/schema.org\/InStock\",\r\n                \"validFrom\": \"2026-05-11T00:00\"\r\n            },\r\n            \"performer\": \"\",\r\n            \"description\": \"&lt;p&gt;&lt;strong&gt;BazaART Junior PLUS\/Taniec wsp\u00f3\u0142czesny&lt;\/strong&gt;&lt;b&gt;&lt;br \/&gt; &lt;strong&gt;(gr. wiekowa 6-8 lat)&lt;\/strong&gt;&lt;br \/&gt; &lt;\/b&gt;zaj\u0119cia 2 razy w tygodniu&lt;\/p&gt; &lt;p&gt;&lt;strong&gt;Poniedzia\u0142ki&lt;\/strong&gt; godz. 16:00-17:30 (Szko\u0142a Podstawowa w Bestwinie)&lt;\/p&gt; &lt;p&gt;&lt;strong&gt;\u015arody&lt;\/strong&gt; godz.17:00- 18:30 (Szko\u0142a Podstawowa w Bestwinie)&lt;\/p&gt; &lt;p&gt;Koszt: 40 z\u0142 \/msc&lt;\/p&gt; &lt;p&gt;&nbsp;&lt;\/p&gt; &lt;p&gt;Wi\u0119cej o zaj\u0119ciach przeczytasz tutaj: &lt;a href=&quot;https:\/\/bazanakrakowskiej.pl\/index.php\/zajecia-taneczne\/&quot;&gt;Taniec wsp\u00f3\u0142czesny \u2013 BAZA NA KRAKOWSKIEJ&lt;\/a&gt;&lt;\/p&gt; \",\r\n            \"image\": \"\",\r\n            \"name\": \"BazaART Junior PLUS\/Taniec wsp\u00f3\u0142czesny\",\r\n            \"url\": \"https:\/\/bazanakrakowskiej.pl\/index.php\/wydarzenia\/bazaart-junior-plus-taniec-wspolczesny-2\/\"\r\n        }\r\n        <\/script>\r\n                            <article  data-href=\"https:\/\/bazanakrakowskiej.pl\/index.php\/wydarzenia\/bazaart-junior-plus-taniec-wspolczesny-2\/\" data-target=\"m1\" style=\"background:#f20c77\" class=\"mec-past-event mec-event-article mec-tile-item  mec-clear   \">\r\n                                                                        <div class=\"event-tile-view-head clearfix\">\r\n                                                            <div class=\"mec-event-month\"><span class=\"mec-start-date-label\" itemprop=\"startDate\">11 maj<\/span><\/div>\r\n                                                        <div class=\"mec-event-time\"><i class=\"mec-sl-clock\"><\/i>16:00<\/div>\r\n                        <\/div>\r\n                        <div class=\"mec-event-content\" data-target=\"m1\" data-event-id=\"8588\">\r\n                            <a href=\"https:\/\/bazanakrakowskiej.pl\/index.php\/wydarzenia\/bazaart-junior-plus-taniec-wspolczesny-2\/\" target=\"m1\" class=\"mec-tile-into-content-link\"><\/a>                            <div class=\"mec-tile-event-content\">\r\n                                <div class=\"mec-event-detail\">\r\n                                                                                                            <span class=\"mec-event-loc-place\"><i class=\"mec-sl-location-pin\"><\/i>Szko\u0142a Podstawowa w Bestwinie<\/span>                                                                    <\/div>\r\n                                                                <h4 class=\"mec-event-title\"><a class=\"mec-color-hover\"  data-event-id=\"8588\" href=\"https:\/\/bazanakrakowskiej.pl\/index.php\/wydarzenia\/bazaart-junior-plus-taniec-wspolczesny-2\/\" target=\"m1\" rel=\"noopener\">BazaART Junior PLUS\/Taniec wsp\u00f3\u0142czesny<\/a><\/h4>\r\n                                                            <\/div>\r\n                        <\/div>\r\n                    <\/article>\r\n                <\/div><\/div>            <div class=\"row\"><div class=\"col-md-3 col-sm-3\">        <script type=\"application\/ld+json\">\r\n        {\r\n            \"@context\": \"http:\/\/schema.org\",\r\n            \"@type\": \"Event\",\r\n            \"eventStatus\": \"https:\/\/schema.org\/EventScheduled\",\r\n            \"startDate\": \"2026-05-11\",\r\n            \"endDate\": \"2026-05-11\",\r\n            \"eventAttendanceMode\": \"https:\/\/schema.org\/OfflineEventAttendanceMode\",\r\n            \"location\":\r\n            {\r\n                \"@type\": \"Place\",\r\n                                \"name\": \"Szko\u0142a Podstawowa w Bestwinie\",\r\n                \"image\": \"\",\r\n                \"address\": \"\"\r\n                            },\r\n            \"organizer\":\r\n            {\r\n                \"@type\": \"Person\",\r\n                \"name\": \"Gabriela Nguyen Nam\",\r\n                \"url\": \"\"\r\n            },\r\n            \"offers\":\r\n            {\r\n                \"url\": \"https:\/\/bazanakrakowskiej.pl\/index.php\/wydarzenia\/bazaart-taniec-wspolczesny-9-12-lat\/\",\r\n                \"price\": \"\",\r\n                \"priceCurrency\": \"$\",\r\n                \"availability\": \"https:\/\/schema.org\/InStock\",\r\n                \"validFrom\": \"2026-05-11T00:00\"\r\n            },\r\n            \"performer\": \"\",\r\n            \"description\": \"&lt;p&gt;&lt;strong&gt;BazaART \u2013 taniec wsp\u00f3\u0142czesny&lt;br \/&gt; &lt;\/strong&gt;&lt;strong&gt;(gr. wiekowa 9-12 lat)&lt;\/strong&gt;&lt;br \/&gt; zaj\u0119cia 2 razy w tygodniu&lt;\/p&gt; &lt;p&gt;&lt;strong&gt;Poniedzia\u0142ki&lt;\/strong&gt; godz. 17:30-19:00 (Szko\u0142a Podstawowa w Bestwinie)&lt;\/p&gt; &lt;p&gt;&lt;strong&gt;\u015arody&lt;\/strong&gt; godz.18:30-20:00 (Szko\u0142a Podstawowa w Bestwinie)&lt;\/p&gt; &lt;p&gt;Koszt:40 z\u0142\/ zaj\u0119cia&lt;\/p&gt; &lt;p&gt;Wi\u0119cej o zaj\u0119ciach przeczytasz tutaj: &lt;a href=&quot;https:\/\/bazanakrakowskiej.pl\/index.php\/zajecia-taneczne\/&quot;&gt;Taniec wsp\u00f3\u0142czesny \u2013 BAZA NA KRAKOWSKIEJ&lt;\/a&gt;&lt;\/p&gt; \",\r\n            \"image\": \"\",\r\n            \"name\": \"BazaART- taniec wsp\u00f3\u0142czesny 9-12 lat\",\r\n            \"url\": \"https:\/\/bazanakrakowskiej.pl\/index.php\/wydarzenia\/bazaart-taniec-wspolczesny-9-12-lat\/\"\r\n        }\r\n        <\/script>\r\n                            <article  data-href=\"https:\/\/bazanakrakowskiej.pl\/index.php\/wydarzenia\/bazaart-taniec-wspolczesny-9-12-lat\/\" data-target=\"m1\" style=\"background:#9548e2\" class=\"mec-past-event mec-event-article mec-tile-item  mec-clear   \">\r\n                                                                        <div class=\"event-tile-view-head clearfix\">\r\n                                                            <div class=\"mec-event-month\"><span class=\"mec-start-date-label\" itemprop=\"startDate\">11 maj<\/span><\/div>\r\n                                                        <div class=\"mec-event-time\"><i class=\"mec-sl-clock\"><\/i>17:30<\/div>\r\n                        <\/div>\r\n                        <div class=\"mec-event-content\" data-target=\"m1\" data-event-id=\"7938\">\r\n                            <a href=\"https:\/\/bazanakrakowskiej.pl\/index.php\/wydarzenia\/bazaart-taniec-wspolczesny-9-12-lat\/\" target=\"m1\" class=\"mec-tile-into-content-link\"><\/a>                            <div class=\"mec-tile-event-content\">\r\n                                <div class=\"mec-event-detail\">\r\n                                                                                                            <span class=\"mec-event-loc-place\"><i class=\"mec-sl-location-pin\"><\/i>Szko\u0142a Podstawowa w Bestwinie<\/span>                                                                    <\/div>\r\n                                                                <h4 class=\"mec-event-title\"><a class=\"mec-color-hover\"  data-event-id=\"7938\" href=\"https:\/\/bazanakrakowskiej.pl\/index.php\/wydarzenia\/bazaart-taniec-wspolczesny-9-12-lat\/\" target=\"m1\" rel=\"noopener\">BazaART- taniec wsp\u00f3\u0142czesny 9-12 lat<\/a><\/h4>\r\n                                                            <\/div>\r\n                        <\/div>\r\n                    <\/article>\r\n                <\/div>            <div class=\"col-md-3 col-sm-3\">        <script type=\"application\/ld+json\">\r\n        {\r\n            \"@context\": \"http:\/\/schema.org\",\r\n            \"@type\": \"Event\",\r\n            \"eventStatus\": \"https:\/\/schema.org\/EventScheduled\",\r\n            \"startDate\": \"2026-05-11\",\r\n            \"endDate\": \"2026-05-11\",\r\n            \"eventAttendanceMode\": \"https:\/\/schema.org\/OfflineEventAttendanceMode\",\r\n            \"location\":\r\n            {\r\n                \"@type\": \"Place\",\r\n                                \"name\": \"Baza na Krakowskiej\/ s. lustrzana\",\r\n                \"image\": \"\",\r\n                \"address\": \"\"\r\n                            },\r\n            \"organizer\":\r\n            {\r\n                \"@type\": \"Person\",\r\n                \"name\": \"Anna Porwit\",\r\n                \"url\": \"https:\/\/www.facebook.com\/pasjamojaity\"\r\n            },\r\n            \"offers\":\r\n            {\r\n                \"url\": \"https:\/\/bazanakrakowskiej.pl\/index.php\/wydarzenia\/stepstretch\/\",\r\n                \"price\": \"\",\r\n                \"priceCurrency\": \"$\",\r\n                \"availability\": \"https:\/\/schema.org\/InStock\",\r\n                \"validFrom\": \"2026-05-11T00:00\"\r\n            },\r\n            \"performer\": \"\",\r\n            \"description\": \"&lt;div id=&quot;fws_66c33680580d2&quot; class=&quot;wpb_row vc_row-fluid vc_row top-level &quot; data-column-margin=&quot;default&quot; data-midnight=&quot;dark&quot;&gt; &lt;div class=&quot;row_col_wrap_12 col span_12 dark left&quot;&gt; &lt;div class=&quot;vc_col-sm-8 wpb_column column_container vc_column_container col no-extra-padding inherit_tablet inherit_phone &quot; data-padding-pos=&quot;all&quot; data-has-bg-color=&quot;false&quot; data-bg-color=&quot;&quot; data-bg-opacity=&quot;1&quot; data-animation=&quot;&quot; data-delay=&quot;0&quot;&gt; &lt;div class=&quot;vc_column-inner&quot;&gt; &lt;div class=&quot;wpb_wrapper&quot;&gt; &lt;div class=&quot;wpb_text_column wpb_content_element &quot;&gt; &lt;div class=&quot;wpb_wrapper&quot;&gt; &lt;div class=&quot;vc_col-sm-8 wpb_column column_container vc_column_container col no-extra-padding inherit_tablet inherit_phone &quot; data-padding-pos=&quot;all&quot; data-has-bg-color=&quot;false&quot; data-bg-color=&quot;&quot; data-bg-opacity=&quot;1&quot; data-animation=&quot;&quot; data-delay=&quot;0&quot;&gt; &lt;div class=&quot;vc_column-inner&quot;&gt; &lt;div class=&quot;wpb_wrapper&quot;&gt; &lt;div class=&quot;wpb_text_column wpb_content_element &quot;&gt; &lt;div class=&quot;wpb_wrapper&quot;&gt; &lt;p&gt;Zapraszamy na wystrza\u0142owe zaj\u0119cia &lt;strong&gt;FITNESS&lt;\/strong&gt;, pod okiem wykwalifikowanej instruktorki!&lt;br \/&gt; Mo\u017cliwo\u015b\u0107 nabycia karnet\u00f3w!&lt;br \/&gt; Super atmosfera!&lt;br \/&gt; Materia\u0142y do \u0107wicze\u0144!&lt;\/p&gt; &lt;p&gt;\ud83d\udfe9Poniedzia\u0142ki \u25aa\ufe0fStep cardio- trening ze stepem&lt;br \/&gt; 18:00-19:00&lt;\/p&gt; &lt;p&gt;\ud83d\udfe6Wtorki \u25aa\ufe0fSi\u0142a i sylwetka- trening z obci\u0105\u017ceniem&lt;br \/&gt; 18:00-19:00&lt;\/p&gt; &lt;p&gt;\ud83d\udfeaCzwartki \u25aa\ufe0fMobility -trening rozci\u0105gaj\u0105cy&lt;br \/&gt; 18:45-19:45&lt;\/p&gt; &lt;p&gt;&nbsp;&lt;\/p&gt; &lt;p&gt;Instruktor: Anna Porwit\/&lt;a href=&quot;https:\/\/www.facebook.com\/pasjamojaity&quot;&gt;Pasjamojaity&lt;\/a&gt;&lt;\/p&gt; &lt;p&gt;Zapisy pod nr tel. 796 500 690&lt;\/p&gt; &lt;\/div&gt; &lt;\/div&gt; &lt;\/div&gt; &lt;\/div&gt; &lt;\/div&gt; &lt;div class=&quot;vc_col-sm-4 wpb_column column_container vc_column_container col no-extra-padding inherit_tablet inherit_phone &quot; data-padding-pos=&quot;all&quot; data-has-bg-color=&quot;false&quot; data-bg-color=&quot;&quot; data-bg-opacity=&quot;1&quot; data-animation=&quot;&quot; data-delay=&quot;0&quot;&gt; &lt;div class=&quot;vc_column-inner&quot;&gt; &lt;div class=&quot;wpb_wrapper&quot;&gt; &lt;div class=&quot;img-with-aniamtion-wrap &quot; data-max-width=&quot;100%&quot; data-max-width-mobile=&quot;default&quot; data-shadow=&quot;none&quot; data-animation=&quot;fade-in&quot;&gt; &lt;div class=&quot;inner&quot;&gt; &lt;div class=&quot;hover-wrap&quot;&gt; &lt;div class=&quot;hover-wrap-inner&quot;&gt;&lt;\/div&gt; &lt;\/div&gt; &lt;\/div&gt; &lt;\/div&gt; &lt;\/div&gt; &lt;\/div&gt; &lt;\/div&gt; &lt;\/div&gt; &lt;\/div&gt; &lt;\/div&gt; &lt;\/div&gt; &lt;\/div&gt; &lt;\/div&gt; &lt;\/div&gt; \",\r\n            \"image\": \"\",\r\n            \"name\": \"Zaj\u0119cia FITNESS Step cardio- trening ze stepem\",\r\n            \"url\": \"https:\/\/bazanakrakowskiej.pl\/index.php\/wydarzenia\/stepstretch\/\"\r\n        }\r\n        <\/script>\r\n                            <article  data-href=\"https:\/\/bazanakrakowskiej.pl\/index.php\/wydarzenia\/stepstretch\/\" data-target=\"m1\" style=\"background:#00e4e8\" class=\"mec-past-event mec-event-article mec-tile-item  mec-clear   \">\r\n                                                                        <div class=\"event-tile-view-head clearfix\">\r\n                                                            <div class=\"mec-event-month\"><span class=\"mec-start-date-label\" itemprop=\"startDate\">11 maj<\/span><\/div>\r\n                                                        <div class=\"mec-event-time\"><i class=\"mec-sl-clock\"><\/i>18:00<\/div>\r\n                        <\/div>\r\n                        <div class=\"mec-event-content\" data-target=\"m1\" data-event-id=\"7040\">\r\n                            <a href=\"https:\/\/bazanakrakowskiej.pl\/index.php\/wydarzenia\/stepstretch\/\" target=\"m1\" class=\"mec-tile-into-content-link\"><\/a>                            <div class=\"mec-tile-event-content\">\r\n                                <div class=\"mec-event-detail\">\r\n                                                                                                            <span class=\"mec-event-loc-place\"><i class=\"mec-sl-location-pin\"><\/i>Baza na Krakowskiej\/ s. lustrzana<\/span>                                                                    <\/div>\r\n                                                                <h4 class=\"mec-event-title\"><a class=\"mec-color-hover\"  data-event-id=\"7040\" href=\"https:\/\/bazanakrakowskiej.pl\/index.php\/wydarzenia\/stepstretch\/\" target=\"m1\" rel=\"noopener\">Zaj\u0119cia FITNESS Step cardio- trening ze stepem<\/a><\/h4>\r\n                                                            <\/div>\r\n                        <\/div>\r\n                    <\/article>\r\n                <\/div>                    <div class=\"col-md-3 col-sm-3\">        <script type=\"application\/ld+json\">\r\n        {\r\n            \"@context\": \"http:\/\/schema.org\",\r\n            \"@type\": \"Event\",\r\n            \"eventStatus\": \"https:\/\/schema.org\/EventScheduled\",\r\n            \"startDate\": \"2026-05-12\",\r\n            \"endDate\": \"2026-05-12\",\r\n            \"eventAttendanceMode\": \"https:\/\/schema.org\/OfflineEventAttendanceMode\",\r\n            \"location\":\r\n            {\r\n                \"@type\": \"Place\",\r\n                                \"name\": \"Baza na Krakowskiej\",\r\n                \"image\": \"\",\r\n                \"address\": \"\"\r\n                            },\r\n            \"organizer\":\r\n            {\r\n                \"@type\": \"Person\",\r\n                \"name\": \"Barbara Niemczyk\",\r\n                \"url\": \"\"\r\n            },\r\n            \"offers\":\r\n            {\r\n                \"url\": \"https:\/\/bazanakrakowskiej.pl\/index.php\/wydarzenia\/przedprzedszkole-3\/\",\r\n                \"price\": \"\",\r\n                \"priceCurrency\": \"$\",\r\n                \"availability\": \"https:\/\/schema.org\/InStock\",\r\n                \"validFrom\": \"2026-05-12T00:00\"\r\n            },\r\n            \"performer\": \"\",\r\n            \"description\": \"&lt;p&gt;To zaj\u0119cia adaptacyjne dla dzieci &lt;strong&gt;2+&lt;\/strong&gt; (bez udzia\u0142u Rodzica), prowadzone wg autorskich scenariuszy, maj\u0105ce na celu przygotowanie maluch\u00f3w do p\u00f3j\u015bcia do przedszkola.&lt;\/p&gt; &lt;p&gt;&lt;strong&gt;NASZA OFERTA: &lt;\/strong&gt;&lt;\/p&gt; &lt;ul&gt; &lt;li&gt;Zaj\u0119cia 5 razy w tygodniu!&lt;\/li&gt; &lt;li&gt;Od poniedzia\u0142ku do pi\u0105tku w godzinach 8:00-13:00&lt;\/li&gt; &lt;li&gt;&lt;strong&gt;3&lt;\/strong&gt; abonamenty do wyboru + abonament indywidulany&lt;\/li&gt; &lt;li&gt;Nauka poprzez zabaw\u0119!&lt;\/li&gt; &lt;\/ul&gt; &lt;p&gt;&lt;strong&gt;Naszym celem jest:&lt;\/strong&gt;&lt;\/p&gt; &lt;p&gt;\u2013 nawi\u0105zywanie i wzmacnianie kontakt\u00f3w spo\u0142ecznych z dzie\u0107mi w grupie&lt;br \/&gt; \u2013 wdra\u017canie do samodzielno\u015bci poprzez nabywanie nowych umiej\u0119tno\u015bci&lt;br \/&gt; \u2013 stwarzanie warunk\u00f3w sprzyjaj\u0105cych wsp\u00f3lnej zabawie&lt;br \/&gt; \u2013 kszta\u0142towanie u dzieci zdolno\u015bci radzenia sobie w nowych sytuacjach&lt;br \/&gt; \u2013 zach\u0119canie do udzia\u0142u w zaj\u0119ciach artystycznych, plastycznych itp.&lt;\/p&gt; &lt;p&gt;&lt;strong&gt;Zapewniamy:&lt;\/strong&gt;&lt;\/p&gt; &lt;p&gt;\u2013 troskliw\u0105 opiek\u0119 i bezpiecze\u0144stwo&lt;br \/&gt; \u2013 przestronne sale, przystosowane do potrzeb dzieci&lt;br \/&gt; \u2013 zabawki, materia\u0142y edukacyjne&lt;br \/&gt; \u2013 zaj\u0119cia plastyczne, muzyczne itp.&lt;br \/&gt; \u2013 indywidulane podej\u015bcie do dziecka&lt;\/p&gt; &lt;p&gt;Szczeg\u00f3\u0142y tutaj: &lt;a href=&quot;https:\/\/bazanakrakowskiej.pl\/index.php\/przedprzedszkole\/&quot;&gt;https:\/\/bazanakrakowskiej.pl\/index.php\/przedprzedszkole\/&lt;\/a&gt;&lt;\/p&gt; \",\r\n            \"image\": \"\",\r\n            \"name\": \"PrzedPrzedszkole\",\r\n            \"url\": \"https:\/\/bazanakrakowskiej.pl\/index.php\/wydarzenia\/przedprzedszkole-3\/\"\r\n        }\r\n        <\/script>\r\n                            <article  data-href=\"https:\/\/bazanakrakowskiej.pl\/index.php\/wydarzenia\/przedprzedszkole-3\/\" data-target=\"m1\" style=\"background:#eae019\" class=\"mec-past-event mec-event-article mec-tile-item  mec-clear   \">\r\n                                                                        <div class=\"event-tile-view-head clearfix\">\r\n                                                            <div class=\"mec-event-month\"><span class=\"mec-start-date-label\" itemprop=\"startDate\">12 maj<\/span><\/div>\r\n                                                        <div class=\"mec-event-time\"><i class=\"mec-sl-clock\"><\/i>08:00<\/div>\r\n                        <\/div>\r\n                        <div class=\"mec-event-content\" data-target=\"m1\" data-event-id=\"7050\">\r\n                            <a href=\"https:\/\/bazanakrakowskiej.pl\/index.php\/wydarzenia\/przedprzedszkole-3\/\" target=\"m1\" class=\"mec-tile-into-content-link\"><\/a>                            <div class=\"mec-tile-event-content\">\r\n                                <div class=\"mec-event-detail\">\r\n                                                                                                            <span class=\"mec-event-loc-place\"><i class=\"mec-sl-location-pin\"><\/i>Baza na Krakowskiej<\/span>                                                                    <\/div>\r\n                                                                <h4 class=\"mec-event-title\"><a class=\"mec-color-hover\"  data-event-id=\"7050\" href=\"https:\/\/bazanakrakowskiej.pl\/index.php\/wydarzenia\/przedprzedszkole-3\/\" target=\"m1\" rel=\"noopener\">PrzedPrzedszkole<\/a><\/h4>\r\n                                                            <\/div>\r\n                        <\/div>\r\n                    <\/article>\r\n                <\/div>            <div class=\"col-md-3 col-sm-3\">        <script type=\"application\/ld+json\">\r\n        {\r\n            \"@context\": \"http:\/\/schema.org\",\r\n            \"@type\": \"Event\",\r\n            \"eventStatus\": \"https:\/\/schema.org\/EventScheduled\",\r\n            \"startDate\": \"2026-05-12\",\r\n            \"endDate\": \"2026-05-12\",\r\n            \"eventAttendanceMode\": \"https:\/\/schema.org\/OfflineEventAttendanceMode\",\r\n            \"location\":\r\n            {\r\n                \"@type\": \"Place\",\r\n                                \"name\": \"Baza na Krakowskiej\/ s. lustrzana\",\r\n                \"image\": \"\",\r\n                \"address\": \"\"\r\n                            },\r\n            \"organizer\":\r\n            {\r\n                \"@type\": \"Person\",\r\n                \"name\": \"Anna Porwit\",\r\n                \"url\": \"https:\/\/www.facebook.com\/pasjamojaity\"\r\n            },\r\n            \"offers\":\r\n            {\r\n                \"url\": \"https:\/\/bazanakrakowskiej.pl\/index.php\/wydarzenia\/zajecia-fitness\/\",\r\n                \"price\": \"\",\r\n                \"priceCurrency\": \"$\",\r\n                \"availability\": \"https:\/\/schema.org\/InStock\",\r\n                \"validFrom\": \"2026-05-12T00:00\"\r\n            },\r\n            \"performer\": \"\",\r\n            \"description\": \"&lt;div class=&quot;vc_col-sm-8 wpb_column column_container vc_column_container col no-extra-padding inherit_tablet inherit_phone &quot; data-padding-pos=&quot;all&quot; data-has-bg-color=&quot;false&quot; data-bg-color=&quot;&quot; data-bg-opacity=&quot;1&quot; data-animation=&quot;&quot; data-delay=&quot;0&quot;&gt; &lt;div class=&quot;vc_column-inner&quot;&gt; &lt;div class=&quot;wpb_wrapper&quot;&gt; &lt;div class=&quot;wpb_text_column wpb_content_element &quot;&gt; &lt;div class=&quot;wpb_wrapper&quot;&gt; &lt;div class=&quot;vc_col-sm-8 wpb_column column_container vc_column_container col no-extra-padding inherit_tablet inherit_phone &quot; data-padding-pos=&quot;all&quot; data-has-bg-color=&quot;false&quot; data-bg-color=&quot;&quot; data-bg-opacity=&quot;1&quot; data-animation=&quot;&quot; data-delay=&quot;0&quot;&gt; &lt;div class=&quot;vc_column-inner&quot;&gt; &lt;div class=&quot;wpb_wrapper&quot;&gt; &lt;div class=&quot;wpb_text_column wpb_content_element &quot;&gt; &lt;div class=&quot;wpb_wrapper&quot;&gt; &lt;p&gt;Zapraszamy na wystrza\u0142owe zaj\u0119cia &lt;strong&gt;FITNESS&lt;\/strong&gt;, pod okiem wykwalifikowanej instruktorki!&lt;br \/&gt; Mo\u017cliwo\u015b\u0107 nabycia karnet\u00f3w!&lt;br \/&gt; Super atmosfera!&lt;br \/&gt; Materia\u0142y do \u0107wicze\u0144!&lt;\/p&gt; &lt;p&gt;\ud83d\udfe9Poniedzia\u0142ki \u25aa\ufe0fStep cardio- trening ze stepem&lt;br \/&gt; 18:00-19:00&lt;\/p&gt; &lt;p&gt;\ud83d\udfe6Wtorki \u25aa\ufe0fSi\u0142a i sylwetka- trening z obci\u0105\u017ceniem&lt;br \/&gt; 18:00-19:00&lt;\/p&gt; &lt;p&gt;\ud83d\udfeaCzwartki \u25aa\ufe0fMobility -trening rozci\u0105gaj\u0105cy&lt;br \/&gt; 18:45-19:45&lt;\/p&gt; &lt;p&gt;&nbsp;&lt;\/p&gt; &lt;p&gt;Instruktor: Anna Porwit\/&lt;a href=&quot;https:\/\/www.facebook.com\/pasjamojaity&quot;&gt;Pasjamojaity&lt;\/a&gt;&lt;\/p&gt; &lt;p&gt;Zapisy pod nr tel. 796 500 690&lt;\/p&gt; &lt;p&gt;&nbsp;&lt;\/p&gt; &lt;div class=&quot;vc_col-sm-4 wpb_column column_container vc_column_container col no-extra-padding inherit_tablet inherit_phone &quot; data-padding-pos=&quot;all&quot; data-has-bg-color=&quot;false&quot; data-bg-color=&quot;&quot; data-bg-opacity=&quot;1&quot; data-animation=&quot;&quot; data-delay=&quot;0&quot;&gt; &lt;div class=&quot;vc_column-inner&quot;&gt; &lt;div class=&quot;wpb_wrapper&quot;&gt; &lt;div class=&quot;img-with-aniamtion-wrap &quot; data-max-width=&quot;100%&quot; data-max-width-mobile=&quot;default&quot; data-shadow=&quot;none&quot; data-animation=&quot;fade-in&quot;&gt; &lt;div class=&quot;inner&quot;&gt; &lt;div class=&quot;hover-wrap&quot;&gt; &lt;div class=&quot;hover-wrap-inner&quot;&gt;&lt;\/div&gt; &lt;\/div&gt; &lt;\/div&gt; &lt;\/div&gt; &lt;\/div&gt; &lt;\/div&gt; &lt;\/div&gt; &lt;\/div&gt; &lt;\/div&gt; &lt;\/div&gt; &lt;\/div&gt; &lt;\/div&gt; &lt;div class=&quot;vc_col-sm-4 wpb_column column_container vc_column_container col no-extra-padding inherit_tablet inherit_phone &quot; data-padding-pos=&quot;all&quot; data-has-bg-color=&quot;false&quot; data-bg-color=&quot;&quot; data-bg-opacity=&quot;1&quot; data-animation=&quot;&quot; data-delay=&quot;0&quot;&gt; &lt;div class=&quot;vc_column-inner&quot;&gt; &lt;div class=&quot;wpb_wrapper&quot;&gt; &lt;div class=&quot;img-with-aniamtion-wrap &quot; data-max-width=&quot;100%&quot; data-max-width-mobile=&quot;default&quot; data-shadow=&quot;none&quot; data-animation=&quot;fade-in&quot;&gt; &lt;div class=&quot;inner&quot;&gt; &lt;div class=&quot;hover-wrap&quot;&gt; &lt;div class=&quot;hover-wrap-inner&quot;&gt;&lt;\/div&gt; &lt;\/div&gt; &lt;\/div&gt; &lt;\/div&gt; &lt;\/div&gt; &lt;\/div&gt; &lt;\/div&gt; &lt;\/div&gt; &lt;\/div&gt; &lt;\/div&gt; &lt;\/div&gt; &lt;\/div&gt; \",\r\n            \"image\": \"\",\r\n            \"name\": \"Zaj\u0119cia FITNESS Si\u0142a i sylwetka- trening z obci\u0105\u017ceniem\",\r\n            \"url\": \"https:\/\/bazanakrakowskiej.pl\/index.php\/wydarzenia\/zajecia-fitness\/\"\r\n        }\r\n        <\/script>\r\n                            <article  data-href=\"https:\/\/bazanakrakowskiej.pl\/index.php\/wydarzenia\/zajecia-fitness\/\" data-target=\"m1\" style=\"background:#00e4e8\" class=\"mec-past-event mec-event-article mec-tile-item  mec-clear   \">\r\n                                                                        <div class=\"event-tile-view-head clearfix\">\r\n                                                            <div class=\"mec-event-month\"><span class=\"mec-start-date-label\" itemprop=\"startDate\">12 maj<\/span><\/div>\r\n                                                        <div class=\"mec-event-time\"><i class=\"mec-sl-clock\"><\/i>18:00<\/div>\r\n                        <\/div>\r\n                        <div class=\"mec-event-content\" data-target=\"m1\" data-event-id=\"6923\">\r\n                            <a href=\"https:\/\/bazanakrakowskiej.pl\/index.php\/wydarzenia\/zajecia-fitness\/\" target=\"m1\" class=\"mec-tile-into-content-link\"><\/a>                            <div class=\"mec-tile-event-content\">\r\n                                <div class=\"mec-event-detail\">\r\n                                                                                                            <span class=\"mec-event-loc-place\"><i class=\"mec-sl-location-pin\"><\/i>Baza na Krakowskiej\/ s. lustrzana<\/span>                                                                    <\/div>\r\n                                                                <h4 class=\"mec-event-title\"><a class=\"mec-color-hover\"  data-event-id=\"6923\" href=\"https:\/\/bazanakrakowskiej.pl\/index.php\/wydarzenia\/zajecia-fitness\/\" target=\"m1\" rel=\"noopener\">Zaj\u0119cia FITNESS Si\u0142a i sylwetka- trening z obci\u0105\u017ceniem<\/a><\/h4>\r\n                                                            <\/div>\r\n                        <\/div>\r\n                    <\/article>\r\n                <\/div><\/div>                    <div class=\"row\"><div class=\"col-md-3 col-sm-3\">        <script type=\"application\/ld+json\">\r\n        {\r\n            \"@context\": \"http:\/\/schema.org\",\r\n            \"@type\": \"Event\",\r\n            \"eventStatus\": \"https:\/\/schema.org\/EventScheduled\",\r\n            \"startDate\": \"2026-05-13\",\r\n            \"endDate\": \"2026-05-13\",\r\n            \"eventAttendanceMode\": \"https:\/\/schema.org\/OfflineEventAttendanceMode\",\r\n            \"location\":\r\n            {\r\n                \"@type\": \"Place\",\r\n                                \"name\": \"Baza na Krakowskiej\",\r\n                \"image\": \"\",\r\n                \"address\": \"\"\r\n                            },\r\n            \"organizer\":\r\n            {\r\n                \"@type\": \"Person\",\r\n                \"name\": \"Barbara Niemczyk\",\r\n                \"url\": \"\"\r\n            },\r\n            \"offers\":\r\n            {\r\n                \"url\": \"https:\/\/bazanakrakowskiej.pl\/index.php\/wydarzenia\/przedprzedszkole-3\/\",\r\n                \"price\": \"\",\r\n                \"priceCurrency\": \"$\",\r\n                \"availability\": \"https:\/\/schema.org\/InStock\",\r\n                \"validFrom\": \"2026-05-13T00:00\"\r\n            },\r\n            \"performer\": \"\",\r\n            \"description\": \"&lt;p&gt;To zaj\u0119cia adaptacyjne dla dzieci &lt;strong&gt;2+&lt;\/strong&gt; (bez udzia\u0142u Rodzica), prowadzone wg autorskich scenariuszy, maj\u0105ce na celu przygotowanie maluch\u00f3w do p\u00f3j\u015bcia do przedszkola.&lt;\/p&gt; &lt;p&gt;&lt;strong&gt;NASZA OFERTA: &lt;\/strong&gt;&lt;\/p&gt; &lt;ul&gt; &lt;li&gt;Zaj\u0119cia 5 razy w tygodniu!&lt;\/li&gt; &lt;li&gt;Od poniedzia\u0142ku do pi\u0105tku w godzinach 8:00-13:00&lt;\/li&gt; &lt;li&gt;&lt;strong&gt;3&lt;\/strong&gt; abonamenty do wyboru + abonament indywidulany&lt;\/li&gt; &lt;li&gt;Nauka poprzez zabaw\u0119!&lt;\/li&gt; &lt;\/ul&gt; &lt;p&gt;&lt;strong&gt;Naszym celem jest:&lt;\/strong&gt;&lt;\/p&gt; &lt;p&gt;\u2013 nawi\u0105zywanie i wzmacnianie kontakt\u00f3w spo\u0142ecznych z dzie\u0107mi w grupie&lt;br \/&gt; \u2013 wdra\u017canie do samodzielno\u015bci poprzez nabywanie nowych umiej\u0119tno\u015bci&lt;br \/&gt; \u2013 stwarzanie warunk\u00f3w sprzyjaj\u0105cych wsp\u00f3lnej zabawie&lt;br \/&gt; \u2013 kszta\u0142towanie u dzieci zdolno\u015bci radzenia sobie w nowych sytuacjach&lt;br \/&gt; \u2013 zach\u0119canie do udzia\u0142u w zaj\u0119ciach artystycznych, plastycznych itp.&lt;\/p&gt; &lt;p&gt;&lt;strong&gt;Zapewniamy:&lt;\/strong&gt;&lt;\/p&gt; &lt;p&gt;\u2013 troskliw\u0105 opiek\u0119 i bezpiecze\u0144stwo&lt;br \/&gt; \u2013 przestronne sale, przystosowane do potrzeb dzieci&lt;br \/&gt; \u2013 zabawki, materia\u0142y edukacyjne&lt;br \/&gt; \u2013 zaj\u0119cia plastyczne, muzyczne itp.&lt;br \/&gt; \u2013 indywidulane podej\u015bcie do dziecka&lt;\/p&gt; &lt;p&gt;Szczeg\u00f3\u0142y tutaj: &lt;a href=&quot;https:\/\/bazanakrakowskiej.pl\/index.php\/przedprzedszkole\/&quot;&gt;https:\/\/bazanakrakowskiej.pl\/index.php\/przedprzedszkole\/&lt;\/a&gt;&lt;\/p&gt; \",\r\n            \"image\": \"\",\r\n            \"name\": \"PrzedPrzedszkole\",\r\n            \"url\": \"https:\/\/bazanakrakowskiej.pl\/index.php\/wydarzenia\/przedprzedszkole-3\/\"\r\n        }\r\n        <\/script>\r\n                            <article  data-href=\"https:\/\/bazanakrakowskiej.pl\/index.php\/wydarzenia\/przedprzedszkole-3\/\" data-target=\"m1\" style=\"background:#eae019\" class=\"mec-past-event mec-event-article mec-tile-item  mec-clear   \">\r\n                                                                        <div class=\"event-tile-view-head clearfix\">\r\n                                                            <div class=\"mec-event-month\"><span class=\"mec-start-date-label\" itemprop=\"startDate\">13 maj<\/span><\/div>\r\n                                                        <div class=\"mec-event-time\"><i class=\"mec-sl-clock\"><\/i>08:00<\/div>\r\n                        <\/div>\r\n                        <div class=\"mec-event-content\" data-target=\"m1\" data-event-id=\"7050\">\r\n                            <a href=\"https:\/\/bazanakrakowskiej.pl\/index.php\/wydarzenia\/przedprzedszkole-3\/\" target=\"m1\" class=\"mec-tile-into-content-link\"><\/a>                            <div class=\"mec-tile-event-content\">\r\n                                <div class=\"mec-event-detail\">\r\n                                                                                                            <span class=\"mec-event-loc-place\"><i class=\"mec-sl-location-pin\"><\/i>Baza na Krakowskiej<\/span>                                                                    <\/div>\r\n                                                                <h4 class=\"mec-event-title\"><a class=\"mec-color-hover\"  data-event-id=\"7050\" href=\"https:\/\/bazanakrakowskiej.pl\/index.php\/wydarzenia\/przedprzedszkole-3\/\" target=\"m1\" rel=\"noopener\">PrzedPrzedszkole<\/a><\/h4>\r\n                                                            <\/div>\r\n                        <\/div>\r\n                    <\/article>\r\n                <\/div>            <div class=\"col-md-3 col-sm-3\">        <script type=\"application\/ld+json\">\r\n        {\r\n            \"@context\": \"http:\/\/schema.org\",\r\n            \"@type\": \"Event\",\r\n            \"eventStatus\": \"https:\/\/schema.org\/EventScheduled\",\r\n            \"startDate\": \"2026-05-13\",\r\n            \"endDate\": \"2026-05-13\",\r\n            \"eventAttendanceMode\": \"https:\/\/schema.org\/OfflineEventAttendanceMode\",\r\n            \"location\":\r\n            {\r\n                \"@type\": \"Place\",\r\n                                \"name\": \"Szko\u0142a Podstawowa w Bestwinie\",\r\n                \"image\": \"\",\r\n                \"address\": \"\"\r\n                            },\r\n            \"organizer\":\r\n            {\r\n                \"@type\": \"Person\",\r\n                \"name\": \"Gabriela Nguyen Nam\",\r\n                \"url\": \"\"\r\n            },\r\n            \"offers\":\r\n            {\r\n                \"url\": \"https:\/\/bazanakrakowskiej.pl\/index.php\/wydarzenia\/bazaart-junior-taniec-wspolczesny\/\",\r\n                \"price\": \"\",\r\n                \"priceCurrency\": \"$\",\r\n                \"availability\": \"https:\/\/schema.org\/InStock\",\r\n                \"validFrom\": \"2026-05-13T00:00\"\r\n            },\r\n            \"performer\": \"\",\r\n            \"description\": \"&lt;p&gt;&lt;strong&gt;BazaART Junior \/Taniec wsp\u00f3\u0142czesny&lt;\/strong&gt;&lt;b&gt;&lt;br \/&gt; &lt;strong&gt;(gr. wiekowa 6-8 lat)&lt;\/strong&gt;&lt;br \/&gt; &lt;\/b&gt;zaj\u0119cia 2 razy w tygodniu&lt;\/p&gt; &lt;p&gt;&lt;strong&gt;Poniedzia\u0142ki&lt;\/strong&gt; godz. 16:00-17:00 (Szko\u0142a Podstawowa w Bestwinie)&lt;\/p&gt; &lt;p&gt;&lt;strong&gt;\u015arody&lt;\/strong&gt; godz.15:30-17:00 (Szko\u0142a Podstawowa w Bestwinie)&lt;\/p&gt; &lt;p&gt;Koszt: 40 z\u0142 \/msc&lt;\/p&gt; &lt;p&gt;&nbsp;&lt;\/p&gt; &lt;p&gt;Wi\u0119cej o zaj\u0119ciach przeczytasz tutaj: &lt;a href=&quot;https:\/\/bazanakrakowskiej.pl\/index.php\/zajecia-taneczne\/&quot;&gt;Taniec wsp\u00f3\u0142czesny \u2013 BAZA NA KRAKOWSKIEJ&lt;\/a&gt;&lt;\/p&gt; \",\r\n            \"image\": \"\",\r\n            \"name\": \"BazaART Junior- taniec wsp\u00f3\u0142czesny 6-8 lat\",\r\n            \"url\": \"https:\/\/bazanakrakowskiej.pl\/index.php\/wydarzenia\/bazaart-junior-taniec-wspolczesny\/\"\r\n        }\r\n        <\/script>\r\n                            <article  data-href=\"https:\/\/bazanakrakowskiej.pl\/index.php\/wydarzenia\/bazaart-junior-taniec-wspolczesny\/\" data-target=\"m1\" style=\"background:#f2823c\" class=\"mec-past-event mec-event-article mec-tile-item  mec-clear   \">\r\n                                                                        <div class=\"event-tile-view-head clearfix\">\r\n                                                            <div class=\"mec-event-month\"><span class=\"mec-start-date-label\" itemprop=\"startDate\">13 maj<\/span><\/div>\r\n                                                        <div class=\"mec-event-time\"><i class=\"mec-sl-clock\"><\/i>15:30<\/div>\r\n                        <\/div>\r\n                        <div class=\"mec-event-content\" data-target=\"m1\" data-event-id=\"7935\">\r\n                            <a href=\"https:\/\/bazanakrakowskiej.pl\/index.php\/wydarzenia\/bazaart-junior-taniec-wspolczesny\/\" target=\"m1\" class=\"mec-tile-into-content-link\"><\/a>                            <div class=\"mec-tile-event-content\">\r\n                                <div class=\"mec-event-detail\">\r\n                                                                                                            <span class=\"mec-event-loc-place\"><i class=\"mec-sl-location-pin\"><\/i>Szko\u0142a Podstawowa w Bestwinie<\/span>                                                                    <\/div>\r\n                                                                <h4 class=\"mec-event-title\"><a class=\"mec-color-hover\"  data-event-id=\"7935\" href=\"https:\/\/bazanakrakowskiej.pl\/index.php\/wydarzenia\/bazaart-junior-taniec-wspolczesny\/\" target=\"m1\" rel=\"noopener\">BazaART Junior- taniec wsp\u00f3\u0142czesny 6-8 lat<\/a><\/h4>\r\n                                                            <\/div>\r\n                        <\/div>\r\n                    <\/article>\r\n                <\/div>            <div class=\"col-md-3 col-sm-3\">        <script type=\"application\/ld+json\">\r\n        {\r\n            \"@context\": \"http:\/\/schema.org\",\r\n            \"@type\": \"Event\",\r\n            \"eventStatus\": \"https:\/\/schema.org\/EventScheduled\",\r\n            \"startDate\": \"2026-05-13\",\r\n            \"endDate\": \"2026-05-13\",\r\n            \"eventAttendanceMode\": \"https:\/\/schema.org\/OfflineEventAttendanceMode\",\r\n            \"location\":\r\n            {\r\n                \"@type\": \"Place\",\r\n                                \"name\": \"Baza na Krakowskiej\/ s. lustrzana\",\r\n                \"image\": \"\",\r\n                \"address\": \"\"\r\n                            },\r\n            \"organizer\":\r\n            {\r\n                \"@type\": \"Person\",\r\n                \"name\": \"Paulina Gw\u00f3\u017ad\u017a\",\r\n                \"url\": \"https:\/\/www.instagram.com\/studio.gwozdz\/\"\r\n            },\r\n            \"offers\":\r\n            {\r\n                \"url\": \"https:\/\/bazanakrakowskiej.pl\/index.php\/wydarzenia\/kurs-tanca-towarzyskiego-dla-dzieci\/\",\r\n                \"price\": \"\",\r\n                \"priceCurrency\": \"$\",\r\n                \"availability\": \"https:\/\/schema.org\/InStock\",\r\n                \"validFrom\": \"2026-05-13T00:00\"\r\n            },\r\n            \"performer\": \"\",\r\n            \"description\": \"&lt;p&gt;&lt;span style=&quot;color: #993366;&quot;&gt;&lt;strong&gt;KURS TA\u0143CA TOWARZYSKIEGO dla dzieci! &lt;\/strong&gt;&lt;\/span&gt;&lt;br \/&gt; Czeka nas spora dawka ruchu i przede wszystkim dobra zabawa!&lt;\/p&gt; &lt;p&gt;Koszt 140 z\u0142\/msc&lt;\/p&gt; &lt;p&gt;Zaj\u0119cia w ka\u017cd\u0105 \u015brod\u0119 od godz.&lt;span style=&quot;color: #993366;&quot;&gt;16:30-17:30&lt;\/span&gt;&lt;br \/&gt; Zapraszamy dzieci w wieku od 5-8 lat.&lt;\/p&gt; &lt;p&gt;Zaj\u0119cia podsumowane b\u0119d\u0105 pokazem ta\u0144ca podczas wyst\u0119pu \u015bwi\u0105tecznego oraz corocznej GALI \ud83d\ude42&lt;\/p&gt; &lt;p&gt;Zaj\u0119cia poprowadzi &lt;span style=&quot;color: #993366;&quot;&gt;&lt;strong&gt;Paulina Gw\u00f3\u017ad\u017a&lt;\/strong&gt;&lt;\/span&gt;, tancerka ta\u0144ca towarzyskiego od ponad 18 lat. Na swojej tanecznej drodze szkoli\u0142a si\u0119 u mistrz\u00f3w \u015awiata, Europy i Polski. Posiada najwy\u017csz\u0105 mi\u0119dzynarodow\u0105 klas\u0119 taneczn\u0105 &#8222;S&#8221; w ta\u0144cach latynoameryka\u0144skich.&lt;\/p&gt; &lt;p&gt;Zapisy i informacje pod nr tel. 731 251 102.&lt;br \/&gt; Ograniczona ilo\u015b\u0107 miejsc.&lt;\/p&gt; &lt;p&gt;&nbsp;&lt;\/p&gt; &lt;div class=&quot;figure&quot;&gt;&lt;img loading=&quot;lazy&quot; decoding=&quot;async&quot; class=&quot;alignnone size-medium wp-image-8361&quot; src=&quot;https:\/\/bazanakrakowskiej.pl\/wp-content\/uploads\/2025\/07\/Taniec-212x300.png&quot; alt=&quot;&quot; width=&quot;212&quot; height=&quot;300&quot; srcset=&quot;https:\/\/bazanakrakowskiej.pl\/wp-content\/uploads\/2025\/07\/Taniec-212x300.png 212w, https:\/\/bazanakrakowskiej.pl\/wp-content\/uploads\/2025\/07\/Taniec-724x1024.png 724w, https:\/\/bazanakrakowskiej.pl\/wp-content\/uploads\/2025\/07\/Taniec-768x1086.png 768w, https:\/\/bazanakrakowskiej.pl\/wp-content\/uploads\/2025\/07\/Taniec-1086x1536.png 1086w, https:\/\/bazanakrakowskiej.pl\/wp-content\/uploads\/2025\/07\/Taniec-1448x2048.png 1448w, https:\/\/bazanakrakowskiej.pl\/wp-content\/uploads\/2025\/07\/Taniec.png 1587w&quot; sizes=&quot;auto, (max-width: 212px) 100vw, 212px&quot; \/&gt;&lt;\/div&gt; \",\r\n            \"image\": \"\",\r\n            \"name\": \"Kurs ta\u0144ca towarzyskiego dla dzieci\",\r\n            \"url\": \"https:\/\/bazanakrakowskiej.pl\/index.php\/wydarzenia\/kurs-tanca-towarzyskiego-dla-dzieci\/\"\r\n        }\r\n        <\/script>\r\n                            <article  data-href=\"https:\/\/bazanakrakowskiej.pl\/index.php\/wydarzenia\/kurs-tanca-towarzyskiego-dla-dzieci\/\" data-target=\"m1\" style=\"background:#f46ee2\" class=\"mec-past-event mec-event-article mec-tile-item  mec-clear   \">\r\n                                                                        <div class=\"event-tile-view-head clearfix\">\r\n                                                            <div class=\"mec-event-month\"><span class=\"mec-start-date-label\" itemprop=\"startDate\">13 maj<\/span><\/div>\r\n                                                        <div class=\"mec-event-time\"><i class=\"mec-sl-clock\"><\/i>16:30<\/div>\r\n                        <\/div>\r\n                        <div class=\"mec-event-content\" data-target=\"m1\" data-event-id=\"7459\">\r\n                            <a href=\"https:\/\/bazanakrakowskiej.pl\/index.php\/wydarzenia\/kurs-tanca-towarzyskiego-dla-dzieci\/\" target=\"m1\" class=\"mec-tile-into-content-link\"><\/a>                            <div class=\"mec-tile-event-content\">\r\n                                <div class=\"mec-event-detail\">\r\n                                                                                                            <span class=\"mec-event-loc-place\"><i class=\"mec-sl-location-pin\"><\/i>Baza na Krakowskiej\/ s. lustrzana<\/span>                                                                    <\/div>\r\n                                                                <h4 class=\"mec-event-title\"><a class=\"mec-color-hover\"  data-event-id=\"7459\" href=\"https:\/\/bazanakrakowskiej.pl\/index.php\/wydarzenia\/kurs-tanca-towarzyskiego-dla-dzieci\/\" target=\"m1\" rel=\"noopener\">Kurs ta\u0144ca towarzyskiego dla dzieci<\/a><\/h4>\r\n                                                            <\/div>\r\n                        <\/div>\r\n                    <\/article>\r\n                <\/div>            <div class=\"col-md-3 col-sm-3\">        <script type=\"application\/ld+json\">\r\n        {\r\n            \"@context\": \"http:\/\/schema.org\",\r\n            \"@type\": \"Event\",\r\n            \"eventStatus\": \"https:\/\/schema.org\/EventScheduled\",\r\n            \"startDate\": \"2026-05-13\",\r\n            \"endDate\": \"2026-05-13\",\r\n            \"eventAttendanceMode\": \"https:\/\/schema.org\/OfflineEventAttendanceMode\",\r\n            \"location\":\r\n            {\r\n                \"@type\": \"Place\",\r\n                                \"name\": \"Szko\u0142a Podstawowa w Bestwinie\",\r\n                \"image\": \"\",\r\n                \"address\": \"\"\r\n                            },\r\n            \"organizer\":\r\n            {\r\n                \"@type\": \"Person\",\r\n                \"name\": \"Gabriela Nguyen Nam\",\r\n                \"url\": \"\"\r\n            },\r\n            \"offers\":\r\n            {\r\n                \"url\": \"https:\/\/bazanakrakowskiej.pl\/index.php\/wydarzenia\/bazaart-junior-plus-taniec-wspolczesny\/\",\r\n                \"price\": \"\",\r\n                \"priceCurrency\": \"$\",\r\n                \"availability\": \"https:\/\/schema.org\/InStock\",\r\n                \"validFrom\": \"2026-05-13T00:00\"\r\n            },\r\n            \"performer\": \"\",\r\n            \"description\": \"&lt;p&gt;&lt;strong&gt;BazaART Junior PLUS\/Taniec wsp\u00f3\u0142czesny&lt;\/strong&gt;&lt;b&gt;&lt;br \/&gt; &lt;strong&gt;(gr. wiekowa 6-8 lat)&lt;\/strong&gt;&lt;br \/&gt; &lt;\/b&gt;zaj\u0119cia 2 razy w tygodniu&lt;\/p&gt; &lt;p&gt;&lt;strong&gt;Poniedzia\u0142ki&lt;\/strong&gt; godz. 16:00-17:30 (Szko\u0142a Podstawowa w Bestwinie)&lt;\/p&gt; &lt;p&gt;&lt;strong&gt;\u015arody&lt;\/strong&gt; godz.17:00- 18:30 (Szko\u0142a Podstawowa w Bestwinie)&lt;\/p&gt; &lt;p&gt;Koszt: 40 z\u0142 \/msc&lt;\/p&gt; &lt;p&gt;&nbsp;&lt;\/p&gt; &lt;p&gt;Wi\u0119cej o zaj\u0119ciach przeczytasz tutaj: &lt;a href=&quot;https:\/\/bazanakrakowskiej.pl\/index.php\/zajecia-taneczne\/&quot;&gt;Taniec wsp\u00f3\u0142czesny \u2013 BAZA NA KRAKOWSKIEJ&lt;\/a&gt;&lt;\/p&gt; \",\r\n            \"image\": \"\",\r\n            \"name\": \"BazaART Junior PLUS \/Taniec wsp\u00f3\u0142czesny\",\r\n            \"url\": \"https:\/\/bazanakrakowskiej.pl\/index.php\/wydarzenia\/bazaart-junior-plus-taniec-wspolczesny\/\"\r\n        }\r\n        <\/script>\r\n                            <article  data-href=\"https:\/\/bazanakrakowskiej.pl\/index.php\/wydarzenia\/bazaart-junior-plus-taniec-wspolczesny\/\" data-target=\"m1\" style=\"background:#f20c77\" class=\"mec-past-event mec-event-article mec-tile-item  mec-clear   \">\r\n                                                                        <div class=\"event-tile-view-head clearfix\">\r\n                                                            <div class=\"mec-event-month\"><span class=\"mec-start-date-label\" itemprop=\"startDate\">13 maj<\/span><\/div>\r\n                                                        <div class=\"mec-event-time\"><i class=\"mec-sl-clock\"><\/i>17:00<\/div>\r\n                        <\/div>\r\n                        <div class=\"mec-event-content\" data-target=\"m1\" data-event-id=\"8587\">\r\n                            <a href=\"https:\/\/bazanakrakowskiej.pl\/index.php\/wydarzenia\/bazaart-junior-plus-taniec-wspolczesny\/\" target=\"m1\" class=\"mec-tile-into-content-link\"><\/a>                            <div class=\"mec-tile-event-content\">\r\n                                <div class=\"mec-event-detail\">\r\n                                                                                                            <span class=\"mec-event-loc-place\"><i class=\"mec-sl-location-pin\"><\/i>Szko\u0142a Podstawowa w Bestwinie<\/span>                                                                    <\/div>\r\n                                                                <h4 class=\"mec-event-title\"><a class=\"mec-color-hover\"  data-event-id=\"8587\" href=\"https:\/\/bazanakrakowskiej.pl\/index.php\/wydarzenia\/bazaart-junior-plus-taniec-wspolczesny\/\" target=\"m1\" rel=\"noopener\">BazaART Junior PLUS \/Taniec wsp\u00f3\u0142czesny<\/a><\/h4>\r\n                                                            <\/div>\r\n                        <\/div>\r\n                    <\/article>\r\n                <\/div><\/div>            <div class=\"row\"><div class=\"col-md-3 col-sm-3\">        <script type=\"application\/ld+json\">\r\n        {\r\n            \"@context\": \"http:\/\/schema.org\",\r\n            \"@type\": \"Event\",\r\n            \"eventStatus\": \"https:\/\/schema.org\/EventScheduled\",\r\n            \"startDate\": \"2026-05-13\",\r\n            \"endDate\": \"2026-05-13\",\r\n            \"eventAttendanceMode\": \"https:\/\/schema.org\/OfflineEventAttendanceMode\",\r\n            \"location\":\r\n            {\r\n                \"@type\": \"Place\",\r\n                                \"name\": \"Baza na Krakowskiej\/ s. lustrzana\",\r\n                \"image\": \"\",\r\n                \"address\": \"\"\r\n                            },\r\n            \"organizer\":\r\n            {\r\n                \"@type\": \"Person\",\r\n                \"name\": \"Paulina Gw\u00f3\u017ad\u017a\",\r\n                \"url\": \"https:\/\/www.instagram.com\/studio.gwozdz\/\"\r\n            },\r\n            \"offers\":\r\n            {\r\n                \"url\": \"https:\/\/bazanakrakowskiej.pl\/index.php\/wydarzenia\/latino-ladies-style-kurs-tanca-dla-kobiet\/\",\r\n                \"price\": \"\",\r\n                \"priceCurrency\": \"$\",\r\n                \"availability\": \"https:\/\/schema.org\/InStock\",\r\n                \"validFrom\": \"2026-05-13T00:00\"\r\n            },\r\n            \"performer\": \"\",\r\n            \"description\": \"&lt;p&gt;&lt;strong&gt;3 miesi\u0119czny kurs ta\u0144ca dla kobiet! &lt;\/strong&gt;&lt;\/p&gt; &lt;p&gt;Zapraszamy na nowe zaj\u0119cia taneczne pe\u0142ne energii i rado\u015bci!&lt;\/p&gt; &lt;p&gt;Od podstaw nauczymy nie tylko krok\u00f3w, ale i ekspresji ruch\u00f3w w rytmie w\u0142asnego cia\u0142a.&lt;\/p&gt; &lt;p&gt;Odkryjemy swoj\u0105 zmys\u0142owo\u015b\u0107, kobieco\u015b\u0107, zasmakujemy r\u00f3\u017cnych styl\u00f3w latynoameryka\u0144skich!&lt;\/p&gt; &lt;p&gt;Kurs potrwa od pa\u017adziernika do grudnia (mo\u017cliwo\u015b\u0107 kontynuacji).&lt;\/p&gt; &lt;p&gt;Zaj\u0119cia w ka\u017cd\u0105 o godz.17:30-18:30&lt;\/p&gt; &lt;p&gt;Zaj\u0119cia poprowadzi &lt;strong&gt;Paulina Gw\u00f3\u017ad\u017a&lt;\/strong&gt;, tancerka ta\u0144ca towarzyskiego od ponad 18 lat.&lt;br \/&gt; Na swojej tanecznej drodze szkoli\u0142a si\u0119 u mistrz\u00f3w \u015awiata, Europy i Polski.&lt;br \/&gt; najwy\u017csz\u0105 mi\u0119dzynarodow\u0105 klas\u0119 taneczn\u0105 \u201eS\u201d w ta\u0144cach latynoameryka\u0144skich.&lt;\/p&gt; &lt;p&gt;Zapisy i informacje pod nr tel 731 251 102.&lt;\/p&gt; &lt;p&gt;Ograniczona ilo\u015b\u0107 miejsc.&lt;br \/&gt; (start zaj\u0119\u0107 przy min.4 osobach)&lt;\/p&gt; &lt;p&gt;Cena za kurs (12 spotka\u0144): 390 z\u0142&lt;\/p&gt; \",\r\n            \"image\": \"\",\r\n            \"name\": \"Latino Ladies Style- kurs ta\u0144ca dla kobiet\",\r\n            \"url\": \"https:\/\/bazanakrakowskiej.pl\/index.php\/wydarzenia\/latino-ladies-style-kurs-tanca-dla-kobiet\/\"\r\n        }\r\n        <\/script>\r\n                            <article  data-href=\"https:\/\/bazanakrakowskiej.pl\/index.php\/wydarzenia\/latino-ladies-style-kurs-tanca-dla-kobiet\/\" data-target=\"m1\" style=\"background:#0082f4\" class=\"mec-past-event mec-event-article mec-tile-item  mec-clear   \">\r\n                                                                        <div class=\"event-tile-view-head clearfix\">\r\n                                                            <div class=\"mec-event-month\"><span class=\"mec-start-date-label\" itemprop=\"startDate\">13 maj<\/span><\/div>\r\n                                                        <div class=\"mec-event-time\"><i class=\"mec-sl-clock\"><\/i>17:30<\/div>\r\n                        <\/div>\r\n                        <div class=\"mec-event-content\" data-target=\"m1\" data-event-id=\"8035\">\r\n                            <a href=\"https:\/\/bazanakrakowskiej.pl\/index.php\/wydarzenia\/latino-ladies-style-kurs-tanca-dla-kobiet\/\" target=\"m1\" class=\"mec-tile-into-content-link\"><\/a>                            <div class=\"mec-tile-event-content\">\r\n                                <div class=\"mec-event-detail\">\r\n                                                                                                            <span class=\"mec-event-loc-place\"><i class=\"mec-sl-location-pin\"><\/i>Baza na Krakowskiej\/ s. lustrzana<\/span>                                                                    <\/div>\r\n                                                                <h4 class=\"mec-event-title\"><a class=\"mec-color-hover\"  data-event-id=\"8035\" href=\"https:\/\/bazanakrakowskiej.pl\/index.php\/wydarzenia\/latino-ladies-style-kurs-tanca-dla-kobiet\/\" target=\"m1\" rel=\"noopener\">Latino Ladies Style- kurs ta\u0144ca dla kobiet<\/a><\/h4>\r\n                                                            <\/div>\r\n                        <\/div>\r\n                    <\/article>\r\n                <\/div>            <div class=\"col-md-3 col-sm-3\">        <script type=\"application\/ld+json\">\r\n        {\r\n            \"@context\": \"http:\/\/schema.org\",\r\n            \"@type\": \"Event\",\r\n            \"eventStatus\": \"https:\/\/schema.org\/EventScheduled\",\r\n            \"startDate\": \"2026-05-13\",\r\n            \"endDate\": \"2026-05-13\",\r\n            \"eventAttendanceMode\": \"https:\/\/schema.org\/OfflineEventAttendanceMode\",\r\n            \"location\":\r\n            {\r\n                \"@type\": \"Place\",\r\n                                \"name\": \"Baza na Krakowskiej\",\r\n                \"image\": \"\",\r\n                \"address\": \"\"\r\n                            },\r\n            \"organizer\":\r\n            {\r\n                \"@type\": \"Person\",\r\n                \"name\": \"Rainer Castro Amoros\",\r\n                \"url\": \"\"\r\n            },\r\n            \"offers\":\r\n            {\r\n                \"url\": \"https:\/\/bazanakrakowskiej.pl\/index.php\/wydarzenia\/kurs-jezyka-hiszpanskiego\/\",\r\n                \"price\": \"\",\r\n                \"priceCurrency\": \"$\",\r\n                \"availability\": \"https:\/\/schema.org\/InStock\",\r\n                \"validFrom\": \"2026-05-13T00:00\"\r\n            },\r\n            \"performer\": \"\",\r\n            \"description\": \"&lt;p&gt;&lt;span class=&quot;html-span xexx8yu xyri2b x18d9i69 x1c1uobl x1hl2dhg x16tdsg8 x1vvkbs x3nfvp2 x1j61x8r x1fcty0u xdj266r xat24cr xm2jcoa x1mpyi22 xxymvpz xlup9mm x1kky2od&quot;&gt;&lt;img loading=&quot;lazy&quot; decoding=&quot;async&quot; class=&quot;xz74otr x15mokao x1ga7v0g x16uus16 xbiv7yw&quot; src=&quot;https:\/\/static.xx.fbcdn.net\/images\/emoji.php\/v9\/t34\/1\/16\/1f1ea_1f1f8.png&quot; alt=&quot;\ud83c\uddea\ud83c\uddf8&quot; width=&quot;16&quot; height=&quot;16&quot; \/&gt;&lt;\/span&gt;&lt;strong&gt;Od marca rusza w Bazie Kurs j\u0119zyka hiszpa\u0144skiego!&lt;\/strong&gt; &lt;span class=&quot;html-span xexx8yu xyri2b x18d9i69 x1c1uobl x1hl2dhg x16tdsg8 x1vvkbs x3nfvp2 x1j61x8r x1fcty0u xdj266r xat24cr xm2jcoa x1mpyi22 xxymvpz xlup9mm x1kky2od&quot;&gt;&lt;img loading=&quot;lazy&quot; decoding=&quot;async&quot; class=&quot;xz74otr x15mokao x1ga7v0g x16uus16 xbiv7yw&quot; src=&quot;https:\/\/static.xx.fbcdn.net\/images\/emoji.php\/v9\/t34\/1\/16\/1f1ea_1f1f8.png&quot; alt=&quot;\ud83c\uddea\ud83c\uddf8&quot; width=&quot;16&quot; height=&quot;16&quot; \/&gt;&lt;\/span&gt;&lt;br \/&gt; \u2013 praktyczna nauka j\u0119zyka&lt;br \/&gt; \u2013 zaj\u0119cia w ma\u0142ych grupach&lt;br \/&gt; \u2013 nauka krok po kroku z native speakerem&lt;\/p&gt; &lt;p&gt;Zaj\u0119cia prowadzi R\u00e1iner Castro Amor\u00f3s , pochodz\u0105cy z Kuby, mieszkaj\u0105cy kilka lat w Barcelonie, a obecnie w Polsce, gdzie uczy j\u0119zyka hiszpa\u0144skiego i jest trenerem personalnym ze specjalizacj\u0105 lekkoatletyka.&lt;br \/&gt; Start zaj\u0119\u0107 ju\u017c 4 marca!&lt;br \/&gt; \u015arody:&lt;br \/&gt; &lt;span class=&quot;html-span xexx8yu xyri2b x18d9i69 x1c1uobl x1hl2dhg x16tdsg8 x1vvkbs x3nfvp2 x1j61x8r x1fcty0u xdj266r xat24cr xm2jcoa x1mpyi22 xxymvpz xlup9mm x1kky2od&quot;&gt;&lt;img loading=&quot;lazy&quot; decoding=&quot;async&quot; class=&quot;xz74otr x15mokao x1ga7v0g x16uus16 xbiv7yw&quot; src=&quot;https:\/\/static.xx.fbcdn.net\/images\/emoji.php\/v9\/t15\/1\/16\/1f49b.png&quot; alt=&quot;\ud83d\udc9b&quot; width=&quot;18&quot; height=&quot;18&quot; \/&gt;&lt;\/span&gt;godz. 16:30-17:30 zaj\u0119cia dla dzieci w wieku szkolnym&lt;br \/&gt; &lt;span class=&quot;html-span xexx8yu xyri2b x18d9i69 x1c1uobl x1hl2dhg x16tdsg8 x1vvkbs x3nfvp2 x1j61x8r x1fcty0u xdj266r xat24cr xm2jcoa x1mpyi22 xxymvpz xlup9mm x1kky2od&quot;&gt;&lt;img loading=&quot;lazy&quot; decoding=&quot;async&quot; class=&quot;xz74otr x15mokao x1ga7v0g x16uus16 xbiv7yw&quot; src=&quot;https:\/\/static.xx.fbcdn.net\/images\/emoji.php\/v9\/t6c\/1\/16\/2764.png&quot; alt=&quot;\u2764\ufe0f&quot; width=&quot;16&quot; height=&quot;16&quot; \/&gt;&lt;\/span&gt;godz. 17:30-18:30 zaj\u0119cia dla doros\u0142ych&lt;br \/&gt; Koszt miesi\u0119czny: 200 z\u0142 (1h\/ 50 z\u0142)&lt;br \/&gt; &lt;span class=&quot;html-span xexx8yu xyri2b x18d9i69 x1c1uobl x1hl2dhg x16tdsg8 x1vvkbs x3nfvp2 x1j61x8r x1fcty0u xdj266r xat24cr xm2jcoa x1mpyi22 xxymvpz xlup9mm x1kky2od&quot;&gt;&lt;img loading=&quot;lazy&quot; decoding=&quot;async&quot; class=&quot;xz74otr x15mokao x1ga7v0g x16uus16 xbiv7yw&quot; src=&quot;https:\/\/static.xx.fbcdn.net\/images\/emoji.php\/v9\/t34\/1\/16\/1f1ea_1f1f8.png&quot; alt=&quot;\ud83c\uddea\ud83c\uddf8&quot; width=&quot;16&quot; height=&quot;16&quot; \/&gt;&lt;\/span&gt;&lt;span class=&quot;html-span xexx8yu xyri2b x18d9i69 x1c1uobl x1hl2dhg x16tdsg8 x1vvkbs x3nfvp2 x1j61x8r x1fcty0u xdj266r xat24cr xm2jcoa x1mpyi22 xxymvpz xlup9mm x1kky2od&quot;&gt;&lt;img loading=&quot;lazy&quot; decoding=&quot;async&quot; class=&quot;xz74otr x15mokao x1ga7v0g x16uus16 xbiv7yw&quot; src=&quot;https:\/\/static.xx.fbcdn.net\/images\/emoji.php\/v9\/t34\/1\/16\/1f1ea_1f1f8.png&quot; alt=&quot;\ud83c\uddea\ud83c\uddf8&quot; width=&quot;16&quot; height=&quot;16&quot; \/&gt;&lt;\/span&gt;&lt;span class=&quot;html-span xexx8yu xyri2b x18d9i69 x1c1uobl x1hl2dhg x16tdsg8 x1vvkbs x3nfvp2 x1j61x8r x1fcty0u xdj266r xat24cr xm2jcoa x1mpyi22 xxymvpz xlup9mm x1kky2od&quot;&gt;&lt;img loading=&quot;lazy&quot; decoding=&quot;async&quot; class=&quot;xz74otr x15mokao x1ga7v0g x16uus16 xbiv7yw&quot; src=&quot;https:\/\/static.xx.fbcdn.net\/images\/emoji.php\/v9\/t34\/1\/16\/1f1ea_1f1f8.png&quot; alt=&quot;\ud83c\uddea\ud83c\uddf8&quot; width=&quot;16&quot; height=&quot;16&quot; \/&gt;&lt;\/span&gt;&lt;span class=&quot;html-span xexx8yu xyri2b x18d9i69 x1c1uobl x1hl2dhg x16tdsg8 x1vvkbs x3nfvp2 x1j61x8r x1fcty0u xdj266r xat24cr xm2jcoa x1mpyi22 xxymvpz xlup9mm x1kky2od&quot;&gt;&lt;img loading=&quot;lazy&quot; decoding=&quot;async&quot; class=&quot;xz74otr x15mokao x1ga7v0g x16uus16 xbiv7yw&quot; src=&quot;https:\/\/static.xx.fbcdn.net\/images\/emoji.php\/v9\/t34\/1\/16\/1f1ea_1f1f8.png&quot; alt=&quot;\ud83c\uddea\ud83c\uddf8&quot; width=&quot;16&quot; height=&quot;16&quot; \/&gt;&lt;\/span&gt;&lt;span class=&quot;html-span xexx8yu xyri2b x18d9i69 x1c1uobl x1hl2dhg x16tdsg8 x1vvkbs x3nfvp2 x1j61x8r x1fcty0u xdj266r xat24cr xm2jcoa x1mpyi22 xxymvpz xlup9mm x1kky2od&quot;&gt;&lt;img loading=&quot;lazy&quot; decoding=&quot;async&quot; class=&quot;xz74otr x15mokao x1ga7v0g x16uus16 xbiv7yw&quot; src=&quot;https:\/\/static.xx.fbcdn.net\/images\/emoji.php\/v9\/t34\/1\/16\/1f1ea_1f1f8.png&quot; alt=&quot;\ud83c\uddea\ud83c\uddf8&quot; width=&quot;16&quot; height=&quot;16&quot; \/&gt;&lt;\/span&gt;&lt;span class=&quot;html-span xexx8yu xyri2b x18d9i69 x1c1uobl x1hl2dhg x16tdsg8 x1vvkbs x3nfvp2 x1j61x8r x1fcty0u xdj266r xat24cr xm2jcoa x1mpyi22 xxymvpz xlup9mm x1kky2od&quot;&gt;&lt;img loading=&quot;lazy&quot; decoding=&quot;async&quot; class=&quot;xz74otr x15mokao x1ga7v0g x16uus16 xbiv7yw&quot; src=&quot;https:\/\/static.xx.fbcdn.net\/images\/emoji.php\/v9\/t34\/1\/16\/1f1ea_1f1f8.png&quot; alt=&quot;\ud83c\uddea\ud83c\uddf8&quot; width=&quot;16&quot; height=&quot;16&quot; \/&gt;&lt;\/span&gt;&lt;span class=&quot;html-span xexx8yu xyri2b x18d9i69 x1c1uobl x1hl2dhg x16tdsg8 x1vvkbs x3nfvp2 x1j61x8r x1fcty0u xdj266r xat24cr xm2jcoa x1mpyi22 xxymvpz xlup9mm x1kky2od&quot;&gt;&lt;img loading=&quot;lazy&quot; decoding=&quot;async&quot; class=&quot;xz74otr x15mokao x1ga7v0g x16uus16 xbiv7yw&quot; src=&quot;https:\/\/static.xx.fbcdn.net\/images\/emoji.php\/v9\/t34\/1\/16\/1f1ea_1f1f8.png&quot; alt=&quot;\ud83c\uddea\ud83c\uddf8&quot; width=&quot;16&quot; height=&quot;16&quot; \/&gt;&lt;\/span&gt;&lt;span class=&quot;html-span xexx8yu xyri2b x18d9i69 x1c1uobl x1hl2dhg x16tdsg8 x1vvkbs x3nfvp2 x1j61x8r x1fcty0u xdj266r xat24cr xm2jcoa x1mpyi22 xxymvpz xlup9mm x1kky2od&quot;&gt;&lt;img loading=&quot;lazy&quot; decoding=&quot;async&quot; class=&quot;xz74otr x15mokao x1ga7v0g x16uus16 xbiv7yw&quot; src=&quot;https:\/\/static.xx.fbcdn.net\/images\/emoji.php\/v9\/t34\/1\/16\/1f1ea_1f1f8.png&quot; alt=&quot;\ud83c\uddea\ud83c\uddf8&quot; width=&quot;16&quot; height=&quot;16&quot; \/&gt;&lt;\/span&gt;&lt;span class=&quot;html-span xexx8yu xyri2b x18d9i69 x1c1uobl x1hl2dhg x16tdsg8 x1vvkbs x3nfvp2 x1j61x8r x1fcty0u xdj266r xat24cr xm2jcoa x1mpyi22 xxymvpz xlup9mm x1kky2od&quot;&gt;&lt;img loading=&quot;lazy&quot; decoding=&quot;async&quot; class=&quot;xz74otr x15mokao x1ga7v0g x16uus16 xbiv7yw&quot; src=&quot;https:\/\/static.xx.fbcdn.net\/images\/emoji.php\/v9\/t34\/1\/16\/1f1ea_1f1f8.png&quot; alt=&quot;\ud83c\uddea\ud83c\uddf8&quot; width=&quot;16&quot; height=&quot;16&quot; \/&gt;&lt;\/span&gt;&lt;span class=&quot;html-span xexx8yu xyri2b x18d9i69 x1c1uobl x1hl2dhg x16tdsg8 x1vvkbs x3nfvp2 x1j61x8r x1fcty0u xdj266r xat24cr xm2jcoa x1mpyi22 xxymvpz xlup9mm x1kky2od&quot;&gt;&lt;img loading=&quot;lazy&quot; decoding=&quot;async&quot; class=&quot;xz74otr x15mokao x1ga7v0g x16uus16 xbiv7yw&quot; src=&quot;https:\/\/static.xx.fbcdn.net\/images\/emoji.php\/v9\/t34\/1\/16\/1f1ea_1f1f8.png&quot; alt=&quot;\ud83c\uddea\ud83c\uddf8&quot; width=&quot;16&quot; height=&quot;16&quot; \/&gt;&lt;\/span&gt;&lt;span class=&quot;html-span xexx8yu xyri2b x18d9i69 x1c1uobl x1hl2dhg x16tdsg8 x1vvkbs x3nfvp2 x1j61x8r x1fcty0u xdj266r xat24cr xm2jcoa x1mpyi22 xxymvpz xlup9mm x1kky2od&quot;&gt;&lt;img loading=&quot;lazy&quot; decoding=&quot;async&quot; class=&quot;xz74otr x15mokao x1ga7v0g x16uus16 xbiv7yw&quot; src=&quot;https:\/\/static.xx.fbcdn.net\/images\/emoji.php\/v9\/t34\/1\/16\/1f1ea_1f1f8.png&quot; alt=&quot;\ud83c\uddea\ud83c\uddf8&quot; width=&quot;16&quot; height=&quot;16&quot; \/&gt;&lt;\/span&gt;&lt;span class=&quot;html-span xexx8yu xyri2b x18d9i69 x1c1uobl x1hl2dhg x16tdsg8 x1vvkbs x3nfvp2 x1j61x8r x1fcty0u xdj266r xat24cr xm2jcoa x1mpyi22 xxymvpz xlup9mm x1kky2od&quot;&gt;&lt;img loading=&quot;lazy&quot; decoding=&quot;async&quot; class=&quot;xz74otr x15mokao x1ga7v0g x16uus16 xbiv7yw&quot; src=&quot;https:\/\/static.xx.fbcdn.net\/images\/emoji.php\/v9\/t34\/1\/16\/1f1ea_1f1f8.png&quot; alt=&quot;\ud83c\uddea\ud83c\uddf8&quot; width=&quot;16&quot; height=&quot;16&quot; \/&gt;&lt;\/span&gt;&lt;span class=&quot;html-span xexx8yu xyri2b x18d9i69 x1c1uobl x1hl2dhg x16tdsg8 x1vvkbs x3nfvp2 x1j61x8r x1fcty0u xdj266r xat24cr xm2jcoa x1mpyi22 xxymvpz xlup9mm x1kky2od&quot;&gt;&lt;img loading=&quot;lazy&quot; decoding=&quot;async&quot; class=&quot;xz74otr x15mokao x1ga7v0g x16uus16 xbiv7yw&quot; src=&quot;https:\/\/static.xx.fbcdn.net\/images\/emoji.php\/v9\/t34\/1\/16\/1f1ea_1f1f8.png&quot; alt=&quot;\ud83c\uddea\ud83c\uddf8&quot; width=&quot;16&quot; height=&quot;16&quot; \/&gt;&lt;\/span&gt;&lt;span class=&quot;html-span xexx8yu xyri2b x18d9i69 x1c1uobl x1hl2dhg x16tdsg8 x1vvkbs x3nfvp2 x1j61x8r x1fcty0u xdj266r xat24cr xm2jcoa x1mpyi22 xxymvpz xlup9mm x1kky2od&quot;&gt;&lt;img loading=&quot;lazy&quot; decoding=&quot;async&quot; class=&quot;xz74otr x15mokao x1ga7v0g x16uus16 xbiv7yw&quot; src=&quot;https:\/\/static.xx.fbcdn.net\/images\/emoji.php\/v9\/t34\/1\/16\/1f1ea_1f1f8.png&quot; alt=&quot;\ud83c\uddea\ud83c\uddf8&quot; width=&quot;16&quot; height=&quot;16&quot; \/&gt;&lt;\/span&gt;&lt;span class=&quot;html-span xexx8yu xyri2b x18d9i69 x1c1uobl x1hl2dhg x16tdsg8 x1vvkbs x3nfvp2 x1j61x8r x1fcty0u xdj266r xat24cr xm2jcoa x1mpyi22 xxymvpz xlup9mm x1kky2od&quot;&gt;&lt;img loading=&quot;lazy&quot; decoding=&quot;async&quot; class=&quot;xz74otr x15mokao x1ga7v0g x16uus16 xbiv7yw&quot; src=&quot;https:\/\/static.xx.fbcdn.net\/images\/emoji.php\/v9\/t34\/1\/16\/1f1ea_1f1f8.png&quot; alt=&quot;\ud83c\uddea\ud83c\uddf8&quot; width=&quot;16&quot; height=&quot;16&quot; \/&gt;&lt;\/span&gt;&lt;span class=&quot;html-span xexx8yu xyri2b x18d9i69 x1c1uobl x1hl2dhg x16tdsg8 x1vvkbs x3nfvp2 x1j61x8r x1fcty0u xdj266r xat24cr xm2jcoa x1mpyi22 xxymvpz xlup9mm x1kky2od&quot;&gt;&lt;img loading=&quot;lazy&quot; decoding=&quot;async&quot; class=&quot;xz74otr x15mokao x1ga7v0g x16uus16 xbiv7yw&quot; src=&quot;https:\/\/static.xx.fbcdn.net\/images\/emoji.php\/v9\/t34\/1\/16\/1f1ea_1f1f8.png&quot; alt=&quot;\ud83c\uddea\ud83c\uddf8&quot; width=&quot;16&quot; height=&quot;16&quot; \/&gt;&lt;\/span&gt;&lt;span class=&quot;html-span xexx8yu xyri2b x18d9i69 x1c1uobl x1hl2dhg x16tdsg8 x1vvkbs x3nfvp2 x1j61x8r x1fcty0u xdj266r xat24cr xm2jcoa x1mpyi22 xxymvpz xlup9mm x1kky2od&quot;&gt;&lt;img loading=&quot;lazy&quot; decoding=&quot;async&quot; class=&quot;xz74otr x15mokao x1ga7v0g x16uus16 xbiv7yw&quot; src=&quot;https:\/\/static.xx.fbcdn.net\/images\/emoji.php\/v9\/t34\/1\/16\/1f1ea_1f1f8.png&quot; alt=&quot;\ud83c\uddea\ud83c\uddf8&quot; width=&quot;16&quot; height=&quot;16&quot; \/&gt;&lt;\/span&gt;&lt;br \/&gt; A oto kilka powod\u00f3w dlaczego warto nauczy\u0107 si\u0119 j\u0119zyka hiszpa\u0144skiego!&lt;\/p&gt; &lt;p&gt;1. Zr\u00f3b co\u015b dla siebie!&lt;\/p&gt; &lt;p&gt;2. Poznaj bogactwo i r\u00f3\u017cnorodno\u015b\u0107 hiszpa\u0144skiej kultury&lt;\/p&gt; &lt;p&gt;3. Zwi\u0119ksz swoje szanse na rynku pracy poprzez znajomo\u015b\u0107 nowego j\u0119zyka&lt;\/p&gt; &lt;p&gt;4. Hiszpa\u0144ski to j\u0119zyk urz\u0119dowy w 21 krajach- znaj\u0105c go b\u0119dziesz m\u00f3g\u0142 si\u0119 porozumiewa\u0107 nie tylko w Hiszpanii!&lt;\/p&gt; &lt;p&gt;5. Dzi\u0119ki znajomo\u015b\u0107 hiszpa\u0144skiego z du\u017co wi\u0119ksz\u0105 \u0142atwo\u015bci\u0105 podejdziesz do nauki innych j\u0119zyk\u00f3w roma\u0144skich tj. w\u0142oski, francuski czy portugalski.&lt;\/p&gt; &lt;p&gt;6. Nauka ka\u017cdego nowego j\u0119zyka stymuluje m\u00f3zg, poprawia pami\u0119\u0107, wp\u0142ywa na rozw\u00f3j umiej\u0119tno\u015bci poznawczych i zdolno\u015bci komunikacyjnych.&lt;\/p&gt; &lt;p&gt;&lt;span class=&quot;html-span xexx8yu xyri2b x18d9i69 x1c1uobl x1hl2dhg x16tdsg8 x1vvkbs x3nfvp2 x1j61x8r x1fcty0u xdj266r xat24cr xm2jcoa x1mpyi22 xxymvpz xlup9mm x1kky2od&quot;&gt;&lt;img loading=&quot;lazy&quot; decoding=&quot;async&quot; class=&quot;xz74otr x15mokao x1ga7v0g x16uus16 xbiv7yw&quot; src=&quot;https:\/\/static.xx.fbcdn.net\/images\/emoji.php\/v9\/t34\/1\/16\/1f1ea_1f1f8.png&quot; alt=&quot;\ud83c\uddea\ud83c\uddf8&quot; width=&quot;16&quot; height=&quot;16&quot; \/&gt;&lt;\/span&gt;&lt;span class=&quot;html-span xexx8yu xyri2b x18d9i69 x1c1uobl x1hl2dhg x16tdsg8 x1vvkbs x3nfvp2 x1j61x8r x1fcty0u xdj266r xat24cr xm2jcoa x1mpyi22 xxymvpz xlup9mm x1kky2od&quot;&gt;&lt;img loading=&quot;lazy&quot; decoding=&quot;async&quot; class=&quot;xz74otr x15mokao x1ga7v0g x16uus16 xbiv7yw&quot; src=&quot;https:\/\/static.xx.fbcdn.net\/images\/emoji.php\/v9\/t34\/1\/16\/1f1ea_1f1f8.png&quot; alt=&quot;\ud83c\uddea\ud83c\uddf8&quot; width=&quot;16&quot; height=&quot;16&quot; \/&gt;&lt;\/span&gt;&lt;span class=&quot;html-span xexx8yu xyri2b x18d9i69 x1c1uobl x1hl2dhg x16tdsg8 x1vvkbs x3nfvp2 x1j61x8r x1fcty0u xdj266r xat24cr xm2jcoa x1mpyi22 xxymvpz xlup9mm x1kky2od&quot;&gt;&lt;img loading=&quot;lazy&quot; decoding=&quot;async&quot; class=&quot;xz74otr x15mokao x1ga7v0g x16uus16 xbiv7yw&quot; src=&quot;https:\/\/static.xx.fbcdn.net\/images\/emoji.php\/v9\/t34\/1\/16\/1f1ea_1f1f8.png&quot; alt=&quot;\ud83c\uddea\ud83c\uddf8&quot; width=&quot;16&quot; height=&quot;16&quot; \/&gt;&lt;\/span&gt;&lt;span class=&quot;html-span xexx8yu xyri2b x18d9i69 x1c1uobl x1hl2dhg x16tdsg8 x1vvkbs x3nfvp2 x1j61x8r x1fcty0u xdj266r xat24cr xm2jcoa x1mpyi22 xxymvpz xlup9mm x1kky2od&quot;&gt;&lt;img loading=&quot;lazy&quot; decoding=&quot;async&quot; class=&quot;xz74otr x15mokao x1ga7v0g x16uus16 xbiv7yw&quot; src=&quot;https:\/\/static.xx.fbcdn.net\/images\/emoji.php\/v9\/t34\/1\/16\/1f1ea_1f1f8.png&quot; alt=&quot;\ud83c\uddea\ud83c\uddf8&quot; width=&quot;16&quot; height=&quot;16&quot; \/&gt;&lt;\/span&gt;&lt;span class=&quot;html-span xexx8yu xyri2b x18d9i69 x1c1uobl x1hl2dhg x16tdsg8 x1vvkbs x3nfvp2 x1j61x8r x1fcty0u xdj266r xat24cr xm2jcoa x1mpyi22 xxymvpz xlup9mm x1kky2od&quot;&gt;&lt;img loading=&quot;lazy&quot; decoding=&quot;async&quot; class=&quot;xz74otr x15mokao x1ga7v0g x16uus16 xbiv7yw&quot; src=&quot;https:\/\/static.xx.fbcdn.net\/images\/emoji.php\/v9\/t34\/1\/16\/1f1ea_1f1f8.png&quot; alt=&quot;\ud83c\uddea\ud83c\uddf8&quot; width=&quot;16&quot; height=&quot;16&quot; \/&gt;&lt;\/span&gt;&lt;span class=&quot;html-span xexx8yu xyri2b x18d9i69 x1c1uobl x1hl2dhg x16tdsg8 x1vvkbs x3nfvp2 x1j61x8r x1fcty0u xdj266r xat24cr xm2jcoa x1mpyi22 xxymvpz xlup9mm x1kky2od&quot;&gt;&lt;img loading=&quot;lazy&quot; decoding=&quot;async&quot; class=&quot;xz74otr x15mokao x1ga7v0g x16uus16 xbiv7yw&quot; src=&quot;https:\/\/static.xx.fbcdn.net\/images\/emoji.php\/v9\/t34\/1\/16\/1f1ea_1f1f8.png&quot; alt=&quot;\ud83c\uddea\ud83c\uddf8&quot; width=&quot;16&quot; height=&quot;16&quot; \/&gt;&lt;\/span&gt;&lt;span class=&quot;html-span xexx8yu xyri2b x18d9i69 x1c1uobl x1hl2dhg x16tdsg8 x1vvkbs x3nfvp2 x1j61x8r x1fcty0u xdj266r xat24cr xm2jcoa x1mpyi22 xxymvpz xlup9mm x1kky2od&quot;&gt;&lt;img loading=&quot;lazy&quot; decoding=&quot;async&quot; class=&quot;xz74otr x15mokao x1ga7v0g x16uus16 xbiv7yw&quot; src=&quot;https:\/\/static.xx.fbcdn.net\/images\/emoji.php\/v9\/t34\/1\/16\/1f1ea_1f1f8.png&quot; alt=&quot;\ud83c\uddea\ud83c\uddf8&quot; width=&quot;16&quot; height=&quot;16&quot; \/&gt;&lt;\/span&gt;&lt;span class=&quot;html-span xexx8yu xyri2b x18d9i69 x1c1uobl x1hl2dhg x16tdsg8 x1vvkbs x3nfvp2 x1j61x8r x1fcty0u xdj266r xat24cr xm2jcoa x1mpyi22 xxymvpz xlup9mm x1kky2od&quot;&gt;&lt;img loading=&quot;lazy&quot; decoding=&quot;async&quot; class=&quot;xz74otr x15mokao x1ga7v0g x16uus16 xbiv7yw&quot; src=&quot;https:\/\/static.xx.fbcdn.net\/images\/emoji.php\/v9\/t34\/1\/16\/1f1ea_1f1f8.png&quot; alt=&quot;\ud83c\uddea\ud83c\uddf8&quot; width=&quot;16&quot; height=&quot;16&quot; \/&gt;&lt;\/span&gt;&lt;span class=&quot;html-span xexx8yu xyri2b x18d9i69 x1c1uobl x1hl2dhg x16tdsg8 x1vvkbs x3nfvp2 x1j61x8r x1fcty0u xdj266r xat24cr xm2jcoa x1mpyi22 xxymvpz xlup9mm x1kky2od&quot;&gt;&lt;img loading=&quot;lazy&quot; decoding=&quot;async&quot; class=&quot;xz74otr x15mokao x1ga7v0g x16uus16 xbiv7yw&quot; src=&quot;https:\/\/static.xx.fbcdn.net\/images\/emoji.php\/v9\/t34\/1\/16\/1f1ea_1f1f8.png&quot; alt=&quot;\ud83c\uddea\ud83c\uddf8&quot; width=&quot;16&quot; height=&quot;16&quot; \/&gt;&lt;\/span&gt;&lt;span class=&quot;html-span xexx8yu xyri2b x18d9i69 x1c1uobl x1hl2dhg x16tdsg8 x1vvkbs x3nfvp2 x1j61x8r x1fcty0u xdj266r xat24cr xm2jcoa x1mpyi22 xxymvpz xlup9mm x1kky2od&quot;&gt;&lt;img loading=&quot;lazy&quot; decoding=&quot;async&quot; class=&quot;xz74otr x15mokao x1ga7v0g x16uus16 xbiv7yw&quot; src=&quot;https:\/\/static.xx.fbcdn.net\/images\/emoji.php\/v9\/t34\/1\/16\/1f1ea_1f1f8.png&quot; alt=&quot;\ud83c\uddea\ud83c\uddf8&quot; width=&quot;16&quot; height=&quot;16&quot; \/&gt;&lt;\/span&gt;&lt;span class=&quot;html-span xexx8yu xyri2b x18d9i69 x1c1uobl x1hl2dhg x16tdsg8 x1vvkbs x3nfvp2 x1j61x8r x1fcty0u xdj266r xat24cr xm2jcoa x1mpyi22 xxymvpz xlup9mm x1kky2od&quot;&gt;&lt;img loading=&quot;lazy&quot; decoding=&quot;async&quot; class=&quot;xz74otr x15mokao x1ga7v0g x16uus16 xbiv7yw&quot; src=&quot;https:\/\/static.xx.fbcdn.net\/images\/emoji.php\/v9\/t34\/1\/16\/1f1ea_1f1f8.png&quot; alt=&quot;\ud83c\uddea\ud83c\uddf8&quot; width=&quot;16&quot; height=&quot;16&quot; \/&gt;&lt;\/span&gt;&lt;span class=&quot;html-span xexx8yu xyri2b x18d9i69 x1c1uobl x1hl2dhg x16tdsg8 x1vvkbs x3nfvp2 x1j61x8r x1fcty0u xdj266r xat24cr xm2jcoa x1mpyi22 xxymvpz xlup9mm x1kky2od&quot;&gt;&lt;img loading=&quot;lazy&quot; decoding=&quot;async&quot; class=&quot;xz74otr x15mokao x1ga7v0g x16uus16 xbiv7yw&quot; src=&quot;https:\/\/static.xx.fbcdn.net\/images\/emoji.php\/v9\/t34\/1\/16\/1f1ea_1f1f8.png&quot; alt=&quot;\ud83c\uddea\ud83c\uddf8&quot; width=&quot;16&quot; height=&quot;16&quot; \/&gt;&lt;\/span&gt;&lt;span class=&quot;html-span xexx8yu xyri2b x18d9i69 x1c1uobl x1hl2dhg x16tdsg8 x1vvkbs x3nfvp2 x1j61x8r x1fcty0u xdj266r xat24cr xm2jcoa x1mpyi22 xxymvpz xlup9mm x1kky2od&quot;&gt;&lt;img loading=&quot;lazy&quot; decoding=&quot;async&quot; class=&quot;xz74otr x15mokao x1ga7v0g x16uus16 xbiv7yw&quot; src=&quot;https:\/\/static.xx.fbcdn.net\/images\/emoji.php\/v9\/t34\/1\/16\/1f1ea_1f1f8.png&quot; alt=&quot;\ud83c\uddea\ud83c\uddf8&quot; width=&quot;16&quot; height=&quot;16&quot; \/&gt;&lt;\/span&gt;&lt;span class=&quot;html-span xexx8yu xyri2b x18d9i69 x1c1uobl x1hl2dhg x16tdsg8 x1vvkbs x3nfvp2 x1j61x8r x1fcty0u xdj266r xat24cr xm2jcoa x1mpyi22 xxymvpz xlup9mm x1kky2od&quot;&gt;&lt;img loading=&quot;lazy&quot; decoding=&quot;async&quot; class=&quot;xz74otr x15mokao x1ga7v0g x16uus16 xbiv7yw&quot; src=&quot;https:\/\/static.xx.fbcdn.net\/images\/emoji.php\/v9\/t34\/1\/16\/1f1ea_1f1f8.png&quot; alt=&quot;\ud83c\uddea\ud83c\uddf8&quot; width=&quot;16&quot; height=&quot;16&quot; \/&gt;&lt;\/span&gt;&lt;span class=&quot;html-span xexx8yu xyri2b x18d9i69 x1c1uobl x1hl2dhg x16tdsg8 x1vvkbs x3nfvp2 x1j61x8r x1fcty0u xdj266r xat24cr xm2jcoa x1mpyi22 xxymvpz xlup9mm x1kky2od&quot;&gt;&lt;img loading=&quot;lazy&quot; decoding=&quot;async&quot; class=&quot;xz74otr x15mokao x1ga7v0g x16uus16 xbiv7yw&quot; src=&quot;https:\/\/static.xx.fbcdn.net\/images\/emoji.php\/v9\/t34\/1\/16\/1f1ea_1f1f8.png&quot; alt=&quot;\ud83c\uddea\ud83c\uddf8&quot; width=&quot;16&quot; height=&quot;16&quot; \/&gt;&lt;\/span&gt;&lt;span class=&quot;html-span xexx8yu xyri2b x18d9i69 x1c1uobl x1hl2dhg x16tdsg8 x1vvkbs x3nfvp2 x1j61x8r x1fcty0u xdj266r xat24cr xm2jcoa x1mpyi22 xxymvpz xlup9mm x1kky2od&quot;&gt;&lt;img loading=&quot;lazy&quot; decoding=&quot;async&quot; class=&quot;xz74otr x15mokao x1ga7v0g x16uus16 xbiv7yw&quot; src=&quot;https:\/\/static.xx.fbcdn.net\/images\/emoji.php\/v9\/t34\/1\/16\/1f1ea_1f1f8.png&quot; alt=&quot;\ud83c\uddea\ud83c\uddf8&quot; width=&quot;16&quot; height=&quot;16&quot; \/&gt;&lt;\/span&gt;&lt;span class=&quot;html-span xexx8yu xyri2b x18d9i69 x1c1uobl x1hl2dhg x16tdsg8 x1vvkbs x3nfvp2 x1j61x8r x1fcty0u xdj266r xat24cr xm2jcoa x1mpyi22 xxymvpz xlup9mm x1kky2od&quot;&gt;&lt;img loading=&quot;lazy&quot; decoding=&quot;async&quot; class=&quot;xz74otr x15mokao x1ga7v0g x16uus16 xbiv7yw&quot; src=&quot;https:\/\/static.xx.fbcdn.net\/images\/emoji.php\/v9\/t34\/1\/16\/1f1ea_1f1f8.png&quot; alt=&quot;\ud83c\uddea\ud83c\uddf8&quot; width=&quot;16&quot; height=&quot;16&quot; \/&gt;&lt;\/span&gt;&lt;\/p&gt; &lt;p&gt;&lt;strong&gt;Kim jest N A T I V E S P E A K E R ?&lt;\/strong&gt;&lt;\/p&gt; &lt;p&gt;To osoba, kt\u00f3ra wychowa\u0142a si\u0119 w kraju, gdzie dany jest j\u0119zykiem ojczystym. Takie osoby od najm\u0142odszych lat pos\u0142uguj\u0105 si\u0119 tym j\u0119zykiem, co pozwala im na naturalne i swobodne wyra\u017canie my\u015bli. Cechuje je r\u00f3wnie\u017c g\u0142\u0119bokie zrozumienie kultury, obyczaj\u00f3w i kontekstu spo\u0142ecznego, w kt\u00f3rym si\u0119 poruszaj\u0105. Nauka z native speakerem to szereg korzy\u015bci, kt\u00f3re maj\u0105 kluczowe znaczenie dla rozwoju j\u0119zykowego: \u2013 mo\u017cliwo\u015b\u0107 os\u0142uchania si\u0119 z autentycznym akcentem oraz intonacj\u0105, co znacz\u0105co wp\u0142ywa na popraw\u0119 wymowy i p\u0142ynno\u015bci wypowiedzi. \u2013 \u0107wiczy\u0107 prowadzenie konwersacji w r\u00f3\u017cnych kontekstach, co zwi\u0119kszy ich pewno\u015b\u0107 siebie w pos\u0142ugiwaniu si\u0119 j\u0119zykiem.&lt;\/p&gt; &lt;p&gt;Serdecznie zapraszamy!&lt;\/p&gt; &lt;p&gt;Zapisy pod nr 731 251 102&lt;\/p&gt; &lt;div class=&quot;figure&quot;&gt;&lt;img loading=&quot;lazy&quot; decoding=&quot;async&quot; class=&quot;alignnone size-medium wp-image-8757&quot; src=&quot;https:\/\/bazanakrakowskiej.pl\/wp-content\/uploads\/2026\/02\/Kurs-hiszpanskiego-dla-poczatkujacych-212x300.png&quot; alt=&quot;&quot; width=&quot;212&quot; height=&quot;300&quot; srcset=&quot;https:\/\/bazanakrakowskiej.pl\/wp-content\/uploads\/2026\/02\/Kurs-hiszpanskiego-dla-poczatkujacych-212x300.png 212w, https:\/\/bazanakrakowskiej.pl\/wp-content\/uploads\/2026\/02\/Kurs-hiszpanskiego-dla-poczatkujacych-724x1024.png 724w, https:\/\/bazanakrakowskiej.pl\/wp-content\/uploads\/2026\/02\/Kurs-hiszpanskiego-dla-poczatkujacych-768x1086.png 768w, https:\/\/bazanakrakowskiej.pl\/wp-content\/uploads\/2026\/02\/Kurs-hiszpanskiego-dla-poczatkujacych-1086x1536.png 1086w, https:\/\/bazanakrakowskiej.pl\/wp-content\/uploads\/2026\/02\/Kurs-hiszpanskiego-dla-poczatkujacych-1448x2048.png 1448w, https:\/\/bazanakrakowskiej.pl\/wp-content\/uploads\/2026\/02\/Kurs-hiszpanskiego-dla-poczatkujacych.png 1587w&quot; sizes=&quot;auto, (max-width: 212px) 100vw, 212px&quot; \/&gt;&lt;\/div&gt; &lt;p&gt;&nbsp;&lt;\/p&gt; \",\r\n            \"image\": \"\",\r\n            \"name\": \"Kurs j\u0119zyka hiszpa\u0144skiego\",\r\n            \"url\": \"https:\/\/bazanakrakowskiej.pl\/index.php\/wydarzenia\/kurs-jezyka-hiszpanskiego\/\"\r\n        }\r\n        <\/script>\r\n                            <article  data-href=\"https:\/\/bazanakrakowskiej.pl\/index.php\/wydarzenia\/kurs-jezyka-hiszpanskiego\/\" data-target=\"m1\" style=\"background:#eae019\" class=\"mec-past-event mec-event-article mec-tile-item  mec-clear   \">\r\n                                                                        <div class=\"event-tile-view-head clearfix\">\r\n                                                            <div class=\"mec-event-month\"><span class=\"mec-start-date-label\" itemprop=\"startDate\">13 maj<\/span><\/div>\r\n                                                        <div class=\"mec-event-time\"><i class=\"mec-sl-clock\"><\/i>17:30<\/div>\r\n                        <\/div>\r\n                        <div class=\"mec-event-content\" data-target=\"m1\" data-event-id=\"8779\">\r\n                            <a href=\"https:\/\/bazanakrakowskiej.pl\/index.php\/wydarzenia\/kurs-jezyka-hiszpanskiego\/\" target=\"m1\" class=\"mec-tile-into-content-link\"><\/a>                            <div class=\"mec-tile-event-content\">\r\n                                <div class=\"mec-event-detail\">\r\n                                                                                                            <span class=\"mec-event-loc-place\"><i class=\"mec-sl-location-pin\"><\/i>Baza na Krakowskiej<\/span>                                                                    <\/div>\r\n                                                                <h4 class=\"mec-event-title\"><a class=\"mec-color-hover\"  data-event-id=\"8779\" href=\"https:\/\/bazanakrakowskiej.pl\/index.php\/wydarzenia\/kurs-jezyka-hiszpanskiego\/\" target=\"m1\" rel=\"noopener\">Kurs j\u0119zyka hiszpa\u0144skiego<\/a><\/h4>\r\n                                                            <\/div>\r\n                        <\/div>\r\n                    <\/article>\r\n                <\/div>            <div class=\"col-md-3 col-sm-3\">        <script type=\"application\/ld+json\">\r\n        {\r\n            \"@context\": \"http:\/\/schema.org\",\r\n            \"@type\": \"Event\",\r\n            \"eventStatus\": \"https:\/\/schema.org\/EventScheduled\",\r\n            \"startDate\": \"2026-05-13\",\r\n            \"endDate\": \"2026-05-13\",\r\n            \"eventAttendanceMode\": \"https:\/\/schema.org\/OfflineEventAttendanceMode\",\r\n            \"location\":\r\n            {\r\n                \"@type\": \"Place\",\r\n                                \"name\": \"Szko\u0142a Podstawowa w Bestwinie\",\r\n                \"image\": \"\",\r\n                \"address\": \"\"\r\n                            },\r\n            \"organizer\":\r\n            {\r\n                \"@type\": \"Person\",\r\n                \"name\": \"Gabriela Nguyen Nam\",\r\n                \"url\": \"\"\r\n            },\r\n            \"offers\":\r\n            {\r\n                \"url\": \"https:\/\/bazanakrakowskiej.pl\/index.php\/wydarzenia\/taniec-wspolczesny-9-12-lat\/\",\r\n                \"price\": \"\",\r\n                \"priceCurrency\": \"$\",\r\n                \"availability\": \"https:\/\/schema.org\/InStock\",\r\n                \"validFrom\": \"2026-05-13T00:00\"\r\n            },\r\n            \"performer\": \"\",\r\n            \"description\": \"&lt;p&gt;&lt;strong&gt;BazaART &#8211; taniec wsp\u00f3\u0142czesny&lt;br \/&gt; &lt;\/strong&gt;&lt;strong&gt;(gr. wiekowa 9-12 lat)&lt;\/strong&gt;&lt;br \/&gt; zaj\u0119cia 2 razy w tygodniu&lt;\/p&gt; &lt;p&gt;&lt;strong&gt;Poniedzia\u0142ki&lt;\/strong&gt; godz. 17:30-19:00 (Szko\u0142a Podstawowa w Bestwinie)&lt;\/p&gt; &lt;p&gt;&lt;strong&gt;\u015arody&lt;\/strong&gt; godz.18:30-20:00 (Szko\u0142a Podstawowa w Bestwinie)&lt;\/p&gt; &lt;p&gt;Koszt: 40 z\u0142\/ zaj\u0119cia&lt;\/p&gt; &lt;p&gt;Wi\u0119cej o zaj\u0119ciach przeczytasz tutaj: &lt;a href=&quot;https:\/\/bazanakrakowskiej.pl\/index.php\/zajecia-taneczne\/&quot;&gt;Taniec wsp\u00f3\u0142czesny \u2013 BAZA NA KRAKOWSKIEJ&lt;\/a&gt;&lt;\/p&gt; \",\r\n            \"image\": \"\",\r\n            \"name\": \"BazaART- taniec wsp\u00f3\u0142czesny 9-12 lat\",\r\n            \"url\": \"https:\/\/bazanakrakowskiej.pl\/index.php\/wydarzenia\/taniec-wspolczesny-9-12-lat\/\"\r\n        }\r\n        <\/script>\r\n                            <article  data-href=\"https:\/\/bazanakrakowskiej.pl\/index.php\/wydarzenia\/taniec-wspolczesny-9-12-lat\/\" data-target=\"m1\" style=\"background:#9548e2\" class=\"mec-past-event mec-event-article mec-tile-item  mec-clear   \">\r\n                                                                        <div class=\"event-tile-view-head clearfix\">\r\n                                                            <div class=\"mec-event-month\"><span class=\"mec-start-date-label\" itemprop=\"startDate\">13 maj<\/span><\/div>\r\n                                                        <div class=\"mec-event-time\"><i class=\"mec-sl-clock\"><\/i>18:30<\/div>\r\n                        <\/div>\r\n                        <div class=\"mec-event-content\" data-target=\"m1\" data-event-id=\"7161\">\r\n                            <a href=\"https:\/\/bazanakrakowskiej.pl\/index.php\/wydarzenia\/taniec-wspolczesny-9-12-lat\/\" target=\"m1\" class=\"mec-tile-into-content-link\"><\/a>                            <div class=\"mec-tile-event-content\">\r\n                                <div class=\"mec-event-detail\">\r\n                                                                                                            <span class=\"mec-event-loc-place\"><i class=\"mec-sl-location-pin\"><\/i>Szko\u0142a Podstawowa w Bestwinie<\/span>                                                                    <\/div>\r\n                                                                <h4 class=\"mec-event-title\"><a class=\"mec-color-hover\"  data-event-id=\"7161\" href=\"https:\/\/bazanakrakowskiej.pl\/index.php\/wydarzenia\/taniec-wspolczesny-9-12-lat\/\" target=\"m1\" rel=\"noopener\">BazaART- taniec wsp\u00f3\u0142czesny 9-12 lat<\/a><\/h4>\r\n                                                            <\/div>\r\n                        <\/div>\r\n                    <\/article>\r\n                <\/div>                    <div class=\"col-md-3 col-sm-3\">        <script type=\"application\/ld+json\">\r\n        {\r\n            \"@context\": \"http:\/\/schema.org\",\r\n            \"@type\": \"Event\",\r\n            \"eventStatus\": \"https:\/\/schema.org\/EventScheduled\",\r\n            \"startDate\": \"2026-05-14\",\r\n            \"endDate\": \"2026-05-14\",\r\n            \"eventAttendanceMode\": \"https:\/\/schema.org\/OfflineEventAttendanceMode\",\r\n            \"location\":\r\n            {\r\n                \"@type\": \"Place\",\r\n                                \"name\": \"Baza na Krakowskiej\",\r\n                \"image\": \"\",\r\n                \"address\": \"\"\r\n                            },\r\n            \"organizer\":\r\n            {\r\n                \"@type\": \"Person\",\r\n                \"name\": \"Barbara Niemczyk\",\r\n                \"url\": \"\"\r\n            },\r\n            \"offers\":\r\n            {\r\n                \"url\": \"https:\/\/bazanakrakowskiej.pl\/index.php\/wydarzenia\/przedprzedszkole-3\/\",\r\n                \"price\": \"\",\r\n                \"priceCurrency\": \"$\",\r\n                \"availability\": \"https:\/\/schema.org\/InStock\",\r\n                \"validFrom\": \"2026-05-14T00:00\"\r\n            },\r\n            \"performer\": \"\",\r\n            \"description\": \"&lt;p&gt;To zaj\u0119cia adaptacyjne dla dzieci &lt;strong&gt;2+&lt;\/strong&gt; (bez udzia\u0142u Rodzica), prowadzone wg autorskich scenariuszy, maj\u0105ce na celu przygotowanie maluch\u00f3w do p\u00f3j\u015bcia do przedszkola.&lt;\/p&gt; &lt;p&gt;&lt;strong&gt;NASZA OFERTA: &lt;\/strong&gt;&lt;\/p&gt; &lt;ul&gt; &lt;li&gt;Zaj\u0119cia 5 razy w tygodniu!&lt;\/li&gt; &lt;li&gt;Od poniedzia\u0142ku do pi\u0105tku w godzinach 8:00-13:00&lt;\/li&gt; &lt;li&gt;&lt;strong&gt;3&lt;\/strong&gt; abonamenty do wyboru + abonament indywidulany&lt;\/li&gt; &lt;li&gt;Nauka poprzez zabaw\u0119!&lt;\/li&gt; &lt;\/ul&gt; &lt;p&gt;&lt;strong&gt;Naszym celem jest:&lt;\/strong&gt;&lt;\/p&gt; &lt;p&gt;\u2013 nawi\u0105zywanie i wzmacnianie kontakt\u00f3w spo\u0142ecznych z dzie\u0107mi w grupie&lt;br \/&gt; \u2013 wdra\u017canie do samodzielno\u015bci poprzez nabywanie nowych umiej\u0119tno\u015bci&lt;br \/&gt; \u2013 stwarzanie warunk\u00f3w sprzyjaj\u0105cych wsp\u00f3lnej zabawie&lt;br \/&gt; \u2013 kszta\u0142towanie u dzieci zdolno\u015bci radzenia sobie w nowych sytuacjach&lt;br \/&gt; \u2013 zach\u0119canie do udzia\u0142u w zaj\u0119ciach artystycznych, plastycznych itp.&lt;\/p&gt; &lt;p&gt;&lt;strong&gt;Zapewniamy:&lt;\/strong&gt;&lt;\/p&gt; &lt;p&gt;\u2013 troskliw\u0105 opiek\u0119 i bezpiecze\u0144stwo&lt;br \/&gt; \u2013 przestronne sale, przystosowane do potrzeb dzieci&lt;br \/&gt; \u2013 zabawki, materia\u0142y edukacyjne&lt;br \/&gt; \u2013 zaj\u0119cia plastyczne, muzyczne itp.&lt;br \/&gt; \u2013 indywidulane podej\u015bcie do dziecka&lt;\/p&gt; &lt;p&gt;Szczeg\u00f3\u0142y tutaj: &lt;a href=&quot;https:\/\/bazanakrakowskiej.pl\/index.php\/przedprzedszkole\/&quot;&gt;https:\/\/bazanakrakowskiej.pl\/index.php\/przedprzedszkole\/&lt;\/a&gt;&lt;\/p&gt; \",\r\n            \"image\": \"\",\r\n            \"name\": \"PrzedPrzedszkole\",\r\n            \"url\": \"https:\/\/bazanakrakowskiej.pl\/index.php\/wydarzenia\/przedprzedszkole-3\/\"\r\n        }\r\n        <\/script>\r\n                            <article  data-href=\"https:\/\/bazanakrakowskiej.pl\/index.php\/wydarzenia\/przedprzedszkole-3\/\" data-target=\"m1\" style=\"background:#eae019\" class=\"mec-past-event mec-event-article mec-tile-item  mec-clear   \">\r\n                                                                        <div class=\"event-tile-view-head clearfix\">\r\n                                                            <div class=\"mec-event-month\"><span class=\"mec-start-date-label\" itemprop=\"startDate\">14 maj<\/span><\/div>\r\n                                                        <div class=\"mec-event-time\"><i class=\"mec-sl-clock\"><\/i>08:00<\/div>\r\n                        <\/div>\r\n                        <div class=\"mec-event-content\" data-target=\"m1\" data-event-id=\"7050\">\r\n                            <a href=\"https:\/\/bazanakrakowskiej.pl\/index.php\/wydarzenia\/przedprzedszkole-3\/\" target=\"m1\" class=\"mec-tile-into-content-link\"><\/a>                            <div class=\"mec-tile-event-content\">\r\n                                <div class=\"mec-event-detail\">\r\n                                                                                                            <span class=\"mec-event-loc-place\"><i class=\"mec-sl-location-pin\"><\/i>Baza na Krakowskiej<\/span>                                                                    <\/div>\r\n                                                                <h4 class=\"mec-event-title\"><a class=\"mec-color-hover\"  data-event-id=\"7050\" href=\"https:\/\/bazanakrakowskiej.pl\/index.php\/wydarzenia\/przedprzedszkole-3\/\" target=\"m1\" rel=\"noopener\">PrzedPrzedszkole<\/a><\/h4>\r\n                                                            <\/div>\r\n                        <\/div>\r\n                    <\/article>\r\n                <\/div><\/div>            <div class=\"row\"><div class=\"col-md-3 col-sm-3\">        <script type=\"application\/ld+json\">\r\n        {\r\n            \"@context\": \"http:\/\/schema.org\",\r\n            \"@type\": \"Event\",\r\n            \"eventStatus\": \"https:\/\/schema.org\/EventScheduled\",\r\n            \"startDate\": \"2026-05-14\",\r\n            \"endDate\": \"2026-05-14\",\r\n            \"eventAttendanceMode\": \"https:\/\/schema.org\/OfflineEventAttendanceMode\",\r\n            \"location\":\r\n            {\r\n                \"@type\": \"Place\",\r\n                                \"name\": \"Baza na Krakowskiej\",\r\n                \"image\": \"\",\r\n                \"address\": \"\"\r\n                            },\r\n            \"organizer\":\r\n            {\r\n                \"@type\": \"Person\",\r\n                \"name\": \"\",\r\n                \"url\": \"\"\r\n            },\r\n            \"offers\":\r\n            {\r\n                \"url\": \"https:\/\/bazanakrakowskiej.pl\/index.php\/wydarzenia\/mozliwosc-organizacji-urodzin-2\/\",\r\n                \"price\": \"\",\r\n                \"priceCurrency\": \"$\",\r\n                \"availability\": \"https:\/\/schema.org\/InStock\",\r\n                \"validFrom\": \"2026-05-14T00:00\"\r\n            },\r\n            \"performer\": \"\",\r\n            \"description\": \"&lt;p&gt;Wi\u0119cej informacji w zak\u0142adce &lt;a href=&quot;https:\/\/bazanakrakowskiej.pl\/index.php\/oferta-dodatkowa\/&quot;&gt;URODZINY&lt;\/a&gt; \ud83d\ude42&lt;\/p&gt; \",\r\n            \"image\": \"\",\r\n            \"name\": \"Mo\u017cliwo\u015b\u0107 organizacji urodzin\",\r\n            \"url\": \"https:\/\/bazanakrakowskiej.pl\/index.php\/wydarzenia\/mozliwosc-organizacji-urodzin-2\/\"\r\n        }\r\n        <\/script>\r\n                            <article  data-href=\"https:\/\/bazanakrakowskiej.pl\/index.php\/wydarzenia\/mozliwosc-organizacji-urodzin-2\/\" data-target=\"m1\" style=\"background:#f587a6\" class=\"mec-past-event mec-event-article mec-tile-item  mec-clear   \">\r\n                                                                        <div class=\"event-tile-view-head clearfix\">\r\n                                                            <div class=\"mec-event-month\"><span class=\"mec-start-date-label\" itemprop=\"startDate\">14 maj<\/span><\/div>\r\n                                                        <div class=\"mec-event-time\"><i class=\"mec-sl-clock\"><\/i>16:30<\/div>\r\n                        <\/div>\r\n                        <div class=\"mec-event-content\" data-target=\"m1\" data-event-id=\"7160\">\r\n                            <a href=\"https:\/\/bazanakrakowskiej.pl\/index.php\/wydarzenia\/mozliwosc-organizacji-urodzin-2\/\" target=\"m1\" class=\"mec-tile-into-content-link\"><\/a>                            <div class=\"mec-tile-event-content\">\r\n                                <div class=\"mec-event-detail\">\r\n                                                                                                            <span class=\"mec-event-loc-place\"><i class=\"mec-sl-location-pin\"><\/i>Baza na Krakowskiej<\/span>                                                                    <\/div>\r\n                                                                <h4 class=\"mec-event-title\"><a class=\"mec-color-hover\"  data-event-id=\"7160\" href=\"https:\/\/bazanakrakowskiej.pl\/index.php\/wydarzenia\/mozliwosc-organizacji-urodzin-2\/\" target=\"m1\" rel=\"noopener\">Mo\u017cliwo\u015b\u0107 organizacji urodzin<\/a><\/h4>\r\n                                                            <\/div>\r\n                        <\/div>\r\n                    <\/article>\r\n                <\/div>            <div class=\"col-md-3 col-sm-3\">        <script type=\"application\/ld+json\">\r\n        {\r\n            \"@context\": \"http:\/\/schema.org\",\r\n            \"@type\": \"Event\",\r\n            \"eventStatus\": \"https:\/\/schema.org\/EventScheduled\",\r\n            \"startDate\": \"2026-05-14\",\r\n            \"endDate\": \"2026-05-14\",\r\n            \"eventAttendanceMode\": \"https:\/\/schema.org\/OfflineEventAttendanceMode\",\r\n            \"location\":\r\n            {\r\n                \"@type\": \"Place\",\r\n                                \"name\": \"Baza na Krakowskiej\/ s. lustrzana\",\r\n                \"image\": \"\",\r\n                \"address\": \"\"\r\n                            },\r\n            \"organizer\":\r\n            {\r\n                \"@type\": \"Person\",\r\n                \"name\": \"Anna Porwit\",\r\n                \"url\": \"https:\/\/www.facebook.com\/pasjamojaity\"\r\n            },\r\n            \"offers\":\r\n            {\r\n                \"url\": \"https:\/\/bazanakrakowskiej.pl\/index.php\/wydarzenia\/zajecia-fitness-hantle-gumy-hip-band-rollowanie\/\",\r\n                \"price\": \"\",\r\n                \"priceCurrency\": \"$\",\r\n                \"availability\": \"https:\/\/schema.org\/InStock\",\r\n                \"validFrom\": \"2026-05-14T00:00\"\r\n            },\r\n            \"performer\": \"\",\r\n            \"description\": \"&lt;p&gt;Zapraszamy na wystrza\u0142owe zaj\u0119cia &lt;strong&gt;FITNESS&lt;\/strong&gt;, pod okiem wykwalifikowanej instruktorki!&lt;br \/&gt; Mo\u017cliwo\u015b\u0107 nabycia karnet\u00f3w!&lt;br \/&gt; Super atmosfera!&lt;br \/&gt; Materia\u0142y do \u0107wicze\u0144!&lt;\/p&gt; &lt;p&gt;\ud83d\udfe9Poniedzia\u0142ki \u25aa\ufe0fStep cardio- trening ze stepem&lt;br \/&gt; 18:00-19:00&lt;\/p&gt; &lt;p&gt;\ud83d\udfe6Wtorki \u25aa\ufe0fSi\u0142a i sylwetka- trening z obci\u0105\u017ceniem&lt;br \/&gt; 18:00-19:00&lt;\/p&gt; &lt;p&gt;\ud83d\udfeaCzwartki \u25aa\ufe0fMobility -trening rozci\u0105gaj\u0105cy&lt;br \/&gt; 18:45-19:45&lt;\/p&gt; &lt;p&gt;&nbsp;&lt;\/p&gt; &lt;p&gt;Instruktor: Anna Porwit\/&lt;a href=&quot;https:\/\/www.facebook.com\/pasjamojaity&quot;&gt;Pasjamojaity&lt;\/a&gt;&lt;\/p&gt; &lt;p&gt;Zapisy pod nr tel. 796 500 690&lt;\/p&gt; &lt;p&gt;&nbsp;&lt;\/p&gt; \",\r\n            \"image\": \"\",\r\n            \"name\": \"Zaj\u0119cia Fitness Mobility -trening rozci\u0105gaj\u0105cy\",\r\n            \"url\": \"https:\/\/bazanakrakowskiej.pl\/index.php\/wydarzenia\/zajecia-fitness-hantle-gumy-hip-band-rollowanie\/\"\r\n        }\r\n        <\/script>\r\n                            <article  data-href=\"https:\/\/bazanakrakowskiej.pl\/index.php\/wydarzenia\/zajecia-fitness-hantle-gumy-hip-band-rollowanie\/\" data-target=\"m1\" style=\"background:#00e4e8\" class=\"mec-past-event mec-event-article mec-tile-item  mec-clear   \">\r\n                                                                        <div class=\"event-tile-view-head clearfix\">\r\n                                                            <div class=\"mec-event-month\"><span class=\"mec-start-date-label\" itemprop=\"startDate\">14 maj<\/span><\/div>\r\n                                                        <div class=\"mec-event-time\"><i class=\"mec-sl-clock\"><\/i>18:45<\/div>\r\n                        <\/div>\r\n                        <div class=\"mec-event-content\" data-target=\"m1\" data-event-id=\"8257\">\r\n                            <a href=\"https:\/\/bazanakrakowskiej.pl\/index.php\/wydarzenia\/zajecia-fitness-hantle-gumy-hip-band-rollowanie\/\" target=\"m1\" class=\"mec-tile-into-content-link\"><\/a>                            <div class=\"mec-tile-event-content\">\r\n                                <div class=\"mec-event-detail\">\r\n                                                                                                            <span class=\"mec-event-loc-place\"><i class=\"mec-sl-location-pin\"><\/i>Baza na Krakowskiej\/ s. lustrzana<\/span>                                                                    <\/div>\r\n                                                                <h4 class=\"mec-event-title\"><a class=\"mec-color-hover\"  data-event-id=\"8257\" href=\"https:\/\/bazanakrakowskiej.pl\/index.php\/wydarzenia\/zajecia-fitness-hantle-gumy-hip-band-rollowanie\/\" target=\"m1\" rel=\"noopener\">Zaj\u0119cia Fitness Mobility -trening rozci\u0105gaj\u0105cy<\/a><\/h4>\r\n                                                            <\/div>\r\n                        <\/div>\r\n                    <\/article>\r\n                <\/div>                    <div class=\"col-md-3 col-sm-3\">        <script type=\"application\/ld+json\">\r\n        {\r\n            \"@context\": \"http:\/\/schema.org\",\r\n            \"@type\": \"Event\",\r\n            \"eventStatus\": \"https:\/\/schema.org\/EventScheduled\",\r\n            \"startDate\": \"2026-05-15\",\r\n            \"endDate\": \"2026-05-15\",\r\n            \"eventAttendanceMode\": \"https:\/\/schema.org\/OfflineEventAttendanceMode\",\r\n            \"location\":\r\n            {\r\n                \"@type\": \"Place\",\r\n                                \"name\": \"Baza na Krakowskiej\",\r\n                \"image\": \"\",\r\n                \"address\": \"\"\r\n                            },\r\n            \"organizer\":\r\n            {\r\n                \"@type\": \"Person\",\r\n                \"name\": \"Barbara Niemczyk\",\r\n                \"url\": \"\"\r\n            },\r\n            \"offers\":\r\n            {\r\n                \"url\": \"https:\/\/bazanakrakowskiej.pl\/index.php\/wydarzenia\/przedprzedszkole-3\/\",\r\n                \"price\": \"\",\r\n                \"priceCurrency\": \"$\",\r\n                \"availability\": \"https:\/\/schema.org\/InStock\",\r\n                \"validFrom\": \"2026-05-15T00:00\"\r\n            },\r\n            \"performer\": \"\",\r\n            \"description\": \"&lt;p&gt;To zaj\u0119cia adaptacyjne dla dzieci &lt;strong&gt;2+&lt;\/strong&gt; (bez udzia\u0142u Rodzica), prowadzone wg autorskich scenariuszy, maj\u0105ce na celu przygotowanie maluch\u00f3w do p\u00f3j\u015bcia do przedszkola.&lt;\/p&gt; &lt;p&gt;&lt;strong&gt;NASZA OFERTA: &lt;\/strong&gt;&lt;\/p&gt; &lt;ul&gt; &lt;li&gt;Zaj\u0119cia 5 razy w tygodniu!&lt;\/li&gt; &lt;li&gt;Od poniedzia\u0142ku do pi\u0105tku w godzinach 8:00-13:00&lt;\/li&gt; &lt;li&gt;&lt;strong&gt;3&lt;\/strong&gt; abonamenty do wyboru + abonament indywidulany&lt;\/li&gt; &lt;li&gt;Nauka poprzez zabaw\u0119!&lt;\/li&gt; &lt;\/ul&gt; &lt;p&gt;&lt;strong&gt;Naszym celem jest:&lt;\/strong&gt;&lt;\/p&gt; &lt;p&gt;\u2013 nawi\u0105zywanie i wzmacnianie kontakt\u00f3w spo\u0142ecznych z dzie\u0107mi w grupie&lt;br \/&gt; \u2013 wdra\u017canie do samodzielno\u015bci poprzez nabywanie nowych umiej\u0119tno\u015bci&lt;br \/&gt; \u2013 stwarzanie warunk\u00f3w sprzyjaj\u0105cych wsp\u00f3lnej zabawie&lt;br \/&gt; \u2013 kszta\u0142towanie u dzieci zdolno\u015bci radzenia sobie w nowych sytuacjach&lt;br \/&gt; \u2013 zach\u0119canie do udzia\u0142u w zaj\u0119ciach artystycznych, plastycznych itp.&lt;\/p&gt; &lt;p&gt;&lt;strong&gt;Zapewniamy:&lt;\/strong&gt;&lt;\/p&gt; &lt;p&gt;\u2013 troskliw\u0105 opiek\u0119 i bezpiecze\u0144stwo&lt;br \/&gt; \u2013 przestronne sale, przystosowane do potrzeb dzieci&lt;br \/&gt; \u2013 zabawki, materia\u0142y edukacyjne&lt;br \/&gt; \u2013 zaj\u0119cia plastyczne, muzyczne itp.&lt;br \/&gt; \u2013 indywidulane podej\u015bcie do dziecka&lt;\/p&gt; &lt;p&gt;Szczeg\u00f3\u0142y tutaj: &lt;a href=&quot;https:\/\/bazanakrakowskiej.pl\/index.php\/przedprzedszkole\/&quot;&gt;https:\/\/bazanakrakowskiej.pl\/index.php\/przedprzedszkole\/&lt;\/a&gt;&lt;\/p&gt; \",\r\n            \"image\": \"\",\r\n            \"name\": \"PrzedPrzedszkole\",\r\n            \"url\": \"https:\/\/bazanakrakowskiej.pl\/index.php\/wydarzenia\/przedprzedszkole-3\/\"\r\n        }\r\n        <\/script>\r\n                            <article  data-href=\"https:\/\/bazanakrakowskiej.pl\/index.php\/wydarzenia\/przedprzedszkole-3\/\" data-target=\"m1\" style=\"background:#eae019\" class=\"mec-past-event mec-event-article mec-tile-item  mec-clear   \">\r\n                                                                        <div class=\"event-tile-view-head clearfix\">\r\n                                                            <div class=\"mec-event-month\"><span class=\"mec-start-date-label\" itemprop=\"startDate\">15 maj<\/span><\/div>\r\n                                                        <div class=\"mec-event-time\"><i class=\"mec-sl-clock\"><\/i>08:00<\/div>\r\n                        <\/div>\r\n                        <div class=\"mec-event-content\" data-target=\"m1\" data-event-id=\"7050\">\r\n                            <a href=\"https:\/\/bazanakrakowskiej.pl\/index.php\/wydarzenia\/przedprzedszkole-3\/\" target=\"m1\" class=\"mec-tile-into-content-link\"><\/a>                            <div class=\"mec-tile-event-content\">\r\n                                <div class=\"mec-event-detail\">\r\n                                                                                                            <span class=\"mec-event-loc-place\"><i class=\"mec-sl-location-pin\"><\/i>Baza na Krakowskiej<\/span>                                                                    <\/div>\r\n                                                                <h4 class=\"mec-event-title\"><a class=\"mec-color-hover\"  data-event-id=\"7050\" href=\"https:\/\/bazanakrakowskiej.pl\/index.php\/wydarzenia\/przedprzedszkole-3\/\" target=\"m1\" rel=\"noopener\">PrzedPrzedszkole<\/a><\/h4>\r\n                                                            <\/div>\r\n                        <\/div>\r\n                    <\/article>\r\n                <\/div>            <div class=\"col-md-3 col-sm-3\">        <script type=\"application\/ld+json\">\r\n        {\r\n            \"@context\": \"http:\/\/schema.org\",\r\n            \"@type\": \"Event\",\r\n            \"eventStatus\": \"https:\/\/schema.org\/EventScheduled\",\r\n            \"startDate\": \"2026-05-15\",\r\n            \"endDate\": \"2026-05-15\",\r\n            \"eventAttendanceMode\": \"https:\/\/schema.org\/OfflineEventAttendanceMode\",\r\n            \"location\":\r\n            {\r\n                \"@type\": \"Place\",\r\n                                \"name\": \"Baza na Krakowskiej\/ s. lustrzana\",\r\n                \"image\": \"\",\r\n                \"address\": \"\"\r\n                            },\r\n            \"organizer\":\r\n            {\r\n                \"@type\": \"Person\",\r\n                \"name\": \"Anna Porwit\",\r\n                \"url\": \"https:\/\/www.facebook.com\/pasjamojaity\"\r\n            },\r\n            \"offers\":\r\n            {\r\n                \"url\": \"https:\/\/bazanakrakowskiej.pl\/index.php\/wydarzenia\/fitness-dla-seniorow\/\",\r\n                \"price\": \"\",\r\n                \"priceCurrency\": \"$\",\r\n                \"availability\": \"https:\/\/schema.org\/InStock\",\r\n                \"validFrom\": \"2026-05-15T00:00\"\r\n            },\r\n            \"performer\": \"\",\r\n            \"description\": \"&lt;p&gt;&lt;span class=&quot;x1xsqp64 xiy17q3 x1o6pynw x19co3pv xdj266r xcwd3tp xat24cr x39eecv x2b8uid&quot; data-testid=&quot;emoji&quot;&gt;&lt;span class=&quot;xexx8yu xn5pp95 x18d9i69 x2fxd7x x3jgonx x1bhl96m&quot;&gt;\ud83d\udfe8&lt;\/span&gt;&lt;\/span&gt;&lt;span class=&quot;x1xsqp64 xiy17q3 x1o6pynw x19co3pv xdj266r xcwd3tp xat24cr x39eecv x2b8uid&quot; data-testid=&quot;emoji&quot;&gt;&lt;span class=&quot;xexx8yu xn5pp95 x18d9i69 x2fxd7x x3jgonx x1bhl96m&quot;&gt;\ud83d\udfea&lt;\/span&gt;&lt;\/span&gt;FITNESS DLA SENIOR\u00d3W &lt;span class=&quot;x1xsqp64 xiy17q3 x1o6pynw x19co3pv xdj266r xcwd3tp xat24cr x39eecv x2b8uid&quot; data-testid=&quot;emoji&quot;&gt;&lt;span class=&quot;xexx8yu xn5pp95 x18d9i69 x2fxd7x x3jgonx x1bhl96m&quot;&gt;\ud83d\udfe8&lt;\/span&gt;&lt;\/span&gt;&lt;span class=&quot;x1xsqp64 xiy17q3 x1o6pynw x19co3pv xdj266r xcwd3tp xat24cr x39eecv x2b8uid&quot; data-testid=&quot;emoji&quot;&gt;&lt;span class=&quot;xexx8yu xn5pp95 x18d9i69 x2fxd7x x3jgonx x1bhl96m&quot;&gt;\ud83d\udfea&lt;\/span&gt;&lt;\/span&gt;&lt;br \/&gt; Zapraszamy na nowe zaj\u0119cia!&lt;\/p&gt; &lt;p&gt;Ka\u017cdy pi\u0105tek godz.11:00-12:00, Baza na Krakowskiej\/ sala lustrzana&lt;\/p&gt; &lt;p&gt;Specjalnie opracowany program pozwoli uczestnikom czu\u0107 si\u0119 swobodnie i komfortowo, a w\u0142\u0105czenie do codzienno\u015bci rutyny \u0107wicze\u0144 fizycznych pozwoli zachowa\u0107 sprawno\u015b\u0107 i si\u0142\u0119 cia\u0142a.&lt;\/p&gt; &lt;p&gt;Jakie jeszcze s\u0105 zalety udzia\u0142u w zaj\u0119ciach?&lt;br \/&gt; &lt;span class=&quot;x1xsqp64 xiy17q3 x1o6pynw x19co3pv xdj266r xcwd3tp xat24cr x39eecv x2b8uid&quot; data-testid=&quot;emoji&quot;&gt;&lt;span class=&quot;xexx8yu xn5pp95 x18d9i69 x2fxd7x x3jgonx x1bhl96m&quot;&gt;\ud83d\udfea&lt;\/span&gt;&lt;\/span&gt;&lt;span class=&quot;x1xsqp64 xiy17q3 x1o6pynw x19co3pv xdj266r xcwd3tp xat24cr x39eecv x2b8uid&quot; data-testid=&quot;emoji&quot;&gt;&lt;span class=&quot;xexx8yu xn5pp95 x18d9i69 x2fxd7x x3jgonx x1bhl96m&quot;&gt;\ud83d\udfe8&lt;\/span&gt;&lt;\/span&gt;Zdrowie serca i sprawno\u015b\u0107 uk\u0142adu sercowo-naczyniowego&lt;br \/&gt; &lt;span class=&quot;x1xsqp64 xiy17q3 x1o6pynw x19co3pv xdj266r xcwd3tp xat24cr x39eecv x2b8uid&quot; data-testid=&quot;emoji&quot;&gt;&lt;span class=&quot;xexx8yu xn5pp95 x18d9i69 x2fxd7x x3jgonx x1bhl96m&quot;&gt;\ud83d\udfea&lt;\/span&gt;&lt;\/span&gt;&lt;span class=&quot;x1xsqp64 xiy17q3 x1o6pynw x19co3pv xdj266r xcwd3tp xat24cr x39eecv x2b8uid&quot; data-testid=&quot;emoji&quot;&gt;&lt;span class=&quot;xexx8yu xn5pp95 x18d9i69 x2fxd7x x3jgonx x1bhl96m&quot;&gt;\ud83d\udfe8&lt;\/span&gt;&lt;\/span&gt;Poprawa wytrzyma\u0142o\u015bci i og\u00f3lnego poziomu energii&lt;br \/&gt; &lt;span class=&quot;x1xsqp64 xiy17q3 x1o6pynw x19co3pv xdj266r xcwd3tp xat24cr x39eecv x2b8uid&quot; data-testid=&quot;emoji&quot;&gt;&lt;span class=&quot;xexx8yu xn5pp95 x18d9i69 x2fxd7x x3jgonx x1bhl96m&quot;&gt;\ud83d\udfea&lt;\/span&gt;&lt;\/span&gt;&lt;span class=&quot;x1xsqp64 xiy17q3 x1o6pynw x19co3pv xdj266r xcwd3tp xat24cr x39eecv x2b8uid&quot; data-testid=&quot;emoji&quot;&gt;&lt;span class=&quot;xexx8yu xn5pp95 x18d9i69 x2fxd7x x3jgonx x1bhl96m&quot;&gt;\ud83d\udfe8&lt;\/span&gt;&lt;\/span&gt;Nastr\u00f3j i dobre samopoczucie psychiczne&lt;br \/&gt; &lt;span class=&quot;x1xsqp64 xiy17q3 x1o6pynw x19co3pv xdj266r xcwd3tp xat24cr x39eecv x2b8uid&quot; data-testid=&quot;emoji&quot;&gt;&lt;span class=&quot;xexx8yu xn5pp95 x18d9i69 x2fxd7x x3jgonx x1bhl96m&quot;&gt;\ud83d\udfea&lt;\/span&gt;&lt;\/span&gt;&lt;span class=&quot;x1xsqp64 xiy17q3 x1o6pynw x19co3pv xdj266r xcwd3tp xat24cr x39eecv x2b8uid&quot; data-testid=&quot;emoji&quot;&gt;&lt;span class=&quot;xexx8yu xn5pp95 x18d9i69 x2fxd7x x3jgonx x1bhl96m&quot;&gt;\ud83d\udfe8&lt;\/span&gt;&lt;\/span&gt;Wzmocnienie wi\u0119zi spo\u0142eczne i zmniejszenie poczucia samotno\u015bci&lt;br \/&gt; &lt;span class=&quot;x1xsqp64 xiy17q3 x1o6pynw x19co3pv xdj266r xcwd3tp xat24cr x39eecv x2b8uid&quot; data-testid=&quot;emoji&quot;&gt;&lt;span class=&quot;xexx8yu xn5pp95 x18d9i69 x2fxd7x x3jgonx x1bhl96m&quot;&gt;\ud83d\udfea&lt;\/span&gt;&lt;\/span&gt;&lt;span class=&quot;x1xsqp64 xiy17q3 x1o6pynw x19co3pv xdj266r xcwd3tp xat24cr x39eecv x2b8uid&quot; data-testid=&quot;emoji&quot;&gt;&lt;span class=&quot;xexx8yu xn5pp95 x18d9i69 x2fxd7x x3jgonx x1bhl96m&quot;&gt;\ud83d\udfe8&lt;\/span&gt;&lt;\/span&gt;Zachowanie niezale\u017cno\u015bci i \u0142atwiejsze wykonywanie codziennych czynno\u015bci poprzez \u0107wiczenia buduj\u0105ce i utrzymuj\u0105ce si\u0142\u0119&lt;\/p&gt; &lt;p&gt;Serdecznie zapraszamy!&lt;br \/&gt; &lt;span class=&quot;x1xsqp64 xiy17q3 x1o6pynw x19co3pv xdj266r xcwd3tp xat24cr x39eecv x2b8uid&quot; data-testid=&quot;emoji&quot;&gt;&lt;span class=&quot;xexx8yu xn5pp95 x18d9i69 x2fxd7x x3jgonx x1bhl96m&quot;&gt;\ud83d\udfe8&lt;\/span&gt;&lt;\/span&gt;Prosimy o udost\u0119pnienie tej wiadomo\u015bci najbli\u017cszym, domownikom i wszystkim osobom, kt\u00f3re by\u0142by zainteresowane udzia\u0142em w zaj\u0119ciach.&lt;span class=&quot;x1xsqp64 xiy17q3 x1o6pynw x19co3pv xdj266r xcwd3tp xat24cr x39eecv x2b8uid&quot; data-testid=&quot;emoji&quot;&gt;&lt;span class=&quot;xexx8yu xn5pp95 x18d9i69 x2fxd7x x3jgonx x1bhl96m&quot;&gt;\ud83d\udfe8&lt;\/span&gt;&lt;\/span&gt;&lt;\/p&gt; &lt;p&gt;Zaj\u0119cia prowadzi wykwalifikowana instruktorka fitness Anna Porwit.&lt;br \/&gt; &lt;span class=&quot;x1xsqp64 xiy17q3 x1o6pynw x19co3pv xdj266r xcwd3tp xat24cr x39eecv x2b8uid&quot; data-testid=&quot;emoji&quot;&gt;&lt;span class=&quot;xexx8yu xn5pp95 x18d9i69 x2fxd7x x3jgonx x1bhl96m&quot;&gt;\ud83d\udcde&lt;\/span&gt;&lt;\/span&gt;Szczeg\u00f3\u0142y pod nr tel: 796 500 690&lt;\/p&gt; \",\r\n            \"image\": \"https:\/\/bazanakrakowskiej.pl\/wp-content\/uploads\/2024\/11\/fitness-dla-seniorow.png\",\r\n            \"name\": \"Fitness dla Senior\u00f3w\",\r\n            \"url\": \"https:\/\/bazanakrakowskiej.pl\/index.php\/wydarzenia\/fitness-dla-seniorow\/\"\r\n        }\r\n        <\/script>\r\n                            <article  data-href=\"https:\/\/bazanakrakowskiej.pl\/index.php\/wydarzenia\/fitness-dla-seniorow\/\" data-target=\"m1\" style=\"background:#00a0d2 url('https:\/\/bazanakrakowskiej.pl\/wp-content\/uploads\/2024\/11\/fitness-dla-seniorow-300x400.png')\" class=\"mec-past-event mec-event-article mec-tile-item  mec-clear   \">\r\n                                                                        <div class=\"event-tile-view-head clearfix\">\r\n                                                            <div class=\"mec-event-month\"><span class=\"mec-start-date-label\" itemprop=\"startDate\">15 maj<\/span><\/div>\r\n                                                        <div class=\"mec-event-time\"><i class=\"mec-sl-clock\"><\/i>11:00<\/div>\r\n                        <\/div>\r\n                        <div class=\"mec-event-content\" data-target=\"m1\" data-event-id=\"8134\">\r\n                            <a href=\"https:\/\/bazanakrakowskiej.pl\/index.php\/wydarzenia\/fitness-dla-seniorow\/\" target=\"m1\" class=\"mec-tile-into-content-link\"><\/a>                            <div class=\"mec-tile-event-content\">\r\n                                <div class=\"mec-event-detail\">\r\n                                                                                                            <span class=\"mec-event-loc-place\"><i class=\"mec-sl-location-pin\"><\/i>Baza na Krakowskiej\/ s. lustrzana<\/span>                                                                    <\/div>\r\n                                                                <h4 class=\"mec-event-title\"><a class=\"mec-color-hover\"  data-event-id=\"8134\" href=\"https:\/\/bazanakrakowskiej.pl\/index.php\/wydarzenia\/fitness-dla-seniorow\/\" target=\"m1\" rel=\"noopener\">Fitness dla Senior\u00f3w<\/a><\/h4>\r\n                                                            <\/div>\r\n                        <\/div>\r\n                    <\/article>\r\n                <\/div><\/div>            <div class=\"row\"><div class=\"col-md-3 col-sm-3\">        <script type=\"application\/ld+json\">\r\n        {\r\n            \"@context\": \"http:\/\/schema.org\",\r\n            \"@type\": \"Event\",\r\n            \"eventStatus\": \"https:\/\/schema.org\/EventScheduled\",\r\n            \"startDate\": \"2026-05-15\",\r\n            \"endDate\": \"2026-05-15\",\r\n            \"eventAttendanceMode\": \"https:\/\/schema.org\/OfflineEventAttendanceMode\",\r\n            \"location\":\r\n            {\r\n                \"@type\": \"Place\",\r\n                                \"name\": \"Baza na Krakowskiej\/ s. lustrzana\",\r\n                \"image\": \"\",\r\n                \"address\": \"\"\r\n                            },\r\n            \"organizer\":\r\n            {\r\n                \"@type\": \"Person\",\r\n                \"name\": \"Anna Porwit\",\r\n                \"url\": \"https:\/\/www.facebook.com\/pasjamojaity\"\r\n            },\r\n            \"offers\":\r\n            {\r\n                \"url\": \"https:\/\/bazanakrakowskiej.pl\/index.php\/wydarzenia\/fitness-dla-seniorow-2\/\",\r\n                \"price\": \"\",\r\n                \"priceCurrency\": \"$\",\r\n                \"availability\": \"https:\/\/schema.org\/InStock\",\r\n                \"validFrom\": \"2026-05-15T00:00\"\r\n            },\r\n            \"performer\": \"\",\r\n            \"description\": \"&lt;p&gt;&lt;span class=&quot;x1xsqp64 xiy17q3 x1o6pynw x19co3pv xdj266r xcwd3tp xat24cr x39eecv x2b8uid&quot; data-testid=&quot;emoji&quot;&gt;&lt;span class=&quot;xexx8yu xn5pp95 x18d9i69 x2fxd7x x3jgonx x1bhl96m&quot;&gt;\ud83d\udfe8&lt;\/span&gt;&lt;\/span&gt;&lt;span class=&quot;x1xsqp64 xiy17q3 x1o6pynw x19co3pv xdj266r xcwd3tp xat24cr x39eecv x2b8uid&quot; data-testid=&quot;emoji&quot;&gt;&lt;span class=&quot;xexx8yu xn5pp95 x18d9i69 x2fxd7x x3jgonx x1bhl96m&quot;&gt;\ud83d\udfea&lt;\/span&gt;&lt;\/span&gt;FITNESS DLA SENIOR\u00d3W &lt;span class=&quot;x1xsqp64 xiy17q3 x1o6pynw x19co3pv xdj266r xcwd3tp xat24cr x39eecv x2b8uid&quot; data-testid=&quot;emoji&quot;&gt;&lt;span class=&quot;xexx8yu xn5pp95 x18d9i69 x2fxd7x x3jgonx x1bhl96m&quot;&gt;\ud83d\udfe8&lt;\/span&gt;&lt;\/span&gt;&lt;span class=&quot;x1xsqp64 xiy17q3 x1o6pynw x19co3pv xdj266r xcwd3tp xat24cr x39eecv x2b8uid&quot; data-testid=&quot;emoji&quot;&gt;&lt;span class=&quot;xexx8yu xn5pp95 x18d9i69 x2fxd7x x3jgonx x1bhl96m&quot;&gt;\ud83d\udfea&lt;\/span&gt;&lt;\/span&gt;&lt;br \/&gt; Zapraszamy na nowe zaj\u0119cia!&lt;\/p&gt; &lt;p&gt;Ka\u017cdy pi\u0105tek godz.11:00-12:00 i 12:00-13:00 , Baza na Krakowskiej\/ sala lustrzana&lt;\/p&gt; &lt;p&gt;Specjalnie opracowany program pozwoli uczestnikom czu\u0107 si\u0119 swobodnie i komfortowo, a w\u0142\u0105czenie do codzienno\u015bci rutyny \u0107wicze\u0144 fizycznych pozwoli zachowa\u0107 sprawno\u015b\u0107 i si\u0142\u0119 cia\u0142a.&lt;\/p&gt; &lt;p&gt;Jakie jeszcze s\u0105 zalety udzia\u0142u w zaj\u0119ciach?&lt;br \/&gt; &lt;span class=&quot;x1xsqp64 xiy17q3 x1o6pynw x19co3pv xdj266r xcwd3tp xat24cr x39eecv x2b8uid&quot; data-testid=&quot;emoji&quot;&gt;&lt;span class=&quot;xexx8yu xn5pp95 x18d9i69 x2fxd7x x3jgonx x1bhl96m&quot;&gt;\ud83d\udfea&lt;\/span&gt;&lt;\/span&gt;&lt;span class=&quot;x1xsqp64 xiy17q3 x1o6pynw x19co3pv xdj266r xcwd3tp xat24cr x39eecv x2b8uid&quot; data-testid=&quot;emoji&quot;&gt;&lt;span class=&quot;xexx8yu xn5pp95 x18d9i69 x2fxd7x x3jgonx x1bhl96m&quot;&gt;\ud83d\udfe8&lt;\/span&gt;&lt;\/span&gt;Zdrowie serca i sprawno\u015b\u0107 uk\u0142adu sercowo-naczyniowego&lt;br \/&gt; &lt;span class=&quot;x1xsqp64 xiy17q3 x1o6pynw x19co3pv xdj266r xcwd3tp xat24cr x39eecv x2b8uid&quot; data-testid=&quot;emoji&quot;&gt;&lt;span class=&quot;xexx8yu xn5pp95 x18d9i69 x2fxd7x x3jgonx x1bhl96m&quot;&gt;\ud83d\udfea&lt;\/span&gt;&lt;\/span&gt;&lt;span class=&quot;x1xsqp64 xiy17q3 x1o6pynw x19co3pv xdj266r xcwd3tp xat24cr x39eecv x2b8uid&quot; data-testid=&quot;emoji&quot;&gt;&lt;span class=&quot;xexx8yu xn5pp95 x18d9i69 x2fxd7x x3jgonx x1bhl96m&quot;&gt;\ud83d\udfe8&lt;\/span&gt;&lt;\/span&gt;Poprawa wytrzyma\u0142o\u015bci i og\u00f3lnego poziomu energii&lt;br \/&gt; &lt;span class=&quot;x1xsqp64 xiy17q3 x1o6pynw x19co3pv xdj266r xcwd3tp xat24cr x39eecv x2b8uid&quot; data-testid=&quot;emoji&quot;&gt;&lt;span class=&quot;xexx8yu xn5pp95 x18d9i69 x2fxd7x x3jgonx x1bhl96m&quot;&gt;\ud83d\udfea&lt;\/span&gt;&lt;\/span&gt;&lt;span class=&quot;x1xsqp64 xiy17q3 x1o6pynw x19co3pv xdj266r xcwd3tp xat24cr x39eecv x2b8uid&quot; data-testid=&quot;emoji&quot;&gt;&lt;span class=&quot;xexx8yu xn5pp95 x18d9i69 x2fxd7x x3jgonx x1bhl96m&quot;&gt;\ud83d\udfe8&lt;\/span&gt;&lt;\/span&gt;Nastr\u00f3j i dobre samopoczucie psychiczne&lt;br \/&gt; &lt;span class=&quot;x1xsqp64 xiy17q3 x1o6pynw x19co3pv xdj266r xcwd3tp xat24cr x39eecv x2b8uid&quot; data-testid=&quot;emoji&quot;&gt;&lt;span class=&quot;xexx8yu xn5pp95 x18d9i69 x2fxd7x x3jgonx x1bhl96m&quot;&gt;\ud83d\udfea&lt;\/span&gt;&lt;\/span&gt;&lt;span class=&quot;x1xsqp64 xiy17q3 x1o6pynw x19co3pv xdj266r xcwd3tp xat24cr x39eecv x2b8uid&quot; data-testid=&quot;emoji&quot;&gt;&lt;span class=&quot;xexx8yu xn5pp95 x18d9i69 x2fxd7x x3jgonx x1bhl96m&quot;&gt;\ud83d\udfe8&lt;\/span&gt;&lt;\/span&gt;Wzmocnienie wi\u0119zi spo\u0142eczne i zmniejszenie poczucia samotno\u015bci&lt;br \/&gt; &lt;span class=&quot;x1xsqp64 xiy17q3 x1o6pynw x19co3pv xdj266r xcwd3tp xat24cr x39eecv x2b8uid&quot; data-testid=&quot;emoji&quot;&gt;&lt;span class=&quot;xexx8yu xn5pp95 x18d9i69 x2fxd7x x3jgonx x1bhl96m&quot;&gt;\ud83d\udfea&lt;\/span&gt;&lt;\/span&gt;&lt;span class=&quot;x1xsqp64 xiy17q3 x1o6pynw x19co3pv xdj266r xcwd3tp xat24cr x39eecv x2b8uid&quot; data-testid=&quot;emoji&quot;&gt;&lt;span class=&quot;xexx8yu xn5pp95 x18d9i69 x2fxd7x x3jgonx x1bhl96m&quot;&gt;\ud83d\udfe8&lt;\/span&gt;&lt;\/span&gt;Zachowanie niezale\u017cno\u015bci i \u0142atwiejsze wykonywanie codziennych czynno\u015bci poprzez \u0107wiczenia buduj\u0105ce i utrzymuj\u0105ce si\u0142\u0119&lt;\/p&gt; &lt;p&gt;Serdecznie zapraszamy!&lt;br \/&gt; &lt;span class=&quot;x1xsqp64 xiy17q3 x1o6pynw x19co3pv xdj266r xcwd3tp xat24cr x39eecv x2b8uid&quot; data-testid=&quot;emoji&quot;&gt;&lt;span class=&quot;xexx8yu xn5pp95 x18d9i69 x2fxd7x x3jgonx x1bhl96m&quot;&gt;\ud83d\udfe8&lt;\/span&gt;&lt;\/span&gt;Prosimy o udost\u0119pnienie tej wiadomo\u015bci najbli\u017cszym, domownikom i wszystkim osobom, kt\u00f3re by\u0142by zainteresowane udzia\u0142em w zaj\u0119ciach.&lt;span class=&quot;x1xsqp64 xiy17q3 x1o6pynw x19co3pv xdj266r xcwd3tp xat24cr x39eecv x2b8uid&quot; data-testid=&quot;emoji&quot;&gt;&lt;span class=&quot;xexx8yu xn5pp95 x18d9i69 x2fxd7x x3jgonx x1bhl96m&quot;&gt;\ud83d\udfe8&lt;\/span&gt;&lt;\/span&gt;&lt;\/p&gt; &lt;p&gt;Zaj\u0119cia prowadzi wykwalifikowana instruktorka fitness Anna Porwit.&lt;br \/&gt; &lt;span class=&quot;x1xsqp64 xiy17q3 x1o6pynw x19co3pv xdj266r xcwd3tp xat24cr x39eecv x2b8uid&quot; data-testid=&quot;emoji&quot;&gt;&lt;span class=&quot;xexx8yu xn5pp95 x18d9i69 x2fxd7x x3jgonx x1bhl96m&quot;&gt;\ud83d\udcde&lt;\/span&gt;&lt;\/span&gt;Szczeg\u00f3\u0142y pod nr tel: 796 500 690&lt;\/p&gt; \",\r\n            \"image\": \"\",\r\n            \"name\": \"Fitness dla senior\u00f3w\",\r\n            \"url\": \"https:\/\/bazanakrakowskiej.pl\/index.php\/wydarzenia\/fitness-dla-seniorow-2\/\"\r\n        }\r\n        <\/script>\r\n                            <article  data-href=\"https:\/\/bazanakrakowskiej.pl\/index.php\/wydarzenia\/fitness-dla-seniorow-2\/\" data-target=\"m1\" style=\"background:#00a0d2\" class=\"mec-past-event mec-event-article mec-tile-item  mec-clear   \">\r\n                                                                        <div class=\"event-tile-view-head clearfix\">\r\n                                                            <div class=\"mec-event-month\"><span class=\"mec-start-date-label\" itemprop=\"startDate\">15 maj<\/span><\/div>\r\n                                                        <div class=\"mec-event-time\"><i class=\"mec-sl-clock\"><\/i>12:00<\/div>\r\n                        <\/div>\r\n                        <div class=\"mec-event-content\" data-target=\"m1\" data-event-id=\"8585\">\r\n                            <a href=\"https:\/\/bazanakrakowskiej.pl\/index.php\/wydarzenia\/fitness-dla-seniorow-2\/\" target=\"m1\" class=\"mec-tile-into-content-link\"><\/a>                            <div class=\"mec-tile-event-content\">\r\n                                <div class=\"mec-event-detail\">\r\n                                                                                                            <span class=\"mec-event-loc-place\"><i class=\"mec-sl-location-pin\"><\/i>Baza na Krakowskiej\/ s. lustrzana<\/span>                                                                    <\/div>\r\n                                                                <h4 class=\"mec-event-title\"><a class=\"mec-color-hover\"  data-event-id=\"8585\" href=\"https:\/\/bazanakrakowskiej.pl\/index.php\/wydarzenia\/fitness-dla-seniorow-2\/\" target=\"m1\" rel=\"noopener\">Fitness dla senior\u00f3w<\/a><\/h4>\r\n                                                            <\/div>\r\n                        <\/div>\r\n                    <\/article>\r\n                <\/div>            <div class=\"col-md-3 col-sm-3\">        <script type=\"application\/ld+json\">\r\n        {\r\n            \"@context\": \"http:\/\/schema.org\",\r\n            \"@type\": \"Event\",\r\n            \"eventStatus\": \"https:\/\/schema.org\/EventScheduled\",\r\n            \"startDate\": \"2026-05-15\",\r\n            \"endDate\": \"2026-05-15\",\r\n            \"eventAttendanceMode\": \"https:\/\/schema.org\/OfflineEventAttendanceMode\",\r\n            \"location\":\r\n            {\r\n                \"@type\": \"Place\",\r\n                                \"name\": \"Baza na Krakowskiej\",\r\n                \"image\": \"\",\r\n                \"address\": \"\"\r\n                            },\r\n            \"organizer\":\r\n            {\r\n                \"@type\": \"Person\",\r\n                \"name\": \"\",\r\n                \"url\": \"\"\r\n            },\r\n            \"offers\":\r\n            {\r\n                \"url\": \"https:\/\/bazanakrakowskiej.pl\/index.php\/wydarzenia\/mozliwosc-organizacji-urodzin-3\/\",\r\n                \"price\": \"\",\r\n                \"priceCurrency\": \"$\",\r\n                \"availability\": \"https:\/\/schema.org\/InStock\",\r\n                \"validFrom\": \"2026-05-15T00:00\"\r\n            },\r\n            \"performer\": \"\",\r\n            \"description\": \"&lt;p&gt;Wi\u0119cej informacji w zak\u0142adce &lt;a href=&quot;https:\/\/bazanakrakowskiej.pl\/index.php\/oferta-dodatkowa\/&quot;&gt;URODZINY&lt;\/a&gt; \ud83d\ude42&lt;\/p&gt; \",\r\n            \"image\": \"\",\r\n            \"name\": \"Mo\u017cliwo\u015b\u0107 organizacji urodzin\",\r\n            \"url\": \"https:\/\/bazanakrakowskiej.pl\/index.php\/wydarzenia\/mozliwosc-organizacji-urodzin-3\/\"\r\n        }\r\n        <\/script>\r\n                            <article  data-href=\"https:\/\/bazanakrakowskiej.pl\/index.php\/wydarzenia\/mozliwosc-organizacji-urodzin-3\/\" data-target=\"m1\" style=\"background:#f587a6\" class=\"mec-past-event mec-event-article mec-tile-item  mec-clear   \">\r\n                                                                        <div class=\"event-tile-view-head clearfix\">\r\n                                                            <div class=\"mec-event-month\"><span class=\"mec-start-date-label\" itemprop=\"startDate\">15 maj<\/span><\/div>\r\n                                                        <div class=\"mec-event-time\"><i class=\"mec-sl-clock\"><\/i>17:00<\/div>\r\n                        <\/div>\r\n                        <div class=\"mec-event-content\" data-target=\"m1\" data-event-id=\"6906\">\r\n                            <a href=\"https:\/\/bazanakrakowskiej.pl\/index.php\/wydarzenia\/mozliwosc-organizacji-urodzin-3\/\" target=\"m1\" class=\"mec-tile-into-content-link\"><\/a>                            <div class=\"mec-tile-event-content\">\r\n                                <div class=\"mec-event-detail\">\r\n                                                                                                            <span class=\"mec-event-loc-place\"><i class=\"mec-sl-location-pin\"><\/i>Baza na Krakowskiej<\/span>                                                                    <\/div>\r\n                                                                <h4 class=\"mec-event-title\"><a class=\"mec-color-hover\"  data-event-id=\"6906\" href=\"https:\/\/bazanakrakowskiej.pl\/index.php\/wydarzenia\/mozliwosc-organizacji-urodzin-3\/\" target=\"m1\" rel=\"noopener\">Mo\u017cliwo\u015b\u0107 organizacji urodzin<\/a><\/h4>\r\n                                                            <\/div>\r\n                        <\/div>\r\n                    <\/article>\r\n                <\/div>                    <div class=\"col-md-3 col-sm-3\">        <script type=\"application\/ld+json\">\r\n        {\r\n            \"@context\": \"http:\/\/schema.org\",\r\n            \"@type\": \"Event\",\r\n            \"eventStatus\": \"https:\/\/schema.org\/EventScheduled\",\r\n            \"startDate\": \"2026-05-16\",\r\n            \"endDate\": \"2026-05-16\",\r\n            \"eventAttendanceMode\": \"https:\/\/schema.org\/OfflineEventAttendanceMode\",\r\n            \"location\":\r\n            {\r\n                \"@type\": \"Place\",\r\n                                \"name\": \"Baza na Krakowskiej\",\r\n                \"image\": \"\",\r\n                \"address\": \"\"\r\n                            },\r\n            \"organizer\":\r\n            {\r\n                \"@type\": \"Person\",\r\n                \"name\": \"\",\r\n                \"url\": \"\"\r\n            },\r\n            \"offers\":\r\n            {\r\n                \"url\": \"https:\/\/bazanakrakowskiej.pl\/index.php\/wydarzenia\/mozliwosc-organizacji-urodzin\/\",\r\n                \"price\": \"\",\r\n                \"priceCurrency\": \"$\",\r\n                \"availability\": \"https:\/\/schema.org\/InStock\",\r\n                \"validFrom\": \"2026-05-16T00:00\"\r\n            },\r\n            \"performer\": \"\",\r\n            \"description\": \"&lt;p&gt;Wi\u0119cej informacji w zak\u0142adce &lt;a href=&quot;https:\/\/bazanakrakowskiej.pl\/index.php\/oferta-dodatkowa\/&quot;&gt;URODZINY&lt;\/a&gt; \ud83d\ude42&lt;\/p&gt; \",\r\n            \"image\": \"\",\r\n            \"name\": \"Mo\u017cliwo\u015b\u0107 organizacji urodzin\",\r\n            \"url\": \"https:\/\/bazanakrakowskiej.pl\/index.php\/wydarzenia\/mozliwosc-organizacji-urodzin\/\"\r\n        }\r\n        <\/script>\r\n                            <article  data-href=\"https:\/\/bazanakrakowskiej.pl\/index.php\/wydarzenia\/mozliwosc-organizacji-urodzin\/\" data-target=\"m1\" style=\"background:#f587a6\" class=\"mec-past-event mec-event-article mec-tile-item  mec-clear   \">\r\n                                                                        <div class=\"event-tile-view-head clearfix\">\r\n                                                            <div class=\"mec-event-month\"><span class=\"mec-start-date-label\" itemprop=\"startDate\">16 maj<\/span><\/div>\r\n                                                        <div class=\"mec-event-time\"><i class=\"mec-sl-clock\"><\/i>10:00<\/div>\r\n                        <\/div>\r\n                        <div class=\"mec-event-content\" data-target=\"m1\" data-event-id=\"7953\">\r\n                            <a href=\"https:\/\/bazanakrakowskiej.pl\/index.php\/wydarzenia\/mozliwosc-organizacji-urodzin\/\" target=\"m1\" class=\"mec-tile-into-content-link\"><\/a>                            <div class=\"mec-tile-event-content\">\r\n                                <div class=\"mec-event-detail\">\r\n                                                                                                            <span class=\"mec-event-loc-place\"><i class=\"mec-sl-location-pin\"><\/i>Baza na Krakowskiej<\/span>                                                                    <\/div>\r\n                                                                <h4 class=\"mec-event-title\"><a class=\"mec-color-hover\"  data-event-id=\"7953\" href=\"https:\/\/bazanakrakowskiej.pl\/index.php\/wydarzenia\/mozliwosc-organizacji-urodzin\/\" target=\"m1\" rel=\"noopener\">Mo\u017cliwo\u015b\u0107 organizacji urodzin<\/a><\/h4>\r\n                                                            <\/div>\r\n                        <\/div>\r\n                    <\/article>\r\n                <\/div>            <div class=\"col-md-3 col-sm-3\">        <script type=\"application\/ld+json\">\r\n        {\r\n            \"@context\": \"http:\/\/schema.org\",\r\n            \"@type\": \"Event\",\r\n            \"eventStatus\": \"https:\/\/schema.org\/EventScheduled\",\r\n            \"startDate\": \"2026-05-16\",\r\n            \"endDate\": \"2026-05-16\",\r\n            \"eventAttendanceMode\": \"https:\/\/schema.org\/OfflineEventAttendanceMode\",\r\n            \"location\":\r\n            {\r\n                \"@type\": \"Place\",\r\n                                \"name\": \"Baza na Krakowskiej\",\r\n                \"image\": \"\",\r\n                \"address\": \"\"\r\n                            },\r\n            \"organizer\":\r\n            {\r\n                \"@type\": \"Person\",\r\n                \"name\": \"\",\r\n                \"url\": \"\"\r\n            },\r\n            \"offers\":\r\n            {\r\n                \"url\": \"https:\/\/bazanakrakowskiej.pl\/index.php\/wydarzenia\/mozliwosc-organizacji-urodzin-4\/\",\r\n                \"price\": \"\",\r\n                \"priceCurrency\": \"$\",\r\n                \"availability\": \"https:\/\/schema.org\/InStock\",\r\n                \"validFrom\": \"2026-05-16T00:00\"\r\n            },\r\n            \"performer\": \"\",\r\n            \"description\": \"&lt;p&gt;Wi\u0119cej informacji w zak\u0142adce &lt;a href=&quot;https:\/\/bazanakrakowskiej.pl\/index.php\/oferta-dodatkowa\/&quot;&gt;URODZINY&lt;\/a&gt; \ud83d\ude42&lt;\/p&gt; \",\r\n            \"image\": \"\",\r\n            \"name\": \"Mo\u017cliwo\u015b\u0107 organizacji urodzin\",\r\n            \"url\": \"https:\/\/bazanakrakowskiej.pl\/index.php\/wydarzenia\/mozliwosc-organizacji-urodzin-4\/\"\r\n        }\r\n        <\/script>\r\n                            <article  data-href=\"https:\/\/bazanakrakowskiej.pl\/index.php\/wydarzenia\/mozliwosc-organizacji-urodzin-4\/\" data-target=\"m1\" style=\"background:#f587a6\" class=\"mec-past-event mec-event-article mec-tile-item  mec-clear   \">\r\n                                                                        <div class=\"event-tile-view-head clearfix\">\r\n                                                            <div class=\"mec-event-month\"><span class=\"mec-start-date-label\" itemprop=\"startDate\">16 maj<\/span><\/div>\r\n                                                        <div class=\"mec-event-time\"><i class=\"mec-sl-clock\"><\/i>13:00<\/div>\r\n                        <\/div>\r\n                        <div class=\"mec-event-content\" data-target=\"m1\" data-event-id=\"7954\">\r\n                            <a href=\"https:\/\/bazanakrakowskiej.pl\/index.php\/wydarzenia\/mozliwosc-organizacji-urodzin-4\/\" target=\"m1\" class=\"mec-tile-into-content-link\"><\/a>                            <div class=\"mec-tile-event-content\">\r\n                                <div class=\"mec-event-detail\">\r\n                                                                                                            <span class=\"mec-event-loc-place\"><i class=\"mec-sl-location-pin\"><\/i>Baza na Krakowskiej<\/span>                                                                    <\/div>\r\n                                                                <h4 class=\"mec-event-title\"><a class=\"mec-color-hover\"  data-event-id=\"7954\" href=\"https:\/\/bazanakrakowskiej.pl\/index.php\/wydarzenia\/mozliwosc-organizacji-urodzin-4\/\" target=\"m1\" rel=\"noopener\">Mo\u017cliwo\u015b\u0107 organizacji urodzin<\/a><\/h4>\r\n                                                            <\/div>\r\n                        <\/div>\r\n                    <\/article>\r\n                <\/div><\/div>            <div class=\"row\"><div class=\"col-md-3 col-sm-3\">        <script type=\"application\/ld+json\">\r\n        {\r\n            \"@context\": \"http:\/\/schema.org\",\r\n            \"@type\": \"Event\",\r\n            \"eventStatus\": \"https:\/\/schema.org\/EventScheduled\",\r\n            \"startDate\": \"2026-05-16\",\r\n            \"endDate\": \"2026-05-16\",\r\n            \"eventAttendanceMode\": \"https:\/\/schema.org\/OfflineEventAttendanceMode\",\r\n            \"location\":\r\n            {\r\n                \"@type\": \"Place\",\r\n                                \"name\": \"Baza na Krakowskiej\",\r\n                \"image\": \"\",\r\n                \"address\": \"\"\r\n                            },\r\n            \"organizer\":\r\n            {\r\n                \"@type\": \"Person\",\r\n                \"name\": \"Ma\u0142gorzata Grabowska- Fluder\",\r\n                \"url\": \"https:\/\/www.instagram.com\/malflu_foto\/\"\r\n            },\r\n            \"offers\":\r\n            {\r\n                \"url\": \"https:\/\/bazanakrakowskiej.pl\/index.php\/wydarzenia\/korepetycje-z-warzyw-warsztaty-kulinarne\/\",\r\n                \"price\": \"\",\r\n                \"priceCurrency\": \"$\",\r\n                \"availability\": \"https:\/\/schema.org\/InStock\",\r\n                \"validFrom\": \"2026-05-16T00:00\"\r\n            },\r\n            \"performer\": \"\",\r\n            \"description\": \"&lt;p&gt;Razem z &lt;a class=&quot;x1i10hfl xjbqb8w x1ejq31n xd10rxx x1sy0etr x17r0tee x972fbf xcfux6l x1qhh985 xm0m39n x9f619 x1ypdohk xt0psk2 xe8uvvx xdj266r x11i5rnm xat24cr x1mh8g0r xexx8yu x4uap5 x18d9i69 xkhd6sd x16tdsg8 x1hl2dhg xggy1nq x1a2a7pz notranslate _a6hd&quot; tabindex=&quot;0&quot; role=&quot;link&quot; href=&quot;https:\/\/www.instagram.com\/malflu_foto\/&quot;&gt;@malflu_foto&lt;\/a&gt; zapraszamy na&lt;br \/&gt; KOREPETYCJE Z WARZYW!&lt;\/p&gt; &lt;p&gt;Du\u017co dobrej, pozytywnej energii, pyszno\u015bci na talerzu, degustacja i znakomite towarzystwo- bo tak smakuje \u017cycie \u263a\ufe0f&lt;\/p&gt; &lt;p&gt;Jak m\u00f3wi Gosia \u201echc\u0119 pokaza\u0107, \u017ce warto je\u015b\u0107 sezonowo, \u017ce proste gotowanie mo\u017ce by\u0107 przyjemno\u015bci\u0105, \u017ce dzi\u0119ki jako\u015bciowym sk\u0142adnikom jedzenie mo\u017ce sta\u0107 si\u0119 lekarstwem- od\u017cywia\u0107 cia\u0142o i ducha\u201d \ud83c\udf72&lt;\/p&gt; &lt;p&gt;Szczeg\u00f3\u0142y i zapisy bezpo\u015brednio u Gosi pod nr tel. 500565030&lt;br \/&gt; Daty warsztat\u00f3w b\u0119d\u0105 podawane na bie\u017c\u0105co \u263a\ufe0f&lt;\/p&gt; &lt;div class=&quot;figure&quot;&gt;&lt;img loading=&quot;lazy&quot; decoding=&quot;async&quot; class=&quot;alignnone size-medium wp-image-7492&quot; src=&quot;https:\/\/bazanakrakowskiej.pl\/wp-content\/uploads\/2024\/03\/20240229_180717_0000-212x300.jpg&quot; alt=&quot;&quot; width=&quot;212&quot; height=&quot;300&quot; srcset=&quot;https:\/\/bazanakrakowskiej.pl\/wp-content\/uploads\/2024\/03\/20240229_180717_0000-212x300.jpg 212w, https:\/\/bazanakrakowskiej.pl\/wp-content\/uploads\/2024\/03\/20240229_180717_0000-724x1024.jpg 724w, https:\/\/bazanakrakowskiej.pl\/wp-content\/uploads\/2024\/03\/20240229_180717_0000-768x1086.jpg 768w, https:\/\/bazanakrakowskiej.pl\/wp-content\/uploads\/2024\/03\/20240229_180717_0000-1086x1536.jpg 1086w, https:\/\/bazanakrakowskiej.pl\/wp-content\/uploads\/2024\/03\/20240229_180717_0000.jpg 1414w&quot; sizes=&quot;auto, (max-width: 212px) 100vw, 212px&quot; \/&gt;&lt;\/div&gt; \",\r\n            \"image\": \"\",\r\n            \"name\": \"Korepetycje z warzyw- warsztaty kulinarne\",\r\n            \"url\": \"https:\/\/bazanakrakowskiej.pl\/index.php\/wydarzenia\/korepetycje-z-warzyw-warsztaty-kulinarne\/\"\r\n        }\r\n        <\/script>\r\n                            <article  data-href=\"https:\/\/bazanakrakowskiej.pl\/index.php\/wydarzenia\/korepetycje-z-warzyw-warsztaty-kulinarne\/\" data-target=\"m1\" style=\"background:#6fed6a\" class=\"mec-past-event mec-event-article mec-tile-item  mec-clear   \">\r\n                                                                        <div class=\"event-tile-view-head clearfix\">\r\n                                                            <div class=\"mec-event-month\"><span class=\"mec-start-date-label\" itemprop=\"startDate\">16 maj<\/span><\/div>\r\n                                                        <div class=\"mec-event-time\"><i class=\"mec-sl-clock\"><\/i>16:00<\/div>\r\n                        <\/div>\r\n                        <div class=\"mec-event-content\" data-target=\"m1\" data-event-id=\"7491\">\r\n                            <a href=\"https:\/\/bazanakrakowskiej.pl\/index.php\/wydarzenia\/korepetycje-z-warzyw-warsztaty-kulinarne\/\" target=\"m1\" class=\"mec-tile-into-content-link\"><\/a>                            <div class=\"mec-tile-event-content\">\r\n                                <div class=\"mec-event-detail\">\r\n                                                                                                            <span class=\"mec-event-loc-place\"><i class=\"mec-sl-location-pin\"><\/i>Baza na Krakowskiej<\/span>                                                                    <\/div>\r\n                                                                <h4 class=\"mec-event-title\"><a class=\"mec-color-hover\"  data-event-id=\"7491\" href=\"https:\/\/bazanakrakowskiej.pl\/index.php\/wydarzenia\/korepetycje-z-warzyw-warsztaty-kulinarne\/\" target=\"m1\" rel=\"noopener\">Korepetycje z warzyw- warsztaty kulinarne<\/a><\/h4>\r\n                                                            <\/div>\r\n                        <\/div>\r\n                    <\/article>\r\n                <\/div>                    <div class=\"col-md-3 col-sm-3\">        <script type=\"application\/ld+json\">\r\n        {\r\n            \"@context\": \"http:\/\/schema.org\",\r\n            \"@type\": \"Event\",\r\n            \"eventStatus\": \"https:\/\/schema.org\/EventScheduled\",\r\n            \"startDate\": \"2026-05-18\",\r\n            \"endDate\": \"2026-05-18\",\r\n            \"eventAttendanceMode\": \"https:\/\/schema.org\/OfflineEventAttendanceMode\",\r\n            \"location\":\r\n            {\r\n                \"@type\": \"Place\",\r\n                                \"name\": \"Baza na Krakowskiej\",\r\n                \"image\": \"\",\r\n                \"address\": \"\"\r\n                            },\r\n            \"organizer\":\r\n            {\r\n                \"@type\": \"Person\",\r\n                \"name\": \"Barbara Niemczyk\",\r\n                \"url\": \"\"\r\n            },\r\n            \"offers\":\r\n            {\r\n                \"url\": \"https:\/\/bazanakrakowskiej.pl\/index.php\/wydarzenia\/przedprzedszkole-3\/\",\r\n                \"price\": \"\",\r\n                \"priceCurrency\": \"$\",\r\n                \"availability\": \"https:\/\/schema.org\/InStock\",\r\n                \"validFrom\": \"2026-05-18T00:00\"\r\n            },\r\n            \"performer\": \"\",\r\n            \"description\": \"&lt;p&gt;To zaj\u0119cia adaptacyjne dla dzieci &lt;strong&gt;2+&lt;\/strong&gt; (bez udzia\u0142u Rodzica), prowadzone wg autorskich scenariuszy, maj\u0105ce na celu przygotowanie maluch\u00f3w do p\u00f3j\u015bcia do przedszkola.&lt;\/p&gt; &lt;p&gt;&lt;strong&gt;NASZA OFERTA: &lt;\/strong&gt;&lt;\/p&gt; &lt;ul&gt; &lt;li&gt;Zaj\u0119cia 5 razy w tygodniu!&lt;\/li&gt; &lt;li&gt;Od poniedzia\u0142ku do pi\u0105tku w godzinach 8:00-13:00&lt;\/li&gt; &lt;li&gt;&lt;strong&gt;3&lt;\/strong&gt; abonamenty do wyboru + abonament indywidulany&lt;\/li&gt; &lt;li&gt;Nauka poprzez zabaw\u0119!&lt;\/li&gt; &lt;\/ul&gt; &lt;p&gt;&lt;strong&gt;Naszym celem jest:&lt;\/strong&gt;&lt;\/p&gt; &lt;p&gt;\u2013 nawi\u0105zywanie i wzmacnianie kontakt\u00f3w spo\u0142ecznych z dzie\u0107mi w grupie&lt;br \/&gt; \u2013 wdra\u017canie do samodzielno\u015bci poprzez nabywanie nowych umiej\u0119tno\u015bci&lt;br \/&gt; \u2013 stwarzanie warunk\u00f3w sprzyjaj\u0105cych wsp\u00f3lnej zabawie&lt;br \/&gt; \u2013 kszta\u0142towanie u dzieci zdolno\u015bci radzenia sobie w nowych sytuacjach&lt;br \/&gt; \u2013 zach\u0119canie do udzia\u0142u w zaj\u0119ciach artystycznych, plastycznych itp.&lt;\/p&gt; &lt;p&gt;&lt;strong&gt;Zapewniamy:&lt;\/strong&gt;&lt;\/p&gt; &lt;p&gt;\u2013 troskliw\u0105 opiek\u0119 i bezpiecze\u0144stwo&lt;br \/&gt; \u2013 przestronne sale, przystosowane do potrzeb dzieci&lt;br \/&gt; \u2013 zabawki, materia\u0142y edukacyjne&lt;br \/&gt; \u2013 zaj\u0119cia plastyczne, muzyczne itp.&lt;br \/&gt; \u2013 indywidulane podej\u015bcie do dziecka&lt;\/p&gt; &lt;p&gt;Szczeg\u00f3\u0142y tutaj: &lt;a href=&quot;https:\/\/bazanakrakowskiej.pl\/index.php\/przedprzedszkole\/&quot;&gt;https:\/\/bazanakrakowskiej.pl\/index.php\/przedprzedszkole\/&lt;\/a&gt;&lt;\/p&gt; \",\r\n            \"image\": \"\",\r\n            \"name\": \"PrzedPrzedszkole\",\r\n            \"url\": \"https:\/\/bazanakrakowskiej.pl\/index.php\/wydarzenia\/przedprzedszkole-3\/\"\r\n        }\r\n        <\/script>\r\n                            <article  data-href=\"https:\/\/bazanakrakowskiej.pl\/index.php\/wydarzenia\/przedprzedszkole-3\/\" data-target=\"m1\" style=\"background:#eae019\" class=\"mec-past-event mec-event-article mec-tile-item  mec-clear   \">\r\n                                                                        <div class=\"event-tile-view-head clearfix\">\r\n                                                            <div class=\"mec-event-month\"><span class=\"mec-start-date-label\" itemprop=\"startDate\">18 maj<\/span><\/div>\r\n                                                        <div class=\"mec-event-time\"><i class=\"mec-sl-clock\"><\/i>08:00<\/div>\r\n                        <\/div>\r\n                        <div class=\"mec-event-content\" data-target=\"m1\" data-event-id=\"7050\">\r\n                            <a href=\"https:\/\/bazanakrakowskiej.pl\/index.php\/wydarzenia\/przedprzedszkole-3\/\" target=\"m1\" class=\"mec-tile-into-content-link\"><\/a>                            <div class=\"mec-tile-event-content\">\r\n                                <div class=\"mec-event-detail\">\r\n                                                                                                            <span class=\"mec-event-loc-place\"><i class=\"mec-sl-location-pin\"><\/i>Baza na Krakowskiej<\/span>                                                                    <\/div>\r\n                                                                <h4 class=\"mec-event-title\"><a class=\"mec-color-hover\"  data-event-id=\"7050\" href=\"https:\/\/bazanakrakowskiej.pl\/index.php\/wydarzenia\/przedprzedszkole-3\/\" target=\"m1\" rel=\"noopener\">PrzedPrzedszkole<\/a><\/h4>\r\n                                                            <\/div>\r\n                        <\/div>\r\n                    <\/article>\r\n                <\/div>            <div class=\"col-md-3 col-sm-3\">        <script type=\"application\/ld+json\">\r\n        {\r\n            \"@context\": \"http:\/\/schema.org\",\r\n            \"@type\": \"Event\",\r\n            \"eventStatus\": \"https:\/\/schema.org\/EventScheduled\",\r\n            \"startDate\": \"2026-05-18\",\r\n            \"endDate\": \"2026-05-18\",\r\n            \"eventAttendanceMode\": \"https:\/\/schema.org\/OfflineEventAttendanceMode\",\r\n            \"location\":\r\n            {\r\n                \"@type\": \"Place\",\r\n                                \"name\": \"Baza na Krakowskiej\",\r\n                \"image\": \"\",\r\n                \"address\": \"\"\r\n                            },\r\n            \"organizer\":\r\n            {\r\n                \"@type\": \"Person\",\r\n                \"name\": \"Gabriela Nguyen Nam\",\r\n                \"url\": \"\"\r\n            },\r\n            \"offers\":\r\n            {\r\n                \"url\": \"https:\/\/bazanakrakowskiej.pl\/index.php\/wydarzenia\/balet-5-8-lat\/\",\r\n                \"price\": \"\",\r\n                \"priceCurrency\": \"$\",\r\n                \"availability\": \"https:\/\/schema.org\/InStock\",\r\n                \"validFrom\": \"2026-05-18T00:00\"\r\n            },\r\n            \"performer\": \"\",\r\n            \"description\": \"&lt;p&gt;&lt;strong&gt;Grupa taneczna Ta\u0144cz\u0105ce Brzd\u0105ce grupa wiekowa 4-5 lat&lt;\/strong&gt;&lt;\/p&gt; &lt;p&gt;Balet z elementami rytmiki i ta\u0144ca klasycznego&lt;\/p&gt; &lt;p&gt;Zaj\u0119cia w ka\u017cdy poniedzia\u0142ek o godz. 15:00-15:55&lt;\/p&gt; &lt;p&gt;Miejsce: BAZA NA KRAKOWSKIEJ&lt;\/p&gt; &lt;p&gt;Koszt: 160 z\u0142\/ msc&lt;\/p&gt; &lt;p&gt;Wi\u0119cej o zaj\u0119ciach przeczytasz tutaj: &lt;a href=&quot;https:\/\/bazanakrakowskiej.pl\/index.php\/zajecia-taneczne\/&quot;&gt;Taniec wsp\u00f3\u0142czesny \u2013 BAZA NA KRAKOWSKIEJ&lt;\/a&gt;&lt;\/p&gt; \",\r\n            \"image\": \"\",\r\n            \"name\": \"Ta\u0144cz\u0105ce Brzd\u0105ce 4-5 lat\",\r\n            \"url\": \"https:\/\/bazanakrakowskiej.pl\/index.php\/wydarzenia\/balet-5-8-lat\/\"\r\n        }\r\n        <\/script>\r\n                            <article  data-href=\"https:\/\/bazanakrakowskiej.pl\/index.php\/wydarzenia\/balet-5-8-lat\/\" data-target=\"m1\" style=\"background:#00e8c5\" class=\"mec-past-event mec-event-article mec-tile-item  mec-clear   \">\r\n                                                                        <div class=\"event-tile-view-head clearfix\">\r\n                                                            <div class=\"mec-event-month\"><span class=\"mec-start-date-label\" itemprop=\"startDate\">18 maj<\/span><\/div>\r\n                                                        <div class=\"mec-event-time\"><i class=\"mec-sl-clock\"><\/i>15:00<\/div>\r\n                        <\/div>\r\n                        <div class=\"mec-event-content\" data-target=\"m1\" data-event-id=\"7163\">\r\n                            <a href=\"https:\/\/bazanakrakowskiej.pl\/index.php\/wydarzenia\/balet-5-8-lat\/\" target=\"m1\" class=\"mec-tile-into-content-link\"><\/a>                            <div class=\"mec-tile-event-content\">\r\n                                <div class=\"mec-event-detail\">\r\n                                                                                                            <span class=\"mec-event-loc-place\"><i class=\"mec-sl-location-pin\"><\/i>Baza na Krakowskiej<\/span>                                                                    <\/div>\r\n                                                                <h4 class=\"mec-event-title\"><a class=\"mec-color-hover\"  data-event-id=\"7163\" href=\"https:\/\/bazanakrakowskiej.pl\/index.php\/wydarzenia\/balet-5-8-lat\/\" target=\"m1\" rel=\"noopener\">Ta\u0144cz\u0105ce Brzd\u0105ce 4-5 lat<\/a><\/h4>\r\n                                                            <\/div>\r\n                        <\/div>\r\n                    <\/article>\r\n                <\/div>            <div class=\"col-md-3 col-sm-3\">        <script type=\"application\/ld+json\">\r\n        {\r\n            \"@context\": \"http:\/\/schema.org\",\r\n            \"@type\": \"Event\",\r\n            \"eventStatus\": \"https:\/\/schema.org\/EventScheduled\",\r\n            \"startDate\": \"2026-05-18\",\r\n            \"endDate\": \"2026-05-18\",\r\n            \"eventAttendanceMode\": \"https:\/\/schema.org\/OfflineEventAttendanceMode\",\r\n            \"location\":\r\n            {\r\n                \"@type\": \"Place\",\r\n                                \"name\": \"Szko\u0142a Podstawowa w Bestwinie\",\r\n                \"image\": \"\",\r\n                \"address\": \"\"\r\n                            },\r\n            \"organizer\":\r\n            {\r\n                \"@type\": \"Person\",\r\n                \"name\": \"Gabriela Nguyen Nam\",\r\n                \"url\": \"\"\r\n            },\r\n            \"offers\":\r\n            {\r\n                \"url\": \"https:\/\/bazanakrakowskiej.pl\/index.php\/wydarzenia\/bazaart-junior-taniec-wspoleczesny\/\",\r\n                \"price\": \"\",\r\n                \"priceCurrency\": \"$\",\r\n                \"availability\": \"https:\/\/schema.org\/InStock\",\r\n                \"validFrom\": \"2026-05-18T00:00\"\r\n            },\r\n            \"performer\": \"\",\r\n            \"description\": \"&lt;p&gt;&lt;strong&gt;BazaART Junior \/Taniec wsp\u00f3\u0142czesny&lt;br \/&gt; (gr. wiekowa 6-8 lat)&lt;br \/&gt; &lt;\/strong&gt;zaj\u0119cia 2 razy w tygodniu&lt;\/p&gt; &lt;p&gt;&lt;strong&gt;Poniedzia\u0142ki&lt;\/strong&gt; godz. 16:00-17:00 (Szko\u0142a Podstawowa w Bestwinie)&lt;\/p&gt; &lt;p&gt;&lt;strong&gt;\u015arody&lt;\/strong&gt; godz.15:30-17:00 (Szko\u0142a Podstawowa w Bestwinie)&lt;\/p&gt; &lt;p&gt;Koszt: 40 z\u0142 \/msc&lt;\/p&gt; &lt;p&gt;Wi\u0119cej o zaj\u0119ciach przeczytasz tutaj: &lt;a href=&quot;https:\/\/bazanakrakowskiej.pl\/index.php\/zajecia-taneczne\/&quot;&gt;Taniec wsp\u00f3\u0142czesny \u2013 BAZA NA KRAKOWSKIEJ&lt;\/a&gt;&lt;\/p&gt; \",\r\n            \"image\": \"\",\r\n            \"name\": \"BazaART Junior- taniec wsp\u00f3\u0142czesny 6-8 lat\",\r\n            \"url\": \"https:\/\/bazanakrakowskiej.pl\/index.php\/wydarzenia\/bazaart-junior-taniec-wspoleczesny\/\"\r\n        }\r\n        <\/script>\r\n                            <article  data-href=\"https:\/\/bazanakrakowskiej.pl\/index.php\/wydarzenia\/bazaart-junior-taniec-wspoleczesny\/\" data-target=\"m1\" style=\"background:#f2823c\" class=\"mec-past-event mec-event-article mec-tile-item  mec-clear   \">\r\n                                                                        <div class=\"event-tile-view-head clearfix\">\r\n                                                            <div class=\"mec-event-month\"><span class=\"mec-start-date-label\" itemprop=\"startDate\">18 maj<\/span><\/div>\r\n                                                        <div class=\"mec-event-time\"><i class=\"mec-sl-clock\"><\/i>16:00<\/div>\r\n                        <\/div>\r\n                        <div class=\"mec-event-content\" data-target=\"m1\" data-event-id=\"7934\">\r\n                            <a href=\"https:\/\/bazanakrakowskiej.pl\/index.php\/wydarzenia\/bazaart-junior-taniec-wspoleczesny\/\" target=\"m1\" class=\"mec-tile-into-content-link\"><\/a>                            <div class=\"mec-tile-event-content\">\r\n                                <div class=\"mec-event-detail\">\r\n                                                                                                            <span class=\"mec-event-loc-place\"><i class=\"mec-sl-location-pin\"><\/i>Szko\u0142a Podstawowa w Bestwinie<\/span>                                                                    <\/div>\r\n                                                                <h4 class=\"mec-event-title\"><a class=\"mec-color-hover\"  data-event-id=\"7934\" href=\"https:\/\/bazanakrakowskiej.pl\/index.php\/wydarzenia\/bazaart-junior-taniec-wspoleczesny\/\" target=\"m1\" rel=\"noopener\">BazaART Junior- taniec wsp\u00f3\u0142czesny 6-8 lat<\/a><\/h4>\r\n                                                            <\/div>\r\n                        <\/div>\r\n                    <\/article>\r\n                <\/div><\/div>            <div class=\"row\"><div class=\"col-md-3 col-sm-3\">        <script type=\"application\/ld+json\">\r\n        {\r\n            \"@context\": \"http:\/\/schema.org\",\r\n            \"@type\": \"Event\",\r\n            \"eventStatus\": \"https:\/\/schema.org\/EventScheduled\",\r\n            \"startDate\": \"2026-05-18\",\r\n            \"endDate\": \"2026-05-18\",\r\n            \"eventAttendanceMode\": \"https:\/\/schema.org\/OfflineEventAttendanceMode\",\r\n            \"location\":\r\n            {\r\n                \"@type\": \"Place\",\r\n                                \"name\": \"Szko\u0142a Podstawowa w Bestwinie\",\r\n                \"image\": \"\",\r\n                \"address\": \"\"\r\n                            },\r\n            \"organizer\":\r\n            {\r\n                \"@type\": \"Person\",\r\n                \"name\": \"Gabriela Nguyen Nam\",\r\n                \"url\": \"\"\r\n            },\r\n            \"offers\":\r\n            {\r\n                \"url\": \"https:\/\/bazanakrakowskiej.pl\/index.php\/wydarzenia\/bazaart-junior-plus-taniec-wspolczesny-2\/\",\r\n                \"price\": \"\",\r\n                \"priceCurrency\": \"$\",\r\n                \"availability\": \"https:\/\/schema.org\/InStock\",\r\n                \"validFrom\": \"2026-05-18T00:00\"\r\n            },\r\n            \"performer\": \"\",\r\n            \"description\": \"&lt;p&gt;&lt;strong&gt;BazaART Junior PLUS\/Taniec wsp\u00f3\u0142czesny&lt;\/strong&gt;&lt;b&gt;&lt;br \/&gt; &lt;strong&gt;(gr. wiekowa 6-8 lat)&lt;\/strong&gt;&lt;br \/&gt; &lt;\/b&gt;zaj\u0119cia 2 razy w tygodniu&lt;\/p&gt; &lt;p&gt;&lt;strong&gt;Poniedzia\u0142ki&lt;\/strong&gt; godz. 16:00-17:30 (Szko\u0142a Podstawowa w Bestwinie)&lt;\/p&gt; &lt;p&gt;&lt;strong&gt;\u015arody&lt;\/strong&gt; godz.17:00- 18:30 (Szko\u0142a Podstawowa w Bestwinie)&lt;\/p&gt; &lt;p&gt;Koszt: 40 z\u0142 \/msc&lt;\/p&gt; &lt;p&gt;&nbsp;&lt;\/p&gt; &lt;p&gt;Wi\u0119cej o zaj\u0119ciach przeczytasz tutaj: &lt;a href=&quot;https:\/\/bazanakrakowskiej.pl\/index.php\/zajecia-taneczne\/&quot;&gt;Taniec wsp\u00f3\u0142czesny \u2013 BAZA NA KRAKOWSKIEJ&lt;\/a&gt;&lt;\/p&gt; \",\r\n            \"image\": \"\",\r\n            \"name\": \"BazaART Junior PLUS\/Taniec wsp\u00f3\u0142czesny\",\r\n            \"url\": \"https:\/\/bazanakrakowskiej.pl\/index.php\/wydarzenia\/bazaart-junior-plus-taniec-wspolczesny-2\/\"\r\n        }\r\n        <\/script>\r\n                            <article  data-href=\"https:\/\/bazanakrakowskiej.pl\/index.php\/wydarzenia\/bazaart-junior-plus-taniec-wspolczesny-2\/\" data-target=\"m1\" style=\"background:#f20c77\" class=\"mec-past-event mec-event-article mec-tile-item  mec-clear   \">\r\n                                                                        <div class=\"event-tile-view-head clearfix\">\r\n                                                            <div class=\"mec-event-month\"><span class=\"mec-start-date-label\" itemprop=\"startDate\">18 maj<\/span><\/div>\r\n                                                        <div class=\"mec-event-time\"><i class=\"mec-sl-clock\"><\/i>16:00<\/div>\r\n                        <\/div>\r\n                        <div class=\"mec-event-content\" data-target=\"m1\" data-event-id=\"8588\">\r\n                            <a href=\"https:\/\/bazanakrakowskiej.pl\/index.php\/wydarzenia\/bazaart-junior-plus-taniec-wspolczesny-2\/\" target=\"m1\" class=\"mec-tile-into-content-link\"><\/a>                            <div class=\"mec-tile-event-content\">\r\n                                <div class=\"mec-event-detail\">\r\n                                                                                                            <span class=\"mec-event-loc-place\"><i class=\"mec-sl-location-pin\"><\/i>Szko\u0142a Podstawowa w Bestwinie<\/span>                                                                    <\/div>\r\n                                                                <h4 class=\"mec-event-title\"><a class=\"mec-color-hover\"  data-event-id=\"8588\" href=\"https:\/\/bazanakrakowskiej.pl\/index.php\/wydarzenia\/bazaart-junior-plus-taniec-wspolczesny-2\/\" target=\"m1\" rel=\"noopener\">BazaART Junior PLUS\/Taniec wsp\u00f3\u0142czesny<\/a><\/h4>\r\n                                                            <\/div>\r\n                        <\/div>\r\n                    <\/article>\r\n                <\/div>            <div class=\"col-md-3 col-sm-3\">        <script type=\"application\/ld+json\">\r\n        {\r\n            \"@context\": \"http:\/\/schema.org\",\r\n            \"@type\": \"Event\",\r\n            \"eventStatus\": \"https:\/\/schema.org\/EventScheduled\",\r\n            \"startDate\": \"2026-05-18\",\r\n            \"endDate\": \"2026-05-18\",\r\n            \"eventAttendanceMode\": \"https:\/\/schema.org\/OfflineEventAttendanceMode\",\r\n            \"location\":\r\n            {\r\n                \"@type\": \"Place\",\r\n                                \"name\": \"Szko\u0142a Podstawowa w Bestwinie\",\r\n                \"image\": \"\",\r\n                \"address\": \"\"\r\n                            },\r\n            \"organizer\":\r\n            {\r\n                \"@type\": \"Person\",\r\n                \"name\": \"Gabriela Nguyen Nam\",\r\n                \"url\": \"\"\r\n            },\r\n            \"offers\":\r\n            {\r\n                \"url\": \"https:\/\/bazanakrakowskiej.pl\/index.php\/wydarzenia\/bazaart-taniec-wspolczesny-9-12-lat\/\",\r\n                \"price\": \"\",\r\n                \"priceCurrency\": \"$\",\r\n                \"availability\": \"https:\/\/schema.org\/InStock\",\r\n                \"validFrom\": \"2026-05-18T00:00\"\r\n            },\r\n            \"performer\": \"\",\r\n            \"description\": \"&lt;p&gt;&lt;strong&gt;BazaART \u2013 taniec wsp\u00f3\u0142czesny&lt;br \/&gt; &lt;\/strong&gt;&lt;strong&gt;(gr. wiekowa 9-12 lat)&lt;\/strong&gt;&lt;br \/&gt; zaj\u0119cia 2 razy w tygodniu&lt;\/p&gt; &lt;p&gt;&lt;strong&gt;Poniedzia\u0142ki&lt;\/strong&gt; godz. 17:30-19:00 (Szko\u0142a Podstawowa w Bestwinie)&lt;\/p&gt; &lt;p&gt;&lt;strong&gt;\u015arody&lt;\/strong&gt; godz.18:30-20:00 (Szko\u0142a Podstawowa w Bestwinie)&lt;\/p&gt; &lt;p&gt;Koszt:40 z\u0142\/ zaj\u0119cia&lt;\/p&gt; &lt;p&gt;Wi\u0119cej o zaj\u0119ciach przeczytasz tutaj: &lt;a href=&quot;https:\/\/bazanakrakowskiej.pl\/index.php\/zajecia-taneczne\/&quot;&gt;Taniec wsp\u00f3\u0142czesny \u2013 BAZA NA KRAKOWSKIEJ&lt;\/a&gt;&lt;\/p&gt; \",\r\n            \"image\": \"\",\r\n            \"name\": \"BazaART- taniec wsp\u00f3\u0142czesny 9-12 lat\",\r\n            \"url\": \"https:\/\/bazanakrakowskiej.pl\/index.php\/wydarzenia\/bazaart-taniec-wspolczesny-9-12-lat\/\"\r\n        }\r\n        <\/script>\r\n                            <article  data-href=\"https:\/\/bazanakrakowskiej.pl\/index.php\/wydarzenia\/bazaart-taniec-wspolczesny-9-12-lat\/\" data-target=\"m1\" style=\"background:#9548e2\" class=\"mec-past-event mec-event-article mec-tile-item  mec-clear   \">\r\n                                                                        <div class=\"event-tile-view-head clearfix\">\r\n                                                            <div class=\"mec-event-month\"><span class=\"mec-start-date-label\" itemprop=\"startDate\">18 maj<\/span><\/div>\r\n                                                        <div class=\"mec-event-time\"><i class=\"mec-sl-clock\"><\/i>17:30<\/div>\r\n                        <\/div>\r\n                        <div class=\"mec-event-content\" data-target=\"m1\" data-event-id=\"7938\">\r\n                            <a href=\"https:\/\/bazanakrakowskiej.pl\/index.php\/wydarzenia\/bazaart-taniec-wspolczesny-9-12-lat\/\" target=\"m1\" class=\"mec-tile-into-content-link\"><\/a>                            <div class=\"mec-tile-event-content\">\r\n                                <div class=\"mec-event-detail\">\r\n                                                                                                            <span class=\"mec-event-loc-place\"><i class=\"mec-sl-location-pin\"><\/i>Szko\u0142a Podstawowa w Bestwinie<\/span>                                                                    <\/div>\r\n                                                                <h4 class=\"mec-event-title\"><a class=\"mec-color-hover\"  data-event-id=\"7938\" href=\"https:\/\/bazanakrakowskiej.pl\/index.php\/wydarzenia\/bazaart-taniec-wspolczesny-9-12-lat\/\" target=\"m1\" rel=\"noopener\">BazaART- taniec wsp\u00f3\u0142czesny 9-12 lat<\/a><\/h4>\r\n                                                            <\/div>\r\n                        <\/div>\r\n                    <\/article>\r\n                <\/div>            <div class=\"col-md-3 col-sm-3\">        <script type=\"application\/ld+json\">\r\n        {\r\n            \"@context\": \"http:\/\/schema.org\",\r\n            \"@type\": \"Event\",\r\n            \"eventStatus\": \"https:\/\/schema.org\/EventScheduled\",\r\n            \"startDate\": \"2026-05-18\",\r\n            \"endDate\": \"2026-05-18\",\r\n            \"eventAttendanceMode\": \"https:\/\/schema.org\/OfflineEventAttendanceMode\",\r\n            \"location\":\r\n            {\r\n                \"@type\": \"Place\",\r\n                                \"name\": \"Baza na Krakowskiej\/ s. lustrzana\",\r\n                \"image\": \"\",\r\n                \"address\": \"\"\r\n                            },\r\n            \"organizer\":\r\n            {\r\n                \"@type\": \"Person\",\r\n                \"name\": \"Anna Porwit\",\r\n                \"url\": \"https:\/\/www.facebook.com\/pasjamojaity\"\r\n            },\r\n            \"offers\":\r\n            {\r\n                \"url\": \"https:\/\/bazanakrakowskiej.pl\/index.php\/wydarzenia\/stepstretch\/\",\r\n                \"price\": \"\",\r\n                \"priceCurrency\": \"$\",\r\n                \"availability\": \"https:\/\/schema.org\/InStock\",\r\n                \"validFrom\": \"2026-05-18T00:00\"\r\n            },\r\n            \"performer\": \"\",\r\n            \"description\": \"&lt;div id=&quot;fws_66c33680580d2&quot; class=&quot;wpb_row vc_row-fluid vc_row top-level &quot; data-column-margin=&quot;default&quot; data-midnight=&quot;dark&quot;&gt; &lt;div class=&quot;row_col_wrap_12 col span_12 dark left&quot;&gt; &lt;div class=&quot;vc_col-sm-8 wpb_column column_container vc_column_container col no-extra-padding inherit_tablet inherit_phone &quot; data-padding-pos=&quot;all&quot; data-has-bg-color=&quot;false&quot; data-bg-color=&quot;&quot; data-bg-opacity=&quot;1&quot; data-animation=&quot;&quot; data-delay=&quot;0&quot;&gt; &lt;div class=&quot;vc_column-inner&quot;&gt; &lt;div class=&quot;wpb_wrapper&quot;&gt; &lt;div class=&quot;wpb_text_column wpb_content_element &quot;&gt; &lt;div class=&quot;wpb_wrapper&quot;&gt; &lt;div class=&quot;vc_col-sm-8 wpb_column column_container vc_column_container col no-extra-padding inherit_tablet inherit_phone &quot; data-padding-pos=&quot;all&quot; data-has-bg-color=&quot;false&quot; data-bg-color=&quot;&quot; data-bg-opacity=&quot;1&quot; data-animation=&quot;&quot; data-delay=&quot;0&quot;&gt; &lt;div class=&quot;vc_column-inner&quot;&gt; &lt;div class=&quot;wpb_wrapper&quot;&gt; &lt;div class=&quot;wpb_text_column wpb_content_element &quot;&gt; &lt;div class=&quot;wpb_wrapper&quot;&gt; &lt;p&gt;Zapraszamy na wystrza\u0142owe zaj\u0119cia &lt;strong&gt;FITNESS&lt;\/strong&gt;, pod okiem wykwalifikowanej instruktorki!&lt;br \/&gt; Mo\u017cliwo\u015b\u0107 nabycia karnet\u00f3w!&lt;br \/&gt; Super atmosfera!&lt;br \/&gt; Materia\u0142y do \u0107wicze\u0144!&lt;\/p&gt; &lt;p&gt;\ud83d\udfe9Poniedzia\u0142ki \u25aa\ufe0fStep cardio- trening ze stepem&lt;br \/&gt; 18:00-19:00&lt;\/p&gt; &lt;p&gt;\ud83d\udfe6Wtorki \u25aa\ufe0fSi\u0142a i sylwetka- trening z obci\u0105\u017ceniem&lt;br \/&gt; 18:00-19:00&lt;\/p&gt; &lt;p&gt;\ud83d\udfeaCzwartki \u25aa\ufe0fMobility -trening rozci\u0105gaj\u0105cy&lt;br \/&gt; 18:45-19:45&lt;\/p&gt; &lt;p&gt;&nbsp;&lt;\/p&gt; &lt;p&gt;Instruktor: Anna Porwit\/&lt;a href=&quot;https:\/\/www.facebook.com\/pasjamojaity&quot;&gt;Pasjamojaity&lt;\/a&gt;&lt;\/p&gt; &lt;p&gt;Zapisy pod nr tel. 796 500 690&lt;\/p&gt; &lt;\/div&gt; &lt;\/div&gt; &lt;\/div&gt; &lt;\/div&gt; &lt;\/div&gt; &lt;div class=&quot;vc_col-sm-4 wpb_column column_container vc_column_container col no-extra-padding inherit_tablet inherit_phone &quot; data-padding-pos=&quot;all&quot; data-has-bg-color=&quot;false&quot; data-bg-color=&quot;&quot; data-bg-opacity=&quot;1&quot; data-animation=&quot;&quot; data-delay=&quot;0&quot;&gt; &lt;div class=&quot;vc_column-inner&quot;&gt; &lt;div class=&quot;wpb_wrapper&quot;&gt; &lt;div class=&quot;img-with-aniamtion-wrap &quot; data-max-width=&quot;100%&quot; data-max-width-mobile=&quot;default&quot; data-shadow=&quot;none&quot; data-animation=&quot;fade-in&quot;&gt; &lt;div class=&quot;inner&quot;&gt; &lt;div class=&quot;hover-wrap&quot;&gt; &lt;div class=&quot;hover-wrap-inner&quot;&gt;&lt;\/div&gt; &lt;\/div&gt; &lt;\/div&gt; &lt;\/div&gt; &lt;\/div&gt; &lt;\/div&gt; &lt;\/div&gt; &lt;\/div&gt; &lt;\/div&gt; &lt;\/div&gt; &lt;\/div&gt; &lt;\/div&gt; &lt;\/div&gt; &lt;\/div&gt; \",\r\n            \"image\": \"\",\r\n            \"name\": \"Zaj\u0119cia FITNESS Step cardio- trening ze stepem\",\r\n            \"url\": \"https:\/\/bazanakrakowskiej.pl\/index.php\/wydarzenia\/stepstretch\/\"\r\n        }\r\n        <\/script>\r\n                            <article  data-href=\"https:\/\/bazanakrakowskiej.pl\/index.php\/wydarzenia\/stepstretch\/\" data-target=\"m1\" style=\"background:#00e4e8\" class=\"mec-past-event mec-event-article mec-tile-item  mec-clear   \">\r\n                                                                        <div class=\"event-tile-view-head clearfix\">\r\n                                                            <div class=\"mec-event-month\"><span class=\"mec-start-date-label\" itemprop=\"startDate\">18 maj<\/span><\/div>\r\n                                                        <div class=\"mec-event-time\"><i class=\"mec-sl-clock\"><\/i>18:00<\/div>\r\n                        <\/div>\r\n                        <div class=\"mec-event-content\" data-target=\"m1\" data-event-id=\"7040\">\r\n                            <a href=\"https:\/\/bazanakrakowskiej.pl\/index.php\/wydarzenia\/stepstretch\/\" target=\"m1\" class=\"mec-tile-into-content-link\"><\/a>                            <div class=\"mec-tile-event-content\">\r\n                                <div class=\"mec-event-detail\">\r\n                                                                                                            <span class=\"mec-event-loc-place\"><i class=\"mec-sl-location-pin\"><\/i>Baza na Krakowskiej\/ s. lustrzana<\/span>                                                                    <\/div>\r\n                                                                <h4 class=\"mec-event-title\"><a class=\"mec-color-hover\"  data-event-id=\"7040\" href=\"https:\/\/bazanakrakowskiej.pl\/index.php\/wydarzenia\/stepstretch\/\" target=\"m1\" rel=\"noopener\">Zaj\u0119cia FITNESS Step cardio- trening ze stepem<\/a><\/h4>\r\n                                                            <\/div>\r\n                        <\/div>\r\n                    <\/article>\r\n                <\/div>                    <div class=\"col-md-3 col-sm-3\">        <script type=\"application\/ld+json\">\r\n        {\r\n            \"@context\": \"http:\/\/schema.org\",\r\n            \"@type\": \"Event\",\r\n            \"eventStatus\": \"https:\/\/schema.org\/EventScheduled\",\r\n            \"startDate\": \"2026-05-19\",\r\n            \"endDate\": \"2026-05-19\",\r\n            \"eventAttendanceMode\": \"https:\/\/schema.org\/OfflineEventAttendanceMode\",\r\n            \"location\":\r\n            {\r\n                \"@type\": \"Place\",\r\n                                \"name\": \"Baza na Krakowskiej\",\r\n                \"image\": \"\",\r\n                \"address\": \"\"\r\n                            },\r\n            \"organizer\":\r\n            {\r\n                \"@type\": \"Person\",\r\n                \"name\": \"Barbara Niemczyk\",\r\n                \"url\": \"\"\r\n            },\r\n            \"offers\":\r\n            {\r\n                \"url\": \"https:\/\/bazanakrakowskiej.pl\/index.php\/wydarzenia\/przedprzedszkole-3\/\",\r\n                \"price\": \"\",\r\n                \"priceCurrency\": \"$\",\r\n                \"availability\": \"https:\/\/schema.org\/InStock\",\r\n                \"validFrom\": \"2026-05-19T00:00\"\r\n            },\r\n            \"performer\": \"\",\r\n            \"description\": \"&lt;p&gt;To zaj\u0119cia adaptacyjne dla dzieci &lt;strong&gt;2+&lt;\/strong&gt; (bez udzia\u0142u Rodzica), prowadzone wg autorskich scenariuszy, maj\u0105ce na celu przygotowanie maluch\u00f3w do p\u00f3j\u015bcia do przedszkola.&lt;\/p&gt; &lt;p&gt;&lt;strong&gt;NASZA OFERTA: &lt;\/strong&gt;&lt;\/p&gt; &lt;ul&gt; &lt;li&gt;Zaj\u0119cia 5 razy w tygodniu!&lt;\/li&gt; &lt;li&gt;Od poniedzia\u0142ku do pi\u0105tku w godzinach 8:00-13:00&lt;\/li&gt; &lt;li&gt;&lt;strong&gt;3&lt;\/strong&gt; abonamenty do wyboru + abonament indywidulany&lt;\/li&gt; &lt;li&gt;Nauka poprzez zabaw\u0119!&lt;\/li&gt; &lt;\/ul&gt; &lt;p&gt;&lt;strong&gt;Naszym celem jest:&lt;\/strong&gt;&lt;\/p&gt; &lt;p&gt;\u2013 nawi\u0105zywanie i wzmacnianie kontakt\u00f3w spo\u0142ecznych z dzie\u0107mi w grupie&lt;br \/&gt; \u2013 wdra\u017canie do samodzielno\u015bci poprzez nabywanie nowych umiej\u0119tno\u015bci&lt;br \/&gt; \u2013 stwarzanie warunk\u00f3w sprzyjaj\u0105cych wsp\u00f3lnej zabawie&lt;br \/&gt; \u2013 kszta\u0142towanie u dzieci zdolno\u015bci radzenia sobie w nowych sytuacjach&lt;br \/&gt; \u2013 zach\u0119canie do udzia\u0142u w zaj\u0119ciach artystycznych, plastycznych itp.&lt;\/p&gt; &lt;p&gt;&lt;strong&gt;Zapewniamy:&lt;\/strong&gt;&lt;\/p&gt; &lt;p&gt;\u2013 troskliw\u0105 opiek\u0119 i bezpiecze\u0144stwo&lt;br \/&gt; \u2013 przestronne sale, przystosowane do potrzeb dzieci&lt;br \/&gt; \u2013 zabawki, materia\u0142y edukacyjne&lt;br \/&gt; \u2013 zaj\u0119cia plastyczne, muzyczne itp.&lt;br \/&gt; \u2013 indywidulane podej\u015bcie do dziecka&lt;\/p&gt; &lt;p&gt;Szczeg\u00f3\u0142y tutaj: &lt;a href=&quot;https:\/\/bazanakrakowskiej.pl\/index.php\/przedprzedszkole\/&quot;&gt;https:\/\/bazanakrakowskiej.pl\/index.php\/przedprzedszkole\/&lt;\/a&gt;&lt;\/p&gt; \",\r\n            \"image\": \"\",\r\n            \"name\": \"PrzedPrzedszkole\",\r\n            \"url\": \"https:\/\/bazanakrakowskiej.pl\/index.php\/wydarzenia\/przedprzedszkole-3\/\"\r\n        }\r\n        <\/script>\r\n                            <article  data-href=\"https:\/\/bazanakrakowskiej.pl\/index.php\/wydarzenia\/przedprzedszkole-3\/\" data-target=\"m1\" style=\"background:#eae019\" class=\"mec-past-event mec-event-article mec-tile-item  mec-clear   \">\r\n                                                                        <div class=\"event-tile-view-head clearfix\">\r\n                                                            <div class=\"mec-event-month\"><span class=\"mec-start-date-label\" itemprop=\"startDate\">19 maj<\/span><\/div>\r\n                                                        <div class=\"mec-event-time\"><i class=\"mec-sl-clock\"><\/i>08:00<\/div>\r\n                        <\/div>\r\n                        <div class=\"mec-event-content\" data-target=\"m1\" data-event-id=\"7050\">\r\n                            <a href=\"https:\/\/bazanakrakowskiej.pl\/index.php\/wydarzenia\/przedprzedszkole-3\/\" target=\"m1\" class=\"mec-tile-into-content-link\"><\/a>                            <div class=\"mec-tile-event-content\">\r\n                                <div class=\"mec-event-detail\">\r\n                                                                                                            <span class=\"mec-event-loc-place\"><i class=\"mec-sl-location-pin\"><\/i>Baza na Krakowskiej<\/span>                                                                    <\/div>\r\n                                                                <h4 class=\"mec-event-title\"><a class=\"mec-color-hover\"  data-event-id=\"7050\" href=\"https:\/\/bazanakrakowskiej.pl\/index.php\/wydarzenia\/przedprzedszkole-3\/\" target=\"m1\" rel=\"noopener\">PrzedPrzedszkole<\/a><\/h4>\r\n                                                            <\/div>\r\n                        <\/div>\r\n                    <\/article>\r\n                <\/div><\/div>            <div class=\"row\"><div class=\"col-md-3 col-sm-3\">        <script type=\"application\/ld+json\">\r\n        {\r\n            \"@context\": \"http:\/\/schema.org\",\r\n            \"@type\": \"Event\",\r\n            \"eventStatus\": \"https:\/\/schema.org\/EventScheduled\",\r\n            \"startDate\": \"2026-05-19\",\r\n            \"endDate\": \"2026-05-19\",\r\n            \"eventAttendanceMode\": \"https:\/\/schema.org\/OfflineEventAttendanceMode\",\r\n            \"location\":\r\n            {\r\n                \"@type\": \"Place\",\r\n                                \"name\": \"Baza na Krakowskiej\/ s. lustrzana\",\r\n                \"image\": \"\",\r\n                \"address\": \"\"\r\n                            },\r\n            \"organizer\":\r\n            {\r\n                \"@type\": \"Person\",\r\n                \"name\": \"Anna Porwit\",\r\n                \"url\": \"https:\/\/www.facebook.com\/pasjamojaity\"\r\n            },\r\n            \"offers\":\r\n            {\r\n                \"url\": \"https:\/\/bazanakrakowskiej.pl\/index.php\/wydarzenia\/zajecia-fitness\/\",\r\n                \"price\": \"\",\r\n                \"priceCurrency\": \"$\",\r\n                \"availability\": \"https:\/\/schema.org\/InStock\",\r\n                \"validFrom\": \"2026-05-19T00:00\"\r\n            },\r\n            \"performer\": \"\",\r\n            \"description\": \"&lt;div class=&quot;vc_col-sm-8 wpb_column column_container vc_column_container col no-extra-padding inherit_tablet inherit_phone &quot; data-padding-pos=&quot;all&quot; data-has-bg-color=&quot;false&quot; data-bg-color=&quot;&quot; data-bg-opacity=&quot;1&quot; data-animation=&quot;&quot; data-delay=&quot;0&quot;&gt; &lt;div class=&quot;vc_column-inner&quot;&gt; &lt;div class=&quot;wpb_wrapper&quot;&gt; &lt;div class=&quot;wpb_text_column wpb_content_element &quot;&gt; &lt;div class=&quot;wpb_wrapper&quot;&gt; &lt;div class=&quot;vc_col-sm-8 wpb_column column_container vc_column_container col no-extra-padding inherit_tablet inherit_phone &quot; data-padding-pos=&quot;all&quot; data-has-bg-color=&quot;false&quot; data-bg-color=&quot;&quot; data-bg-opacity=&quot;1&quot; data-animation=&quot;&quot; data-delay=&quot;0&quot;&gt; &lt;div class=&quot;vc_column-inner&quot;&gt; &lt;div class=&quot;wpb_wrapper&quot;&gt; &lt;div class=&quot;wpb_text_column wpb_content_element &quot;&gt; &lt;div class=&quot;wpb_wrapper&quot;&gt; &lt;p&gt;Zapraszamy na wystrza\u0142owe zaj\u0119cia &lt;strong&gt;FITNESS&lt;\/strong&gt;, pod okiem wykwalifikowanej instruktorki!&lt;br \/&gt; Mo\u017cliwo\u015b\u0107 nabycia karnet\u00f3w!&lt;br \/&gt; Super atmosfera!&lt;br \/&gt; Materia\u0142y do \u0107wicze\u0144!&lt;\/p&gt; &lt;p&gt;\ud83d\udfe9Poniedzia\u0142ki \u25aa\ufe0fStep cardio- trening ze stepem&lt;br \/&gt; 18:00-19:00&lt;\/p&gt; &lt;p&gt;\ud83d\udfe6Wtorki \u25aa\ufe0fSi\u0142a i sylwetka- trening z obci\u0105\u017ceniem&lt;br \/&gt; 18:00-19:00&lt;\/p&gt; &lt;p&gt;\ud83d\udfeaCzwartki \u25aa\ufe0fMobility -trening rozci\u0105gaj\u0105cy&lt;br \/&gt; 18:45-19:45&lt;\/p&gt; &lt;p&gt;&nbsp;&lt;\/p&gt; &lt;p&gt;Instruktor: Anna Porwit\/&lt;a href=&quot;https:\/\/www.facebook.com\/pasjamojaity&quot;&gt;Pasjamojaity&lt;\/a&gt;&lt;\/p&gt; &lt;p&gt;Zapisy pod nr tel. 796 500 690&lt;\/p&gt; &lt;p&gt;&nbsp;&lt;\/p&gt; &lt;div class=&quot;vc_col-sm-4 wpb_column column_container vc_column_container col no-extra-padding inherit_tablet inherit_phone &quot; data-padding-pos=&quot;all&quot; data-has-bg-color=&quot;false&quot; data-bg-color=&quot;&quot; data-bg-opacity=&quot;1&quot; data-animation=&quot;&quot; data-delay=&quot;0&quot;&gt; &lt;div class=&quot;vc_column-inner&quot;&gt; &lt;div class=&quot;wpb_wrapper&quot;&gt; &lt;div class=&quot;img-with-aniamtion-wrap &quot; data-max-width=&quot;100%&quot; data-max-width-mobile=&quot;default&quot; data-shadow=&quot;none&quot; data-animation=&quot;fade-in&quot;&gt; &lt;div class=&quot;inner&quot;&gt; &lt;div class=&quot;hover-wrap&quot;&gt; &lt;div class=&quot;hover-wrap-inner&quot;&gt;&lt;\/div&gt; &lt;\/div&gt; &lt;\/div&gt; &lt;\/div&gt; &lt;\/div&gt; &lt;\/div&gt; &lt;\/div&gt; &lt;\/div&gt; &lt;\/div&gt; &lt;\/div&gt; &lt;\/div&gt; &lt;\/div&gt; &lt;div class=&quot;vc_col-sm-4 wpb_column column_container vc_column_container col no-extra-padding inherit_tablet inherit_phone &quot; data-padding-pos=&quot;all&quot; data-has-bg-color=&quot;false&quot; data-bg-color=&quot;&quot; data-bg-opacity=&quot;1&quot; data-animation=&quot;&quot; data-delay=&quot;0&quot;&gt; &lt;div class=&quot;vc_column-inner&quot;&gt; &lt;div class=&quot;wpb_wrapper&quot;&gt; &lt;div class=&quot;img-with-aniamtion-wrap &quot; data-max-width=&quot;100%&quot; data-max-width-mobile=&quot;default&quot; data-shadow=&quot;none&quot; data-animation=&quot;fade-in&quot;&gt; &lt;div class=&quot;inner&quot;&gt; &lt;div class=&quot;hover-wrap&quot;&gt; &lt;div class=&quot;hover-wrap-inner&quot;&gt;&lt;\/div&gt; &lt;\/div&gt; &lt;\/div&gt; &lt;\/div&gt; &lt;\/div&gt; &lt;\/div&gt; &lt;\/div&gt; &lt;\/div&gt; &lt;\/div&gt; &lt;\/div&gt; &lt;\/div&gt; &lt;\/div&gt; \",\r\n            \"image\": \"\",\r\n            \"name\": \"Zaj\u0119cia FITNESS Si\u0142a i sylwetka- trening z obci\u0105\u017ceniem\",\r\n            \"url\": \"https:\/\/bazanakrakowskiej.pl\/index.php\/wydarzenia\/zajecia-fitness\/\"\r\n        }\r\n        <\/script>\r\n                            <article  data-href=\"https:\/\/bazanakrakowskiej.pl\/index.php\/wydarzenia\/zajecia-fitness\/\" data-target=\"m1\" style=\"background:#00e4e8\" class=\"mec-past-event mec-event-article mec-tile-item  mec-clear   \">\r\n                                                                        <div class=\"event-tile-view-head clearfix\">\r\n                                                            <div class=\"mec-event-month\"><span class=\"mec-start-date-label\" itemprop=\"startDate\">19 maj<\/span><\/div>\r\n                                                        <div class=\"mec-event-time\"><i class=\"mec-sl-clock\"><\/i>18:00<\/div>\r\n                        <\/div>\r\n                        <div class=\"mec-event-content\" data-target=\"m1\" data-event-id=\"6923\">\r\n                            <a href=\"https:\/\/bazanakrakowskiej.pl\/index.php\/wydarzenia\/zajecia-fitness\/\" target=\"m1\" class=\"mec-tile-into-content-link\"><\/a>                            <div class=\"mec-tile-event-content\">\r\n                                <div class=\"mec-event-detail\">\r\n                                                                                                            <span class=\"mec-event-loc-place\"><i class=\"mec-sl-location-pin\"><\/i>Baza na Krakowskiej\/ s. lustrzana<\/span>                                                                    <\/div>\r\n                                                                <h4 class=\"mec-event-title\"><a class=\"mec-color-hover\"  data-event-id=\"6923\" href=\"https:\/\/bazanakrakowskiej.pl\/index.php\/wydarzenia\/zajecia-fitness\/\" target=\"m1\" rel=\"noopener\">Zaj\u0119cia FITNESS Si\u0142a i sylwetka- trening z obci\u0105\u017ceniem<\/a><\/h4>\r\n                                                            <\/div>\r\n                        <\/div>\r\n                    <\/article>\r\n                <\/div>                    <div class=\"col-md-3 col-sm-3\">        <script type=\"application\/ld+json\">\r\n        {\r\n            \"@context\": \"http:\/\/schema.org\",\r\n            \"@type\": \"Event\",\r\n            \"eventStatus\": \"https:\/\/schema.org\/EventScheduled\",\r\n            \"startDate\": \"2026-05-20\",\r\n            \"endDate\": \"2026-05-20\",\r\n            \"eventAttendanceMode\": \"https:\/\/schema.org\/OfflineEventAttendanceMode\",\r\n            \"location\":\r\n            {\r\n                \"@type\": \"Place\",\r\n                                \"name\": \"Baza na Krakowskiej\",\r\n                \"image\": \"\",\r\n                \"address\": \"\"\r\n                            },\r\n            \"organizer\":\r\n            {\r\n                \"@type\": \"Person\",\r\n                \"name\": \"Barbara Niemczyk\",\r\n                \"url\": \"\"\r\n            },\r\n            \"offers\":\r\n            {\r\n                \"url\": \"https:\/\/bazanakrakowskiej.pl\/index.php\/wydarzenia\/przedprzedszkole-3\/\",\r\n                \"price\": \"\",\r\n                \"priceCurrency\": \"$\",\r\n                \"availability\": \"https:\/\/schema.org\/InStock\",\r\n                \"validFrom\": \"2026-05-20T00:00\"\r\n            },\r\n            \"performer\": \"\",\r\n            \"description\": \"&lt;p&gt;To zaj\u0119cia adaptacyjne dla dzieci &lt;strong&gt;2+&lt;\/strong&gt; (bez udzia\u0142u Rodzica), prowadzone wg autorskich scenariuszy, maj\u0105ce na celu przygotowanie maluch\u00f3w do p\u00f3j\u015bcia do przedszkola.&lt;\/p&gt; &lt;p&gt;&lt;strong&gt;NASZA OFERTA: &lt;\/strong&gt;&lt;\/p&gt; &lt;ul&gt; &lt;li&gt;Zaj\u0119cia 5 razy w tygodniu!&lt;\/li&gt; &lt;li&gt;Od poniedzia\u0142ku do pi\u0105tku w godzinach 8:00-13:00&lt;\/li&gt; &lt;li&gt;&lt;strong&gt;3&lt;\/strong&gt; abonamenty do wyboru + abonament indywidulany&lt;\/li&gt; &lt;li&gt;Nauka poprzez zabaw\u0119!&lt;\/li&gt; &lt;\/ul&gt; &lt;p&gt;&lt;strong&gt;Naszym celem jest:&lt;\/strong&gt;&lt;\/p&gt; &lt;p&gt;\u2013 nawi\u0105zywanie i wzmacnianie kontakt\u00f3w spo\u0142ecznych z dzie\u0107mi w grupie&lt;br \/&gt; \u2013 wdra\u017canie do samodzielno\u015bci poprzez nabywanie nowych umiej\u0119tno\u015bci&lt;br \/&gt; \u2013 stwarzanie warunk\u00f3w sprzyjaj\u0105cych wsp\u00f3lnej zabawie&lt;br \/&gt; \u2013 kszta\u0142towanie u dzieci zdolno\u015bci radzenia sobie w nowych sytuacjach&lt;br \/&gt; \u2013 zach\u0119canie do udzia\u0142u w zaj\u0119ciach artystycznych, plastycznych itp.&lt;\/p&gt; &lt;p&gt;&lt;strong&gt;Zapewniamy:&lt;\/strong&gt;&lt;\/p&gt; &lt;p&gt;\u2013 troskliw\u0105 opiek\u0119 i bezpiecze\u0144stwo&lt;br \/&gt; \u2013 przestronne sale, przystosowane do potrzeb dzieci&lt;br \/&gt; \u2013 zabawki, materia\u0142y edukacyjne&lt;br \/&gt; \u2013 zaj\u0119cia plastyczne, muzyczne itp.&lt;br \/&gt; \u2013 indywidulane podej\u015bcie do dziecka&lt;\/p&gt; &lt;p&gt;Szczeg\u00f3\u0142y tutaj: &lt;a href=&quot;https:\/\/bazanakrakowskiej.pl\/index.php\/przedprzedszkole\/&quot;&gt;https:\/\/bazanakrakowskiej.pl\/index.php\/przedprzedszkole\/&lt;\/a&gt;&lt;\/p&gt; \",\r\n            \"image\": \"\",\r\n            \"name\": \"PrzedPrzedszkole\",\r\n            \"url\": \"https:\/\/bazanakrakowskiej.pl\/index.php\/wydarzenia\/przedprzedszkole-3\/\"\r\n        }\r\n        <\/script>\r\n                            <article  data-href=\"https:\/\/bazanakrakowskiej.pl\/index.php\/wydarzenia\/przedprzedszkole-3\/\" data-target=\"m1\" style=\"background:#eae019\" class=\"mec-past-event mec-event-article mec-tile-item  mec-clear   \">\r\n                                                                        <div class=\"event-tile-view-head clearfix\">\r\n                                                            <div class=\"mec-event-month\"><span class=\"mec-start-date-label\" itemprop=\"startDate\">20 maj<\/span><\/div>\r\n                                                        <div class=\"mec-event-time\"><i class=\"mec-sl-clock\"><\/i>08:00<\/div>\r\n                        <\/div>\r\n                        <div class=\"mec-event-content\" data-target=\"m1\" data-event-id=\"7050\">\r\n                            <a href=\"https:\/\/bazanakrakowskiej.pl\/index.php\/wydarzenia\/przedprzedszkole-3\/\" target=\"m1\" class=\"mec-tile-into-content-link\"><\/a>                            <div class=\"mec-tile-event-content\">\r\n                                <div class=\"mec-event-detail\">\r\n                                                                                                            <span class=\"mec-event-loc-place\"><i class=\"mec-sl-location-pin\"><\/i>Baza na Krakowskiej<\/span>                                                                    <\/div>\r\n                                                                <h4 class=\"mec-event-title\"><a class=\"mec-color-hover\"  data-event-id=\"7050\" href=\"https:\/\/bazanakrakowskiej.pl\/index.php\/wydarzenia\/przedprzedszkole-3\/\" target=\"m1\" rel=\"noopener\">PrzedPrzedszkole<\/a><\/h4>\r\n                                                            <\/div>\r\n                        <\/div>\r\n                    <\/article>\r\n                <\/div>            <div class=\"col-md-3 col-sm-3\">        <script type=\"application\/ld+json\">\r\n        {\r\n            \"@context\": \"http:\/\/schema.org\",\r\n            \"@type\": \"Event\",\r\n            \"eventStatus\": \"https:\/\/schema.org\/EventScheduled\",\r\n            \"startDate\": \"2026-05-20\",\r\n            \"endDate\": \"2026-05-20\",\r\n            \"eventAttendanceMode\": \"https:\/\/schema.org\/OfflineEventAttendanceMode\",\r\n            \"location\":\r\n            {\r\n                \"@type\": \"Place\",\r\n                                \"name\": \"Szko\u0142a Podstawowa w Bestwinie\",\r\n                \"image\": \"\",\r\n                \"address\": \"\"\r\n                            },\r\n            \"organizer\":\r\n            {\r\n                \"@type\": \"Person\",\r\n                \"name\": \"Gabriela Nguyen Nam\",\r\n                \"url\": \"\"\r\n            },\r\n            \"offers\":\r\n            {\r\n                \"url\": \"https:\/\/bazanakrakowskiej.pl\/index.php\/wydarzenia\/bazaart-junior-taniec-wspolczesny\/\",\r\n                \"price\": \"\",\r\n                \"priceCurrency\": \"$\",\r\n                \"availability\": \"https:\/\/schema.org\/InStock\",\r\n                \"validFrom\": \"2026-05-20T00:00\"\r\n            },\r\n            \"performer\": \"\",\r\n            \"description\": \"&lt;p&gt;&lt;strong&gt;BazaART Junior \/Taniec wsp\u00f3\u0142czesny&lt;\/strong&gt;&lt;b&gt;&lt;br \/&gt; &lt;strong&gt;(gr. wiekowa 6-8 lat)&lt;\/strong&gt;&lt;br \/&gt; &lt;\/b&gt;zaj\u0119cia 2 razy w tygodniu&lt;\/p&gt; &lt;p&gt;&lt;strong&gt;Poniedzia\u0142ki&lt;\/strong&gt; godz. 16:00-17:00 (Szko\u0142a Podstawowa w Bestwinie)&lt;\/p&gt; &lt;p&gt;&lt;strong&gt;\u015arody&lt;\/strong&gt; godz.15:30-17:00 (Szko\u0142a Podstawowa w Bestwinie)&lt;\/p&gt; &lt;p&gt;Koszt: 40 z\u0142 \/msc&lt;\/p&gt; &lt;p&gt;&nbsp;&lt;\/p&gt; &lt;p&gt;Wi\u0119cej o zaj\u0119ciach przeczytasz tutaj: &lt;a href=&quot;https:\/\/bazanakrakowskiej.pl\/index.php\/zajecia-taneczne\/&quot;&gt;Taniec wsp\u00f3\u0142czesny \u2013 BAZA NA KRAKOWSKIEJ&lt;\/a&gt;&lt;\/p&gt; \",\r\n            \"image\": \"\",\r\n            \"name\": \"BazaART Junior- taniec wsp\u00f3\u0142czesny 6-8 lat\",\r\n            \"url\": \"https:\/\/bazanakrakowskiej.pl\/index.php\/wydarzenia\/bazaart-junior-taniec-wspolczesny\/\"\r\n        }\r\n        <\/script>\r\n                            <article  data-href=\"https:\/\/bazanakrakowskiej.pl\/index.php\/wydarzenia\/bazaart-junior-taniec-wspolczesny\/\" data-target=\"m1\" style=\"background:#f2823c\" class=\"mec-past-event mec-event-article mec-tile-item  mec-clear   \">\r\n                                                                        <div class=\"event-tile-view-head clearfix\">\r\n                                                            <div class=\"mec-event-month\"><span class=\"mec-start-date-label\" itemprop=\"startDate\">20 maj<\/span><\/div>\r\n                                                        <div class=\"mec-event-time\"><i class=\"mec-sl-clock\"><\/i>15:30<\/div>\r\n                        <\/div>\r\n                        <div class=\"mec-event-content\" data-target=\"m1\" data-event-id=\"7935\">\r\n                            <a href=\"https:\/\/bazanakrakowskiej.pl\/index.php\/wydarzenia\/bazaart-junior-taniec-wspolczesny\/\" target=\"m1\" class=\"mec-tile-into-content-link\"><\/a>                            <div class=\"mec-tile-event-content\">\r\n                                <div class=\"mec-event-detail\">\r\n                                                                                                            <span class=\"mec-event-loc-place\"><i class=\"mec-sl-location-pin\"><\/i>Szko\u0142a Podstawowa w Bestwinie<\/span>                                                                    <\/div>\r\n                                                                <h4 class=\"mec-event-title\"><a class=\"mec-color-hover\"  data-event-id=\"7935\" href=\"https:\/\/bazanakrakowskiej.pl\/index.php\/wydarzenia\/bazaart-junior-taniec-wspolczesny\/\" target=\"m1\" rel=\"noopener\">BazaART Junior- taniec wsp\u00f3\u0142czesny 6-8 lat<\/a><\/h4>\r\n                                                            <\/div>\r\n                        <\/div>\r\n                    <\/article>\r\n                <\/div>            <div class=\"col-md-3 col-sm-3\">        <script type=\"application\/ld+json\">\r\n        {\r\n            \"@context\": \"http:\/\/schema.org\",\r\n            \"@type\": \"Event\",\r\n            \"eventStatus\": \"https:\/\/schema.org\/EventScheduled\",\r\n            \"startDate\": \"2026-05-20\",\r\n            \"endDate\": \"2026-05-20\",\r\n            \"eventAttendanceMode\": \"https:\/\/schema.org\/OfflineEventAttendanceMode\",\r\n            \"location\":\r\n            {\r\n                \"@type\": \"Place\",\r\n                                \"name\": \"Baza na Krakowskiej\/ s. lustrzana\",\r\n                \"image\": \"\",\r\n                \"address\": \"\"\r\n                            },\r\n            \"organizer\":\r\n            {\r\n                \"@type\": \"Person\",\r\n                \"name\": \"Paulina Gw\u00f3\u017ad\u017a\",\r\n                \"url\": \"https:\/\/www.instagram.com\/studio.gwozdz\/\"\r\n            },\r\n            \"offers\":\r\n            {\r\n                \"url\": \"https:\/\/bazanakrakowskiej.pl\/index.php\/wydarzenia\/kurs-tanca-towarzyskiego-dla-dzieci\/\",\r\n                \"price\": \"\",\r\n                \"priceCurrency\": \"$\",\r\n                \"availability\": \"https:\/\/schema.org\/InStock\",\r\n                \"validFrom\": \"2026-05-20T00:00\"\r\n            },\r\n            \"performer\": \"\",\r\n            \"description\": \"&lt;p&gt;&lt;span style=&quot;color: #993366;&quot;&gt;&lt;strong&gt;KURS TA\u0143CA TOWARZYSKIEGO dla dzieci! &lt;\/strong&gt;&lt;\/span&gt;&lt;br \/&gt; Czeka nas spora dawka ruchu i przede wszystkim dobra zabawa!&lt;\/p&gt; &lt;p&gt;Koszt 140 z\u0142\/msc&lt;\/p&gt; &lt;p&gt;Zaj\u0119cia w ka\u017cd\u0105 \u015brod\u0119 od godz.&lt;span style=&quot;color: #993366;&quot;&gt;16:30-17:30&lt;\/span&gt;&lt;br \/&gt; Zapraszamy dzieci w wieku od 5-8 lat.&lt;\/p&gt; &lt;p&gt;Zaj\u0119cia podsumowane b\u0119d\u0105 pokazem ta\u0144ca podczas wyst\u0119pu \u015bwi\u0105tecznego oraz corocznej GALI \ud83d\ude42&lt;\/p&gt; &lt;p&gt;Zaj\u0119cia poprowadzi &lt;span style=&quot;color: #993366;&quot;&gt;&lt;strong&gt;Paulina Gw\u00f3\u017ad\u017a&lt;\/strong&gt;&lt;\/span&gt;, tancerka ta\u0144ca towarzyskiego od ponad 18 lat. Na swojej tanecznej drodze szkoli\u0142a si\u0119 u mistrz\u00f3w \u015awiata, Europy i Polski. Posiada najwy\u017csz\u0105 mi\u0119dzynarodow\u0105 klas\u0119 taneczn\u0105 &#8222;S&#8221; w ta\u0144cach latynoameryka\u0144skich.&lt;\/p&gt; &lt;p&gt;Zapisy i informacje pod nr tel. 731 251 102.&lt;br \/&gt; Ograniczona ilo\u015b\u0107 miejsc.&lt;\/p&gt; &lt;p&gt;&nbsp;&lt;\/p&gt; &lt;div class=&quot;figure&quot;&gt;&lt;img loading=&quot;lazy&quot; decoding=&quot;async&quot; class=&quot;alignnone size-medium wp-image-8361&quot; src=&quot;https:\/\/bazanakrakowskiej.pl\/wp-content\/uploads\/2025\/07\/Taniec-212x300.png&quot; alt=&quot;&quot; width=&quot;212&quot; height=&quot;300&quot; srcset=&quot;https:\/\/bazanakrakowskiej.pl\/wp-content\/uploads\/2025\/07\/Taniec-212x300.png 212w, https:\/\/bazanakrakowskiej.pl\/wp-content\/uploads\/2025\/07\/Taniec-724x1024.png 724w, https:\/\/bazanakrakowskiej.pl\/wp-content\/uploads\/2025\/07\/Taniec-768x1086.png 768w, https:\/\/bazanakrakowskiej.pl\/wp-content\/uploads\/2025\/07\/Taniec-1086x1536.png 1086w, https:\/\/bazanakrakowskiej.pl\/wp-content\/uploads\/2025\/07\/Taniec-1448x2048.png 1448w, https:\/\/bazanakrakowskiej.pl\/wp-content\/uploads\/2025\/07\/Taniec.png 1587w&quot; sizes=&quot;auto, (max-width: 212px) 100vw, 212px&quot; \/&gt;&lt;\/div&gt; \",\r\n            \"image\": \"\",\r\n            \"name\": \"Kurs ta\u0144ca towarzyskiego dla dzieci\",\r\n            \"url\": \"https:\/\/bazanakrakowskiej.pl\/index.php\/wydarzenia\/kurs-tanca-towarzyskiego-dla-dzieci\/\"\r\n        }\r\n        <\/script>\r\n                            <article  data-href=\"https:\/\/bazanakrakowskiej.pl\/index.php\/wydarzenia\/kurs-tanca-towarzyskiego-dla-dzieci\/\" data-target=\"m1\" style=\"background:#f46ee2\" class=\"mec-past-event mec-event-article mec-tile-item  mec-clear   \">\r\n                                                                        <div class=\"event-tile-view-head clearfix\">\r\n                                                            <div class=\"mec-event-month\"><span class=\"mec-start-date-label\" itemprop=\"startDate\">20 maj<\/span><\/div>\r\n                                                        <div class=\"mec-event-time\"><i class=\"mec-sl-clock\"><\/i>16:30<\/div>\r\n                        <\/div>\r\n                        <div class=\"mec-event-content\" data-target=\"m1\" data-event-id=\"7459\">\r\n                            <a href=\"https:\/\/bazanakrakowskiej.pl\/index.php\/wydarzenia\/kurs-tanca-towarzyskiego-dla-dzieci\/\" target=\"m1\" class=\"mec-tile-into-content-link\"><\/a>                            <div class=\"mec-tile-event-content\">\r\n                                <div class=\"mec-event-detail\">\r\n                                                                                                            <span class=\"mec-event-loc-place\"><i class=\"mec-sl-location-pin\"><\/i>Baza na Krakowskiej\/ s. lustrzana<\/span>                                                                    <\/div>\r\n                                                                <h4 class=\"mec-event-title\"><a class=\"mec-color-hover\"  data-event-id=\"7459\" href=\"https:\/\/bazanakrakowskiej.pl\/index.php\/wydarzenia\/kurs-tanca-towarzyskiego-dla-dzieci\/\" target=\"m1\" rel=\"noopener\">Kurs ta\u0144ca towarzyskiego dla dzieci<\/a><\/h4>\r\n                                                            <\/div>\r\n                        <\/div>\r\n                    <\/article>\r\n                <\/div><\/div>            <div class=\"row\"><div class=\"col-md-3 col-sm-3\">        <script type=\"application\/ld+json\">\r\n        {\r\n            \"@context\": \"http:\/\/schema.org\",\r\n            \"@type\": \"Event\",\r\n            \"eventStatus\": \"https:\/\/schema.org\/EventScheduled\",\r\n            \"startDate\": \"2026-05-20\",\r\n            \"endDate\": \"2026-05-20\",\r\n            \"eventAttendanceMode\": \"https:\/\/schema.org\/OfflineEventAttendanceMode\",\r\n            \"location\":\r\n            {\r\n                \"@type\": \"Place\",\r\n                                \"name\": \"Szko\u0142a Podstawowa w Bestwinie\",\r\n                \"image\": \"\",\r\n                \"address\": \"\"\r\n                            },\r\n            \"organizer\":\r\n            {\r\n                \"@type\": \"Person\",\r\n                \"name\": \"Gabriela Nguyen Nam\",\r\n                \"url\": \"\"\r\n            },\r\n            \"offers\":\r\n            {\r\n                \"url\": \"https:\/\/bazanakrakowskiej.pl\/index.php\/wydarzenia\/bazaart-junior-plus-taniec-wspolczesny\/\",\r\n                \"price\": \"\",\r\n                \"priceCurrency\": \"$\",\r\n                \"availability\": \"https:\/\/schema.org\/InStock\",\r\n                \"validFrom\": \"2026-05-20T00:00\"\r\n            },\r\n            \"performer\": \"\",\r\n            \"description\": \"&lt;p&gt;&lt;strong&gt;BazaART Junior PLUS\/Taniec wsp\u00f3\u0142czesny&lt;\/strong&gt;&lt;b&gt;&lt;br \/&gt; &lt;strong&gt;(gr. wiekowa 6-8 lat)&lt;\/strong&gt;&lt;br \/&gt; &lt;\/b&gt;zaj\u0119cia 2 razy w tygodniu&lt;\/p&gt; &lt;p&gt;&lt;strong&gt;Poniedzia\u0142ki&lt;\/strong&gt; godz. 16:00-17:30 (Szko\u0142a Podstawowa w Bestwinie)&lt;\/p&gt; &lt;p&gt;&lt;strong&gt;\u015arody&lt;\/strong&gt; godz.17:00- 18:30 (Szko\u0142a Podstawowa w Bestwinie)&lt;\/p&gt; &lt;p&gt;Koszt: 40 z\u0142 \/msc&lt;\/p&gt; &lt;p&gt;&nbsp;&lt;\/p&gt; &lt;p&gt;Wi\u0119cej o zaj\u0119ciach przeczytasz tutaj: &lt;a href=&quot;https:\/\/bazanakrakowskiej.pl\/index.php\/zajecia-taneczne\/&quot;&gt;Taniec wsp\u00f3\u0142czesny \u2013 BAZA NA KRAKOWSKIEJ&lt;\/a&gt;&lt;\/p&gt; \",\r\n            \"image\": \"\",\r\n            \"name\": \"BazaART Junior PLUS \/Taniec wsp\u00f3\u0142czesny\",\r\n            \"url\": \"https:\/\/bazanakrakowskiej.pl\/index.php\/wydarzenia\/bazaart-junior-plus-taniec-wspolczesny\/\"\r\n        }\r\n        <\/script>\r\n                            <article  data-href=\"https:\/\/bazanakrakowskiej.pl\/index.php\/wydarzenia\/bazaart-junior-plus-taniec-wspolczesny\/\" data-target=\"m1\" style=\"background:#f20c77\" class=\"mec-past-event mec-event-article mec-tile-item  mec-clear   \">\r\n                                                                        <div class=\"event-tile-view-head clearfix\">\r\n                                                            <div class=\"mec-event-month\"><span class=\"mec-start-date-label\" itemprop=\"startDate\">20 maj<\/span><\/div>\r\n                                                        <div class=\"mec-event-time\"><i class=\"mec-sl-clock\"><\/i>17:00<\/div>\r\n                        <\/div>\r\n                        <div class=\"mec-event-content\" data-target=\"m1\" data-event-id=\"8587\">\r\n                            <a href=\"https:\/\/bazanakrakowskiej.pl\/index.php\/wydarzenia\/bazaart-junior-plus-taniec-wspolczesny\/\" target=\"m1\" class=\"mec-tile-into-content-link\"><\/a>                            <div class=\"mec-tile-event-content\">\r\n                                <div class=\"mec-event-detail\">\r\n                                                                                                            <span class=\"mec-event-loc-place\"><i class=\"mec-sl-location-pin\"><\/i>Szko\u0142a Podstawowa w Bestwinie<\/span>                                                                    <\/div>\r\n                                                                <h4 class=\"mec-event-title\"><a class=\"mec-color-hover\"  data-event-id=\"8587\" href=\"https:\/\/bazanakrakowskiej.pl\/index.php\/wydarzenia\/bazaart-junior-plus-taniec-wspolczesny\/\" target=\"m1\" rel=\"noopener\">BazaART Junior PLUS \/Taniec wsp\u00f3\u0142czesny<\/a><\/h4>\r\n                                                            <\/div>\r\n                        <\/div>\r\n                    <\/article>\r\n                <\/div>            <div class=\"col-md-3 col-sm-3\">        <script type=\"application\/ld+json\">\r\n        {\r\n            \"@context\": \"http:\/\/schema.org\",\r\n            \"@type\": \"Event\",\r\n            \"eventStatus\": \"https:\/\/schema.org\/EventScheduled\",\r\n            \"startDate\": \"2026-05-20\",\r\n            \"endDate\": \"2026-05-20\",\r\n            \"eventAttendanceMode\": \"https:\/\/schema.org\/OfflineEventAttendanceMode\",\r\n            \"location\":\r\n            {\r\n                \"@type\": \"Place\",\r\n                                \"name\": \"Baza na Krakowskiej\/ s. lustrzana\",\r\n                \"image\": \"\",\r\n                \"address\": \"\"\r\n                            },\r\n            \"organizer\":\r\n            {\r\n                \"@type\": \"Person\",\r\n                \"name\": \"Paulina Gw\u00f3\u017ad\u017a\",\r\n                \"url\": \"https:\/\/www.instagram.com\/studio.gwozdz\/\"\r\n            },\r\n            \"offers\":\r\n            {\r\n                \"url\": \"https:\/\/bazanakrakowskiej.pl\/index.php\/wydarzenia\/latino-ladies-style-kurs-tanca-dla-kobiet\/\",\r\n                \"price\": \"\",\r\n                \"priceCurrency\": \"$\",\r\n                \"availability\": \"https:\/\/schema.org\/InStock\",\r\n                \"validFrom\": \"2026-05-20T00:00\"\r\n            },\r\n            \"performer\": \"\",\r\n            \"description\": \"&lt;p&gt;&lt;strong&gt;3 miesi\u0119czny kurs ta\u0144ca dla kobiet! &lt;\/strong&gt;&lt;\/p&gt; &lt;p&gt;Zapraszamy na nowe zaj\u0119cia taneczne pe\u0142ne energii i rado\u015bci!&lt;\/p&gt; &lt;p&gt;Od podstaw nauczymy nie tylko krok\u00f3w, ale i ekspresji ruch\u00f3w w rytmie w\u0142asnego cia\u0142a.&lt;\/p&gt; &lt;p&gt;Odkryjemy swoj\u0105 zmys\u0142owo\u015b\u0107, kobieco\u015b\u0107, zasmakujemy r\u00f3\u017cnych styl\u00f3w latynoameryka\u0144skich!&lt;\/p&gt; &lt;p&gt;Kurs potrwa od pa\u017adziernika do grudnia (mo\u017cliwo\u015b\u0107 kontynuacji).&lt;\/p&gt; &lt;p&gt;Zaj\u0119cia w ka\u017cd\u0105 o godz.17:30-18:30&lt;\/p&gt; &lt;p&gt;Zaj\u0119cia poprowadzi &lt;strong&gt;Paulina Gw\u00f3\u017ad\u017a&lt;\/strong&gt;, tancerka ta\u0144ca towarzyskiego od ponad 18 lat.&lt;br \/&gt; Na swojej tanecznej drodze szkoli\u0142a si\u0119 u mistrz\u00f3w \u015awiata, Europy i Polski.&lt;br \/&gt; najwy\u017csz\u0105 mi\u0119dzynarodow\u0105 klas\u0119 taneczn\u0105 \u201eS\u201d w ta\u0144cach latynoameryka\u0144skich.&lt;\/p&gt; &lt;p&gt;Zapisy i informacje pod nr tel 731 251 102.&lt;\/p&gt; &lt;p&gt;Ograniczona ilo\u015b\u0107 miejsc.&lt;br \/&gt; (start zaj\u0119\u0107 przy min.4 osobach)&lt;\/p&gt; &lt;p&gt;Cena za kurs (12 spotka\u0144): 390 z\u0142&lt;\/p&gt; \",\r\n            \"image\": \"\",\r\n            \"name\": \"Latino Ladies Style- kurs ta\u0144ca dla kobiet\",\r\n            \"url\": \"https:\/\/bazanakrakowskiej.pl\/index.php\/wydarzenia\/latino-ladies-style-kurs-tanca-dla-kobiet\/\"\r\n        }\r\n        <\/script>\r\n                            <article  data-href=\"https:\/\/bazanakrakowskiej.pl\/index.php\/wydarzenia\/latino-ladies-style-kurs-tanca-dla-kobiet\/\" data-target=\"m1\" style=\"background:#0082f4\" class=\"mec-past-event mec-event-article mec-tile-item  mec-clear   \">\r\n                                                                        <div class=\"event-tile-view-head clearfix\">\r\n                                                            <div class=\"mec-event-month\"><span class=\"mec-start-date-label\" itemprop=\"startDate\">20 maj<\/span><\/div>\r\n                                                        <div class=\"mec-event-time\"><i class=\"mec-sl-clock\"><\/i>17:30<\/div>\r\n                        <\/div>\r\n                        <div class=\"mec-event-content\" data-target=\"m1\" data-event-id=\"8035\">\r\n                            <a href=\"https:\/\/bazanakrakowskiej.pl\/index.php\/wydarzenia\/latino-ladies-style-kurs-tanca-dla-kobiet\/\" target=\"m1\" class=\"mec-tile-into-content-link\"><\/a>                            <div class=\"mec-tile-event-content\">\r\n                                <div class=\"mec-event-detail\">\r\n                                                                                                            <span class=\"mec-event-loc-place\"><i class=\"mec-sl-location-pin\"><\/i>Baza na Krakowskiej\/ s. lustrzana<\/span>                                                                    <\/div>\r\n                                                                <h4 class=\"mec-event-title\"><a class=\"mec-color-hover\"  data-event-id=\"8035\" href=\"https:\/\/bazanakrakowskiej.pl\/index.php\/wydarzenia\/latino-ladies-style-kurs-tanca-dla-kobiet\/\" target=\"m1\" rel=\"noopener\">Latino Ladies Style- kurs ta\u0144ca dla kobiet<\/a><\/h4>\r\n                                                            <\/div>\r\n                        <\/div>\r\n                    <\/article>\r\n                <\/div>            <div class=\"col-md-3 col-sm-3\">        <script type=\"application\/ld+json\">\r\n        {\r\n            \"@context\": \"http:\/\/schema.org\",\r\n            \"@type\": \"Event\",\r\n            \"eventStatus\": \"https:\/\/schema.org\/EventScheduled\",\r\n            \"startDate\": \"2026-05-20\",\r\n            \"endDate\": \"2026-05-20\",\r\n            \"eventAttendanceMode\": \"https:\/\/schema.org\/OfflineEventAttendanceMode\",\r\n            \"location\":\r\n            {\r\n                \"@type\": \"Place\",\r\n                                \"name\": \"Baza na Krakowskiej\",\r\n                \"image\": \"\",\r\n                \"address\": \"\"\r\n                            },\r\n            \"organizer\":\r\n            {\r\n                \"@type\": \"Person\",\r\n                \"name\": \"Rainer Castro Amoros\",\r\n                \"url\": \"\"\r\n            },\r\n            \"offers\":\r\n            {\r\n                \"url\": \"https:\/\/bazanakrakowskiej.pl\/index.php\/wydarzenia\/kurs-jezyka-hiszpanskiego\/\",\r\n                \"price\": \"\",\r\n                \"priceCurrency\": \"$\",\r\n                \"availability\": \"https:\/\/schema.org\/InStock\",\r\n                \"validFrom\": \"2026-05-20T00:00\"\r\n            },\r\n            \"performer\": \"\",\r\n            \"description\": \"&lt;p&gt;&lt;span class=&quot;html-span xexx8yu xyri2b x18d9i69 x1c1uobl x1hl2dhg x16tdsg8 x1vvkbs x3nfvp2 x1j61x8r x1fcty0u xdj266r xat24cr xm2jcoa x1mpyi22 xxymvpz xlup9mm x1kky2od&quot;&gt;&lt;img loading=&quot;lazy&quot; decoding=&quot;async&quot; class=&quot;xz74otr x15mokao x1ga7v0g x16uus16 xbiv7yw&quot; src=&quot;https:\/\/static.xx.fbcdn.net\/images\/emoji.php\/v9\/t34\/1\/16\/1f1ea_1f1f8.png&quot; alt=&quot;\ud83c\uddea\ud83c\uddf8&quot; width=&quot;16&quot; height=&quot;16&quot; \/&gt;&lt;\/span&gt;&lt;strong&gt;Od marca rusza w Bazie Kurs j\u0119zyka hiszpa\u0144skiego!&lt;\/strong&gt; &lt;span class=&quot;html-span xexx8yu xyri2b x18d9i69 x1c1uobl x1hl2dhg x16tdsg8 x1vvkbs x3nfvp2 x1j61x8r x1fcty0u xdj266r xat24cr xm2jcoa x1mpyi22 xxymvpz xlup9mm x1kky2od&quot;&gt;&lt;img loading=&quot;lazy&quot; decoding=&quot;async&quot; class=&quot;xz74otr x15mokao x1ga7v0g x16uus16 xbiv7yw&quot; src=&quot;https:\/\/static.xx.fbcdn.net\/images\/emoji.php\/v9\/t34\/1\/16\/1f1ea_1f1f8.png&quot; alt=&quot;\ud83c\uddea\ud83c\uddf8&quot; width=&quot;16&quot; height=&quot;16&quot; \/&gt;&lt;\/span&gt;&lt;br \/&gt; \u2013 praktyczna nauka j\u0119zyka&lt;br \/&gt; \u2013 zaj\u0119cia w ma\u0142ych grupach&lt;br \/&gt; \u2013 nauka krok po kroku z native speakerem&lt;\/p&gt; &lt;p&gt;Zaj\u0119cia prowadzi R\u00e1iner Castro Amor\u00f3s , pochodz\u0105cy z Kuby, mieszkaj\u0105cy kilka lat w Barcelonie, a obecnie w Polsce, gdzie uczy j\u0119zyka hiszpa\u0144skiego i jest trenerem personalnym ze specjalizacj\u0105 lekkoatletyka.&lt;br \/&gt; Start zaj\u0119\u0107 ju\u017c 4 marca!&lt;br \/&gt; \u015arody:&lt;br \/&gt; &lt;span class=&quot;html-span xexx8yu xyri2b x18d9i69 x1c1uobl x1hl2dhg x16tdsg8 x1vvkbs x3nfvp2 x1j61x8r x1fcty0u xdj266r xat24cr xm2jcoa x1mpyi22 xxymvpz xlup9mm x1kky2od&quot;&gt;&lt;img loading=&quot;lazy&quot; decoding=&quot;async&quot; class=&quot;xz74otr x15mokao x1ga7v0g x16uus16 xbiv7yw&quot; src=&quot;https:\/\/static.xx.fbcdn.net\/images\/emoji.php\/v9\/t15\/1\/16\/1f49b.png&quot; alt=&quot;\ud83d\udc9b&quot; width=&quot;18&quot; height=&quot;18&quot; \/&gt;&lt;\/span&gt;godz. 16:30-17:30 zaj\u0119cia dla dzieci w wieku szkolnym&lt;br \/&gt; &lt;span class=&quot;html-span xexx8yu xyri2b x18d9i69 x1c1uobl x1hl2dhg x16tdsg8 x1vvkbs x3nfvp2 x1j61x8r x1fcty0u xdj266r xat24cr xm2jcoa x1mpyi22 xxymvpz xlup9mm x1kky2od&quot;&gt;&lt;img loading=&quot;lazy&quot; decoding=&quot;async&quot; class=&quot;xz74otr x15mokao x1ga7v0g x16uus16 xbiv7yw&quot; src=&quot;https:\/\/static.xx.fbcdn.net\/images\/emoji.php\/v9\/t6c\/1\/16\/2764.png&quot; alt=&quot;\u2764\ufe0f&quot; width=&quot;16&quot; height=&quot;16&quot; \/&gt;&lt;\/span&gt;godz. 17:30-18:30 zaj\u0119cia dla doros\u0142ych&lt;br \/&gt; Koszt miesi\u0119czny: 200 z\u0142 (1h\/ 50 z\u0142)&lt;br \/&gt; &lt;span class=&quot;html-span xexx8yu xyri2b x18d9i69 x1c1uobl x1hl2dhg x16tdsg8 x1vvkbs x3nfvp2 x1j61x8r x1fcty0u xdj266r xat24cr xm2jcoa x1mpyi22 xxymvpz xlup9mm x1kky2od&quot;&gt;&lt;img loading=&quot;lazy&quot; decoding=&quot;async&quot; class=&quot;xz74otr x15mokao x1ga7v0g x16uus16 xbiv7yw&quot; src=&quot;https:\/\/static.xx.fbcdn.net\/images\/emoji.php\/v9\/t34\/1\/16\/1f1ea_1f1f8.png&quot; alt=&quot;\ud83c\uddea\ud83c\uddf8&quot; width=&quot;16&quot; height=&quot;16&quot; \/&gt;&lt;\/span&gt;&lt;span class=&quot;html-span xexx8yu xyri2b x18d9i69 x1c1uobl x1hl2dhg x16tdsg8 x1vvkbs x3nfvp2 x1j61x8r x1fcty0u xdj266r xat24cr xm2jcoa x1mpyi22 xxymvpz xlup9mm x1kky2od&quot;&gt;&lt;img loading=&quot;lazy&quot; decoding=&quot;async&quot; class=&quot;xz74otr x15mokao x1ga7v0g x16uus16 xbiv7yw&quot; src=&quot;https:\/\/static.xx.fbcdn.net\/images\/emoji.php\/v9\/t34\/1\/16\/1f1ea_1f1f8.png&quot; alt=&quot;\ud83c\uddea\ud83c\uddf8&quot; width=&quot;16&quot; height=&quot;16&quot; \/&gt;&lt;\/span&gt;&lt;span class=&quot;html-span xexx8yu xyri2b x18d9i69 x1c1uobl x1hl2dhg x16tdsg8 x1vvkbs x3nfvp2 x1j61x8r x1fcty0u xdj266r xat24cr xm2jcoa x1mpyi22 xxymvpz xlup9mm x1kky2od&quot;&gt;&lt;img loading=&quot;lazy&quot; decoding=&quot;async&quot; class=&quot;xz74otr x15mokao x1ga7v0g x16uus16 xbiv7yw&quot; src=&quot;https:\/\/static.xx.fbcdn.net\/images\/emoji.php\/v9\/t34\/1\/16\/1f1ea_1f1f8.png&quot; alt=&quot;\ud83c\uddea\ud83c\uddf8&quot; width=&quot;16&quot; height=&quot;16&quot; \/&gt;&lt;\/span&gt;&lt;span class=&quot;html-span xexx8yu xyri2b x18d9i69 x1c1uobl x1hl2dhg x16tdsg8 x1vvkbs x3nfvp2 x1j61x8r x1fcty0u xdj266r xat24cr xm2jcoa x1mpyi22 xxymvpz xlup9mm x1kky2od&quot;&gt;&lt;img loading=&quot;lazy&quot; decoding=&quot;async&quot; class=&quot;xz74otr x15mokao x1ga7v0g x16uus16 xbiv7yw&quot; src=&quot;https:\/\/static.xx.fbcdn.net\/images\/emoji.php\/v9\/t34\/1\/16\/1f1ea_1f1f8.png&quot; alt=&quot;\ud83c\uddea\ud83c\uddf8&quot; width=&quot;16&quot; height=&quot;16&quot; \/&gt;&lt;\/span&gt;&lt;span class=&quot;html-span xexx8yu xyri2b x18d9i69 x1c1uobl x1hl2dhg x16tdsg8 x1vvkbs x3nfvp2 x1j61x8r x1fcty0u xdj266r xat24cr xm2jcoa x1mpyi22 xxymvpz xlup9mm x1kky2od&quot;&gt;&lt;img loading=&quot;lazy&quot; decoding=&quot;async&quot; class=&quot;xz74otr x15mokao x1ga7v0g x16uus16 xbiv7yw&quot; src=&quot;https:\/\/static.xx.fbcdn.net\/images\/emoji.php\/v9\/t34\/1\/16\/1f1ea_1f1f8.png&quot; alt=&quot;\ud83c\uddea\ud83c\uddf8&quot; width=&quot;16&quot; height=&quot;16&quot; \/&gt;&lt;\/span&gt;&lt;span class=&quot;html-span xexx8yu xyri2b x18d9i69 x1c1uobl x1hl2dhg x16tdsg8 x1vvkbs x3nfvp2 x1j61x8r x1fcty0u xdj266r xat24cr xm2jcoa x1mpyi22 xxymvpz xlup9mm x1kky2od&quot;&gt;&lt;img loading=&quot;lazy&quot; decoding=&quot;async&quot; class=&quot;xz74otr x15mokao x1ga7v0g x16uus16 xbiv7yw&quot; src=&quot;https:\/\/static.xx.fbcdn.net\/images\/emoji.php\/v9\/t34\/1\/16\/1f1ea_1f1f8.png&quot; alt=&quot;\ud83c\uddea\ud83c\uddf8&quot; width=&quot;16&quot; height=&quot;16&quot; \/&gt;&lt;\/span&gt;&lt;span class=&quot;html-span xexx8yu xyri2b x18d9i69 x1c1uobl x1hl2dhg x16tdsg8 x1vvkbs x3nfvp2 x1j61x8r x1fcty0u xdj266r xat24cr xm2jcoa x1mpyi22 xxymvpz xlup9mm x1kky2od&quot;&gt;&lt;img loading=&quot;lazy&quot; decoding=&quot;async&quot; class=&quot;xz74otr x15mokao x1ga7v0g x16uus16 xbiv7yw&quot; src=&quot;https:\/\/static.xx.fbcdn.net\/images\/emoji.php\/v9\/t34\/1\/16\/1f1ea_1f1f8.png&quot; alt=&quot;\ud83c\uddea\ud83c\uddf8&quot; width=&quot;16&quot; height=&quot;16&quot; \/&gt;&lt;\/span&gt;&lt;span class=&quot;html-span xexx8yu xyri2b x18d9i69 x1c1uobl x1hl2dhg x16tdsg8 x1vvkbs x3nfvp2 x1j61x8r x1fcty0u xdj266r xat24cr xm2jcoa x1mpyi22 xxymvpz xlup9mm x1kky2od&quot;&gt;&lt;img loading=&quot;lazy&quot; decoding=&quot;async&quot; class=&quot;xz74otr x15mokao x1ga7v0g x16uus16 xbiv7yw&quot; src=&quot;https:\/\/static.xx.fbcdn.net\/images\/emoji.php\/v9\/t34\/1\/16\/1f1ea_1f1f8.png&quot; alt=&quot;\ud83c\uddea\ud83c\uddf8&quot; width=&quot;16&quot; height=&quot;16&quot; \/&gt;&lt;\/span&gt;&lt;span class=&quot;html-span xexx8yu xyri2b x18d9i69 x1c1uobl x1hl2dhg x16tdsg8 x1vvkbs x3nfvp2 x1j61x8r x1fcty0u xdj266r xat24cr xm2jcoa x1mpyi22 xxymvpz xlup9mm x1kky2od&quot;&gt;&lt;img loading=&quot;lazy&quot; decoding=&quot;async&quot; class=&quot;xz74otr x15mokao x1ga7v0g x16uus16 xbiv7yw&quot; src=&quot;https:\/\/static.xx.fbcdn.net\/images\/emoji.php\/v9\/t34\/1\/16\/1f1ea_1f1f8.png&quot; alt=&quot;\ud83c\uddea\ud83c\uddf8&quot; width=&quot;16&quot; height=&quot;16&quot; \/&gt;&lt;\/span&gt;&lt;span class=&quot;html-span xexx8yu xyri2b x18d9i69 x1c1uobl x1hl2dhg x16tdsg8 x1vvkbs x3nfvp2 x1j61x8r x1fcty0u xdj266r xat24cr xm2jcoa x1mpyi22 xxymvpz xlup9mm x1kky2od&quot;&gt;&lt;img loading=&quot;lazy&quot; decoding=&quot;async&quot; class=&quot;xz74otr x15mokao x1ga7v0g x16uus16 xbiv7yw&quot; src=&quot;https:\/\/static.xx.fbcdn.net\/images\/emoji.php\/v9\/t34\/1\/16\/1f1ea_1f1f8.png&quot; alt=&quot;\ud83c\uddea\ud83c\uddf8&quot; width=&quot;16&quot; height=&quot;16&quot; \/&gt;&lt;\/span&gt;&lt;span class=&quot;html-span xexx8yu xyri2b x18d9i69 x1c1uobl x1hl2dhg x16tdsg8 x1vvkbs x3nfvp2 x1j61x8r x1fcty0u xdj266r xat24cr xm2jcoa x1mpyi22 xxymvpz xlup9mm x1kky2od&quot;&gt;&lt;img loading=&quot;lazy&quot; decoding=&quot;async&quot; class=&quot;xz74otr x15mokao x1ga7v0g x16uus16 xbiv7yw&quot; src=&quot;https:\/\/static.xx.fbcdn.net\/images\/emoji.php\/v9\/t34\/1\/16\/1f1ea_1f1f8.png&quot; alt=&quot;\ud83c\uddea\ud83c\uddf8&quot; width=&quot;16&quot; height=&quot;16&quot; \/&gt;&lt;\/span&gt;&lt;span class=&quot;html-span xexx8yu xyri2b x18d9i69 x1c1uobl x1hl2dhg x16tdsg8 x1vvkbs x3nfvp2 x1j61x8r x1fcty0u xdj266r xat24cr xm2jcoa x1mpyi22 xxymvpz xlup9mm x1kky2od&quot;&gt;&lt;img loading=&quot;lazy&quot; decoding=&quot;async&quot; class=&quot;xz74otr x15mokao x1ga7v0g x16uus16 xbiv7yw&quot; src=&quot;https:\/\/static.xx.fbcdn.net\/images\/emoji.php\/v9\/t34\/1\/16\/1f1ea_1f1f8.png&quot; alt=&quot;\ud83c\uddea\ud83c\uddf8&quot; width=&quot;16&quot; height=&quot;16&quot; \/&gt;&lt;\/span&gt;&lt;span class=&quot;html-span xexx8yu xyri2b x18d9i69 x1c1uobl x1hl2dhg x16tdsg8 x1vvkbs x3nfvp2 x1j61x8r x1fcty0u xdj266r xat24cr xm2jcoa x1mpyi22 xxymvpz xlup9mm x1kky2od&quot;&gt;&lt;img loading=&quot;lazy&quot; decoding=&quot;async&quot; class=&quot;xz74otr x15mokao x1ga7v0g x16uus16 xbiv7yw&quot; src=&quot;https:\/\/static.xx.fbcdn.net\/images\/emoji.php\/v9\/t34\/1\/16\/1f1ea_1f1f8.png&quot; alt=&quot;\ud83c\uddea\ud83c\uddf8&quot; width=&quot;16&quot; height=&quot;16&quot; \/&gt;&lt;\/span&gt;&lt;span class=&quot;html-span xexx8yu xyri2b x18d9i69 x1c1uobl x1hl2dhg x16tdsg8 x1vvkbs x3nfvp2 x1j61x8r x1fcty0u xdj266r xat24cr xm2jcoa x1mpyi22 xxymvpz xlup9mm x1kky2od&quot;&gt;&lt;img loading=&quot;lazy&quot; decoding=&quot;async&quot; class=&quot;xz74otr x15mokao x1ga7v0g x16uus16 xbiv7yw&quot; src=&quot;https:\/\/static.xx.fbcdn.net\/images\/emoji.php\/v9\/t34\/1\/16\/1f1ea_1f1f8.png&quot; alt=&quot;\ud83c\uddea\ud83c\uddf8&quot; width=&quot;16&quot; height=&quot;16&quot; \/&gt;&lt;\/span&gt;&lt;span class=&quot;html-span xexx8yu xyri2b x18d9i69 x1c1uobl x1hl2dhg x16tdsg8 x1vvkbs x3nfvp2 x1j61x8r x1fcty0u xdj266r xat24cr xm2jcoa x1mpyi22 xxymvpz xlup9mm x1kky2od&quot;&gt;&lt;img loading=&quot;lazy&quot; decoding=&quot;async&quot; class=&quot;xz74otr x15mokao x1ga7v0g x16uus16 xbiv7yw&quot; src=&quot;https:\/\/static.xx.fbcdn.net\/images\/emoji.php\/v9\/t34\/1\/16\/1f1ea_1f1f8.png&quot; alt=&quot;\ud83c\uddea\ud83c\uddf8&quot; width=&quot;16&quot; height=&quot;16&quot; \/&gt;&lt;\/span&gt;&lt;span class=&quot;html-span xexx8yu xyri2b x18d9i69 x1c1uobl x1hl2dhg x16tdsg8 x1vvkbs x3nfvp2 x1j61x8r x1fcty0u xdj266r xat24cr xm2jcoa x1mpyi22 xxymvpz xlup9mm x1kky2od&quot;&gt;&lt;img loading=&quot;lazy&quot; decoding=&quot;async&quot; class=&quot;xz74otr x15mokao x1ga7v0g x16uus16 xbiv7yw&quot; src=&quot;https:\/\/static.xx.fbcdn.net\/images\/emoji.php\/v9\/t34\/1\/16\/1f1ea_1f1f8.png&quot; alt=&quot;\ud83c\uddea\ud83c\uddf8&quot; width=&quot;16&quot; height=&quot;16&quot; \/&gt;&lt;\/span&gt;&lt;span class=&quot;html-span xexx8yu xyri2b x18d9i69 x1c1uobl x1hl2dhg x16tdsg8 x1vvkbs x3nfvp2 x1j61x8r x1fcty0u xdj266r xat24cr xm2jcoa x1mpyi22 xxymvpz xlup9mm x1kky2od&quot;&gt;&lt;img loading=&quot;lazy&quot; decoding=&quot;async&quot; class=&quot;xz74otr x15mokao x1ga7v0g x16uus16 xbiv7yw&quot; src=&quot;https:\/\/static.xx.fbcdn.net\/images\/emoji.php\/v9\/t34\/1\/16\/1f1ea_1f1f8.png&quot; alt=&quot;\ud83c\uddea\ud83c\uddf8&quot; width=&quot;16&quot; height=&quot;16&quot; \/&gt;&lt;\/span&gt;&lt;br \/&gt; A oto kilka powod\u00f3w dlaczego warto nauczy\u0107 si\u0119 j\u0119zyka hiszpa\u0144skiego!&lt;\/p&gt; &lt;p&gt;1. Zr\u00f3b co\u015b dla siebie!&lt;\/p&gt; &lt;p&gt;2. Poznaj bogactwo i r\u00f3\u017cnorodno\u015b\u0107 hiszpa\u0144skiej kultury&lt;\/p&gt; &lt;p&gt;3. Zwi\u0119ksz swoje szanse na rynku pracy poprzez znajomo\u015b\u0107 nowego j\u0119zyka&lt;\/p&gt; &lt;p&gt;4. Hiszpa\u0144ski to j\u0119zyk urz\u0119dowy w 21 krajach- znaj\u0105c go b\u0119dziesz m\u00f3g\u0142 si\u0119 porozumiewa\u0107 nie tylko w Hiszpanii!&lt;\/p&gt; &lt;p&gt;5. Dzi\u0119ki znajomo\u015b\u0107 hiszpa\u0144skiego z du\u017co wi\u0119ksz\u0105 \u0142atwo\u015bci\u0105 podejdziesz do nauki innych j\u0119zyk\u00f3w roma\u0144skich tj. w\u0142oski, francuski czy portugalski.&lt;\/p&gt; &lt;p&gt;6. Nauka ka\u017cdego nowego j\u0119zyka stymuluje m\u00f3zg, poprawia pami\u0119\u0107, wp\u0142ywa na rozw\u00f3j umiej\u0119tno\u015bci poznawczych i zdolno\u015bci komunikacyjnych.&lt;\/p&gt; &lt;p&gt;&lt;span class=&quot;html-span xexx8yu xyri2b x18d9i69 x1c1uobl x1hl2dhg x16tdsg8 x1vvkbs x3nfvp2 x1j61x8r x1fcty0u xdj266r xat24cr xm2jcoa x1mpyi22 xxymvpz xlup9mm x1kky2od&quot;&gt;&lt;img loading=&quot;lazy&quot; decoding=&quot;async&quot; class=&quot;xz74otr x15mokao x1ga7v0g x16uus16 xbiv7yw&quot; src=&quot;https:\/\/static.xx.fbcdn.net\/images\/emoji.php\/v9\/t34\/1\/16\/1f1ea_1f1f8.png&quot; alt=&quot;\ud83c\uddea\ud83c\uddf8&quot; width=&quot;16&quot; height=&quot;16&quot; \/&gt;&lt;\/span&gt;&lt;span class=&quot;html-span xexx8yu xyri2b x18d9i69 x1c1uobl x1hl2dhg x16tdsg8 x1vvkbs x3nfvp2 x1j61x8r x1fcty0u xdj266r xat24cr xm2jcoa x1mpyi22 xxymvpz xlup9mm x1kky2od&quot;&gt;&lt;img loading=&quot;lazy&quot; decoding=&quot;async&quot; class=&quot;xz74otr x15mokao x1ga7v0g x16uus16 xbiv7yw&quot; src=&quot;https:\/\/static.xx.fbcdn.net\/images\/emoji.php\/v9\/t34\/1\/16\/1f1ea_1f1f8.png&quot; alt=&quot;\ud83c\uddea\ud83c\uddf8&quot; width=&quot;16&quot; height=&quot;16&quot; \/&gt;&lt;\/span&gt;&lt;span class=&quot;html-span xexx8yu xyri2b x18d9i69 x1c1uobl x1hl2dhg x16tdsg8 x1vvkbs x3nfvp2 x1j61x8r x1fcty0u xdj266r xat24cr xm2jcoa x1mpyi22 xxymvpz xlup9mm x1kky2od&quot;&gt;&lt;img loading=&quot;lazy&quot; decoding=&quot;async&quot; class=&quot;xz74otr x15mokao x1ga7v0g x16uus16 xbiv7yw&quot; src=&quot;https:\/\/static.xx.fbcdn.net\/images\/emoji.php\/v9\/t34\/1\/16\/1f1ea_1f1f8.png&quot; alt=&quot;\ud83c\uddea\ud83c\uddf8&quot; width=&quot;16&quot; height=&quot;16&quot; \/&gt;&lt;\/span&gt;&lt;span class=&quot;html-span xexx8yu xyri2b x18d9i69 x1c1uobl x1hl2dhg x16tdsg8 x1vvkbs x3nfvp2 x1j61x8r x1fcty0u xdj266r xat24cr xm2jcoa x1mpyi22 xxymvpz xlup9mm x1kky2od&quot;&gt;&lt;img loading=&quot;lazy&quot; decoding=&quot;async&quot; class=&quot;xz74otr x15mokao x1ga7v0g x16uus16 xbiv7yw&quot; src=&quot;https:\/\/static.xx.fbcdn.net\/images\/emoji.php\/v9\/t34\/1\/16\/1f1ea_1f1f8.png&quot; alt=&quot;\ud83c\uddea\ud83c\uddf8&quot; width=&quot;16&quot; height=&quot;16&quot; \/&gt;&lt;\/span&gt;&lt;span class=&quot;html-span xexx8yu xyri2b x18d9i69 x1c1uobl x1hl2dhg x16tdsg8 x1vvkbs x3nfvp2 x1j61x8r x1fcty0u xdj266r xat24cr xm2jcoa x1mpyi22 xxymvpz xlup9mm x1kky2od&quot;&gt;&lt;img loading=&quot;lazy&quot; decoding=&quot;async&quot; class=&quot;xz74otr x15mokao x1ga7v0g x16uus16 xbiv7yw&quot; src=&quot;https:\/\/static.xx.fbcdn.net\/images\/emoji.php\/v9\/t34\/1\/16\/1f1ea_1f1f8.png&quot; alt=&quot;\ud83c\uddea\ud83c\uddf8&quot; width=&quot;16&quot; height=&quot;16&quot; \/&gt;&lt;\/span&gt;&lt;span class=&quot;html-span xexx8yu xyri2b x18d9i69 x1c1uobl x1hl2dhg x16tdsg8 x1vvkbs x3nfvp2 x1j61x8r x1fcty0u xdj266r xat24cr xm2jcoa x1mpyi22 xxymvpz xlup9mm x1kky2od&quot;&gt;&lt;img loading=&quot;lazy&quot; decoding=&quot;async&quot; class=&quot;xz74otr x15mokao x1ga7v0g x16uus16 xbiv7yw&quot; src=&quot;https:\/\/static.xx.fbcdn.net\/images\/emoji.php\/v9\/t34\/1\/16\/1f1ea_1f1f8.png&quot; alt=&quot;\ud83c\uddea\ud83c\uddf8&quot; width=&quot;16&quot; height=&quot;16&quot; \/&gt;&lt;\/span&gt;&lt;span class=&quot;html-span xexx8yu xyri2b x18d9i69 x1c1uobl x1hl2dhg x16tdsg8 x1vvkbs x3nfvp2 x1j61x8r x1fcty0u xdj266r xat24cr xm2jcoa x1mpyi22 xxymvpz xlup9mm x1kky2od&quot;&gt;&lt;img loading=&quot;lazy&quot; decoding=&quot;async&quot; class=&quot;xz74otr x15mokao x1ga7v0g x16uus16 xbiv7yw&quot; src=&quot;https:\/\/static.xx.fbcdn.net\/images\/emoji.php\/v9\/t34\/1\/16\/1f1ea_1f1f8.png&quot; alt=&quot;\ud83c\uddea\ud83c\uddf8&quot; width=&quot;16&quot; height=&quot;16&quot; \/&gt;&lt;\/span&gt;&lt;span class=&quot;html-span xexx8yu xyri2b x18d9i69 x1c1uobl x1hl2dhg x16tdsg8 x1vvkbs x3nfvp2 x1j61x8r x1fcty0u xdj266r xat24cr xm2jcoa x1mpyi22 xxymvpz xlup9mm x1kky2od&quot;&gt;&lt;img loading=&quot;lazy&quot; decoding=&quot;async&quot; class=&quot;xz74otr x15mokao x1ga7v0g x16uus16 xbiv7yw&quot; src=&quot;https:\/\/static.xx.fbcdn.net\/images\/emoji.php\/v9\/t34\/1\/16\/1f1ea_1f1f8.png&quot; alt=&quot;\ud83c\uddea\ud83c\uddf8&quot; width=&quot;16&quot; height=&quot;16&quot; \/&gt;&lt;\/span&gt;&lt;span class=&quot;html-span xexx8yu xyri2b x18d9i69 x1c1uobl x1hl2dhg x16tdsg8 x1vvkbs x3nfvp2 x1j61x8r x1fcty0u xdj266r xat24cr xm2jcoa x1mpyi22 xxymvpz xlup9mm x1kky2od&quot;&gt;&lt;img loading=&quot;lazy&quot; decoding=&quot;async&quot; class=&quot;xz74otr x15mokao x1ga7v0g x16uus16 xbiv7yw&quot; src=&quot;https:\/\/static.xx.fbcdn.net\/images\/emoji.php\/v9\/t34\/1\/16\/1f1ea_1f1f8.png&quot; alt=&quot;\ud83c\uddea\ud83c\uddf8&quot; width=&quot;16&quot; height=&quot;16&quot; \/&gt;&lt;\/span&gt;&lt;span class=&quot;html-span xexx8yu xyri2b x18d9i69 x1c1uobl x1hl2dhg x16tdsg8 x1vvkbs x3nfvp2 x1j61x8r x1fcty0u xdj266r xat24cr xm2jcoa x1mpyi22 xxymvpz xlup9mm x1kky2od&quot;&gt;&lt;img loading=&quot;lazy&quot; decoding=&quot;async&quot; class=&quot;xz74otr x15mokao x1ga7v0g x16uus16 xbiv7yw&quot; src=&quot;https:\/\/static.xx.fbcdn.net\/images\/emoji.php\/v9\/t34\/1\/16\/1f1ea_1f1f8.png&quot; alt=&quot;\ud83c\uddea\ud83c\uddf8&quot; width=&quot;16&quot; height=&quot;16&quot; \/&gt;&lt;\/span&gt;&lt;span class=&quot;html-span xexx8yu xyri2b x18d9i69 x1c1uobl x1hl2dhg x16tdsg8 x1vvkbs x3nfvp2 x1j61x8r x1fcty0u xdj266r xat24cr xm2jcoa x1mpyi22 xxymvpz xlup9mm x1kky2od&quot;&gt;&lt;img loading=&quot;lazy&quot; decoding=&quot;async&quot; class=&quot;xz74otr x15mokao x1ga7v0g x16uus16 xbiv7yw&quot; src=&quot;https:\/\/static.xx.fbcdn.net\/images\/emoji.php\/v9\/t34\/1\/16\/1f1ea_1f1f8.png&quot; alt=&quot;\ud83c\uddea\ud83c\uddf8&quot; width=&quot;16&quot; height=&quot;16&quot; \/&gt;&lt;\/span&gt;&lt;span class=&quot;html-span xexx8yu xyri2b x18d9i69 x1c1uobl x1hl2dhg x16tdsg8 x1vvkbs x3nfvp2 x1j61x8r x1fcty0u xdj266r xat24cr xm2jcoa x1mpyi22 xxymvpz xlup9mm x1kky2od&quot;&gt;&lt;img loading=&quot;lazy&quot; decoding=&quot;async&quot; class=&quot;xz74otr x15mokao x1ga7v0g x16uus16 xbiv7yw&quot; src=&quot;https:\/\/static.xx.fbcdn.net\/images\/emoji.php\/v9\/t34\/1\/16\/1f1ea_1f1f8.png&quot; alt=&quot;\ud83c\uddea\ud83c\uddf8&quot; width=&quot;16&quot; height=&quot;16&quot; \/&gt;&lt;\/span&gt;&lt;span class=&quot;html-span xexx8yu xyri2b x18d9i69 x1c1uobl x1hl2dhg x16tdsg8 x1vvkbs x3nfvp2 x1j61x8r x1fcty0u xdj266r xat24cr xm2jcoa x1mpyi22 xxymvpz xlup9mm x1kky2od&quot;&gt;&lt;img loading=&quot;lazy&quot; decoding=&quot;async&quot; class=&quot;xz74otr x15mokao x1ga7v0g x16uus16 xbiv7yw&quot; src=&quot;https:\/\/static.xx.fbcdn.net\/images\/emoji.php\/v9\/t34\/1\/16\/1f1ea_1f1f8.png&quot; alt=&quot;\ud83c\uddea\ud83c\uddf8&quot; width=&quot;16&quot; height=&quot;16&quot; \/&gt;&lt;\/span&gt;&lt;span class=&quot;html-span xexx8yu xyri2b x18d9i69 x1c1uobl x1hl2dhg x16tdsg8 x1vvkbs x3nfvp2 x1j61x8r x1fcty0u xdj266r xat24cr xm2jcoa x1mpyi22 xxymvpz xlup9mm x1kky2od&quot;&gt;&lt;img loading=&quot;lazy&quot; decoding=&quot;async&quot; class=&quot;xz74otr x15mokao x1ga7v0g x16uus16 xbiv7yw&quot; src=&quot;https:\/\/static.xx.fbcdn.net\/images\/emoji.php\/v9\/t34\/1\/16\/1f1ea_1f1f8.png&quot; alt=&quot;\ud83c\uddea\ud83c\uddf8&quot; width=&quot;16&quot; height=&quot;16&quot; \/&gt;&lt;\/span&gt;&lt;span class=&quot;html-span xexx8yu xyri2b x18d9i69 x1c1uobl x1hl2dhg x16tdsg8 x1vvkbs x3nfvp2 x1j61x8r x1fcty0u xdj266r xat24cr xm2jcoa x1mpyi22 xxymvpz xlup9mm x1kky2od&quot;&gt;&lt;img loading=&quot;lazy&quot; decoding=&quot;async&quot; class=&quot;xz74otr x15mokao x1ga7v0g x16uus16 xbiv7yw&quot; src=&quot;https:\/\/static.xx.fbcdn.net\/images\/emoji.php\/v9\/t34\/1\/16\/1f1ea_1f1f8.png&quot; alt=&quot;\ud83c\uddea\ud83c\uddf8&quot; width=&quot;16&quot; height=&quot;16&quot; \/&gt;&lt;\/span&gt;&lt;span class=&quot;html-span xexx8yu xyri2b x18d9i69 x1c1uobl x1hl2dhg x16tdsg8 x1vvkbs x3nfvp2 x1j61x8r x1fcty0u xdj266r xat24cr xm2jcoa x1mpyi22 xxymvpz xlup9mm x1kky2od&quot;&gt;&lt;img loading=&quot;lazy&quot; decoding=&quot;async&quot; class=&quot;xz74otr x15mokao x1ga7v0g x16uus16 xbiv7yw&quot; src=&quot;https:\/\/static.xx.fbcdn.net\/images\/emoji.php\/v9\/t34\/1\/16\/1f1ea_1f1f8.png&quot; alt=&quot;\ud83c\uddea\ud83c\uddf8&quot; width=&quot;16&quot; height=&quot;16&quot; \/&gt;&lt;\/span&gt;&lt;span class=&quot;html-span xexx8yu xyri2b x18d9i69 x1c1uobl x1hl2dhg x16tdsg8 x1vvkbs x3nfvp2 x1j61x8r x1fcty0u xdj266r xat24cr xm2jcoa x1mpyi22 xxymvpz xlup9mm x1kky2od&quot;&gt;&lt;img loading=&quot;lazy&quot; decoding=&quot;async&quot; class=&quot;xz74otr x15mokao x1ga7v0g x16uus16 xbiv7yw&quot; src=&quot;https:\/\/static.xx.fbcdn.net\/images\/emoji.php\/v9\/t34\/1\/16\/1f1ea_1f1f8.png&quot; alt=&quot;\ud83c\uddea\ud83c\uddf8&quot; width=&quot;16&quot; height=&quot;16&quot; \/&gt;&lt;\/span&gt;&lt;\/p&gt; &lt;p&gt;&lt;strong&gt;Kim jest N A T I V E S P E A K E R ?&lt;\/strong&gt;&lt;\/p&gt; &lt;p&gt;To osoba, kt\u00f3ra wychowa\u0142a si\u0119 w kraju, gdzie dany jest j\u0119zykiem ojczystym. Takie osoby od najm\u0142odszych lat pos\u0142uguj\u0105 si\u0119 tym j\u0119zykiem, co pozwala im na naturalne i swobodne wyra\u017canie my\u015bli. Cechuje je r\u00f3wnie\u017c g\u0142\u0119bokie zrozumienie kultury, obyczaj\u00f3w i kontekstu spo\u0142ecznego, w kt\u00f3rym si\u0119 poruszaj\u0105. Nauka z native speakerem to szereg korzy\u015bci, kt\u00f3re maj\u0105 kluczowe znaczenie dla rozwoju j\u0119zykowego: \u2013 mo\u017cliwo\u015b\u0107 os\u0142uchania si\u0119 z autentycznym akcentem oraz intonacj\u0105, co znacz\u0105co wp\u0142ywa na popraw\u0119 wymowy i p\u0142ynno\u015bci wypowiedzi. \u2013 \u0107wiczy\u0107 prowadzenie konwersacji w r\u00f3\u017cnych kontekstach, co zwi\u0119kszy ich pewno\u015b\u0107 siebie w pos\u0142ugiwaniu si\u0119 j\u0119zykiem.&lt;\/p&gt; &lt;p&gt;Serdecznie zapraszamy!&lt;\/p&gt; &lt;p&gt;Zapisy pod nr 731 251 102&lt;\/p&gt; &lt;div class=&quot;figure&quot;&gt;&lt;img loading=&quot;lazy&quot; decoding=&quot;async&quot; class=&quot;alignnone size-medium wp-image-8757&quot; src=&quot;https:\/\/bazanakrakowskiej.pl\/wp-content\/uploads\/2026\/02\/Kurs-hiszpanskiego-dla-poczatkujacych-212x300.png&quot; alt=&quot;&quot; width=&quot;212&quot; height=&quot;300&quot; srcset=&quot;https:\/\/bazanakrakowskiej.pl\/wp-content\/uploads\/2026\/02\/Kurs-hiszpanskiego-dla-poczatkujacych-212x300.png 212w, https:\/\/bazanakrakowskiej.pl\/wp-content\/uploads\/2026\/02\/Kurs-hiszpanskiego-dla-poczatkujacych-724x1024.png 724w, https:\/\/bazanakrakowskiej.pl\/wp-content\/uploads\/2026\/02\/Kurs-hiszpanskiego-dla-poczatkujacych-768x1086.png 768w, https:\/\/bazanakrakowskiej.pl\/wp-content\/uploads\/2026\/02\/Kurs-hiszpanskiego-dla-poczatkujacych-1086x1536.png 1086w, https:\/\/bazanakrakowskiej.pl\/wp-content\/uploads\/2026\/02\/Kurs-hiszpanskiego-dla-poczatkujacych-1448x2048.png 1448w, https:\/\/bazanakrakowskiej.pl\/wp-content\/uploads\/2026\/02\/Kurs-hiszpanskiego-dla-poczatkujacych.png 1587w&quot; sizes=&quot;auto, (max-width: 212px) 100vw, 212px&quot; \/&gt;&lt;\/div&gt; &lt;p&gt;&nbsp;&lt;\/p&gt; \",\r\n            \"image\": \"\",\r\n            \"name\": \"Kurs j\u0119zyka hiszpa\u0144skiego\",\r\n            \"url\": \"https:\/\/bazanakrakowskiej.pl\/index.php\/wydarzenia\/kurs-jezyka-hiszpanskiego\/\"\r\n        }\r\n        <\/script>\r\n                            <article  data-href=\"https:\/\/bazanakrakowskiej.pl\/index.php\/wydarzenia\/kurs-jezyka-hiszpanskiego\/\" data-target=\"m1\" style=\"background:#eae019\" class=\"mec-past-event mec-event-article mec-tile-item  mec-clear   \">\r\n                                                                        <div class=\"event-tile-view-head clearfix\">\r\n                                                            <div class=\"mec-event-month\"><span class=\"mec-start-date-label\" itemprop=\"startDate\">20 maj<\/span><\/div>\r\n                                                        <div class=\"mec-event-time\"><i class=\"mec-sl-clock\"><\/i>17:30<\/div>\r\n                        <\/div>\r\n                        <div class=\"mec-event-content\" data-target=\"m1\" data-event-id=\"8779\">\r\n                            <a href=\"https:\/\/bazanakrakowskiej.pl\/index.php\/wydarzenia\/kurs-jezyka-hiszpanskiego\/\" target=\"m1\" class=\"mec-tile-into-content-link\"><\/a>                            <div class=\"mec-tile-event-content\">\r\n                                <div class=\"mec-event-detail\">\r\n                                                                                                            <span class=\"mec-event-loc-place\"><i class=\"mec-sl-location-pin\"><\/i>Baza na Krakowskiej<\/span>                                                                    <\/div>\r\n                                                                <h4 class=\"mec-event-title\"><a class=\"mec-color-hover\"  data-event-id=\"8779\" href=\"https:\/\/bazanakrakowskiej.pl\/index.php\/wydarzenia\/kurs-jezyka-hiszpanskiego\/\" target=\"m1\" rel=\"noopener\">Kurs j\u0119zyka hiszpa\u0144skiego<\/a><\/h4>\r\n                                                            <\/div>\r\n                        <\/div>\r\n                    <\/article>\r\n                <\/div>            <div class=\"col-md-3 col-sm-3\">        <script type=\"application\/ld+json\">\r\n        {\r\n            \"@context\": \"http:\/\/schema.org\",\r\n            \"@type\": \"Event\",\r\n            \"eventStatus\": \"https:\/\/schema.org\/EventScheduled\",\r\n            \"startDate\": \"2026-05-20\",\r\n            \"endDate\": \"2026-05-20\",\r\n            \"eventAttendanceMode\": \"https:\/\/schema.org\/OfflineEventAttendanceMode\",\r\n            \"location\":\r\n            {\r\n                \"@type\": \"Place\",\r\n                                \"name\": \"Szko\u0142a Podstawowa w Bestwinie\",\r\n                \"image\": \"\",\r\n                \"address\": \"\"\r\n                            },\r\n            \"organizer\":\r\n            {\r\n                \"@type\": \"Person\",\r\n                \"name\": \"Gabriela Nguyen Nam\",\r\n                \"url\": \"\"\r\n            },\r\n            \"offers\":\r\n            {\r\n                \"url\": \"https:\/\/bazanakrakowskiej.pl\/index.php\/wydarzenia\/taniec-wspolczesny-9-12-lat\/\",\r\n                \"price\": \"\",\r\n                \"priceCurrency\": \"$\",\r\n                \"availability\": \"https:\/\/schema.org\/InStock\",\r\n                \"validFrom\": \"2026-05-20T00:00\"\r\n            },\r\n            \"performer\": \"\",\r\n            \"description\": \"&lt;p&gt;&lt;strong&gt;BazaART &#8211; taniec wsp\u00f3\u0142czesny&lt;br \/&gt; &lt;\/strong&gt;&lt;strong&gt;(gr. wiekowa 9-12 lat)&lt;\/strong&gt;&lt;br \/&gt; zaj\u0119cia 2 razy w tygodniu&lt;\/p&gt; &lt;p&gt;&lt;strong&gt;Poniedzia\u0142ki&lt;\/strong&gt; godz. 17:30-19:00 (Szko\u0142a Podstawowa w Bestwinie)&lt;\/p&gt; &lt;p&gt;&lt;strong&gt;\u015arody&lt;\/strong&gt; godz.18:30-20:00 (Szko\u0142a Podstawowa w Bestwinie)&lt;\/p&gt; &lt;p&gt;Koszt: 40 z\u0142\/ zaj\u0119cia&lt;\/p&gt; &lt;p&gt;Wi\u0119cej o zaj\u0119ciach przeczytasz tutaj: &lt;a href=&quot;https:\/\/bazanakrakowskiej.pl\/index.php\/zajecia-taneczne\/&quot;&gt;Taniec wsp\u00f3\u0142czesny \u2013 BAZA NA KRAKOWSKIEJ&lt;\/a&gt;&lt;\/p&gt; \",\r\n            \"image\": \"\",\r\n            \"name\": \"BazaART- taniec wsp\u00f3\u0142czesny 9-12 lat\",\r\n            \"url\": \"https:\/\/bazanakrakowskiej.pl\/index.php\/wydarzenia\/taniec-wspolczesny-9-12-lat\/\"\r\n        }\r\n        <\/script>\r\n                            <article  data-href=\"https:\/\/bazanakrakowskiej.pl\/index.php\/wydarzenia\/taniec-wspolczesny-9-12-lat\/\" data-target=\"m1\" style=\"background:#9548e2\" class=\"mec-past-event mec-event-article mec-tile-item  mec-clear   \">\r\n                                                                        <div class=\"event-tile-view-head clearfix\">\r\n                                                            <div class=\"mec-event-month\"><span class=\"mec-start-date-label\" itemprop=\"startDate\">20 maj<\/span><\/div>\r\n                                                        <div class=\"mec-event-time\"><i class=\"mec-sl-clock\"><\/i>18:30<\/div>\r\n                        <\/div>\r\n                        <div class=\"mec-event-content\" data-target=\"m1\" data-event-id=\"7161\">\r\n                            <a href=\"https:\/\/bazanakrakowskiej.pl\/index.php\/wydarzenia\/taniec-wspolczesny-9-12-lat\/\" target=\"m1\" class=\"mec-tile-into-content-link\"><\/a>                            <div class=\"mec-tile-event-content\">\r\n                                <div class=\"mec-event-detail\">\r\n                                                                                                            <span class=\"mec-event-loc-place\"><i class=\"mec-sl-location-pin\"><\/i>Szko\u0142a Podstawowa w Bestwinie<\/span>                                                                    <\/div>\r\n                                                                <h4 class=\"mec-event-title\"><a class=\"mec-color-hover\"  data-event-id=\"7161\" href=\"https:\/\/bazanakrakowskiej.pl\/index.php\/wydarzenia\/taniec-wspolczesny-9-12-lat\/\" target=\"m1\" rel=\"noopener\">BazaART- taniec wsp\u00f3\u0142czesny 9-12 lat<\/a><\/h4>\r\n                                                            <\/div>\r\n                        <\/div>\r\n                    <\/article>\r\n                <\/div><\/div>                    <div class=\"row\"><div class=\"col-md-3 col-sm-3\">        <script type=\"application\/ld+json\">\r\n        {\r\n            \"@context\": \"http:\/\/schema.org\",\r\n            \"@type\": \"Event\",\r\n            \"eventStatus\": \"https:\/\/schema.org\/EventScheduled\",\r\n            \"startDate\": \"2026-05-21\",\r\n            \"endDate\": \"2026-05-21\",\r\n            \"eventAttendanceMode\": \"https:\/\/schema.org\/OfflineEventAttendanceMode\",\r\n            \"location\":\r\n            {\r\n                \"@type\": \"Place\",\r\n                                \"name\": \"Baza na Krakowskiej\",\r\n                \"image\": \"\",\r\n                \"address\": \"\"\r\n                            },\r\n            \"organizer\":\r\n            {\r\n                \"@type\": \"Person\",\r\n                \"name\": \"Barbara Niemczyk\",\r\n                \"url\": \"\"\r\n            },\r\n            \"offers\":\r\n            {\r\n                \"url\": \"https:\/\/bazanakrakowskiej.pl\/index.php\/wydarzenia\/przedprzedszkole-3\/\",\r\n                \"price\": \"\",\r\n                \"priceCurrency\": \"$\",\r\n                \"availability\": \"https:\/\/schema.org\/InStock\",\r\n                \"validFrom\": \"2026-05-21T00:00\"\r\n            },\r\n            \"performer\": \"\",\r\n            \"description\": \"&lt;p&gt;To zaj\u0119cia adaptacyjne dla dzieci &lt;strong&gt;2+&lt;\/strong&gt; (bez udzia\u0142u Rodzica), prowadzone wg autorskich scenariuszy, maj\u0105ce na celu przygotowanie maluch\u00f3w do p\u00f3j\u015bcia do przedszkola.&lt;\/p&gt; &lt;p&gt;&lt;strong&gt;NASZA OFERTA: &lt;\/strong&gt;&lt;\/p&gt; &lt;ul&gt; &lt;li&gt;Zaj\u0119cia 5 razy w tygodniu!&lt;\/li&gt; &lt;li&gt;Od poniedzia\u0142ku do pi\u0105tku w godzinach 8:00-13:00&lt;\/li&gt; &lt;li&gt;&lt;strong&gt;3&lt;\/strong&gt; abonamenty do wyboru + abonament indywidulany&lt;\/li&gt; &lt;li&gt;Nauka poprzez zabaw\u0119!&lt;\/li&gt; &lt;\/ul&gt; &lt;p&gt;&lt;strong&gt;Naszym celem jest:&lt;\/strong&gt;&lt;\/p&gt; &lt;p&gt;\u2013 nawi\u0105zywanie i wzmacnianie kontakt\u00f3w spo\u0142ecznych z dzie\u0107mi w grupie&lt;br \/&gt; \u2013 wdra\u017canie do samodzielno\u015bci poprzez nabywanie nowych umiej\u0119tno\u015bci&lt;br \/&gt; \u2013 stwarzanie warunk\u00f3w sprzyjaj\u0105cych wsp\u00f3lnej zabawie&lt;br \/&gt; \u2013 kszta\u0142towanie u dzieci zdolno\u015bci radzenia sobie w nowych sytuacjach&lt;br \/&gt; \u2013 zach\u0119canie do udzia\u0142u w zaj\u0119ciach artystycznych, plastycznych itp.&lt;\/p&gt; &lt;p&gt;&lt;strong&gt;Zapewniamy:&lt;\/strong&gt;&lt;\/p&gt; &lt;p&gt;\u2013 troskliw\u0105 opiek\u0119 i bezpiecze\u0144stwo&lt;br \/&gt; \u2013 przestronne sale, przystosowane do potrzeb dzieci&lt;br \/&gt; \u2013 zabawki, materia\u0142y edukacyjne&lt;br \/&gt; \u2013 zaj\u0119cia plastyczne, muzyczne itp.&lt;br \/&gt; \u2013 indywidulane podej\u015bcie do dziecka&lt;\/p&gt; &lt;p&gt;Szczeg\u00f3\u0142y tutaj: &lt;a href=&quot;https:\/\/bazanakrakowskiej.pl\/index.php\/przedprzedszkole\/&quot;&gt;https:\/\/bazanakrakowskiej.pl\/index.php\/przedprzedszkole\/&lt;\/a&gt;&lt;\/p&gt; \",\r\n            \"image\": \"\",\r\n            \"name\": \"PrzedPrzedszkole\",\r\n            \"url\": \"https:\/\/bazanakrakowskiej.pl\/index.php\/wydarzenia\/przedprzedszkole-3\/\"\r\n        }\r\n        <\/script>\r\n                            <article  data-href=\"https:\/\/bazanakrakowskiej.pl\/index.php\/wydarzenia\/przedprzedszkole-3\/\" data-target=\"m1\" style=\"background:#eae019\" class=\"mec-past-event mec-event-article mec-tile-item  mec-clear   \">\r\n                                                                        <div class=\"event-tile-view-head clearfix\">\r\n                                                            <div class=\"mec-event-month\"><span class=\"mec-start-date-label\" itemprop=\"startDate\">21 maj<\/span><\/div>\r\n                                                        <div class=\"mec-event-time\"><i class=\"mec-sl-clock\"><\/i>08:00<\/div>\r\n                        <\/div>\r\n                        <div class=\"mec-event-content\" data-target=\"m1\" data-event-id=\"7050\">\r\n                            <a href=\"https:\/\/bazanakrakowskiej.pl\/index.php\/wydarzenia\/przedprzedszkole-3\/\" target=\"m1\" class=\"mec-tile-into-content-link\"><\/a>                            <div class=\"mec-tile-event-content\">\r\n                                <div class=\"mec-event-detail\">\r\n                                                                                                            <span class=\"mec-event-loc-place\"><i class=\"mec-sl-location-pin\"><\/i>Baza na Krakowskiej<\/span>                                                                    <\/div>\r\n                                                                <h4 class=\"mec-event-title\"><a class=\"mec-color-hover\"  data-event-id=\"7050\" href=\"https:\/\/bazanakrakowskiej.pl\/index.php\/wydarzenia\/przedprzedszkole-3\/\" target=\"m1\" rel=\"noopener\">PrzedPrzedszkole<\/a><\/h4>\r\n                                                            <\/div>\r\n                        <\/div>\r\n                    <\/article>\r\n                <\/div>            <div class=\"col-md-3 col-sm-3\">        <script type=\"application\/ld+json\">\r\n        {\r\n            \"@context\": \"http:\/\/schema.org\",\r\n            \"@type\": \"Event\",\r\n            \"eventStatus\": \"https:\/\/schema.org\/EventScheduled\",\r\n            \"startDate\": \"2026-05-21\",\r\n            \"endDate\": \"2026-05-21\",\r\n            \"eventAttendanceMode\": \"https:\/\/schema.org\/OfflineEventAttendanceMode\",\r\n            \"location\":\r\n            {\r\n                \"@type\": \"Place\",\r\n                                \"name\": \"Baza na Krakowskiej\",\r\n                \"image\": \"\",\r\n                \"address\": \"\"\r\n                            },\r\n            \"organizer\":\r\n            {\r\n                \"@type\": \"Person\",\r\n                \"name\": \"\",\r\n                \"url\": \"\"\r\n            },\r\n            \"offers\":\r\n            {\r\n                \"url\": \"https:\/\/bazanakrakowskiej.pl\/index.php\/wydarzenia\/mozliwosc-organizacji-urodzin-2\/\",\r\n                \"price\": \"\",\r\n                \"priceCurrency\": \"$\",\r\n                \"availability\": \"https:\/\/schema.org\/InStock\",\r\n                \"validFrom\": \"2026-05-21T00:00\"\r\n            },\r\n            \"performer\": \"\",\r\n            \"description\": \"&lt;p&gt;Wi\u0119cej informacji w zak\u0142adce &lt;a href=&quot;https:\/\/bazanakrakowskiej.pl\/index.php\/oferta-dodatkowa\/&quot;&gt;URODZINY&lt;\/a&gt; \ud83d\ude42&lt;\/p&gt; \",\r\n            \"image\": \"\",\r\n            \"name\": \"Mo\u017cliwo\u015b\u0107 organizacji urodzin\",\r\n            \"url\": \"https:\/\/bazanakrakowskiej.pl\/index.php\/wydarzenia\/mozliwosc-organizacji-urodzin-2\/\"\r\n        }\r\n        <\/script>\r\n                            <article  data-href=\"https:\/\/bazanakrakowskiej.pl\/index.php\/wydarzenia\/mozliwosc-organizacji-urodzin-2\/\" data-target=\"m1\" style=\"background:#f587a6\" class=\"mec-past-event mec-event-article mec-tile-item  mec-clear   \">\r\n                                                                        <div class=\"event-tile-view-head clearfix\">\r\n                                                            <div class=\"mec-event-month\"><span class=\"mec-start-date-label\" itemprop=\"startDate\">21 maj<\/span><\/div>\r\n                                                        <div class=\"mec-event-time\"><i class=\"mec-sl-clock\"><\/i>16:30<\/div>\r\n                        <\/div>\r\n                        <div class=\"mec-event-content\" data-target=\"m1\" data-event-id=\"7160\">\r\n                            <a href=\"https:\/\/bazanakrakowskiej.pl\/index.php\/wydarzenia\/mozliwosc-organizacji-urodzin-2\/\" target=\"m1\" class=\"mec-tile-into-content-link\"><\/a>                            <div class=\"mec-tile-event-content\">\r\n                                <div class=\"mec-event-detail\">\r\n                                                                                                            <span class=\"mec-event-loc-place\"><i class=\"mec-sl-location-pin\"><\/i>Baza na Krakowskiej<\/span>                                                                    <\/div>\r\n                                                                <h4 class=\"mec-event-title\"><a class=\"mec-color-hover\"  data-event-id=\"7160\" href=\"https:\/\/bazanakrakowskiej.pl\/index.php\/wydarzenia\/mozliwosc-organizacji-urodzin-2\/\" target=\"m1\" rel=\"noopener\">Mo\u017cliwo\u015b\u0107 organizacji urodzin<\/a><\/h4>\r\n                                                            <\/div>\r\n                        <\/div>\r\n                    <\/article>\r\n                <\/div>            <div class=\"col-md-3 col-sm-3\">        <script type=\"application\/ld+json\">\r\n        {\r\n            \"@context\": \"http:\/\/schema.org\",\r\n            \"@type\": \"Event\",\r\n            \"eventStatus\": \"https:\/\/schema.org\/EventScheduled\",\r\n            \"startDate\": \"2026-05-21\",\r\n            \"endDate\": \"2026-05-21\",\r\n            \"eventAttendanceMode\": \"https:\/\/schema.org\/OfflineEventAttendanceMode\",\r\n            \"location\":\r\n            {\r\n                \"@type\": \"Place\",\r\n                                \"name\": \"Baza na Krakowskiej\/ s. lustrzana\",\r\n                \"image\": \"\",\r\n                \"address\": \"\"\r\n                            },\r\n            \"organizer\":\r\n            {\r\n                \"@type\": \"Person\",\r\n                \"name\": \"Anna Porwit\",\r\n                \"url\": \"https:\/\/www.facebook.com\/pasjamojaity\"\r\n            },\r\n            \"offers\":\r\n            {\r\n                \"url\": \"https:\/\/bazanakrakowskiej.pl\/index.php\/wydarzenia\/zajecia-fitness-hantle-gumy-hip-band-rollowanie\/\",\r\n                \"price\": \"\",\r\n                \"priceCurrency\": \"$\",\r\n                \"availability\": \"https:\/\/schema.org\/InStock\",\r\n                \"validFrom\": \"2026-05-21T00:00\"\r\n            },\r\n            \"performer\": \"\",\r\n            \"description\": \"&lt;p&gt;Zapraszamy na wystrza\u0142owe zaj\u0119cia &lt;strong&gt;FITNESS&lt;\/strong&gt;, pod okiem wykwalifikowanej instruktorki!&lt;br \/&gt; Mo\u017cliwo\u015b\u0107 nabycia karnet\u00f3w!&lt;br \/&gt; Super atmosfera!&lt;br \/&gt; Materia\u0142y do \u0107wicze\u0144!&lt;\/p&gt; &lt;p&gt;\ud83d\udfe9Poniedzia\u0142ki \u25aa\ufe0fStep cardio- trening ze stepem&lt;br \/&gt; 18:00-19:00&lt;\/p&gt; &lt;p&gt;\ud83d\udfe6Wtorki \u25aa\ufe0fSi\u0142a i sylwetka- trening z obci\u0105\u017ceniem&lt;br \/&gt; 18:00-19:00&lt;\/p&gt; &lt;p&gt;\ud83d\udfeaCzwartki \u25aa\ufe0fMobility -trening rozci\u0105gaj\u0105cy&lt;br \/&gt; 18:45-19:45&lt;\/p&gt; &lt;p&gt;&nbsp;&lt;\/p&gt; &lt;p&gt;Instruktor: Anna Porwit\/&lt;a href=&quot;https:\/\/www.facebook.com\/pasjamojaity&quot;&gt;Pasjamojaity&lt;\/a&gt;&lt;\/p&gt; &lt;p&gt;Zapisy pod nr tel. 796 500 690&lt;\/p&gt; &lt;p&gt;&nbsp;&lt;\/p&gt; \",\r\n            \"image\": \"\",\r\n            \"name\": \"Zaj\u0119cia Fitness Mobility -trening rozci\u0105gaj\u0105cy\",\r\n            \"url\": \"https:\/\/bazanakrakowskiej.pl\/index.php\/wydarzenia\/zajecia-fitness-hantle-gumy-hip-band-rollowanie\/\"\r\n        }\r\n        <\/script>\r\n                            <article  data-href=\"https:\/\/bazanakrakowskiej.pl\/index.php\/wydarzenia\/zajecia-fitness-hantle-gumy-hip-band-rollowanie\/\" data-target=\"m1\" style=\"background:#00e4e8\" class=\"mec-past-event mec-event-article mec-tile-item  mec-clear   \">\r\n                                                                        <div class=\"event-tile-view-head clearfix\">\r\n                                                            <div class=\"mec-event-month\"><span class=\"mec-start-date-label\" itemprop=\"startDate\">21 maj<\/span><\/div>\r\n                                                        <div class=\"mec-event-time\"><i class=\"mec-sl-clock\"><\/i>18:45<\/div>\r\n                        <\/div>\r\n                        <div class=\"mec-event-content\" data-target=\"m1\" data-event-id=\"8257\">\r\n                            <a href=\"https:\/\/bazanakrakowskiej.pl\/index.php\/wydarzenia\/zajecia-fitness-hantle-gumy-hip-band-rollowanie\/\" target=\"m1\" class=\"mec-tile-into-content-link\"><\/a>                            <div class=\"mec-tile-event-content\">\r\n                                <div class=\"mec-event-detail\">\r\n                                                                                                            <span class=\"mec-event-loc-place\"><i class=\"mec-sl-location-pin\"><\/i>Baza na Krakowskiej\/ s. lustrzana<\/span>                                                                    <\/div>\r\n                                                                <h4 class=\"mec-event-title\"><a class=\"mec-color-hover\"  data-event-id=\"8257\" href=\"https:\/\/bazanakrakowskiej.pl\/index.php\/wydarzenia\/zajecia-fitness-hantle-gumy-hip-band-rollowanie\/\" target=\"m1\" rel=\"noopener\">Zaj\u0119cia Fitness Mobility -trening rozci\u0105gaj\u0105cy<\/a><\/h4>\r\n                                                            <\/div>\r\n                        <\/div>\r\n                    <\/article>\r\n                <\/div>                    <div class=\"col-md-3 col-sm-3\">        <script type=\"application\/ld+json\">\r\n        {\r\n            \"@context\": \"http:\/\/schema.org\",\r\n            \"@type\": \"Event\",\r\n            \"eventStatus\": \"https:\/\/schema.org\/EventScheduled\",\r\n            \"startDate\": \"2026-05-22\",\r\n            \"endDate\": \"2026-05-22\",\r\n            \"eventAttendanceMode\": \"https:\/\/schema.org\/OfflineEventAttendanceMode\",\r\n            \"location\":\r\n            {\r\n                \"@type\": \"Place\",\r\n                                \"name\": \"Baza na Krakowskiej\",\r\n                \"image\": \"\",\r\n                \"address\": \"\"\r\n                            },\r\n            \"organizer\":\r\n            {\r\n                \"@type\": \"Person\",\r\n                \"name\": \"Barbara Niemczyk\",\r\n                \"url\": \"\"\r\n            },\r\n            \"offers\":\r\n            {\r\n                \"url\": \"https:\/\/bazanakrakowskiej.pl\/index.php\/wydarzenia\/przedprzedszkole-3\/\",\r\n                \"price\": \"\",\r\n                \"priceCurrency\": \"$\",\r\n                \"availability\": \"https:\/\/schema.org\/InStock\",\r\n                \"validFrom\": \"2026-05-22T00:00\"\r\n            },\r\n            \"performer\": \"\",\r\n            \"description\": \"&lt;p&gt;To zaj\u0119cia adaptacyjne dla dzieci &lt;strong&gt;2+&lt;\/strong&gt; (bez udzia\u0142u Rodzica), prowadzone wg autorskich scenariuszy, maj\u0105ce na celu przygotowanie maluch\u00f3w do p\u00f3j\u015bcia do przedszkola.&lt;\/p&gt; &lt;p&gt;&lt;strong&gt;NASZA OFERTA: &lt;\/strong&gt;&lt;\/p&gt; &lt;ul&gt; &lt;li&gt;Zaj\u0119cia 5 razy w tygodniu!&lt;\/li&gt; &lt;li&gt;Od poniedzia\u0142ku do pi\u0105tku w godzinach 8:00-13:00&lt;\/li&gt; &lt;li&gt;&lt;strong&gt;3&lt;\/strong&gt; abonamenty do wyboru + abonament indywidulany&lt;\/li&gt; &lt;li&gt;Nauka poprzez zabaw\u0119!&lt;\/li&gt; &lt;\/ul&gt; &lt;p&gt;&lt;strong&gt;Naszym celem jest:&lt;\/strong&gt;&lt;\/p&gt; &lt;p&gt;\u2013 nawi\u0105zywanie i wzmacnianie kontakt\u00f3w spo\u0142ecznych z dzie\u0107mi w grupie&lt;br \/&gt; \u2013 wdra\u017canie do samodzielno\u015bci poprzez nabywanie nowych umiej\u0119tno\u015bci&lt;br \/&gt; \u2013 stwarzanie warunk\u00f3w sprzyjaj\u0105cych wsp\u00f3lnej zabawie&lt;br \/&gt; \u2013 kszta\u0142towanie u dzieci zdolno\u015bci radzenia sobie w nowych sytuacjach&lt;br \/&gt; \u2013 zach\u0119canie do udzia\u0142u w zaj\u0119ciach artystycznych, plastycznych itp.&lt;\/p&gt; &lt;p&gt;&lt;strong&gt;Zapewniamy:&lt;\/strong&gt;&lt;\/p&gt; &lt;p&gt;\u2013 troskliw\u0105 opiek\u0119 i bezpiecze\u0144stwo&lt;br \/&gt; \u2013 przestronne sale, przystosowane do potrzeb dzieci&lt;br \/&gt; \u2013 zabawki, materia\u0142y edukacyjne&lt;br \/&gt; \u2013 zaj\u0119cia plastyczne, muzyczne itp.&lt;br \/&gt; \u2013 indywidulane podej\u015bcie do dziecka&lt;\/p&gt; &lt;p&gt;Szczeg\u00f3\u0142y tutaj: &lt;a href=&quot;https:\/\/bazanakrakowskiej.pl\/index.php\/przedprzedszkole\/&quot;&gt;https:\/\/bazanakrakowskiej.pl\/index.php\/przedprzedszkole\/&lt;\/a&gt;&lt;\/p&gt; \",\r\n            \"image\": \"\",\r\n            \"name\": \"PrzedPrzedszkole\",\r\n            \"url\": \"https:\/\/bazanakrakowskiej.pl\/index.php\/wydarzenia\/przedprzedszkole-3\/\"\r\n        }\r\n        <\/script>\r\n                            <article  data-href=\"https:\/\/bazanakrakowskiej.pl\/index.php\/wydarzenia\/przedprzedszkole-3\/\" data-target=\"m1\" style=\"background:#eae019\" class=\"mec-past-event mec-event-article mec-tile-item  mec-clear   \">\r\n                                                                        <div class=\"event-tile-view-head clearfix\">\r\n                                                            <div class=\"mec-event-month\"><span class=\"mec-start-date-label\" itemprop=\"startDate\">22 maj<\/span><\/div>\r\n                                                        <div class=\"mec-event-time\"><i class=\"mec-sl-clock\"><\/i>08:00<\/div>\r\n                        <\/div>\r\n                        <div class=\"mec-event-content\" data-target=\"m1\" data-event-id=\"7050\">\r\n                            <a href=\"https:\/\/bazanakrakowskiej.pl\/index.php\/wydarzenia\/przedprzedszkole-3\/\" target=\"m1\" class=\"mec-tile-into-content-link\"><\/a>                            <div class=\"mec-tile-event-content\">\r\n                                <div class=\"mec-event-detail\">\r\n                                                                                                            <span class=\"mec-event-loc-place\"><i class=\"mec-sl-location-pin\"><\/i>Baza na Krakowskiej<\/span>                                                                    <\/div>\r\n                                                                <h4 class=\"mec-event-title\"><a class=\"mec-color-hover\"  data-event-id=\"7050\" href=\"https:\/\/bazanakrakowskiej.pl\/index.php\/wydarzenia\/przedprzedszkole-3\/\" target=\"m1\" rel=\"noopener\">PrzedPrzedszkole<\/a><\/h4>\r\n                                                            <\/div>\r\n                        <\/div>\r\n                    <\/article>\r\n                <\/div><\/div>            <div class=\"row\"><div class=\"col-md-3 col-sm-3\">        <script type=\"application\/ld+json\">\r\n        {\r\n            \"@context\": \"http:\/\/schema.org\",\r\n            \"@type\": \"Event\",\r\n            \"eventStatus\": \"https:\/\/schema.org\/EventScheduled\",\r\n            \"startDate\": \"2026-05-22\",\r\n            \"endDate\": \"2026-05-22\",\r\n            \"eventAttendanceMode\": \"https:\/\/schema.org\/OfflineEventAttendanceMode\",\r\n            \"location\":\r\n            {\r\n                \"@type\": \"Place\",\r\n                                \"name\": \"Baza na Krakowskiej\/ s. lustrzana\",\r\n                \"image\": \"\",\r\n                \"address\": \"\"\r\n                            },\r\n            \"organizer\":\r\n            {\r\n                \"@type\": \"Person\",\r\n                \"name\": \"Anna Porwit\",\r\n                \"url\": \"https:\/\/www.facebook.com\/pasjamojaity\"\r\n            },\r\n            \"offers\":\r\n            {\r\n                \"url\": \"https:\/\/bazanakrakowskiej.pl\/index.php\/wydarzenia\/fitness-dla-seniorow\/\",\r\n                \"price\": \"\",\r\n                \"priceCurrency\": \"$\",\r\n                \"availability\": \"https:\/\/schema.org\/InStock\",\r\n                \"validFrom\": \"2026-05-22T00:00\"\r\n            },\r\n            \"performer\": \"\",\r\n            \"description\": \"&lt;p&gt;&lt;span class=&quot;x1xsqp64 xiy17q3 x1o6pynw x19co3pv xdj266r xcwd3tp xat24cr x39eecv x2b8uid&quot; data-testid=&quot;emoji&quot;&gt;&lt;span class=&quot;xexx8yu xn5pp95 x18d9i69 x2fxd7x x3jgonx x1bhl96m&quot;&gt;\ud83d\udfe8&lt;\/span&gt;&lt;\/span&gt;&lt;span class=&quot;x1xsqp64 xiy17q3 x1o6pynw x19co3pv xdj266r xcwd3tp xat24cr x39eecv x2b8uid&quot; data-testid=&quot;emoji&quot;&gt;&lt;span class=&quot;xexx8yu xn5pp95 x18d9i69 x2fxd7x x3jgonx x1bhl96m&quot;&gt;\ud83d\udfea&lt;\/span&gt;&lt;\/span&gt;FITNESS DLA SENIOR\u00d3W &lt;span class=&quot;x1xsqp64 xiy17q3 x1o6pynw x19co3pv xdj266r xcwd3tp xat24cr x39eecv x2b8uid&quot; data-testid=&quot;emoji&quot;&gt;&lt;span class=&quot;xexx8yu xn5pp95 x18d9i69 x2fxd7x x3jgonx x1bhl96m&quot;&gt;\ud83d\udfe8&lt;\/span&gt;&lt;\/span&gt;&lt;span class=&quot;x1xsqp64 xiy17q3 x1o6pynw x19co3pv xdj266r xcwd3tp xat24cr x39eecv x2b8uid&quot; data-testid=&quot;emoji&quot;&gt;&lt;span class=&quot;xexx8yu xn5pp95 x18d9i69 x2fxd7x x3jgonx x1bhl96m&quot;&gt;\ud83d\udfea&lt;\/span&gt;&lt;\/span&gt;&lt;br \/&gt; Zapraszamy na nowe zaj\u0119cia!&lt;\/p&gt; &lt;p&gt;Ka\u017cdy pi\u0105tek godz.11:00-12:00, Baza na Krakowskiej\/ sala lustrzana&lt;\/p&gt; &lt;p&gt;Specjalnie opracowany program pozwoli uczestnikom czu\u0107 si\u0119 swobodnie i komfortowo, a w\u0142\u0105czenie do codzienno\u015bci rutyny \u0107wicze\u0144 fizycznych pozwoli zachowa\u0107 sprawno\u015b\u0107 i si\u0142\u0119 cia\u0142a.&lt;\/p&gt; &lt;p&gt;Jakie jeszcze s\u0105 zalety udzia\u0142u w zaj\u0119ciach?&lt;br \/&gt; &lt;span class=&quot;x1xsqp64 xiy17q3 x1o6pynw x19co3pv xdj266r xcwd3tp xat24cr x39eecv x2b8uid&quot; data-testid=&quot;emoji&quot;&gt;&lt;span class=&quot;xexx8yu xn5pp95 x18d9i69 x2fxd7x x3jgonx x1bhl96m&quot;&gt;\ud83d\udfea&lt;\/span&gt;&lt;\/span&gt;&lt;span class=&quot;x1xsqp64 xiy17q3 x1o6pynw x19co3pv xdj266r xcwd3tp xat24cr x39eecv x2b8uid&quot; data-testid=&quot;emoji&quot;&gt;&lt;span class=&quot;xexx8yu xn5pp95 x18d9i69 x2fxd7x x3jgonx x1bhl96m&quot;&gt;\ud83d\udfe8&lt;\/span&gt;&lt;\/span&gt;Zdrowie serca i sprawno\u015b\u0107 uk\u0142adu sercowo-naczyniowego&lt;br \/&gt; &lt;span class=&quot;x1xsqp64 xiy17q3 x1o6pynw x19co3pv xdj266r xcwd3tp xat24cr x39eecv x2b8uid&quot; data-testid=&quot;emoji&quot;&gt;&lt;span class=&quot;xexx8yu xn5pp95 x18d9i69 x2fxd7x x3jgonx x1bhl96m&quot;&gt;\ud83d\udfea&lt;\/span&gt;&lt;\/span&gt;&lt;span class=&quot;x1xsqp64 xiy17q3 x1o6pynw x19co3pv xdj266r xcwd3tp xat24cr x39eecv x2b8uid&quot; data-testid=&quot;emoji&quot;&gt;&lt;span class=&quot;xexx8yu xn5pp95 x18d9i69 x2fxd7x x3jgonx x1bhl96m&quot;&gt;\ud83d\udfe8&lt;\/span&gt;&lt;\/span&gt;Poprawa wytrzyma\u0142o\u015bci i og\u00f3lnego poziomu energii&lt;br \/&gt; &lt;span class=&quot;x1xsqp64 xiy17q3 x1o6pynw x19co3pv xdj266r xcwd3tp xat24cr x39eecv x2b8uid&quot; data-testid=&quot;emoji&quot;&gt;&lt;span class=&quot;xexx8yu xn5pp95 x18d9i69 x2fxd7x x3jgonx x1bhl96m&quot;&gt;\ud83d\udfea&lt;\/span&gt;&lt;\/span&gt;&lt;span class=&quot;x1xsqp64 xiy17q3 x1o6pynw x19co3pv xdj266r xcwd3tp xat24cr x39eecv x2b8uid&quot; data-testid=&quot;emoji&quot;&gt;&lt;span class=&quot;xexx8yu xn5pp95 x18d9i69 x2fxd7x x3jgonx x1bhl96m&quot;&gt;\ud83d\udfe8&lt;\/span&gt;&lt;\/span&gt;Nastr\u00f3j i dobre samopoczucie psychiczne&lt;br \/&gt; &lt;span class=&quot;x1xsqp64 xiy17q3 x1o6pynw x19co3pv xdj266r xcwd3tp xat24cr x39eecv x2b8uid&quot; data-testid=&quot;emoji&quot;&gt;&lt;span class=&quot;xexx8yu xn5pp95 x18d9i69 x2fxd7x x3jgonx x1bhl96m&quot;&gt;\ud83d\udfea&lt;\/span&gt;&lt;\/span&gt;&lt;span class=&quot;x1xsqp64 xiy17q3 x1o6pynw x19co3pv xdj266r xcwd3tp xat24cr x39eecv x2b8uid&quot; data-testid=&quot;emoji&quot;&gt;&lt;span class=&quot;xexx8yu xn5pp95 x18d9i69 x2fxd7x x3jgonx x1bhl96m&quot;&gt;\ud83d\udfe8&lt;\/span&gt;&lt;\/span&gt;Wzmocnienie wi\u0119zi spo\u0142eczne i zmniejszenie poczucia samotno\u015bci&lt;br \/&gt; &lt;span class=&quot;x1xsqp64 xiy17q3 x1o6pynw x19co3pv xdj266r xcwd3tp xat24cr x39eecv x2b8uid&quot; data-testid=&quot;emoji&quot;&gt;&lt;span class=&quot;xexx8yu xn5pp95 x18d9i69 x2fxd7x x3jgonx x1bhl96m&quot;&gt;\ud83d\udfea&lt;\/span&gt;&lt;\/span&gt;&lt;span class=&quot;x1xsqp64 xiy17q3 x1o6pynw x19co3pv xdj266r xcwd3tp xat24cr x39eecv x2b8uid&quot; data-testid=&quot;emoji&quot;&gt;&lt;span class=&quot;xexx8yu xn5pp95 x18d9i69 x2fxd7x x3jgonx x1bhl96m&quot;&gt;\ud83d\udfe8&lt;\/span&gt;&lt;\/span&gt;Zachowanie niezale\u017cno\u015bci i \u0142atwiejsze wykonywanie codziennych czynno\u015bci poprzez \u0107wiczenia buduj\u0105ce i utrzymuj\u0105ce si\u0142\u0119&lt;\/p&gt; &lt;p&gt;Serdecznie zapraszamy!&lt;br \/&gt; &lt;span class=&quot;x1xsqp64 xiy17q3 x1o6pynw x19co3pv xdj266r xcwd3tp xat24cr x39eecv x2b8uid&quot; data-testid=&quot;emoji&quot;&gt;&lt;span class=&quot;xexx8yu xn5pp95 x18d9i69 x2fxd7x x3jgonx x1bhl96m&quot;&gt;\ud83d\udfe8&lt;\/span&gt;&lt;\/span&gt;Prosimy o udost\u0119pnienie tej wiadomo\u015bci najbli\u017cszym, domownikom i wszystkim osobom, kt\u00f3re by\u0142by zainteresowane udzia\u0142em w zaj\u0119ciach.&lt;span class=&quot;x1xsqp64 xiy17q3 x1o6pynw x19co3pv xdj266r xcwd3tp xat24cr x39eecv x2b8uid&quot; data-testid=&quot;emoji&quot;&gt;&lt;span class=&quot;xexx8yu xn5pp95 x18d9i69 x2fxd7x x3jgonx x1bhl96m&quot;&gt;\ud83d\udfe8&lt;\/span&gt;&lt;\/span&gt;&lt;\/p&gt; &lt;p&gt;Zaj\u0119cia prowadzi wykwalifikowana instruktorka fitness Anna Porwit.&lt;br \/&gt; &lt;span class=&quot;x1xsqp64 xiy17q3 x1o6pynw x19co3pv xdj266r xcwd3tp xat24cr x39eecv x2b8uid&quot; data-testid=&quot;emoji&quot;&gt;&lt;span class=&quot;xexx8yu xn5pp95 x18d9i69 x2fxd7x x3jgonx x1bhl96m&quot;&gt;\ud83d\udcde&lt;\/span&gt;&lt;\/span&gt;Szczeg\u00f3\u0142y pod nr tel: 796 500 690&lt;\/p&gt; \",\r\n            \"image\": \"https:\/\/bazanakrakowskiej.pl\/wp-content\/uploads\/2024\/11\/fitness-dla-seniorow.png\",\r\n            \"name\": \"Fitness dla Senior\u00f3w\",\r\n            \"url\": \"https:\/\/bazanakrakowskiej.pl\/index.php\/wydarzenia\/fitness-dla-seniorow\/\"\r\n        }\r\n        <\/script>\r\n                            <article  data-href=\"https:\/\/bazanakrakowskiej.pl\/index.php\/wydarzenia\/fitness-dla-seniorow\/\" data-target=\"m1\" style=\"background:#00a0d2 url('https:\/\/bazanakrakowskiej.pl\/wp-content\/uploads\/2024\/11\/fitness-dla-seniorow-300x400.png')\" class=\"mec-past-event mec-event-article mec-tile-item  mec-clear   \">\r\n                                                                        <div class=\"event-tile-view-head clearfix\">\r\n                                                            <div class=\"mec-event-month\"><span class=\"mec-start-date-label\" itemprop=\"startDate\">22 maj<\/span><\/div>\r\n                                                        <div class=\"mec-event-time\"><i class=\"mec-sl-clock\"><\/i>11:00<\/div>\r\n                        <\/div>\r\n                        <div class=\"mec-event-content\" data-target=\"m1\" data-event-id=\"8134\">\r\n                            <a href=\"https:\/\/bazanakrakowskiej.pl\/index.php\/wydarzenia\/fitness-dla-seniorow\/\" target=\"m1\" class=\"mec-tile-into-content-link\"><\/a>                            <div class=\"mec-tile-event-content\">\r\n                                <div class=\"mec-event-detail\">\r\n                                                                                                            <span class=\"mec-event-loc-place\"><i class=\"mec-sl-location-pin\"><\/i>Baza na Krakowskiej\/ s. lustrzana<\/span>                                                                    <\/div>\r\n                                                                <h4 class=\"mec-event-title\"><a class=\"mec-color-hover\"  data-event-id=\"8134\" href=\"https:\/\/bazanakrakowskiej.pl\/index.php\/wydarzenia\/fitness-dla-seniorow\/\" target=\"m1\" rel=\"noopener\">Fitness dla Senior\u00f3w<\/a><\/h4>\r\n                                                            <\/div>\r\n                        <\/div>\r\n                    <\/article>\r\n                <\/div>            <div class=\"col-md-3 col-sm-3\">        <script type=\"application\/ld+json\">\r\n        {\r\n            \"@context\": \"http:\/\/schema.org\",\r\n            \"@type\": \"Event\",\r\n            \"eventStatus\": \"https:\/\/schema.org\/EventScheduled\",\r\n            \"startDate\": \"2026-05-22\",\r\n            \"endDate\": \"2026-05-22\",\r\n            \"eventAttendanceMode\": \"https:\/\/schema.org\/OfflineEventAttendanceMode\",\r\n            \"location\":\r\n            {\r\n                \"@type\": \"Place\",\r\n                                \"name\": \"Baza na Krakowskiej\/ s. lustrzana\",\r\n                \"image\": \"\",\r\n                \"address\": \"\"\r\n                            },\r\n            \"organizer\":\r\n            {\r\n                \"@type\": \"Person\",\r\n                \"name\": \"Anna Porwit\",\r\n                \"url\": \"https:\/\/www.facebook.com\/pasjamojaity\"\r\n            },\r\n            \"offers\":\r\n            {\r\n                \"url\": \"https:\/\/bazanakrakowskiej.pl\/index.php\/wydarzenia\/fitness-dla-seniorow-2\/\",\r\n                \"price\": \"\",\r\n                \"priceCurrency\": \"$\",\r\n                \"availability\": \"https:\/\/schema.org\/InStock\",\r\n                \"validFrom\": \"2026-05-22T00:00\"\r\n            },\r\n            \"performer\": \"\",\r\n            \"description\": \"&lt;p&gt;&lt;span class=&quot;x1xsqp64 xiy17q3 x1o6pynw x19co3pv xdj266r xcwd3tp xat24cr x39eecv x2b8uid&quot; data-testid=&quot;emoji&quot;&gt;&lt;span class=&quot;xexx8yu xn5pp95 x18d9i69 x2fxd7x x3jgonx x1bhl96m&quot;&gt;\ud83d\udfe8&lt;\/span&gt;&lt;\/span&gt;&lt;span class=&quot;x1xsqp64 xiy17q3 x1o6pynw x19co3pv xdj266r xcwd3tp xat24cr x39eecv x2b8uid&quot; data-testid=&quot;emoji&quot;&gt;&lt;span class=&quot;xexx8yu xn5pp95 x18d9i69 x2fxd7x x3jgonx x1bhl96m&quot;&gt;\ud83d\udfea&lt;\/span&gt;&lt;\/span&gt;FITNESS DLA SENIOR\u00d3W &lt;span class=&quot;x1xsqp64 xiy17q3 x1o6pynw x19co3pv xdj266r xcwd3tp xat24cr x39eecv x2b8uid&quot; data-testid=&quot;emoji&quot;&gt;&lt;span class=&quot;xexx8yu xn5pp95 x18d9i69 x2fxd7x x3jgonx x1bhl96m&quot;&gt;\ud83d\udfe8&lt;\/span&gt;&lt;\/span&gt;&lt;span class=&quot;x1xsqp64 xiy17q3 x1o6pynw x19co3pv xdj266r xcwd3tp xat24cr x39eecv x2b8uid&quot; data-testid=&quot;emoji&quot;&gt;&lt;span class=&quot;xexx8yu xn5pp95 x18d9i69 x2fxd7x x3jgonx x1bhl96m&quot;&gt;\ud83d\udfea&lt;\/span&gt;&lt;\/span&gt;&lt;br \/&gt; Zapraszamy na nowe zaj\u0119cia!&lt;\/p&gt; &lt;p&gt;Ka\u017cdy pi\u0105tek godz.11:00-12:00 i 12:00-13:00 , Baza na Krakowskiej\/ sala lustrzana&lt;\/p&gt; &lt;p&gt;Specjalnie opracowany program pozwoli uczestnikom czu\u0107 si\u0119 swobodnie i komfortowo, a w\u0142\u0105czenie do codzienno\u015bci rutyny \u0107wicze\u0144 fizycznych pozwoli zachowa\u0107 sprawno\u015b\u0107 i si\u0142\u0119 cia\u0142a.&lt;\/p&gt; &lt;p&gt;Jakie jeszcze s\u0105 zalety udzia\u0142u w zaj\u0119ciach?&lt;br \/&gt; &lt;span class=&quot;x1xsqp64 xiy17q3 x1o6pynw x19co3pv xdj266r xcwd3tp xat24cr x39eecv x2b8uid&quot; data-testid=&quot;emoji&quot;&gt;&lt;span class=&quot;xexx8yu xn5pp95 x18d9i69 x2fxd7x x3jgonx x1bhl96m&quot;&gt;\ud83d\udfea&lt;\/span&gt;&lt;\/span&gt;&lt;span class=&quot;x1xsqp64 xiy17q3 x1o6pynw x19co3pv xdj266r xcwd3tp xat24cr x39eecv x2b8uid&quot; data-testid=&quot;emoji&quot;&gt;&lt;span class=&quot;xexx8yu xn5pp95 x18d9i69 x2fxd7x x3jgonx x1bhl96m&quot;&gt;\ud83d\udfe8&lt;\/span&gt;&lt;\/span&gt;Zdrowie serca i sprawno\u015b\u0107 uk\u0142adu sercowo-naczyniowego&lt;br \/&gt; &lt;span class=&quot;x1xsqp64 xiy17q3 x1o6pynw x19co3pv xdj266r xcwd3tp xat24cr x39eecv x2b8uid&quot; data-testid=&quot;emoji&quot;&gt;&lt;span class=&quot;xexx8yu xn5pp95 x18d9i69 x2fxd7x x3jgonx x1bhl96m&quot;&gt;\ud83d\udfea&lt;\/span&gt;&lt;\/span&gt;&lt;span class=&quot;x1xsqp64 xiy17q3 x1o6pynw x19co3pv xdj266r xcwd3tp xat24cr x39eecv x2b8uid&quot; data-testid=&quot;emoji&quot;&gt;&lt;span class=&quot;xexx8yu xn5pp95 x18d9i69 x2fxd7x x3jgonx x1bhl96m&quot;&gt;\ud83d\udfe8&lt;\/span&gt;&lt;\/span&gt;Poprawa wytrzyma\u0142o\u015bci i og\u00f3lnego poziomu energii&lt;br \/&gt; &lt;span class=&quot;x1xsqp64 xiy17q3 x1o6pynw x19co3pv xdj266r xcwd3tp xat24cr x39eecv x2b8uid&quot; data-testid=&quot;emoji&quot;&gt;&lt;span class=&quot;xexx8yu xn5pp95 x18d9i69 x2fxd7x x3jgonx x1bhl96m&quot;&gt;\ud83d\udfea&lt;\/span&gt;&lt;\/span&gt;&lt;span class=&quot;x1xsqp64 xiy17q3 x1o6pynw x19co3pv xdj266r xcwd3tp xat24cr x39eecv x2b8uid&quot; data-testid=&quot;emoji&quot;&gt;&lt;span class=&quot;xexx8yu xn5pp95 x18d9i69 x2fxd7x x3jgonx x1bhl96m&quot;&gt;\ud83d\udfe8&lt;\/span&gt;&lt;\/span&gt;Nastr\u00f3j i dobre samopoczucie psychiczne&lt;br \/&gt; &lt;span class=&quot;x1xsqp64 xiy17q3 x1o6pynw x19co3pv xdj266r xcwd3tp xat24cr x39eecv x2b8uid&quot; data-testid=&quot;emoji&quot;&gt;&lt;span class=&quot;xexx8yu xn5pp95 x18d9i69 x2fxd7x x3jgonx x1bhl96m&quot;&gt;\ud83d\udfea&lt;\/span&gt;&lt;\/span&gt;&lt;span class=&quot;x1xsqp64 xiy17q3 x1o6pynw x19co3pv xdj266r xcwd3tp xat24cr x39eecv x2b8uid&quot; data-testid=&quot;emoji&quot;&gt;&lt;span class=&quot;xexx8yu xn5pp95 x18d9i69 x2fxd7x x3jgonx x1bhl96m&quot;&gt;\ud83d\udfe8&lt;\/span&gt;&lt;\/span&gt;Wzmocnienie wi\u0119zi spo\u0142eczne i zmniejszenie poczucia samotno\u015bci&lt;br \/&gt; &lt;span class=&quot;x1xsqp64 xiy17q3 x1o6pynw x19co3pv xdj266r xcwd3tp xat24cr x39eecv x2b8uid&quot; data-testid=&quot;emoji&quot;&gt;&lt;span class=&quot;xexx8yu xn5pp95 x18d9i69 x2fxd7x x3jgonx x1bhl96m&quot;&gt;\ud83d\udfea&lt;\/span&gt;&lt;\/span&gt;&lt;span class=&quot;x1xsqp64 xiy17q3 x1o6pynw x19co3pv xdj266r xcwd3tp xat24cr x39eecv x2b8uid&quot; data-testid=&quot;emoji&quot;&gt;&lt;span class=&quot;xexx8yu xn5pp95 x18d9i69 x2fxd7x x3jgonx x1bhl96m&quot;&gt;\ud83d\udfe8&lt;\/span&gt;&lt;\/span&gt;Zachowanie niezale\u017cno\u015bci i \u0142atwiejsze wykonywanie codziennych czynno\u015bci poprzez \u0107wiczenia buduj\u0105ce i utrzymuj\u0105ce si\u0142\u0119&lt;\/p&gt; &lt;p&gt;Serdecznie zapraszamy!&lt;br \/&gt; &lt;span class=&quot;x1xsqp64 xiy17q3 x1o6pynw x19co3pv xdj266r xcwd3tp xat24cr x39eecv x2b8uid&quot; data-testid=&quot;emoji&quot;&gt;&lt;span class=&quot;xexx8yu xn5pp95 x18d9i69 x2fxd7x x3jgonx x1bhl96m&quot;&gt;\ud83d\udfe8&lt;\/span&gt;&lt;\/span&gt;Prosimy o udost\u0119pnienie tej wiadomo\u015bci najbli\u017cszym, domownikom i wszystkim osobom, kt\u00f3re by\u0142by zainteresowane udzia\u0142em w zaj\u0119ciach.&lt;span class=&quot;x1xsqp64 xiy17q3 x1o6pynw x19co3pv xdj266r xcwd3tp xat24cr x39eecv x2b8uid&quot; data-testid=&quot;emoji&quot;&gt;&lt;span class=&quot;xexx8yu xn5pp95 x18d9i69 x2fxd7x x3jgonx x1bhl96m&quot;&gt;\ud83d\udfe8&lt;\/span&gt;&lt;\/span&gt;&lt;\/p&gt; &lt;p&gt;Zaj\u0119cia prowadzi wykwalifikowana instruktorka fitness Anna Porwit.&lt;br \/&gt; &lt;span class=&quot;x1xsqp64 xiy17q3 x1o6pynw x19co3pv xdj266r xcwd3tp xat24cr x39eecv x2b8uid&quot; data-testid=&quot;emoji&quot;&gt;&lt;span class=&quot;xexx8yu xn5pp95 x18d9i69 x2fxd7x x3jgonx x1bhl96m&quot;&gt;\ud83d\udcde&lt;\/span&gt;&lt;\/span&gt;Szczeg\u00f3\u0142y pod nr tel: 796 500 690&lt;\/p&gt; \",\r\n            \"image\": \"\",\r\n            \"name\": \"Fitness dla senior\u00f3w\",\r\n            \"url\": \"https:\/\/bazanakrakowskiej.pl\/index.php\/wydarzenia\/fitness-dla-seniorow-2\/\"\r\n        }\r\n        <\/script>\r\n                            <article  data-href=\"https:\/\/bazanakrakowskiej.pl\/index.php\/wydarzenia\/fitness-dla-seniorow-2\/\" data-target=\"m1\" style=\"background:#00a0d2\" class=\"mec-past-event mec-event-article mec-tile-item  mec-clear   \">\r\n                                                                        <div class=\"event-tile-view-head clearfix\">\r\n                                                            <div class=\"mec-event-month\"><span class=\"mec-start-date-label\" itemprop=\"startDate\">22 maj<\/span><\/div>\r\n                                                        <div class=\"mec-event-time\"><i class=\"mec-sl-clock\"><\/i>12:00<\/div>\r\n                        <\/div>\r\n                        <div class=\"mec-event-content\" data-target=\"m1\" data-event-id=\"8585\">\r\n                            <a href=\"https:\/\/bazanakrakowskiej.pl\/index.php\/wydarzenia\/fitness-dla-seniorow-2\/\" target=\"m1\" class=\"mec-tile-into-content-link\"><\/a>                            <div class=\"mec-tile-event-content\">\r\n                                <div class=\"mec-event-detail\">\r\n                                                                                                            <span class=\"mec-event-loc-place\"><i class=\"mec-sl-location-pin\"><\/i>Baza na Krakowskiej\/ s. lustrzana<\/span>                                                                    <\/div>\r\n                                                                <h4 class=\"mec-event-title\"><a class=\"mec-color-hover\"  data-event-id=\"8585\" href=\"https:\/\/bazanakrakowskiej.pl\/index.php\/wydarzenia\/fitness-dla-seniorow-2\/\" target=\"m1\" rel=\"noopener\">Fitness dla senior\u00f3w<\/a><\/h4>\r\n                                                            <\/div>\r\n                        <\/div>\r\n                    <\/article>\r\n                <\/div>            <div class=\"col-md-3 col-sm-3\">        <script type=\"application\/ld+json\">\r\n        {\r\n            \"@context\": \"http:\/\/schema.org\",\r\n            \"@type\": \"Event\",\r\n            \"eventStatus\": \"https:\/\/schema.org\/EventScheduled\",\r\n            \"startDate\": \"2026-05-22\",\r\n            \"endDate\": \"2026-05-22\",\r\n            \"eventAttendanceMode\": \"https:\/\/schema.org\/OfflineEventAttendanceMode\",\r\n            \"location\":\r\n            {\r\n                \"@type\": \"Place\",\r\n                                \"name\": \"Baza na Krakowskiej\",\r\n                \"image\": \"\",\r\n                \"address\": \"\"\r\n                            },\r\n            \"organizer\":\r\n            {\r\n                \"@type\": \"Person\",\r\n                \"name\": \"\",\r\n                \"url\": \"\"\r\n            },\r\n            \"offers\":\r\n            {\r\n                \"url\": \"https:\/\/bazanakrakowskiej.pl\/index.php\/wydarzenia\/mozliwosc-organizacji-urodzin-3\/\",\r\n                \"price\": \"\",\r\n                \"priceCurrency\": \"$\",\r\n                \"availability\": \"https:\/\/schema.org\/InStock\",\r\n                \"validFrom\": \"2026-05-22T00:00\"\r\n            },\r\n            \"performer\": \"\",\r\n            \"description\": \"&lt;p&gt;Wi\u0119cej informacji w zak\u0142adce &lt;a href=&quot;https:\/\/bazanakrakowskiej.pl\/index.php\/oferta-dodatkowa\/&quot;&gt;URODZINY&lt;\/a&gt; \ud83d\ude42&lt;\/p&gt; \",\r\n            \"image\": \"\",\r\n            \"name\": \"Mo\u017cliwo\u015b\u0107 organizacji urodzin\",\r\n            \"url\": \"https:\/\/bazanakrakowskiej.pl\/index.php\/wydarzenia\/mozliwosc-organizacji-urodzin-3\/\"\r\n        }\r\n        <\/script>\r\n                            <article  data-href=\"https:\/\/bazanakrakowskiej.pl\/index.php\/wydarzenia\/mozliwosc-organizacji-urodzin-3\/\" data-target=\"m1\" style=\"background:#f587a6\" class=\"mec-past-event mec-event-article mec-tile-item  mec-clear   \">\r\n                                                                        <div class=\"event-tile-view-head clearfix\">\r\n                                                            <div class=\"mec-event-month\"><span class=\"mec-start-date-label\" itemprop=\"startDate\">22 maj<\/span><\/div>\r\n                                                        <div class=\"mec-event-time\"><i class=\"mec-sl-clock\"><\/i>17:00<\/div>\r\n                        <\/div>\r\n                        <div class=\"mec-event-content\" data-target=\"m1\" data-event-id=\"6906\">\r\n                            <a href=\"https:\/\/bazanakrakowskiej.pl\/index.php\/wydarzenia\/mozliwosc-organizacji-urodzin-3\/\" target=\"m1\" class=\"mec-tile-into-content-link\"><\/a>                            <div class=\"mec-tile-event-content\">\r\n                                <div class=\"mec-event-detail\">\r\n                                                                                                            <span class=\"mec-event-loc-place\"><i class=\"mec-sl-location-pin\"><\/i>Baza na Krakowskiej<\/span>                                                                    <\/div>\r\n                                                                <h4 class=\"mec-event-title\"><a class=\"mec-color-hover\"  data-event-id=\"6906\" href=\"https:\/\/bazanakrakowskiej.pl\/index.php\/wydarzenia\/mozliwosc-organizacji-urodzin-3\/\" target=\"m1\" rel=\"noopener\">Mo\u017cliwo\u015b\u0107 organizacji urodzin<\/a><\/h4>\r\n                                                            <\/div>\r\n                        <\/div>\r\n                    <\/article>\r\n                <\/div>                    <div class=\"col-md-3 col-sm-3\">        <script type=\"application\/ld+json\">\r\n        {\r\n            \"@context\": \"http:\/\/schema.org\",\r\n            \"@type\": \"Event\",\r\n            \"eventStatus\": \"https:\/\/schema.org\/EventScheduled\",\r\n            \"startDate\": \"2026-05-23\",\r\n            \"endDate\": \"2026-05-23\",\r\n            \"eventAttendanceMode\": \"https:\/\/schema.org\/OfflineEventAttendanceMode\",\r\n            \"location\":\r\n            {\r\n                \"@type\": \"Place\",\r\n                                \"name\": \"Baza na Krakowskiej\",\r\n                \"image\": \"\",\r\n                \"address\": \"\"\r\n                            },\r\n            \"organizer\":\r\n            {\r\n                \"@type\": \"Person\",\r\n                \"name\": \"\",\r\n                \"url\": \"\"\r\n            },\r\n            \"offers\":\r\n            {\r\n                \"url\": \"https:\/\/bazanakrakowskiej.pl\/index.php\/wydarzenia\/mozliwosc-organizacji-urodzin\/\",\r\n                \"price\": \"\",\r\n                \"priceCurrency\": \"$\",\r\n                \"availability\": \"https:\/\/schema.org\/InStock\",\r\n                \"validFrom\": \"2026-05-23T00:00\"\r\n            },\r\n            \"performer\": \"\",\r\n            \"description\": \"&lt;p&gt;Wi\u0119cej informacji w zak\u0142adce &lt;a href=&quot;https:\/\/bazanakrakowskiej.pl\/index.php\/oferta-dodatkowa\/&quot;&gt;URODZINY&lt;\/a&gt; \ud83d\ude42&lt;\/p&gt; \",\r\n            \"image\": \"\",\r\n            \"name\": \"Mo\u017cliwo\u015b\u0107 organizacji urodzin\",\r\n            \"url\": \"https:\/\/bazanakrakowskiej.pl\/index.php\/wydarzenia\/mozliwosc-organizacji-urodzin\/\"\r\n        }\r\n        <\/script>\r\n                            <article  data-href=\"https:\/\/bazanakrakowskiej.pl\/index.php\/wydarzenia\/mozliwosc-organizacji-urodzin\/\" data-target=\"m1\" style=\"background:#f587a6\" class=\"mec-past-event mec-event-article mec-tile-item  mec-clear   \">\r\n                                                                        <div class=\"event-tile-view-head clearfix\">\r\n                                                            <div class=\"mec-event-month\"><span class=\"mec-start-date-label\" itemprop=\"startDate\">23 maj<\/span><\/div>\r\n                                                        <div class=\"mec-event-time\"><i class=\"mec-sl-clock\"><\/i>10:00<\/div>\r\n                        <\/div>\r\n                        <div class=\"mec-event-content\" data-target=\"m1\" data-event-id=\"7953\">\r\n                            <a href=\"https:\/\/bazanakrakowskiej.pl\/index.php\/wydarzenia\/mozliwosc-organizacji-urodzin\/\" target=\"m1\" class=\"mec-tile-into-content-link\"><\/a>                            <div class=\"mec-tile-event-content\">\r\n                                <div class=\"mec-event-detail\">\r\n                                                                                                            <span class=\"mec-event-loc-place\"><i class=\"mec-sl-location-pin\"><\/i>Baza na Krakowskiej<\/span>                                                                    <\/div>\r\n                                                                <h4 class=\"mec-event-title\"><a class=\"mec-color-hover\"  data-event-id=\"7953\" href=\"https:\/\/bazanakrakowskiej.pl\/index.php\/wydarzenia\/mozliwosc-organizacji-urodzin\/\" target=\"m1\" rel=\"noopener\">Mo\u017cliwo\u015b\u0107 organizacji urodzin<\/a><\/h4>\r\n                                                            <\/div>\r\n                        <\/div>\r\n                    <\/article>\r\n                <\/div><\/div>            <div class=\"row\"><div class=\"col-md-3 col-sm-3\">        <script type=\"application\/ld+json\">\r\n        {\r\n            \"@context\": \"http:\/\/schema.org\",\r\n            \"@type\": \"Event\",\r\n            \"eventStatus\": \"https:\/\/schema.org\/EventScheduled\",\r\n            \"startDate\": \"2026-05-23\",\r\n            \"endDate\": \"2026-05-23\",\r\n            \"eventAttendanceMode\": \"https:\/\/schema.org\/OfflineEventAttendanceMode\",\r\n            \"location\":\r\n            {\r\n                \"@type\": \"Place\",\r\n                                \"name\": \"Baza na Krakowskiej\",\r\n                \"image\": \"\",\r\n                \"address\": \"\"\r\n                            },\r\n            \"organizer\":\r\n            {\r\n                \"@type\": \"Person\",\r\n                \"name\": \"\",\r\n                \"url\": \"\"\r\n            },\r\n            \"offers\":\r\n            {\r\n                \"url\": \"https:\/\/bazanakrakowskiej.pl\/index.php\/wydarzenia\/mozliwosc-organizacji-urodzin-4\/\",\r\n                \"price\": \"\",\r\n                \"priceCurrency\": \"$\",\r\n                \"availability\": \"https:\/\/schema.org\/InStock\",\r\n                \"validFrom\": \"2026-05-23T00:00\"\r\n            },\r\n            \"performer\": \"\",\r\n            \"description\": \"&lt;p&gt;Wi\u0119cej informacji w zak\u0142adce &lt;a href=&quot;https:\/\/bazanakrakowskiej.pl\/index.php\/oferta-dodatkowa\/&quot;&gt;URODZINY&lt;\/a&gt; \ud83d\ude42&lt;\/p&gt; \",\r\n            \"image\": \"\",\r\n            \"name\": \"Mo\u017cliwo\u015b\u0107 organizacji urodzin\",\r\n            \"url\": \"https:\/\/bazanakrakowskiej.pl\/index.php\/wydarzenia\/mozliwosc-organizacji-urodzin-4\/\"\r\n        }\r\n        <\/script>\r\n                            <article  data-href=\"https:\/\/bazanakrakowskiej.pl\/index.php\/wydarzenia\/mozliwosc-organizacji-urodzin-4\/\" data-target=\"m1\" style=\"background:#f587a6\" class=\"mec-past-event mec-event-article mec-tile-item  mec-clear   \">\r\n                                                                        <div class=\"event-tile-view-head clearfix\">\r\n                                                            <div class=\"mec-event-month\"><span class=\"mec-start-date-label\" itemprop=\"startDate\">23 maj<\/span><\/div>\r\n                                                        <div class=\"mec-event-time\"><i class=\"mec-sl-clock\"><\/i>13:00<\/div>\r\n                        <\/div>\r\n                        <div class=\"mec-event-content\" data-target=\"m1\" data-event-id=\"7954\">\r\n                            <a href=\"https:\/\/bazanakrakowskiej.pl\/index.php\/wydarzenia\/mozliwosc-organizacji-urodzin-4\/\" target=\"m1\" class=\"mec-tile-into-content-link\"><\/a>                            <div class=\"mec-tile-event-content\">\r\n                                <div class=\"mec-event-detail\">\r\n                                                                                                            <span class=\"mec-event-loc-place\"><i class=\"mec-sl-location-pin\"><\/i>Baza na Krakowskiej<\/span>                                                                    <\/div>\r\n                                                                <h4 class=\"mec-event-title\"><a class=\"mec-color-hover\"  data-event-id=\"7954\" href=\"https:\/\/bazanakrakowskiej.pl\/index.php\/wydarzenia\/mozliwosc-organizacji-urodzin-4\/\" target=\"m1\" rel=\"noopener\">Mo\u017cliwo\u015b\u0107 organizacji urodzin<\/a><\/h4>\r\n                                                            <\/div>\r\n                        <\/div>\r\n                    <\/article>\r\n                <\/div>            <div class=\"col-md-3 col-sm-3\">        <script type=\"application\/ld+json\">\r\n        {\r\n            \"@context\": \"http:\/\/schema.org\",\r\n            \"@type\": \"Event\",\r\n            \"eventStatus\": \"https:\/\/schema.org\/EventScheduled\",\r\n            \"startDate\": \"2026-05-23\",\r\n            \"endDate\": \"2026-05-23\",\r\n            \"eventAttendanceMode\": \"https:\/\/schema.org\/OfflineEventAttendanceMode\",\r\n            \"location\":\r\n            {\r\n                \"@type\": \"Place\",\r\n                                \"name\": \"Baza na Krakowskiej\",\r\n                \"image\": \"\",\r\n                \"address\": \"\"\r\n                            },\r\n            \"organizer\":\r\n            {\r\n                \"@type\": \"Person\",\r\n                \"name\": \"Ma\u0142gorzata Grabowska- Fluder\",\r\n                \"url\": \"https:\/\/www.instagram.com\/malflu_foto\/\"\r\n            },\r\n            \"offers\":\r\n            {\r\n                \"url\": \"https:\/\/bazanakrakowskiej.pl\/index.php\/wydarzenia\/korepetycje-z-warzyw-warsztaty-kulinarne\/\",\r\n                \"price\": \"\",\r\n                \"priceCurrency\": \"$\",\r\n                \"availability\": \"https:\/\/schema.org\/InStock\",\r\n                \"validFrom\": \"2026-05-23T00:00\"\r\n            },\r\n            \"performer\": \"\",\r\n            \"description\": \"&lt;p&gt;Razem z &lt;a class=&quot;x1i10hfl xjbqb8w x1ejq31n xd10rxx x1sy0etr x17r0tee x972fbf xcfux6l x1qhh985 xm0m39n x9f619 x1ypdohk xt0psk2 xe8uvvx xdj266r x11i5rnm xat24cr x1mh8g0r xexx8yu x4uap5 x18d9i69 xkhd6sd x16tdsg8 x1hl2dhg xggy1nq x1a2a7pz notranslate _a6hd&quot; tabindex=&quot;0&quot; role=&quot;link&quot; href=&quot;https:\/\/www.instagram.com\/malflu_foto\/&quot;&gt;@malflu_foto&lt;\/a&gt; zapraszamy na&lt;br \/&gt; KOREPETYCJE Z WARZYW!&lt;\/p&gt; &lt;p&gt;Du\u017co dobrej, pozytywnej energii, pyszno\u015bci na talerzu, degustacja i znakomite towarzystwo- bo tak smakuje \u017cycie \u263a\ufe0f&lt;\/p&gt; &lt;p&gt;Jak m\u00f3wi Gosia \u201echc\u0119 pokaza\u0107, \u017ce warto je\u015b\u0107 sezonowo, \u017ce proste gotowanie mo\u017ce by\u0107 przyjemno\u015bci\u0105, \u017ce dzi\u0119ki jako\u015bciowym sk\u0142adnikom jedzenie mo\u017ce sta\u0107 si\u0119 lekarstwem- od\u017cywia\u0107 cia\u0142o i ducha\u201d \ud83c\udf72&lt;\/p&gt; &lt;p&gt;Szczeg\u00f3\u0142y i zapisy bezpo\u015brednio u Gosi pod nr tel. 500565030&lt;br \/&gt; Daty warsztat\u00f3w b\u0119d\u0105 podawane na bie\u017c\u0105co \u263a\ufe0f&lt;\/p&gt; &lt;div class=&quot;figure&quot;&gt;&lt;img loading=&quot;lazy&quot; decoding=&quot;async&quot; class=&quot;alignnone size-medium wp-image-7492&quot; src=&quot;https:\/\/bazanakrakowskiej.pl\/wp-content\/uploads\/2024\/03\/20240229_180717_0000-212x300.jpg&quot; alt=&quot;&quot; width=&quot;212&quot; height=&quot;300&quot; srcset=&quot;https:\/\/bazanakrakowskiej.pl\/wp-content\/uploads\/2024\/03\/20240229_180717_0000-212x300.jpg 212w, https:\/\/bazanakrakowskiej.pl\/wp-content\/uploads\/2024\/03\/20240229_180717_0000-724x1024.jpg 724w, https:\/\/bazanakrakowskiej.pl\/wp-content\/uploads\/2024\/03\/20240229_180717_0000-768x1086.jpg 768w, https:\/\/bazanakrakowskiej.pl\/wp-content\/uploads\/2024\/03\/20240229_180717_0000-1086x1536.jpg 1086w, https:\/\/bazanakrakowskiej.pl\/wp-content\/uploads\/2024\/03\/20240229_180717_0000.jpg 1414w&quot; sizes=&quot;auto, (max-width: 212px) 100vw, 212px&quot; \/&gt;&lt;\/div&gt; \",\r\n            \"image\": \"\",\r\n            \"name\": \"Korepetycje z warzyw- warsztaty kulinarne\",\r\n            \"url\": \"https:\/\/bazanakrakowskiej.pl\/index.php\/wydarzenia\/korepetycje-z-warzyw-warsztaty-kulinarne\/\"\r\n        }\r\n        <\/script>\r\n                            <article  data-href=\"https:\/\/bazanakrakowskiej.pl\/index.php\/wydarzenia\/korepetycje-z-warzyw-warsztaty-kulinarne\/\" data-target=\"m1\" style=\"background:#6fed6a\" class=\"mec-past-event mec-event-article mec-tile-item  mec-clear   \">\r\n                                                                        <div class=\"event-tile-view-head clearfix\">\r\n                                                            <div class=\"mec-event-month\"><span class=\"mec-start-date-label\" itemprop=\"startDate\">23 maj<\/span><\/div>\r\n                                                        <div class=\"mec-event-time\"><i class=\"mec-sl-clock\"><\/i>16:00<\/div>\r\n                        <\/div>\r\n                        <div class=\"mec-event-content\" data-target=\"m1\" data-event-id=\"7491\">\r\n                            <a href=\"https:\/\/bazanakrakowskiej.pl\/index.php\/wydarzenia\/korepetycje-z-warzyw-warsztaty-kulinarne\/\" target=\"m1\" class=\"mec-tile-into-content-link\"><\/a>                            <div class=\"mec-tile-event-content\">\r\n                                <div class=\"mec-event-detail\">\r\n                                                                                                            <span class=\"mec-event-loc-place\"><i class=\"mec-sl-location-pin\"><\/i>Baza na Krakowskiej<\/span>                                                                    <\/div>\r\n                                                                <h4 class=\"mec-event-title\"><a class=\"mec-color-hover\"  data-event-id=\"7491\" href=\"https:\/\/bazanakrakowskiej.pl\/index.php\/wydarzenia\/korepetycje-z-warzyw-warsztaty-kulinarne\/\" target=\"m1\" rel=\"noopener\">Korepetycje z warzyw- warsztaty kulinarne<\/a><\/h4>\r\n                                                            <\/div>\r\n                        <\/div>\r\n                    <\/article>\r\n                <\/div>                    <div class=\"col-md-3 col-sm-3\">        <script type=\"application\/ld+json\">\r\n        {\r\n            \"@context\": \"http:\/\/schema.org\",\r\n            \"@type\": \"Event\",\r\n            \"eventStatus\": \"https:\/\/schema.org\/EventScheduled\",\r\n            \"startDate\": \"2026-05-25\",\r\n            \"endDate\": \"2026-05-25\",\r\n            \"eventAttendanceMode\": \"https:\/\/schema.org\/OfflineEventAttendanceMode\",\r\n            \"location\":\r\n            {\r\n                \"@type\": \"Place\",\r\n                                \"name\": \"Baza na Krakowskiej\",\r\n                \"image\": \"\",\r\n                \"address\": \"\"\r\n                            },\r\n            \"organizer\":\r\n            {\r\n                \"@type\": \"Person\",\r\n                \"name\": \"Barbara Niemczyk\",\r\n                \"url\": \"\"\r\n            },\r\n            \"offers\":\r\n            {\r\n                \"url\": \"https:\/\/bazanakrakowskiej.pl\/index.php\/wydarzenia\/przedprzedszkole-3\/\",\r\n                \"price\": \"\",\r\n                \"priceCurrency\": \"$\",\r\n                \"availability\": \"https:\/\/schema.org\/InStock\",\r\n                \"validFrom\": \"2026-05-25T00:00\"\r\n            },\r\n            \"performer\": \"\",\r\n            \"description\": \"&lt;p&gt;To zaj\u0119cia adaptacyjne dla dzieci &lt;strong&gt;2+&lt;\/strong&gt; (bez udzia\u0142u Rodzica), prowadzone wg autorskich scenariuszy, maj\u0105ce na celu przygotowanie maluch\u00f3w do p\u00f3j\u015bcia do przedszkola.&lt;\/p&gt; &lt;p&gt;&lt;strong&gt;NASZA OFERTA: &lt;\/strong&gt;&lt;\/p&gt; &lt;ul&gt; &lt;li&gt;Zaj\u0119cia 5 razy w tygodniu!&lt;\/li&gt; &lt;li&gt;Od poniedzia\u0142ku do pi\u0105tku w godzinach 8:00-13:00&lt;\/li&gt; &lt;li&gt;&lt;strong&gt;3&lt;\/strong&gt; abonamenty do wyboru + abonament indywidulany&lt;\/li&gt; &lt;li&gt;Nauka poprzez zabaw\u0119!&lt;\/li&gt; &lt;\/ul&gt; &lt;p&gt;&lt;strong&gt;Naszym celem jest:&lt;\/strong&gt;&lt;\/p&gt; &lt;p&gt;\u2013 nawi\u0105zywanie i wzmacnianie kontakt\u00f3w spo\u0142ecznych z dzie\u0107mi w grupie&lt;br \/&gt; \u2013 wdra\u017canie do samodzielno\u015bci poprzez nabywanie nowych umiej\u0119tno\u015bci&lt;br \/&gt; \u2013 stwarzanie warunk\u00f3w sprzyjaj\u0105cych wsp\u00f3lnej zabawie&lt;br \/&gt; \u2013 kszta\u0142towanie u dzieci zdolno\u015bci radzenia sobie w nowych sytuacjach&lt;br \/&gt; \u2013 zach\u0119canie do udzia\u0142u w zaj\u0119ciach artystycznych, plastycznych itp.&lt;\/p&gt; &lt;p&gt;&lt;strong&gt;Zapewniamy:&lt;\/strong&gt;&lt;\/p&gt; &lt;p&gt;\u2013 troskliw\u0105 opiek\u0119 i bezpiecze\u0144stwo&lt;br \/&gt; \u2013 przestronne sale, przystosowane do potrzeb dzieci&lt;br \/&gt; \u2013 zabawki, materia\u0142y edukacyjne&lt;br \/&gt; \u2013 zaj\u0119cia plastyczne, muzyczne itp.&lt;br \/&gt; \u2013 indywidulane podej\u015bcie do dziecka&lt;\/p&gt; &lt;p&gt;Szczeg\u00f3\u0142y tutaj: &lt;a href=&quot;https:\/\/bazanakrakowskiej.pl\/index.php\/przedprzedszkole\/&quot;&gt;https:\/\/bazanakrakowskiej.pl\/index.php\/przedprzedszkole\/&lt;\/a&gt;&lt;\/p&gt; \",\r\n            \"image\": \"\",\r\n            \"name\": \"PrzedPrzedszkole\",\r\n            \"url\": \"https:\/\/bazanakrakowskiej.pl\/index.php\/wydarzenia\/przedprzedszkole-3\/\"\r\n        }\r\n        <\/script>\r\n                            <article  data-href=\"https:\/\/bazanakrakowskiej.pl\/index.php\/wydarzenia\/przedprzedszkole-3\/\" data-target=\"m1\" style=\"background:#eae019\" class=\"mec-past-event mec-event-article mec-tile-item  mec-clear   \">\r\n                                                                        <div class=\"event-tile-view-head clearfix\">\r\n                                                            <div class=\"mec-event-month\"><span class=\"mec-start-date-label\" itemprop=\"startDate\">25 maj<\/span><\/div>\r\n                                                        <div class=\"mec-event-time\"><i class=\"mec-sl-clock\"><\/i>08:00<\/div>\r\n                        <\/div>\r\n                        <div class=\"mec-event-content\" data-target=\"m1\" data-event-id=\"7050\">\r\n                            <a href=\"https:\/\/bazanakrakowskiej.pl\/index.php\/wydarzenia\/przedprzedszkole-3\/\" target=\"m1\" class=\"mec-tile-into-content-link\"><\/a>                            <div class=\"mec-tile-event-content\">\r\n                                <div class=\"mec-event-detail\">\r\n                                                                                                            <span class=\"mec-event-loc-place\"><i class=\"mec-sl-location-pin\"><\/i>Baza na Krakowskiej<\/span>                                                                    <\/div>\r\n                                                                <h4 class=\"mec-event-title\"><a class=\"mec-color-hover\"  data-event-id=\"7050\" href=\"https:\/\/bazanakrakowskiej.pl\/index.php\/wydarzenia\/przedprzedszkole-3\/\" target=\"m1\" rel=\"noopener\">PrzedPrzedszkole<\/a><\/h4>\r\n                                                            <\/div>\r\n                        <\/div>\r\n                    <\/article>\r\n                <\/div>            <div class=\"col-md-3 col-sm-3\">        <script type=\"application\/ld+json\">\r\n        {\r\n            \"@context\": \"http:\/\/schema.org\",\r\n            \"@type\": \"Event\",\r\n            \"eventStatus\": \"https:\/\/schema.org\/EventScheduled\",\r\n            \"startDate\": \"2026-05-25\",\r\n            \"endDate\": \"2026-05-25\",\r\n            \"eventAttendanceMode\": \"https:\/\/schema.org\/OfflineEventAttendanceMode\",\r\n            \"location\":\r\n            {\r\n                \"@type\": \"Place\",\r\n                                \"name\": \"Baza na Krakowskiej\",\r\n                \"image\": \"\",\r\n                \"address\": \"\"\r\n                            },\r\n            \"organizer\":\r\n            {\r\n                \"@type\": \"Person\",\r\n                \"name\": \"Gabriela Nguyen Nam\",\r\n                \"url\": \"\"\r\n            },\r\n            \"offers\":\r\n            {\r\n                \"url\": \"https:\/\/bazanakrakowskiej.pl\/index.php\/wydarzenia\/balet-5-8-lat\/\",\r\n                \"price\": \"\",\r\n                \"priceCurrency\": \"$\",\r\n                \"availability\": \"https:\/\/schema.org\/InStock\",\r\n                \"validFrom\": \"2026-05-25T00:00\"\r\n            },\r\n            \"performer\": \"\",\r\n            \"description\": \"&lt;p&gt;&lt;strong&gt;Grupa taneczna Ta\u0144cz\u0105ce Brzd\u0105ce grupa wiekowa 4-5 lat&lt;\/strong&gt;&lt;\/p&gt; &lt;p&gt;Balet z elementami rytmiki i ta\u0144ca klasycznego&lt;\/p&gt; &lt;p&gt;Zaj\u0119cia w ka\u017cdy poniedzia\u0142ek o godz. 15:00-15:55&lt;\/p&gt; &lt;p&gt;Miejsce: BAZA NA KRAKOWSKIEJ&lt;\/p&gt; &lt;p&gt;Koszt: 160 z\u0142\/ msc&lt;\/p&gt; &lt;p&gt;Wi\u0119cej o zaj\u0119ciach przeczytasz tutaj: &lt;a href=&quot;https:\/\/bazanakrakowskiej.pl\/index.php\/zajecia-taneczne\/&quot;&gt;Taniec wsp\u00f3\u0142czesny \u2013 BAZA NA KRAKOWSKIEJ&lt;\/a&gt;&lt;\/p&gt; \",\r\n            \"image\": \"\",\r\n            \"name\": \"Ta\u0144cz\u0105ce Brzd\u0105ce 4-5 lat\",\r\n            \"url\": \"https:\/\/bazanakrakowskiej.pl\/index.php\/wydarzenia\/balet-5-8-lat\/\"\r\n        }\r\n        <\/script>\r\n                            <article  data-href=\"https:\/\/bazanakrakowskiej.pl\/index.php\/wydarzenia\/balet-5-8-lat\/\" data-target=\"m1\" style=\"background:#00e8c5\" class=\"mec-past-event mec-event-article mec-tile-item  mec-clear   \">\r\n                                                                        <div class=\"event-tile-view-head clearfix\">\r\n                                                            <div class=\"mec-event-month\"><span class=\"mec-start-date-label\" itemprop=\"startDate\">25 maj<\/span><\/div>\r\n                                                        <div class=\"mec-event-time\"><i class=\"mec-sl-clock\"><\/i>15:00<\/div>\r\n                        <\/div>\r\n                        <div class=\"mec-event-content\" data-target=\"m1\" data-event-id=\"7163\">\r\n                            <a href=\"https:\/\/bazanakrakowskiej.pl\/index.php\/wydarzenia\/balet-5-8-lat\/\" target=\"m1\" class=\"mec-tile-into-content-link\"><\/a>                            <div class=\"mec-tile-event-content\">\r\n                                <div class=\"mec-event-detail\">\r\n                                                                                                            <span class=\"mec-event-loc-place\"><i class=\"mec-sl-location-pin\"><\/i>Baza na Krakowskiej<\/span>                                                                    <\/div>\r\n                                                                <h4 class=\"mec-event-title\"><a class=\"mec-color-hover\"  data-event-id=\"7163\" href=\"https:\/\/bazanakrakowskiej.pl\/index.php\/wydarzenia\/balet-5-8-lat\/\" target=\"m1\" rel=\"noopener\">Ta\u0144cz\u0105ce Brzd\u0105ce 4-5 lat<\/a><\/h4>\r\n                                                            <\/div>\r\n                        <\/div>\r\n                    <\/article>\r\n                <\/div><\/div>            <div class=\"row\"><div class=\"col-md-3 col-sm-3\">        <script type=\"application\/ld+json\">\r\n        {\r\n            \"@context\": \"http:\/\/schema.org\",\r\n            \"@type\": \"Event\",\r\n            \"eventStatus\": \"https:\/\/schema.org\/EventScheduled\",\r\n            \"startDate\": \"2026-05-25\",\r\n            \"endDate\": \"2026-05-25\",\r\n            \"eventAttendanceMode\": \"https:\/\/schema.org\/OfflineEventAttendanceMode\",\r\n            \"location\":\r\n            {\r\n                \"@type\": \"Place\",\r\n                                \"name\": \"Szko\u0142a Podstawowa w Bestwinie\",\r\n                \"image\": \"\",\r\n                \"address\": \"\"\r\n                            },\r\n            \"organizer\":\r\n            {\r\n                \"@type\": \"Person\",\r\n                \"name\": \"Gabriela Nguyen Nam\",\r\n                \"url\": \"\"\r\n            },\r\n            \"offers\":\r\n            {\r\n                \"url\": \"https:\/\/bazanakrakowskiej.pl\/index.php\/wydarzenia\/bazaart-junior-taniec-wspoleczesny\/\",\r\n                \"price\": \"\",\r\n                \"priceCurrency\": \"$\",\r\n                \"availability\": \"https:\/\/schema.org\/InStock\",\r\n                \"validFrom\": \"2026-05-25T00:00\"\r\n            },\r\n            \"performer\": \"\",\r\n            \"description\": \"&lt;p&gt;&lt;strong&gt;BazaART Junior \/Taniec wsp\u00f3\u0142czesny&lt;br \/&gt; (gr. wiekowa 6-8 lat)&lt;br \/&gt; &lt;\/strong&gt;zaj\u0119cia 2 razy w tygodniu&lt;\/p&gt; &lt;p&gt;&lt;strong&gt;Poniedzia\u0142ki&lt;\/strong&gt; godz. 16:00-17:00 (Szko\u0142a Podstawowa w Bestwinie)&lt;\/p&gt; &lt;p&gt;&lt;strong&gt;\u015arody&lt;\/strong&gt; godz.15:30-17:00 (Szko\u0142a Podstawowa w Bestwinie)&lt;\/p&gt; &lt;p&gt;Koszt: 40 z\u0142 \/msc&lt;\/p&gt; &lt;p&gt;Wi\u0119cej o zaj\u0119ciach przeczytasz tutaj: &lt;a href=&quot;https:\/\/bazanakrakowskiej.pl\/index.php\/zajecia-taneczne\/&quot;&gt;Taniec wsp\u00f3\u0142czesny \u2013 BAZA NA KRAKOWSKIEJ&lt;\/a&gt;&lt;\/p&gt; \",\r\n            \"image\": \"\",\r\n            \"name\": \"BazaART Junior- taniec wsp\u00f3\u0142czesny 6-8 lat\",\r\n            \"url\": \"https:\/\/bazanakrakowskiej.pl\/index.php\/wydarzenia\/bazaart-junior-taniec-wspoleczesny\/\"\r\n        }\r\n        <\/script>\r\n                            <article  data-href=\"https:\/\/bazanakrakowskiej.pl\/index.php\/wydarzenia\/bazaart-junior-taniec-wspoleczesny\/\" data-target=\"m1\" style=\"background:#f2823c\" class=\"mec-past-event mec-event-article mec-tile-item  mec-clear   \">\r\n                                                                        <div class=\"event-tile-view-head clearfix\">\r\n                                                            <div class=\"mec-event-month\"><span class=\"mec-start-date-label\" itemprop=\"startDate\">25 maj<\/span><\/div>\r\n                                                        <div class=\"mec-event-time\"><i class=\"mec-sl-clock\"><\/i>16:00<\/div>\r\n                        <\/div>\r\n                        <div class=\"mec-event-content\" data-target=\"m1\" data-event-id=\"7934\">\r\n                            <a href=\"https:\/\/bazanakrakowskiej.pl\/index.php\/wydarzenia\/bazaart-junior-taniec-wspoleczesny\/\" target=\"m1\" class=\"mec-tile-into-content-link\"><\/a>                            <div class=\"mec-tile-event-content\">\r\n                                <div class=\"mec-event-detail\">\r\n                                                                                                            <span class=\"mec-event-loc-place\"><i class=\"mec-sl-location-pin\"><\/i>Szko\u0142a Podstawowa w Bestwinie<\/span>                                                                    <\/div>\r\n                                                                <h4 class=\"mec-event-title\"><a class=\"mec-color-hover\"  data-event-id=\"7934\" href=\"https:\/\/bazanakrakowskiej.pl\/index.php\/wydarzenia\/bazaart-junior-taniec-wspoleczesny\/\" target=\"m1\" rel=\"noopener\">BazaART Junior- taniec wsp\u00f3\u0142czesny 6-8 lat<\/a><\/h4>\r\n                                                            <\/div>\r\n                        <\/div>\r\n                    <\/article>\r\n                <\/div>            <div class=\"col-md-3 col-sm-3\">        <script type=\"application\/ld+json\">\r\n        {\r\n            \"@context\": \"http:\/\/schema.org\",\r\n            \"@type\": \"Event\",\r\n            \"eventStatus\": \"https:\/\/schema.org\/EventScheduled\",\r\n            \"startDate\": \"2026-05-25\",\r\n            \"endDate\": \"2026-05-25\",\r\n            \"eventAttendanceMode\": \"https:\/\/schema.org\/OfflineEventAttendanceMode\",\r\n            \"location\":\r\n            {\r\n                \"@type\": \"Place\",\r\n                                \"name\": \"Szko\u0142a Podstawowa w Bestwinie\",\r\n                \"image\": \"\",\r\n                \"address\": \"\"\r\n                            },\r\n            \"organizer\":\r\n            {\r\n                \"@type\": \"Person\",\r\n                \"name\": \"Gabriela Nguyen Nam\",\r\n                \"url\": \"\"\r\n            },\r\n            \"offers\":\r\n            {\r\n                \"url\": \"https:\/\/bazanakrakowskiej.pl\/index.php\/wydarzenia\/bazaart-junior-plus-taniec-wspolczesny-2\/\",\r\n                \"price\": \"\",\r\n                \"priceCurrency\": \"$\",\r\n                \"availability\": \"https:\/\/schema.org\/InStock\",\r\n                \"validFrom\": \"2026-05-25T00:00\"\r\n            },\r\n            \"performer\": \"\",\r\n            \"description\": \"&lt;p&gt;&lt;strong&gt;BazaART Junior PLUS\/Taniec wsp\u00f3\u0142czesny&lt;\/strong&gt;&lt;b&gt;&lt;br \/&gt; &lt;strong&gt;(gr. wiekowa 6-8 lat)&lt;\/strong&gt;&lt;br \/&gt; &lt;\/b&gt;zaj\u0119cia 2 razy w tygodniu&lt;\/p&gt; &lt;p&gt;&lt;strong&gt;Poniedzia\u0142ki&lt;\/strong&gt; godz. 16:00-17:30 (Szko\u0142a Podstawowa w Bestwinie)&lt;\/p&gt; &lt;p&gt;&lt;strong&gt;\u015arody&lt;\/strong&gt; godz.17:00- 18:30 (Szko\u0142a Podstawowa w Bestwinie)&lt;\/p&gt; &lt;p&gt;Koszt: 40 z\u0142 \/msc&lt;\/p&gt; &lt;p&gt;&nbsp;&lt;\/p&gt; &lt;p&gt;Wi\u0119cej o zaj\u0119ciach przeczytasz tutaj: &lt;a href=&quot;https:\/\/bazanakrakowskiej.pl\/index.php\/zajecia-taneczne\/&quot;&gt;Taniec wsp\u00f3\u0142czesny \u2013 BAZA NA KRAKOWSKIEJ&lt;\/a&gt;&lt;\/p&gt; \",\r\n            \"image\": \"\",\r\n            \"name\": \"BazaART Junior PLUS\/Taniec wsp\u00f3\u0142czesny\",\r\n            \"url\": \"https:\/\/bazanakrakowskiej.pl\/index.php\/wydarzenia\/bazaart-junior-plus-taniec-wspolczesny-2\/\"\r\n        }\r\n        <\/script>\r\n                            <article  data-href=\"https:\/\/bazanakrakowskiej.pl\/index.php\/wydarzenia\/bazaart-junior-plus-taniec-wspolczesny-2\/\" data-target=\"m1\" style=\"background:#f20c77\" class=\"mec-past-event mec-event-article mec-tile-item  mec-clear   \">\r\n                                                                        <div class=\"event-tile-view-head clearfix\">\r\n                                                            <div class=\"mec-event-month\"><span class=\"mec-start-date-label\" itemprop=\"startDate\">25 maj<\/span><\/div>\r\n                                                        <div class=\"mec-event-time\"><i class=\"mec-sl-clock\"><\/i>16:00<\/div>\r\n                        <\/div>\r\n                        <div class=\"mec-event-content\" data-target=\"m1\" data-event-id=\"8588\">\r\n                            <a href=\"https:\/\/bazanakrakowskiej.pl\/index.php\/wydarzenia\/bazaart-junior-plus-taniec-wspolczesny-2\/\" target=\"m1\" class=\"mec-tile-into-content-link\"><\/a>                            <div class=\"mec-tile-event-content\">\r\n                                <div class=\"mec-event-detail\">\r\n                                                                                                            <span class=\"mec-event-loc-place\"><i class=\"mec-sl-location-pin\"><\/i>Szko\u0142a Podstawowa w Bestwinie<\/span>                                                                    <\/div>\r\n                                                                <h4 class=\"mec-event-title\"><a class=\"mec-color-hover\"  data-event-id=\"8588\" href=\"https:\/\/bazanakrakowskiej.pl\/index.php\/wydarzenia\/bazaart-junior-plus-taniec-wspolczesny-2\/\" target=\"m1\" rel=\"noopener\">BazaART Junior PLUS\/Taniec wsp\u00f3\u0142czesny<\/a><\/h4>\r\n                                                            <\/div>\r\n                        <\/div>\r\n                    <\/article>\r\n                <\/div>            <div class=\"col-md-3 col-sm-3\">        <script type=\"application\/ld+json\">\r\n        {\r\n            \"@context\": \"http:\/\/schema.org\",\r\n            \"@type\": \"Event\",\r\n            \"eventStatus\": \"https:\/\/schema.org\/EventScheduled\",\r\n            \"startDate\": \"2026-05-25\",\r\n            \"endDate\": \"2026-05-25\",\r\n            \"eventAttendanceMode\": \"https:\/\/schema.org\/OfflineEventAttendanceMode\",\r\n            \"location\":\r\n            {\r\n                \"@type\": \"Place\",\r\n                                \"name\": \"Szko\u0142a Podstawowa w Bestwinie\",\r\n                \"image\": \"\",\r\n                \"address\": \"\"\r\n                            },\r\n            \"organizer\":\r\n            {\r\n                \"@type\": \"Person\",\r\n                \"name\": \"Gabriela Nguyen Nam\",\r\n                \"url\": \"\"\r\n            },\r\n            \"offers\":\r\n            {\r\n                \"url\": \"https:\/\/bazanakrakowskiej.pl\/index.php\/wydarzenia\/bazaart-taniec-wspolczesny-9-12-lat\/\",\r\n                \"price\": \"\",\r\n                \"priceCurrency\": \"$\",\r\n                \"availability\": \"https:\/\/schema.org\/InStock\",\r\n                \"validFrom\": \"2026-05-25T00:00\"\r\n            },\r\n            \"performer\": \"\",\r\n            \"description\": \"&lt;p&gt;&lt;strong&gt;BazaART \u2013 taniec wsp\u00f3\u0142czesny&lt;br \/&gt; &lt;\/strong&gt;&lt;strong&gt;(gr. wiekowa 9-12 lat)&lt;\/strong&gt;&lt;br \/&gt; zaj\u0119cia 2 razy w tygodniu&lt;\/p&gt; &lt;p&gt;&lt;strong&gt;Poniedzia\u0142ki&lt;\/strong&gt; godz. 17:30-19:00 (Szko\u0142a Podstawowa w Bestwinie)&lt;\/p&gt; &lt;p&gt;&lt;strong&gt;\u015arody&lt;\/strong&gt; godz.18:30-20:00 (Szko\u0142a Podstawowa w Bestwinie)&lt;\/p&gt; &lt;p&gt;Koszt:40 z\u0142\/ zaj\u0119cia&lt;\/p&gt; &lt;p&gt;Wi\u0119cej o zaj\u0119ciach przeczytasz tutaj: &lt;a href=&quot;https:\/\/bazanakrakowskiej.pl\/index.php\/zajecia-taneczne\/&quot;&gt;Taniec wsp\u00f3\u0142czesny \u2013 BAZA NA KRAKOWSKIEJ&lt;\/a&gt;&lt;\/p&gt; \",\r\n            \"image\": \"\",\r\n            \"name\": \"BazaART- taniec wsp\u00f3\u0142czesny 9-12 lat\",\r\n            \"url\": \"https:\/\/bazanakrakowskiej.pl\/index.php\/wydarzenia\/bazaart-taniec-wspolczesny-9-12-lat\/\"\r\n        }\r\n        <\/script>\r\n                            <article  data-href=\"https:\/\/bazanakrakowskiej.pl\/index.php\/wydarzenia\/bazaart-taniec-wspolczesny-9-12-lat\/\" data-target=\"m1\" style=\"background:#9548e2\" class=\"mec-past-event mec-event-article mec-tile-item  mec-clear   \">\r\n                                                                        <div class=\"event-tile-view-head clearfix\">\r\n                                                            <div class=\"mec-event-month\"><span class=\"mec-start-date-label\" itemprop=\"startDate\">25 maj<\/span><\/div>\r\n                                                        <div class=\"mec-event-time\"><i class=\"mec-sl-clock\"><\/i>17:30<\/div>\r\n                        <\/div>\r\n                        <div class=\"mec-event-content\" data-target=\"m1\" data-event-id=\"7938\">\r\n                            <a href=\"https:\/\/bazanakrakowskiej.pl\/index.php\/wydarzenia\/bazaart-taniec-wspolczesny-9-12-lat\/\" target=\"m1\" class=\"mec-tile-into-content-link\"><\/a>                            <div class=\"mec-tile-event-content\">\r\n                                <div class=\"mec-event-detail\">\r\n                                                                                                            <span class=\"mec-event-loc-place\"><i class=\"mec-sl-location-pin\"><\/i>Szko\u0142a Podstawowa w Bestwinie<\/span>                                                                    <\/div>\r\n                                                                <h4 class=\"mec-event-title\"><a class=\"mec-color-hover\"  data-event-id=\"7938\" href=\"https:\/\/bazanakrakowskiej.pl\/index.php\/wydarzenia\/bazaart-taniec-wspolczesny-9-12-lat\/\" target=\"m1\" rel=\"noopener\">BazaART- taniec wsp\u00f3\u0142czesny 9-12 lat<\/a><\/h4>\r\n                                                            <\/div>\r\n                        <\/div>\r\n                    <\/article>\r\n                <\/div>            <div class=\"col-md-3 col-sm-3\">        <script type=\"application\/ld+json\">\r\n        {\r\n            \"@context\": \"http:\/\/schema.org\",\r\n            \"@type\": \"Event\",\r\n            \"eventStatus\": \"https:\/\/schema.org\/EventScheduled\",\r\n            \"startDate\": \"2026-05-25\",\r\n            \"endDate\": \"2026-05-25\",\r\n            \"eventAttendanceMode\": \"https:\/\/schema.org\/OfflineEventAttendanceMode\",\r\n            \"location\":\r\n            {\r\n                \"@type\": \"Place\",\r\n                                \"name\": \"Baza na Krakowskiej\/ s. lustrzana\",\r\n                \"image\": \"\",\r\n                \"address\": \"\"\r\n                            },\r\n            \"organizer\":\r\n            {\r\n                \"@type\": \"Person\",\r\n                \"name\": \"Anna Porwit\",\r\n                \"url\": \"https:\/\/www.facebook.com\/pasjamojaity\"\r\n            },\r\n            \"offers\":\r\n            {\r\n                \"url\": \"https:\/\/bazanakrakowskiej.pl\/index.php\/wydarzenia\/stepstretch\/\",\r\n                \"price\": \"\",\r\n                \"priceCurrency\": \"$\",\r\n                \"availability\": \"https:\/\/schema.org\/InStock\",\r\n                \"validFrom\": \"2026-05-25T00:00\"\r\n            },\r\n            \"performer\": \"\",\r\n            \"description\": \"&lt;div id=&quot;fws_66c33680580d2&quot; class=&quot;wpb_row vc_row-fluid vc_row top-level &quot; data-column-margin=&quot;default&quot; data-midnight=&quot;dark&quot;&gt; &lt;div class=&quot;row_col_wrap_12 col span_12 dark left&quot;&gt; &lt;div class=&quot;vc_col-sm-8 wpb_column column_container vc_column_container col no-extra-padding inherit_tablet inherit_phone &quot; data-padding-pos=&quot;all&quot; data-has-bg-color=&quot;false&quot; data-bg-color=&quot;&quot; data-bg-opacity=&quot;1&quot; data-animation=&quot;&quot; data-delay=&quot;0&quot;&gt; &lt;div class=&quot;vc_column-inner&quot;&gt; &lt;div class=&quot;wpb_wrapper&quot;&gt; &lt;div class=&quot;wpb_text_column wpb_content_element &quot;&gt; &lt;div class=&quot;wpb_wrapper&quot;&gt; &lt;div class=&quot;vc_col-sm-8 wpb_column column_container vc_column_container col no-extra-padding inherit_tablet inherit_phone &quot; data-padding-pos=&quot;all&quot; data-has-bg-color=&quot;false&quot; data-bg-color=&quot;&quot; data-bg-opacity=&quot;1&quot; data-animation=&quot;&quot; data-delay=&quot;0&quot;&gt; &lt;div class=&quot;vc_column-inner&quot;&gt; &lt;div class=&quot;wpb_wrapper&quot;&gt; &lt;div class=&quot;wpb_text_column wpb_content_element &quot;&gt; &lt;div class=&quot;wpb_wrapper&quot;&gt; &lt;p&gt;Zapraszamy na wystrza\u0142owe zaj\u0119cia &lt;strong&gt;FITNESS&lt;\/strong&gt;, pod okiem wykwalifikowanej instruktorki!&lt;br \/&gt; Mo\u017cliwo\u015b\u0107 nabycia karnet\u00f3w!&lt;br \/&gt; Super atmosfera!&lt;br \/&gt; Materia\u0142y do \u0107wicze\u0144!&lt;\/p&gt; &lt;p&gt;\ud83d\udfe9Poniedzia\u0142ki \u25aa\ufe0fStep cardio- trening ze stepem&lt;br \/&gt; 18:00-19:00&lt;\/p&gt; &lt;p&gt;\ud83d\udfe6Wtorki \u25aa\ufe0fSi\u0142a i sylwetka- trening z obci\u0105\u017ceniem&lt;br \/&gt; 18:00-19:00&lt;\/p&gt; &lt;p&gt;\ud83d\udfeaCzwartki \u25aa\ufe0fMobility -trening rozci\u0105gaj\u0105cy&lt;br \/&gt; 18:45-19:45&lt;\/p&gt; &lt;p&gt;&nbsp;&lt;\/p&gt; &lt;p&gt;Instruktor: Anna Porwit\/&lt;a href=&quot;https:\/\/www.facebook.com\/pasjamojaity&quot;&gt;Pasjamojaity&lt;\/a&gt;&lt;\/p&gt; &lt;p&gt;Zapisy pod nr tel. 796 500 690&lt;\/p&gt; &lt;\/div&gt; &lt;\/div&gt; &lt;\/div&gt; &lt;\/div&gt; &lt;\/div&gt; &lt;div class=&quot;vc_col-sm-4 wpb_column column_container vc_column_container col no-extra-padding inherit_tablet inherit_phone &quot; data-padding-pos=&quot;all&quot; data-has-bg-color=&quot;false&quot; data-bg-color=&quot;&quot; data-bg-opacity=&quot;1&quot; data-animation=&quot;&quot; data-delay=&quot;0&quot;&gt; &lt;div class=&quot;vc_column-inner&quot;&gt; &lt;div class=&quot;wpb_wrapper&quot;&gt; &lt;div class=&quot;img-with-aniamtion-wrap &quot; data-max-width=&quot;100%&quot; data-max-width-mobile=&quot;default&quot; data-shadow=&quot;none&quot; data-animation=&quot;fade-in&quot;&gt; &lt;div class=&quot;inner&quot;&gt; &lt;div class=&quot;hover-wrap&quot;&gt; &lt;div class=&quot;hover-wrap-inner&quot;&gt;&lt;\/div&gt; &lt;\/div&gt; &lt;\/div&gt; &lt;\/div&gt; &lt;\/div&gt; &lt;\/div&gt; &lt;\/div&gt; &lt;\/div&gt; &lt;\/div&gt; &lt;\/div&gt; &lt;\/div&gt; &lt;\/div&gt; &lt;\/div&gt; &lt;\/div&gt; \",\r\n            \"image\": \"\",\r\n            \"name\": \"Zaj\u0119cia FITNESS Step cardio- trening ze stepem\",\r\n            \"url\": \"https:\/\/bazanakrakowskiej.pl\/index.php\/wydarzenia\/stepstretch\/\"\r\n        }\r\n        <\/script>\r\n                            <article  data-href=\"https:\/\/bazanakrakowskiej.pl\/index.php\/wydarzenia\/stepstretch\/\" data-target=\"m1\" style=\"background:#00e4e8\" class=\"mec-past-event mec-event-article mec-tile-item  mec-clear   \">\r\n                                                                        <div class=\"event-tile-view-head clearfix\">\r\n                                                            <div class=\"mec-event-month\"><span class=\"mec-start-date-label\" itemprop=\"startDate\">25 maj<\/span><\/div>\r\n                                                        <div class=\"mec-event-time\"><i class=\"mec-sl-clock\"><\/i>18:00<\/div>\r\n                        <\/div>\r\n                        <div class=\"mec-event-content\" data-target=\"m1\" data-event-id=\"7040\">\r\n                            <a href=\"https:\/\/bazanakrakowskiej.pl\/index.php\/wydarzenia\/stepstretch\/\" target=\"m1\" class=\"mec-tile-into-content-link\"><\/a>                            <div class=\"mec-tile-event-content\">\r\n                                <div class=\"mec-event-detail\">\r\n                                                                                                            <span class=\"mec-event-loc-place\"><i class=\"mec-sl-location-pin\"><\/i>Baza na Krakowskiej\/ s. lustrzana<\/span>                                                                    <\/div>\r\n                                                                <h4 class=\"mec-event-title\"><a class=\"mec-color-hover\"  data-event-id=\"7040\" href=\"https:\/\/bazanakrakowskiej.pl\/index.php\/wydarzenia\/stepstretch\/\" target=\"m1\" rel=\"noopener\">Zaj\u0119cia FITNESS Step cardio- trening ze stepem<\/a><\/h4>\r\n                                                            <\/div>\r\n                        <\/div>\r\n                    <\/article>\r\n                <\/div><\/div>                    <div class=\"row\"><div class=\"col-md-3 col-sm-3\">        <script type=\"application\/ld+json\">\r\n        {\r\n            \"@context\": \"http:\/\/schema.org\",\r\n            \"@type\": \"Event\",\r\n            \"eventStatus\": \"https:\/\/schema.org\/EventScheduled\",\r\n            \"startDate\": \"2026-05-26\",\r\n            \"endDate\": \"2026-05-26\",\r\n            \"eventAttendanceMode\": \"https:\/\/schema.org\/OfflineEventAttendanceMode\",\r\n            \"location\":\r\n            {\r\n                \"@type\": \"Place\",\r\n                                \"name\": \"Baza na Krakowskiej\",\r\n                \"image\": \"\",\r\n                \"address\": \"\"\r\n                            },\r\n            \"organizer\":\r\n            {\r\n                \"@type\": \"Person\",\r\n                \"name\": \"Barbara Niemczyk\",\r\n                \"url\": \"\"\r\n            },\r\n            \"offers\":\r\n            {\r\n                \"url\": \"https:\/\/bazanakrakowskiej.pl\/index.php\/wydarzenia\/przedprzedszkole-3\/\",\r\n                \"price\": \"\",\r\n                \"priceCurrency\": \"$\",\r\n                \"availability\": \"https:\/\/schema.org\/InStock\",\r\n                \"validFrom\": \"2026-05-26T00:00\"\r\n            },\r\n            \"performer\": \"\",\r\n            \"description\": \"&lt;p&gt;To zaj\u0119cia adaptacyjne dla dzieci &lt;strong&gt;2+&lt;\/strong&gt; (bez udzia\u0142u Rodzica), prowadzone wg autorskich scenariuszy, maj\u0105ce na celu przygotowanie maluch\u00f3w do p\u00f3j\u015bcia do przedszkola.&lt;\/p&gt; &lt;p&gt;&lt;strong&gt;NASZA OFERTA: &lt;\/strong&gt;&lt;\/p&gt; &lt;ul&gt; &lt;li&gt;Zaj\u0119cia 5 razy w tygodniu!&lt;\/li&gt; &lt;li&gt;Od poniedzia\u0142ku do pi\u0105tku w godzinach 8:00-13:00&lt;\/li&gt; &lt;li&gt;&lt;strong&gt;3&lt;\/strong&gt; abonamenty do wyboru + abonament indywidulany&lt;\/li&gt; &lt;li&gt;Nauka poprzez zabaw\u0119!&lt;\/li&gt; &lt;\/ul&gt; &lt;p&gt;&lt;strong&gt;Naszym celem jest:&lt;\/strong&gt;&lt;\/p&gt; &lt;p&gt;\u2013 nawi\u0105zywanie i wzmacnianie kontakt\u00f3w spo\u0142ecznych z dzie\u0107mi w grupie&lt;br \/&gt; \u2013 wdra\u017canie do samodzielno\u015bci poprzez nabywanie nowych umiej\u0119tno\u015bci&lt;br \/&gt; \u2013 stwarzanie warunk\u00f3w sprzyjaj\u0105cych wsp\u00f3lnej zabawie&lt;br \/&gt; \u2013 kszta\u0142towanie u dzieci zdolno\u015bci radzenia sobie w nowych sytuacjach&lt;br \/&gt; \u2013 zach\u0119canie do udzia\u0142u w zaj\u0119ciach artystycznych, plastycznych itp.&lt;\/p&gt; &lt;p&gt;&lt;strong&gt;Zapewniamy:&lt;\/strong&gt;&lt;\/p&gt; &lt;p&gt;\u2013 troskliw\u0105 opiek\u0119 i bezpiecze\u0144stwo&lt;br \/&gt; \u2013 przestronne sale, przystosowane do potrzeb dzieci&lt;br \/&gt; \u2013 zabawki, materia\u0142y edukacyjne&lt;br \/&gt; \u2013 zaj\u0119cia plastyczne, muzyczne itp.&lt;br \/&gt; \u2013 indywidulane podej\u015bcie do dziecka&lt;\/p&gt; &lt;p&gt;Szczeg\u00f3\u0142y tutaj: &lt;a href=&quot;https:\/\/bazanakrakowskiej.pl\/index.php\/przedprzedszkole\/&quot;&gt;https:\/\/bazanakrakowskiej.pl\/index.php\/przedprzedszkole\/&lt;\/a&gt;&lt;\/p&gt; \",\r\n            \"image\": \"\",\r\n            \"name\": \"PrzedPrzedszkole\",\r\n            \"url\": \"https:\/\/bazanakrakowskiej.pl\/index.php\/wydarzenia\/przedprzedszkole-3\/\"\r\n        }\r\n        <\/script>\r\n                            <article  data-href=\"https:\/\/bazanakrakowskiej.pl\/index.php\/wydarzenia\/przedprzedszkole-3\/\" data-target=\"m1\" style=\"background:#eae019\" class=\"mec-past-event mec-event-article mec-tile-item  mec-clear   \">\r\n                                                                        <div class=\"event-tile-view-head clearfix\">\r\n                                                            <div class=\"mec-event-month\"><span class=\"mec-start-date-label\" itemprop=\"startDate\">26 maj<\/span><\/div>\r\n                                                        <div class=\"mec-event-time\"><i class=\"mec-sl-clock\"><\/i>08:00<\/div>\r\n                        <\/div>\r\n                        <div class=\"mec-event-content\" data-target=\"m1\" data-event-id=\"7050\">\r\n                            <a href=\"https:\/\/bazanakrakowskiej.pl\/index.php\/wydarzenia\/przedprzedszkole-3\/\" target=\"m1\" class=\"mec-tile-into-content-link\"><\/a>                            <div class=\"mec-tile-event-content\">\r\n                                <div class=\"mec-event-detail\">\r\n                                                                                                            <span class=\"mec-event-loc-place\"><i class=\"mec-sl-location-pin\"><\/i>Baza na Krakowskiej<\/span>                                                                    <\/div>\r\n                                                                <h4 class=\"mec-event-title\"><a class=\"mec-color-hover\"  data-event-id=\"7050\" href=\"https:\/\/bazanakrakowskiej.pl\/index.php\/wydarzenia\/przedprzedszkole-3\/\" target=\"m1\" rel=\"noopener\">PrzedPrzedszkole<\/a><\/h4>\r\n                                                            <\/div>\r\n                        <\/div>\r\n                    <\/article>\r\n                <\/div>            <div class=\"col-md-3 col-sm-3\">        <script type=\"application\/ld+json\">\r\n        {\r\n            \"@context\": \"http:\/\/schema.org\",\r\n            \"@type\": \"Event\",\r\n            \"eventStatus\": \"https:\/\/schema.org\/EventScheduled\",\r\n            \"startDate\": \"2026-05-26\",\r\n            \"endDate\": \"2026-05-26\",\r\n            \"eventAttendanceMode\": \"https:\/\/schema.org\/OfflineEventAttendanceMode\",\r\n            \"location\":\r\n            {\r\n                \"@type\": \"Place\",\r\n                                \"name\": \"Baza na Krakowskiej\/ s. lustrzana\",\r\n                \"image\": \"\",\r\n                \"address\": \"\"\r\n                            },\r\n            \"organizer\":\r\n            {\r\n                \"@type\": \"Person\",\r\n                \"name\": \"Anna Porwit\",\r\n                \"url\": \"https:\/\/www.facebook.com\/pasjamojaity\"\r\n            },\r\n            \"offers\":\r\n            {\r\n                \"url\": \"https:\/\/bazanakrakowskiej.pl\/index.php\/wydarzenia\/zajecia-fitness\/\",\r\n                \"price\": \"\",\r\n                \"priceCurrency\": \"$\",\r\n                \"availability\": \"https:\/\/schema.org\/InStock\",\r\n                \"validFrom\": \"2026-05-26T00:00\"\r\n            },\r\n            \"performer\": \"\",\r\n            \"description\": \"&lt;div class=&quot;vc_col-sm-8 wpb_column column_container vc_column_container col no-extra-padding inherit_tablet inherit_phone &quot; data-padding-pos=&quot;all&quot; data-has-bg-color=&quot;false&quot; data-bg-color=&quot;&quot; data-bg-opacity=&quot;1&quot; data-animation=&quot;&quot; data-delay=&quot;0&quot;&gt; &lt;div class=&quot;vc_column-inner&quot;&gt; &lt;div class=&quot;wpb_wrapper&quot;&gt; &lt;div class=&quot;wpb_text_column wpb_content_element &quot;&gt; &lt;div class=&quot;wpb_wrapper&quot;&gt; &lt;div class=&quot;vc_col-sm-8 wpb_column column_container vc_column_container col no-extra-padding inherit_tablet inherit_phone &quot; data-padding-pos=&quot;all&quot; data-has-bg-color=&quot;false&quot; data-bg-color=&quot;&quot; data-bg-opacity=&quot;1&quot; data-animation=&quot;&quot; data-delay=&quot;0&quot;&gt; &lt;div class=&quot;vc_column-inner&quot;&gt; &lt;div class=&quot;wpb_wrapper&quot;&gt; &lt;div class=&quot;wpb_text_column wpb_content_element &quot;&gt; &lt;div class=&quot;wpb_wrapper&quot;&gt; &lt;p&gt;Zapraszamy na wystrza\u0142owe zaj\u0119cia &lt;strong&gt;FITNESS&lt;\/strong&gt;, pod okiem wykwalifikowanej instruktorki!&lt;br \/&gt; Mo\u017cliwo\u015b\u0107 nabycia karnet\u00f3w!&lt;br \/&gt; Super atmosfera!&lt;br \/&gt; Materia\u0142y do \u0107wicze\u0144!&lt;\/p&gt; &lt;p&gt;\ud83d\udfe9Poniedzia\u0142ki \u25aa\ufe0fStep cardio- trening ze stepem&lt;br \/&gt; 18:00-19:00&lt;\/p&gt; &lt;p&gt;\ud83d\udfe6Wtorki \u25aa\ufe0fSi\u0142a i sylwetka- trening z obci\u0105\u017ceniem&lt;br \/&gt; 18:00-19:00&lt;\/p&gt; &lt;p&gt;\ud83d\udfeaCzwartki \u25aa\ufe0fMobility -trening rozci\u0105gaj\u0105cy&lt;br \/&gt; 18:45-19:45&lt;\/p&gt; &lt;p&gt;&nbsp;&lt;\/p&gt; &lt;p&gt;Instruktor: Anna Porwit\/&lt;a href=&quot;https:\/\/www.facebook.com\/pasjamojaity&quot;&gt;Pasjamojaity&lt;\/a&gt;&lt;\/p&gt; &lt;p&gt;Zapisy pod nr tel. 796 500 690&lt;\/p&gt; &lt;p&gt;&nbsp;&lt;\/p&gt; &lt;div class=&quot;vc_col-sm-4 wpb_column column_container vc_column_container col no-extra-padding inherit_tablet inherit_phone &quot; data-padding-pos=&quot;all&quot; data-has-bg-color=&quot;false&quot; data-bg-color=&quot;&quot; data-bg-opacity=&quot;1&quot; data-animation=&quot;&quot; data-delay=&quot;0&quot;&gt; &lt;div class=&quot;vc_column-inner&quot;&gt; &lt;div class=&quot;wpb_wrapper&quot;&gt; &lt;div class=&quot;img-with-aniamtion-wrap &quot; data-max-width=&quot;100%&quot; data-max-width-mobile=&quot;default&quot; data-shadow=&quot;none&quot; data-animation=&quot;fade-in&quot;&gt; &lt;div class=&quot;inner&quot;&gt; &lt;div class=&quot;hover-wrap&quot;&gt; &lt;div class=&quot;hover-wrap-inner&quot;&gt;&lt;\/div&gt; &lt;\/div&gt; &lt;\/div&gt; &lt;\/div&gt; &lt;\/div&gt; &lt;\/div&gt; &lt;\/div&gt; &lt;\/div&gt; &lt;\/div&gt; &lt;\/div&gt; &lt;\/div&gt; &lt;\/div&gt; &lt;div class=&quot;vc_col-sm-4 wpb_column column_container vc_column_container col no-extra-padding inherit_tablet inherit_phone &quot; data-padding-pos=&quot;all&quot; data-has-bg-color=&quot;false&quot; data-bg-color=&quot;&quot; data-bg-opacity=&quot;1&quot; data-animation=&quot;&quot; data-delay=&quot;0&quot;&gt; &lt;div class=&quot;vc_column-inner&quot;&gt; &lt;div class=&quot;wpb_wrapper&quot;&gt; &lt;div class=&quot;img-with-aniamtion-wrap &quot; data-max-width=&quot;100%&quot; data-max-width-mobile=&quot;default&quot; data-shadow=&quot;none&quot; data-animation=&quot;fade-in&quot;&gt; &lt;div class=&quot;inner&quot;&gt; &lt;div class=&quot;hover-wrap&quot;&gt; &lt;div class=&quot;hover-wrap-inner&quot;&gt;&lt;\/div&gt; &lt;\/div&gt; &lt;\/div&gt; &lt;\/div&gt; &lt;\/div&gt; &lt;\/div&gt; &lt;\/div&gt; &lt;\/div&gt; &lt;\/div&gt; &lt;\/div&gt; &lt;\/div&gt; &lt;\/div&gt; \",\r\n            \"image\": \"\",\r\n            \"name\": \"Zaj\u0119cia FITNESS Si\u0142a i sylwetka- trening z obci\u0105\u017ceniem\",\r\n            \"url\": \"https:\/\/bazanakrakowskiej.pl\/index.php\/wydarzenia\/zajecia-fitness\/\"\r\n        }\r\n        <\/script>\r\n                            <article  data-href=\"https:\/\/bazanakrakowskiej.pl\/index.php\/wydarzenia\/zajecia-fitness\/\" data-target=\"m1\" style=\"background:#00e4e8\" class=\"mec-past-event mec-event-article mec-tile-item  mec-clear   \">\r\n                                                                        <div class=\"event-tile-view-head clearfix\">\r\n                                                            <div class=\"mec-event-month\"><span class=\"mec-start-date-label\" itemprop=\"startDate\">26 maj<\/span><\/div>\r\n                                                        <div class=\"mec-event-time\"><i class=\"mec-sl-clock\"><\/i>18:00<\/div>\r\n                        <\/div>\r\n                        <div class=\"mec-event-content\" data-target=\"m1\" data-event-id=\"6923\">\r\n                            <a href=\"https:\/\/bazanakrakowskiej.pl\/index.php\/wydarzenia\/zajecia-fitness\/\" target=\"m1\" class=\"mec-tile-into-content-link\"><\/a>                            <div class=\"mec-tile-event-content\">\r\n                                <div class=\"mec-event-detail\">\r\n                                                                                                            <span class=\"mec-event-loc-place\"><i class=\"mec-sl-location-pin\"><\/i>Baza na Krakowskiej\/ s. lustrzana<\/span>                                                                    <\/div>\r\n                                                                <h4 class=\"mec-event-title\"><a class=\"mec-color-hover\"  data-event-id=\"6923\" href=\"https:\/\/bazanakrakowskiej.pl\/index.php\/wydarzenia\/zajecia-fitness\/\" target=\"m1\" rel=\"noopener\">Zaj\u0119cia FITNESS Si\u0142a i sylwetka- trening z obci\u0105\u017ceniem<\/a><\/h4>\r\n                                                            <\/div>\r\n                        <\/div>\r\n                    <\/article>\r\n                <\/div>                    <div class=\"col-md-3 col-sm-3\">        <script type=\"application\/ld+json\">\r\n        {\r\n            \"@context\": \"http:\/\/schema.org\",\r\n            \"@type\": \"Event\",\r\n            \"eventStatus\": \"https:\/\/schema.org\/EventScheduled\",\r\n            \"startDate\": \"2026-05-27\",\r\n            \"endDate\": \"2026-05-27\",\r\n            \"eventAttendanceMode\": \"https:\/\/schema.org\/OfflineEventAttendanceMode\",\r\n            \"location\":\r\n            {\r\n                \"@type\": \"Place\",\r\n                                \"name\": \"Baza na Krakowskiej\",\r\n                \"image\": \"\",\r\n                \"address\": \"\"\r\n                            },\r\n            \"organizer\":\r\n            {\r\n                \"@type\": \"Person\",\r\n                \"name\": \"Barbara Niemczyk\",\r\n                \"url\": \"\"\r\n            },\r\n            \"offers\":\r\n            {\r\n                \"url\": \"https:\/\/bazanakrakowskiej.pl\/index.php\/wydarzenia\/przedprzedszkole-3\/\",\r\n                \"price\": \"\",\r\n                \"priceCurrency\": \"$\",\r\n                \"availability\": \"https:\/\/schema.org\/InStock\",\r\n                \"validFrom\": \"2026-05-27T00:00\"\r\n            },\r\n            \"performer\": \"\",\r\n            \"description\": \"&lt;p&gt;To zaj\u0119cia adaptacyjne dla dzieci &lt;strong&gt;2+&lt;\/strong&gt; (bez udzia\u0142u Rodzica), prowadzone wg autorskich scenariuszy, maj\u0105ce na celu przygotowanie maluch\u00f3w do p\u00f3j\u015bcia do przedszkola.&lt;\/p&gt; &lt;p&gt;&lt;strong&gt;NASZA OFERTA: &lt;\/strong&gt;&lt;\/p&gt; &lt;ul&gt; &lt;li&gt;Zaj\u0119cia 5 razy w tygodniu!&lt;\/li&gt; &lt;li&gt;Od poniedzia\u0142ku do pi\u0105tku w godzinach 8:00-13:00&lt;\/li&gt; &lt;li&gt;&lt;strong&gt;3&lt;\/strong&gt; abonamenty do wyboru + abonament indywidulany&lt;\/li&gt; &lt;li&gt;Nauka poprzez zabaw\u0119!&lt;\/li&gt; &lt;\/ul&gt; &lt;p&gt;&lt;strong&gt;Naszym celem jest:&lt;\/strong&gt;&lt;\/p&gt; &lt;p&gt;\u2013 nawi\u0105zywanie i wzmacnianie kontakt\u00f3w spo\u0142ecznych z dzie\u0107mi w grupie&lt;br \/&gt; \u2013 wdra\u017canie do samodzielno\u015bci poprzez nabywanie nowych umiej\u0119tno\u015bci&lt;br \/&gt; \u2013 stwarzanie warunk\u00f3w sprzyjaj\u0105cych wsp\u00f3lnej zabawie&lt;br \/&gt; \u2013 kszta\u0142towanie u dzieci zdolno\u015bci radzenia sobie w nowych sytuacjach&lt;br \/&gt; \u2013 zach\u0119canie do udzia\u0142u w zaj\u0119ciach artystycznych, plastycznych itp.&lt;\/p&gt; &lt;p&gt;&lt;strong&gt;Zapewniamy:&lt;\/strong&gt;&lt;\/p&gt; &lt;p&gt;\u2013 troskliw\u0105 opiek\u0119 i bezpiecze\u0144stwo&lt;br \/&gt; \u2013 przestronne sale, przystosowane do potrzeb dzieci&lt;br \/&gt; \u2013 zabawki, materia\u0142y edukacyjne&lt;br \/&gt; \u2013 zaj\u0119cia plastyczne, muzyczne itp.&lt;br \/&gt; \u2013 indywidulane podej\u015bcie do dziecka&lt;\/p&gt; &lt;p&gt;Szczeg\u00f3\u0142y tutaj: &lt;a href=&quot;https:\/\/bazanakrakowskiej.pl\/index.php\/przedprzedszkole\/&quot;&gt;https:\/\/bazanakrakowskiej.pl\/index.php\/przedprzedszkole\/&lt;\/a&gt;&lt;\/p&gt; \",\r\n            \"image\": \"\",\r\n            \"name\": \"PrzedPrzedszkole\",\r\n            \"url\": \"https:\/\/bazanakrakowskiej.pl\/index.php\/wydarzenia\/przedprzedszkole-3\/\"\r\n        }\r\n        <\/script>\r\n                            <article  data-href=\"https:\/\/bazanakrakowskiej.pl\/index.php\/wydarzenia\/przedprzedszkole-3\/\" data-target=\"m1\" style=\"background:#eae019\" class=\"mec-past-event mec-event-article mec-tile-item  mec-clear   \">\r\n                                                                        <div class=\"event-tile-view-head clearfix\">\r\n                                                            <div class=\"mec-event-month\"><span class=\"mec-start-date-label\" itemprop=\"startDate\">27 maj<\/span><\/div>\r\n                                                        <div class=\"mec-event-time\"><i class=\"mec-sl-clock\"><\/i>08:00<\/div>\r\n                        <\/div>\r\n                        <div class=\"mec-event-content\" data-target=\"m1\" data-event-id=\"7050\">\r\n                            <a href=\"https:\/\/bazanakrakowskiej.pl\/index.php\/wydarzenia\/przedprzedszkole-3\/\" target=\"m1\" class=\"mec-tile-into-content-link\"><\/a>                            <div class=\"mec-tile-event-content\">\r\n                                <div class=\"mec-event-detail\">\r\n                                                                                                            <span class=\"mec-event-loc-place\"><i class=\"mec-sl-location-pin\"><\/i>Baza na Krakowskiej<\/span>                                                                    <\/div>\r\n                                                                <h4 class=\"mec-event-title\"><a class=\"mec-color-hover\"  data-event-id=\"7050\" href=\"https:\/\/bazanakrakowskiej.pl\/index.php\/wydarzenia\/przedprzedszkole-3\/\" target=\"m1\" rel=\"noopener\">PrzedPrzedszkole<\/a><\/h4>\r\n                                                            <\/div>\r\n                        <\/div>\r\n                    <\/article>\r\n                <\/div>            <div class=\"col-md-3 col-sm-3\">        <script type=\"application\/ld+json\">\r\n        {\r\n            \"@context\": \"http:\/\/schema.org\",\r\n            \"@type\": \"Event\",\r\n            \"eventStatus\": \"https:\/\/schema.org\/EventScheduled\",\r\n            \"startDate\": \"2026-05-27\",\r\n            \"endDate\": \"2026-05-27\",\r\n            \"eventAttendanceMode\": \"https:\/\/schema.org\/OfflineEventAttendanceMode\",\r\n            \"location\":\r\n            {\r\n                \"@type\": \"Place\",\r\n                                \"name\": \"Szko\u0142a Podstawowa w Bestwinie\",\r\n                \"image\": \"\",\r\n                \"address\": \"\"\r\n                            },\r\n            \"organizer\":\r\n            {\r\n                \"@type\": \"Person\",\r\n                \"name\": \"Gabriela Nguyen Nam\",\r\n                \"url\": \"\"\r\n            },\r\n            \"offers\":\r\n            {\r\n                \"url\": \"https:\/\/bazanakrakowskiej.pl\/index.php\/wydarzenia\/bazaart-junior-taniec-wspolczesny\/\",\r\n                \"price\": \"\",\r\n                \"priceCurrency\": \"$\",\r\n                \"availability\": \"https:\/\/schema.org\/InStock\",\r\n                \"validFrom\": \"2026-05-27T00:00\"\r\n            },\r\n            \"performer\": \"\",\r\n            \"description\": \"&lt;p&gt;&lt;strong&gt;BazaART Junior \/Taniec wsp\u00f3\u0142czesny&lt;\/strong&gt;&lt;b&gt;&lt;br \/&gt; &lt;strong&gt;(gr. wiekowa 6-8 lat)&lt;\/strong&gt;&lt;br \/&gt; &lt;\/b&gt;zaj\u0119cia 2 razy w tygodniu&lt;\/p&gt; &lt;p&gt;&lt;strong&gt;Poniedzia\u0142ki&lt;\/strong&gt; godz. 16:00-17:00 (Szko\u0142a Podstawowa w Bestwinie)&lt;\/p&gt; &lt;p&gt;&lt;strong&gt;\u015arody&lt;\/strong&gt; godz.15:30-17:00 (Szko\u0142a Podstawowa w Bestwinie)&lt;\/p&gt; &lt;p&gt;Koszt: 40 z\u0142 \/msc&lt;\/p&gt; &lt;p&gt;&nbsp;&lt;\/p&gt; &lt;p&gt;Wi\u0119cej o zaj\u0119ciach przeczytasz tutaj: &lt;a href=&quot;https:\/\/bazanakrakowskiej.pl\/index.php\/zajecia-taneczne\/&quot;&gt;Taniec wsp\u00f3\u0142czesny \u2013 BAZA NA KRAKOWSKIEJ&lt;\/a&gt;&lt;\/p&gt; \",\r\n            \"image\": \"\",\r\n            \"name\": \"BazaART Junior- taniec wsp\u00f3\u0142czesny 6-8 lat\",\r\n            \"url\": \"https:\/\/bazanakrakowskiej.pl\/index.php\/wydarzenia\/bazaart-junior-taniec-wspolczesny\/\"\r\n        }\r\n        <\/script>\r\n                            <article  data-href=\"https:\/\/bazanakrakowskiej.pl\/index.php\/wydarzenia\/bazaart-junior-taniec-wspolczesny\/\" data-target=\"m1\" style=\"background:#f2823c\" class=\"mec-past-event mec-event-article mec-tile-item  mec-clear   \">\r\n                                                                        <div class=\"event-tile-view-head clearfix\">\r\n                                                            <div class=\"mec-event-month\"><span class=\"mec-start-date-label\" itemprop=\"startDate\">27 maj<\/span><\/div>\r\n                                                        <div class=\"mec-event-time\"><i class=\"mec-sl-clock\"><\/i>15:30<\/div>\r\n                        <\/div>\r\n                        <div class=\"mec-event-content\" data-target=\"m1\" data-event-id=\"7935\">\r\n                            <a href=\"https:\/\/bazanakrakowskiej.pl\/index.php\/wydarzenia\/bazaart-junior-taniec-wspolczesny\/\" target=\"m1\" class=\"mec-tile-into-content-link\"><\/a>                            <div class=\"mec-tile-event-content\">\r\n                                <div class=\"mec-event-detail\">\r\n                                                                                                            <span class=\"mec-event-loc-place\"><i class=\"mec-sl-location-pin\"><\/i>Szko\u0142a Podstawowa w Bestwinie<\/span>                                                                    <\/div>\r\n                                                                <h4 class=\"mec-event-title\"><a class=\"mec-color-hover\"  data-event-id=\"7935\" href=\"https:\/\/bazanakrakowskiej.pl\/index.php\/wydarzenia\/bazaart-junior-taniec-wspolczesny\/\" target=\"m1\" rel=\"noopener\">BazaART Junior- taniec wsp\u00f3\u0142czesny 6-8 lat<\/a><\/h4>\r\n                                                            <\/div>\r\n                        <\/div>\r\n                    <\/article>\r\n                <\/div><\/div>            <div class=\"row\"><div class=\"col-md-3 col-sm-3\">        <script type=\"application\/ld+json\">\r\n        {\r\n            \"@context\": \"http:\/\/schema.org\",\r\n            \"@type\": \"Event\",\r\n            \"eventStatus\": \"https:\/\/schema.org\/EventScheduled\",\r\n            \"startDate\": \"2026-05-27\",\r\n            \"endDate\": \"2026-05-27\",\r\n            \"eventAttendanceMode\": \"https:\/\/schema.org\/OfflineEventAttendanceMode\",\r\n            \"location\":\r\n            {\r\n                \"@type\": \"Place\",\r\n                                \"name\": \"Baza na Krakowskiej\/ s. lustrzana\",\r\n                \"image\": \"\",\r\n                \"address\": \"\"\r\n                            },\r\n            \"organizer\":\r\n            {\r\n                \"@type\": \"Person\",\r\n                \"name\": \"Paulina Gw\u00f3\u017ad\u017a\",\r\n                \"url\": \"https:\/\/www.instagram.com\/studio.gwozdz\/\"\r\n            },\r\n            \"offers\":\r\n            {\r\n                \"url\": \"https:\/\/bazanakrakowskiej.pl\/index.php\/wydarzenia\/kurs-tanca-towarzyskiego-dla-dzieci\/\",\r\n                \"price\": \"\",\r\n                \"priceCurrency\": \"$\",\r\n                \"availability\": \"https:\/\/schema.org\/InStock\",\r\n                \"validFrom\": \"2026-05-27T00:00\"\r\n            },\r\n            \"performer\": \"\",\r\n            \"description\": \"&lt;p&gt;&lt;span style=&quot;color: #993366;&quot;&gt;&lt;strong&gt;KURS TA\u0143CA TOWARZYSKIEGO dla dzieci! &lt;\/strong&gt;&lt;\/span&gt;&lt;br \/&gt; Czeka nas spora dawka ruchu i przede wszystkim dobra zabawa!&lt;\/p&gt; &lt;p&gt;Koszt 140 z\u0142\/msc&lt;\/p&gt; &lt;p&gt;Zaj\u0119cia w ka\u017cd\u0105 \u015brod\u0119 od godz.&lt;span style=&quot;color: #993366;&quot;&gt;16:30-17:30&lt;\/span&gt;&lt;br \/&gt; Zapraszamy dzieci w wieku od 5-8 lat.&lt;\/p&gt; &lt;p&gt;Zaj\u0119cia podsumowane b\u0119d\u0105 pokazem ta\u0144ca podczas wyst\u0119pu \u015bwi\u0105tecznego oraz corocznej GALI \ud83d\ude42&lt;\/p&gt; &lt;p&gt;Zaj\u0119cia poprowadzi &lt;span style=&quot;color: #993366;&quot;&gt;&lt;strong&gt;Paulina Gw\u00f3\u017ad\u017a&lt;\/strong&gt;&lt;\/span&gt;, tancerka ta\u0144ca towarzyskiego od ponad 18 lat. Na swojej tanecznej drodze szkoli\u0142a si\u0119 u mistrz\u00f3w \u015awiata, Europy i Polski. Posiada najwy\u017csz\u0105 mi\u0119dzynarodow\u0105 klas\u0119 taneczn\u0105 &#8222;S&#8221; w ta\u0144cach latynoameryka\u0144skich.&lt;\/p&gt; &lt;p&gt;Zapisy i informacje pod nr tel. 731 251 102.&lt;br \/&gt; Ograniczona ilo\u015b\u0107 miejsc.&lt;\/p&gt; &lt;p&gt;&nbsp;&lt;\/p&gt; &lt;div class=&quot;figure&quot;&gt;&lt;img loading=&quot;lazy&quot; decoding=&quot;async&quot; class=&quot;alignnone size-medium wp-image-8361&quot; src=&quot;https:\/\/bazanakrakowskiej.pl\/wp-content\/uploads\/2025\/07\/Taniec-212x300.png&quot; alt=&quot;&quot; width=&quot;212&quot; height=&quot;300&quot; srcset=&quot;https:\/\/bazanakrakowskiej.pl\/wp-content\/uploads\/2025\/07\/Taniec-212x300.png 212w, https:\/\/bazanakrakowskiej.pl\/wp-content\/uploads\/2025\/07\/Taniec-724x1024.png 724w, https:\/\/bazanakrakowskiej.pl\/wp-content\/uploads\/2025\/07\/Taniec-768x1086.png 768w, https:\/\/bazanakrakowskiej.pl\/wp-content\/uploads\/2025\/07\/Taniec-1086x1536.png 1086w, https:\/\/bazanakrakowskiej.pl\/wp-content\/uploads\/2025\/07\/Taniec-1448x2048.png 1448w, https:\/\/bazanakrakowskiej.pl\/wp-content\/uploads\/2025\/07\/Taniec.png 1587w&quot; sizes=&quot;auto, (max-width: 212px) 100vw, 212px&quot; \/&gt;&lt;\/div&gt; \",\r\n            \"image\": \"\",\r\n            \"name\": \"Kurs ta\u0144ca towarzyskiego dla dzieci\",\r\n            \"url\": \"https:\/\/bazanakrakowskiej.pl\/index.php\/wydarzenia\/kurs-tanca-towarzyskiego-dla-dzieci\/\"\r\n        }\r\n        <\/script>\r\n                            <article  data-href=\"https:\/\/bazanakrakowskiej.pl\/index.php\/wydarzenia\/kurs-tanca-towarzyskiego-dla-dzieci\/\" data-target=\"m1\" style=\"background:#f46ee2\" class=\"mec-past-event mec-event-article mec-tile-item  mec-clear   \">\r\n                                                                        <div class=\"event-tile-view-head clearfix\">\r\n                                                            <div class=\"mec-event-month\"><span class=\"mec-start-date-label\" itemprop=\"startDate\">27 maj<\/span><\/div>\r\n                                                        <div class=\"mec-event-time\"><i class=\"mec-sl-clock\"><\/i>16:30<\/div>\r\n                        <\/div>\r\n                        <div class=\"mec-event-content\" data-target=\"m1\" data-event-id=\"7459\">\r\n                            <a href=\"https:\/\/bazanakrakowskiej.pl\/index.php\/wydarzenia\/kurs-tanca-towarzyskiego-dla-dzieci\/\" target=\"m1\" class=\"mec-tile-into-content-link\"><\/a>                            <div class=\"mec-tile-event-content\">\r\n                                <div class=\"mec-event-detail\">\r\n                                                                                                            <span class=\"mec-event-loc-place\"><i class=\"mec-sl-location-pin\"><\/i>Baza na Krakowskiej\/ s. lustrzana<\/span>                                                                    <\/div>\r\n                                                                <h4 class=\"mec-event-title\"><a class=\"mec-color-hover\"  data-event-id=\"7459\" href=\"https:\/\/bazanakrakowskiej.pl\/index.php\/wydarzenia\/kurs-tanca-towarzyskiego-dla-dzieci\/\" target=\"m1\" rel=\"noopener\">Kurs ta\u0144ca towarzyskiego dla dzieci<\/a><\/h4>\r\n                                                            <\/div>\r\n                        <\/div>\r\n                    <\/article>\r\n                <\/div>            <div class=\"col-md-3 col-sm-3\">        <script type=\"application\/ld+json\">\r\n        {\r\n            \"@context\": \"http:\/\/schema.org\",\r\n            \"@type\": \"Event\",\r\n            \"eventStatus\": \"https:\/\/schema.org\/EventScheduled\",\r\n            \"startDate\": \"2026-05-27\",\r\n            \"endDate\": \"2026-05-27\",\r\n            \"eventAttendanceMode\": \"https:\/\/schema.org\/OfflineEventAttendanceMode\",\r\n            \"location\":\r\n            {\r\n                \"@type\": \"Place\",\r\n                                \"name\": \"Szko\u0142a Podstawowa w Bestwinie\",\r\n                \"image\": \"\",\r\n                \"address\": \"\"\r\n                            },\r\n            \"organizer\":\r\n            {\r\n                \"@type\": \"Person\",\r\n                \"name\": \"Gabriela Nguyen Nam\",\r\n                \"url\": \"\"\r\n            },\r\n            \"offers\":\r\n            {\r\n                \"url\": \"https:\/\/bazanakrakowskiej.pl\/index.php\/wydarzenia\/bazaart-junior-plus-taniec-wspolczesny\/\",\r\n                \"price\": \"\",\r\n                \"priceCurrency\": \"$\",\r\n                \"availability\": \"https:\/\/schema.org\/InStock\",\r\n                \"validFrom\": \"2026-05-27T00:00\"\r\n            },\r\n            \"performer\": \"\",\r\n            \"description\": \"&lt;p&gt;&lt;strong&gt;BazaART Junior PLUS\/Taniec wsp\u00f3\u0142czesny&lt;\/strong&gt;&lt;b&gt;&lt;br \/&gt; &lt;strong&gt;(gr. wiekowa 6-8 lat)&lt;\/strong&gt;&lt;br \/&gt; &lt;\/b&gt;zaj\u0119cia 2 razy w tygodniu&lt;\/p&gt; &lt;p&gt;&lt;strong&gt;Poniedzia\u0142ki&lt;\/strong&gt; godz. 16:00-17:30 (Szko\u0142a Podstawowa w Bestwinie)&lt;\/p&gt; &lt;p&gt;&lt;strong&gt;\u015arody&lt;\/strong&gt; godz.17:00- 18:30 (Szko\u0142a Podstawowa w Bestwinie)&lt;\/p&gt; &lt;p&gt;Koszt: 40 z\u0142 \/msc&lt;\/p&gt; &lt;p&gt;&nbsp;&lt;\/p&gt; &lt;p&gt;Wi\u0119cej o zaj\u0119ciach przeczytasz tutaj: &lt;a href=&quot;https:\/\/bazanakrakowskiej.pl\/index.php\/zajecia-taneczne\/&quot;&gt;Taniec wsp\u00f3\u0142czesny \u2013 BAZA NA KRAKOWSKIEJ&lt;\/a&gt;&lt;\/p&gt; \",\r\n            \"image\": \"\",\r\n            \"name\": \"BazaART Junior PLUS \/Taniec wsp\u00f3\u0142czesny\",\r\n            \"url\": \"https:\/\/bazanakrakowskiej.pl\/index.php\/wydarzenia\/bazaart-junior-plus-taniec-wspolczesny\/\"\r\n        }\r\n        <\/script>\r\n                            <article  data-href=\"https:\/\/bazanakrakowskiej.pl\/index.php\/wydarzenia\/bazaart-junior-plus-taniec-wspolczesny\/\" data-target=\"m1\" style=\"background:#f20c77\" class=\"mec-past-event mec-event-article mec-tile-item  mec-clear   \">\r\n                                                                        <div class=\"event-tile-view-head clearfix\">\r\n                                                            <div class=\"mec-event-month\"><span class=\"mec-start-date-label\" itemprop=\"startDate\">27 maj<\/span><\/div>\r\n                                                        <div class=\"mec-event-time\"><i class=\"mec-sl-clock\"><\/i>17:00<\/div>\r\n                        <\/div>\r\n                        <div class=\"mec-event-content\" data-target=\"m1\" data-event-id=\"8587\">\r\n                            <a href=\"https:\/\/bazanakrakowskiej.pl\/index.php\/wydarzenia\/bazaart-junior-plus-taniec-wspolczesny\/\" target=\"m1\" class=\"mec-tile-into-content-link\"><\/a>                            <div class=\"mec-tile-event-content\">\r\n                                <div class=\"mec-event-detail\">\r\n                                                                                                            <span class=\"mec-event-loc-place\"><i class=\"mec-sl-location-pin\"><\/i>Szko\u0142a Podstawowa w Bestwinie<\/span>                                                                    <\/div>\r\n                                                                <h4 class=\"mec-event-title\"><a class=\"mec-color-hover\"  data-event-id=\"8587\" href=\"https:\/\/bazanakrakowskiej.pl\/index.php\/wydarzenia\/bazaart-junior-plus-taniec-wspolczesny\/\" target=\"m1\" rel=\"noopener\">BazaART Junior PLUS \/Taniec wsp\u00f3\u0142czesny<\/a><\/h4>\r\n                                                            <\/div>\r\n                        <\/div>\r\n                    <\/article>\r\n                <\/div>            <div class=\"col-md-3 col-sm-3\">        <script type=\"application\/ld+json\">\r\n        {\r\n            \"@context\": \"http:\/\/schema.org\",\r\n            \"@type\": \"Event\",\r\n            \"eventStatus\": \"https:\/\/schema.org\/EventScheduled\",\r\n            \"startDate\": \"2026-05-27\",\r\n            \"endDate\": \"2026-05-27\",\r\n            \"eventAttendanceMode\": \"https:\/\/schema.org\/OfflineEventAttendanceMode\",\r\n            \"location\":\r\n            {\r\n                \"@type\": \"Place\",\r\n                                \"name\": \"Baza na Krakowskiej\/ s. lustrzana\",\r\n                \"image\": \"\",\r\n                \"address\": \"\"\r\n                            },\r\n            \"organizer\":\r\n            {\r\n                \"@type\": \"Person\",\r\n                \"name\": \"Paulina Gw\u00f3\u017ad\u017a\",\r\n                \"url\": \"https:\/\/www.instagram.com\/studio.gwozdz\/\"\r\n            },\r\n            \"offers\":\r\n            {\r\n                \"url\": \"https:\/\/bazanakrakowskiej.pl\/index.php\/wydarzenia\/latino-ladies-style-kurs-tanca-dla-kobiet\/\",\r\n                \"price\": \"\",\r\n                \"priceCurrency\": \"$\",\r\n                \"availability\": \"https:\/\/schema.org\/InStock\",\r\n                \"validFrom\": \"2026-05-27T00:00\"\r\n            },\r\n            \"performer\": \"\",\r\n            \"description\": \"&lt;p&gt;&lt;strong&gt;3 miesi\u0119czny kurs ta\u0144ca dla kobiet! &lt;\/strong&gt;&lt;\/p&gt; &lt;p&gt;Zapraszamy na nowe zaj\u0119cia taneczne pe\u0142ne energii i rado\u015bci!&lt;\/p&gt; &lt;p&gt;Od podstaw nauczymy nie tylko krok\u00f3w, ale i ekspresji ruch\u00f3w w rytmie w\u0142asnego cia\u0142a.&lt;\/p&gt; &lt;p&gt;Odkryjemy swoj\u0105 zmys\u0142owo\u015b\u0107, kobieco\u015b\u0107, zasmakujemy r\u00f3\u017cnych styl\u00f3w latynoameryka\u0144skich!&lt;\/p&gt; &lt;p&gt;Kurs potrwa od pa\u017adziernika do grudnia (mo\u017cliwo\u015b\u0107 kontynuacji).&lt;\/p&gt; &lt;p&gt;Zaj\u0119cia w ka\u017cd\u0105 o godz.17:30-18:30&lt;\/p&gt; &lt;p&gt;Zaj\u0119cia poprowadzi &lt;strong&gt;Paulina Gw\u00f3\u017ad\u017a&lt;\/strong&gt;, tancerka ta\u0144ca towarzyskiego od ponad 18 lat.&lt;br \/&gt; Na swojej tanecznej drodze szkoli\u0142a si\u0119 u mistrz\u00f3w \u015awiata, Europy i Polski.&lt;br \/&gt; najwy\u017csz\u0105 mi\u0119dzynarodow\u0105 klas\u0119 taneczn\u0105 \u201eS\u201d w ta\u0144cach latynoameryka\u0144skich.&lt;\/p&gt; &lt;p&gt;Zapisy i informacje pod nr tel 731 251 102.&lt;\/p&gt; &lt;p&gt;Ograniczona ilo\u015b\u0107 miejsc.&lt;br \/&gt; (start zaj\u0119\u0107 przy min.4 osobach)&lt;\/p&gt; &lt;p&gt;Cena za kurs (12 spotka\u0144): 390 z\u0142&lt;\/p&gt; \",\r\n            \"image\": \"\",\r\n            \"name\": \"Latino Ladies Style- kurs ta\u0144ca dla kobiet\",\r\n            \"url\": \"https:\/\/bazanakrakowskiej.pl\/index.php\/wydarzenia\/latino-ladies-style-kurs-tanca-dla-kobiet\/\"\r\n        }\r\n        <\/script>\r\n                            <article  data-href=\"https:\/\/bazanakrakowskiej.pl\/index.php\/wydarzenia\/latino-ladies-style-kurs-tanca-dla-kobiet\/\" data-target=\"m1\" style=\"background:#0082f4\" class=\"mec-past-event mec-event-article mec-tile-item  mec-clear   \">\r\n                                                                        <div class=\"event-tile-view-head clearfix\">\r\n                                                            <div class=\"mec-event-month\"><span class=\"mec-start-date-label\" itemprop=\"startDate\">27 maj<\/span><\/div>\r\n                                                        <div class=\"mec-event-time\"><i class=\"mec-sl-clock\"><\/i>17:30<\/div>\r\n                        <\/div>\r\n                        <div class=\"mec-event-content\" data-target=\"m1\" data-event-id=\"8035\">\r\n                            <a href=\"https:\/\/bazanakrakowskiej.pl\/index.php\/wydarzenia\/latino-ladies-style-kurs-tanca-dla-kobiet\/\" target=\"m1\" class=\"mec-tile-into-content-link\"><\/a>                            <div class=\"mec-tile-event-content\">\r\n                                <div class=\"mec-event-detail\">\r\n                                                                                                            <span class=\"mec-event-loc-place\"><i class=\"mec-sl-location-pin\"><\/i>Baza na Krakowskiej\/ s. lustrzana<\/span>                                                                    <\/div>\r\n                                                                <h4 class=\"mec-event-title\"><a class=\"mec-color-hover\"  data-event-id=\"8035\" href=\"https:\/\/bazanakrakowskiej.pl\/index.php\/wydarzenia\/latino-ladies-style-kurs-tanca-dla-kobiet\/\" target=\"m1\" rel=\"noopener\">Latino Ladies Style- kurs ta\u0144ca dla kobiet<\/a><\/h4>\r\n                                                            <\/div>\r\n                        <\/div>\r\n                    <\/article>\r\n                <\/div>            <div class=\"col-md-3 col-sm-3\">        <script type=\"application\/ld+json\">\r\n        {\r\n            \"@context\": \"http:\/\/schema.org\",\r\n            \"@type\": \"Event\",\r\n            \"eventStatus\": \"https:\/\/schema.org\/EventScheduled\",\r\n            \"startDate\": \"2026-05-27\",\r\n            \"endDate\": \"2026-05-27\",\r\n            \"eventAttendanceMode\": \"https:\/\/schema.org\/OfflineEventAttendanceMode\",\r\n            \"location\":\r\n            {\r\n                \"@type\": \"Place\",\r\n                                \"name\": \"Baza na Krakowskiej\",\r\n                \"image\": \"\",\r\n                \"address\": \"\"\r\n                            },\r\n            \"organizer\":\r\n            {\r\n                \"@type\": \"Person\",\r\n                \"name\": \"Rainer Castro Amoros\",\r\n                \"url\": \"\"\r\n            },\r\n            \"offers\":\r\n            {\r\n                \"url\": \"https:\/\/bazanakrakowskiej.pl\/index.php\/wydarzenia\/kurs-jezyka-hiszpanskiego\/\",\r\n                \"price\": \"\",\r\n                \"priceCurrency\": \"$\",\r\n                \"availability\": \"https:\/\/schema.org\/InStock\",\r\n                \"validFrom\": \"2026-05-27T00:00\"\r\n            },\r\n            \"performer\": \"\",\r\n            \"description\": \"&lt;p&gt;&lt;span class=&quot;html-span xexx8yu xyri2b x18d9i69 x1c1uobl x1hl2dhg x16tdsg8 x1vvkbs x3nfvp2 x1j61x8r x1fcty0u xdj266r xat24cr xm2jcoa x1mpyi22 xxymvpz xlup9mm x1kky2od&quot;&gt;&lt;img loading=&quot;lazy&quot; decoding=&quot;async&quot; class=&quot;xz74otr x15mokao x1ga7v0g x16uus16 xbiv7yw&quot; src=&quot;https:\/\/static.xx.fbcdn.net\/images\/emoji.php\/v9\/t34\/1\/16\/1f1ea_1f1f8.png&quot; alt=&quot;\ud83c\uddea\ud83c\uddf8&quot; width=&quot;16&quot; height=&quot;16&quot; \/&gt;&lt;\/span&gt;&lt;strong&gt;Od marca rusza w Bazie Kurs j\u0119zyka hiszpa\u0144skiego!&lt;\/strong&gt; &lt;span class=&quot;html-span xexx8yu xyri2b x18d9i69 x1c1uobl x1hl2dhg x16tdsg8 x1vvkbs x3nfvp2 x1j61x8r x1fcty0u xdj266r xat24cr xm2jcoa x1mpyi22 xxymvpz xlup9mm x1kky2od&quot;&gt;&lt;img loading=&quot;lazy&quot; decoding=&quot;async&quot; class=&quot;xz74otr x15mokao x1ga7v0g x16uus16 xbiv7yw&quot; src=&quot;https:\/\/static.xx.fbcdn.net\/images\/emoji.php\/v9\/t34\/1\/16\/1f1ea_1f1f8.png&quot; alt=&quot;\ud83c\uddea\ud83c\uddf8&quot; width=&quot;16&quot; height=&quot;16&quot; \/&gt;&lt;\/span&gt;&lt;br \/&gt; \u2013 praktyczna nauka j\u0119zyka&lt;br \/&gt; \u2013 zaj\u0119cia w ma\u0142ych grupach&lt;br \/&gt; \u2013 nauka krok po kroku z native speakerem&lt;\/p&gt; &lt;p&gt;Zaj\u0119cia prowadzi R\u00e1iner Castro Amor\u00f3s , pochodz\u0105cy z Kuby, mieszkaj\u0105cy kilka lat w Barcelonie, a obecnie w Polsce, gdzie uczy j\u0119zyka hiszpa\u0144skiego i jest trenerem personalnym ze specjalizacj\u0105 lekkoatletyka.&lt;br \/&gt; Start zaj\u0119\u0107 ju\u017c 4 marca!&lt;br \/&gt; \u015arody:&lt;br \/&gt; &lt;span class=&quot;html-span xexx8yu xyri2b x18d9i69 x1c1uobl x1hl2dhg x16tdsg8 x1vvkbs x3nfvp2 x1j61x8r x1fcty0u xdj266r xat24cr xm2jcoa x1mpyi22 xxymvpz xlup9mm x1kky2od&quot;&gt;&lt;img loading=&quot;lazy&quot; decoding=&quot;async&quot; class=&quot;xz74otr x15mokao x1ga7v0g x16uus16 xbiv7yw&quot; src=&quot;https:\/\/static.xx.fbcdn.net\/images\/emoji.php\/v9\/t15\/1\/16\/1f49b.png&quot; alt=&quot;\ud83d\udc9b&quot; width=&quot;18&quot; height=&quot;18&quot; \/&gt;&lt;\/span&gt;godz. 16:30-17:30 zaj\u0119cia dla dzieci w wieku szkolnym&lt;br \/&gt; &lt;span class=&quot;html-span xexx8yu xyri2b x18d9i69 x1c1uobl x1hl2dhg x16tdsg8 x1vvkbs x3nfvp2 x1j61x8r x1fcty0u xdj266r xat24cr xm2jcoa x1mpyi22 xxymvpz xlup9mm x1kky2od&quot;&gt;&lt;img loading=&quot;lazy&quot; decoding=&quot;async&quot; class=&quot;xz74otr x15mokao x1ga7v0g x16uus16 xbiv7yw&quot; src=&quot;https:\/\/static.xx.fbcdn.net\/images\/emoji.php\/v9\/t6c\/1\/16\/2764.png&quot; alt=&quot;\u2764\ufe0f&quot; width=&quot;16&quot; height=&quot;16&quot; \/&gt;&lt;\/span&gt;godz. 17:30-18:30 zaj\u0119cia dla doros\u0142ych&lt;br \/&gt; Koszt miesi\u0119czny: 200 z\u0142 (1h\/ 50 z\u0142)&lt;br \/&gt; &lt;span class=&quot;html-span xexx8yu xyri2b x18d9i69 x1c1uobl x1hl2dhg x16tdsg8 x1vvkbs x3nfvp2 x1j61x8r x1fcty0u xdj266r xat24cr xm2jcoa x1mpyi22 xxymvpz xlup9mm x1kky2od&quot;&gt;&lt;img loading=&quot;lazy&quot; decoding=&quot;async&quot; class=&quot;xz74otr x15mokao x1ga7v0g x16uus16 xbiv7yw&quot; src=&quot;https:\/\/static.xx.fbcdn.net\/images\/emoji.php\/v9\/t34\/1\/16\/1f1ea_1f1f8.png&quot; alt=&quot;\ud83c\uddea\ud83c\uddf8&quot; width=&quot;16&quot; height=&quot;16&quot; \/&gt;&lt;\/span&gt;&lt;span class=&quot;html-span xexx8yu xyri2b x18d9i69 x1c1uobl x1hl2dhg x16tdsg8 x1vvkbs x3nfvp2 x1j61x8r x1fcty0u xdj266r xat24cr xm2jcoa x1mpyi22 xxymvpz xlup9mm x1kky2od&quot;&gt;&lt;img loading=&quot;lazy&quot; decoding=&quot;async&quot; class=&quot;xz74otr x15mokao x1ga7v0g x16uus16 xbiv7yw&quot; src=&quot;https:\/\/static.xx.fbcdn.net\/images\/emoji.php\/v9\/t34\/1\/16\/1f1ea_1f1f8.png&quot; alt=&quot;\ud83c\uddea\ud83c\uddf8&quot; width=&quot;16&quot; height=&quot;16&quot; \/&gt;&lt;\/span&gt;&lt;span class=&quot;html-span xexx8yu xyri2b x18d9i69 x1c1uobl x1hl2dhg x16tdsg8 x1vvkbs x3nfvp2 x1j61x8r x1fcty0u xdj266r xat24cr xm2jcoa x1mpyi22 xxymvpz xlup9mm x1kky2od&quot;&gt;&lt;img loading=&quot;lazy&quot; decoding=&quot;async&quot; class=&quot;xz74otr x15mokao x1ga7v0g x16uus16 xbiv7yw&quot; src=&quot;https:\/\/static.xx.fbcdn.net\/images\/emoji.php\/v9\/t34\/1\/16\/1f1ea_1f1f8.png&quot; alt=&quot;\ud83c\uddea\ud83c\uddf8&quot; width=&quot;16&quot; height=&quot;16&quot; \/&gt;&lt;\/span&gt;&lt;span class=&quot;html-span xexx8yu xyri2b x18d9i69 x1c1uobl x1hl2dhg x16tdsg8 x1vvkbs x3nfvp2 x1j61x8r x1fcty0u xdj266r xat24cr xm2jcoa x1mpyi22 xxymvpz xlup9mm x1kky2od&quot;&gt;&lt;img loading=&quot;lazy&quot; decoding=&quot;async&quot; class=&quot;xz74otr x15mokao x1ga7v0g x16uus16 xbiv7yw&quot; src=&quot;https:\/\/static.xx.fbcdn.net\/images\/emoji.php\/v9\/t34\/1\/16\/1f1ea_1f1f8.png&quot; alt=&quot;\ud83c\uddea\ud83c\uddf8&quot; width=&quot;16&quot; height=&quot;16&quot; \/&gt;&lt;\/span&gt;&lt;span class=&quot;html-span xexx8yu xyri2b x18d9i69 x1c1uobl x1hl2dhg x16tdsg8 x1vvkbs x3nfvp2 x1j61x8r x1fcty0u xdj266r xat24cr xm2jcoa x1mpyi22 xxymvpz xlup9mm x1kky2od&quot;&gt;&lt;img loading=&quot;lazy&quot; decoding=&quot;async&quot; class=&quot;xz74otr x15mokao x1ga7v0g x16uus16 xbiv7yw&quot; src=&quot;https:\/\/static.xx.fbcdn.net\/images\/emoji.php\/v9\/t34\/1\/16\/1f1ea_1f1f8.png&quot; alt=&quot;\ud83c\uddea\ud83c\uddf8&quot; width=&quot;16&quot; height=&quot;16&quot; \/&gt;&lt;\/span&gt;&lt;span class=&quot;html-span xexx8yu xyri2b x18d9i69 x1c1uobl x1hl2dhg x16tdsg8 x1vvkbs x3nfvp2 x1j61x8r x1fcty0u xdj266r xat24cr xm2jcoa x1mpyi22 xxymvpz xlup9mm x1kky2od&quot;&gt;&lt;img loading=&quot;lazy&quot; decoding=&quot;async&quot; class=&quot;xz74otr x15mokao x1ga7v0g x16uus16 xbiv7yw&quot; src=&quot;https:\/\/static.xx.fbcdn.net\/images\/emoji.php\/v9\/t34\/1\/16\/1f1ea_1f1f8.png&quot; alt=&quot;\ud83c\uddea\ud83c\uddf8&quot; width=&quot;16&quot; height=&quot;16&quot; \/&gt;&lt;\/span&gt;&lt;span class=&quot;html-span xexx8yu xyri2b x18d9i69 x1c1uobl x1hl2dhg x16tdsg8 x1vvkbs x3nfvp2 x1j61x8r x1fcty0u xdj266r xat24cr xm2jcoa x1mpyi22 xxymvpz xlup9mm x1kky2od&quot;&gt;&lt;img loading=&quot;lazy&quot; decoding=&quot;async&quot; class=&quot;xz74otr x15mokao x1ga7v0g x16uus16 xbiv7yw&quot; src=&quot;https:\/\/static.xx.fbcdn.net\/images\/emoji.php\/v9\/t34\/1\/16\/1f1ea_1f1f8.png&quot; alt=&quot;\ud83c\uddea\ud83c\uddf8&quot; width=&quot;16&quot; height=&quot;16&quot; \/&gt;&lt;\/span&gt;&lt;span class=&quot;html-span xexx8yu xyri2b x18d9i69 x1c1uobl x1hl2dhg x16tdsg8 x1vvkbs x3nfvp2 x1j61x8r x1fcty0u xdj266r xat24cr xm2jcoa x1mpyi22 xxymvpz xlup9mm x1kky2od&quot;&gt;&lt;img loading=&quot;lazy&quot; decoding=&quot;async&quot; class=&quot;xz74otr x15mokao x1ga7v0g x16uus16 xbiv7yw&quot; src=&quot;https:\/\/static.xx.fbcdn.net\/images\/emoji.php\/v9\/t34\/1\/16\/1f1ea_1f1f8.png&quot; alt=&quot;\ud83c\uddea\ud83c\uddf8&quot; width=&quot;16&quot; height=&quot;16&quot; \/&gt;&lt;\/span&gt;&lt;span class=&quot;html-span xexx8yu xyri2b x18d9i69 x1c1uobl x1hl2dhg x16tdsg8 x1vvkbs x3nfvp2 x1j61x8r x1fcty0u xdj266r xat24cr xm2jcoa x1mpyi22 xxymvpz xlup9mm x1kky2od&quot;&gt;&lt;img loading=&quot;lazy&quot; decoding=&quot;async&quot; class=&quot;xz74otr x15mokao x1ga7v0g x16uus16 xbiv7yw&quot; src=&quot;https:\/\/static.xx.fbcdn.net\/images\/emoji.php\/v9\/t34\/1\/16\/1f1ea_1f1f8.png&quot; alt=&quot;\ud83c\uddea\ud83c\uddf8&quot; width=&quot;16&quot; height=&quot;16&quot; \/&gt;&lt;\/span&gt;&lt;span class=&quot;html-span xexx8yu xyri2b x18d9i69 x1c1uobl x1hl2dhg x16tdsg8 x1vvkbs x3nfvp2 x1j61x8r x1fcty0u xdj266r xat24cr xm2jcoa x1mpyi22 xxymvpz xlup9mm x1kky2od&quot;&gt;&lt;img loading=&quot;lazy&quot; decoding=&quot;async&quot; class=&quot;xz74otr x15mokao x1ga7v0g x16uus16 xbiv7yw&quot; src=&quot;https:\/\/static.xx.fbcdn.net\/images\/emoji.php\/v9\/t34\/1\/16\/1f1ea_1f1f8.png&quot; alt=&quot;\ud83c\uddea\ud83c\uddf8&quot; width=&quot;16&quot; height=&quot;16&quot; \/&gt;&lt;\/span&gt;&lt;span class=&quot;html-span xexx8yu xyri2b x18d9i69 x1c1uobl x1hl2dhg x16tdsg8 x1vvkbs x3nfvp2 x1j61x8r x1fcty0u xdj266r xat24cr xm2jcoa x1mpyi22 xxymvpz xlup9mm x1kky2od&quot;&gt;&lt;img loading=&quot;lazy&quot; decoding=&quot;async&quot; class=&quot;xz74otr x15mokao x1ga7v0g x16uus16 xbiv7yw&quot; src=&quot;https:\/\/static.xx.fbcdn.net\/images\/emoji.php\/v9\/t34\/1\/16\/1f1ea_1f1f8.png&quot; alt=&quot;\ud83c\uddea\ud83c\uddf8&quot; width=&quot;16&quot; height=&quot;16&quot; \/&gt;&lt;\/span&gt;&lt;span class=&quot;html-span xexx8yu xyri2b x18d9i69 x1c1uobl x1hl2dhg x16tdsg8 x1vvkbs x3nfvp2 x1j61x8r x1fcty0u xdj266r xat24cr xm2jcoa x1mpyi22 xxymvpz xlup9mm x1kky2od&quot;&gt;&lt;img loading=&quot;lazy&quot; decoding=&quot;async&quot; class=&quot;xz74otr x15mokao x1ga7v0g x16uus16 xbiv7yw&quot; src=&quot;https:\/\/static.xx.fbcdn.net\/images\/emoji.php\/v9\/t34\/1\/16\/1f1ea_1f1f8.png&quot; alt=&quot;\ud83c\uddea\ud83c\uddf8&quot; width=&quot;16&quot; height=&quot;16&quot; \/&gt;&lt;\/span&gt;&lt;span class=&quot;html-span xexx8yu xyri2b x18d9i69 x1c1uobl x1hl2dhg x16tdsg8 x1vvkbs x3nfvp2 x1j61x8r x1fcty0u xdj266r xat24cr xm2jcoa x1mpyi22 xxymvpz xlup9mm x1kky2od&quot;&gt;&lt;img loading=&quot;lazy&quot; decoding=&quot;async&quot; class=&quot;xz74otr x15mokao x1ga7v0g x16uus16 xbiv7yw&quot; src=&quot;https:\/\/static.xx.fbcdn.net\/images\/emoji.php\/v9\/t34\/1\/16\/1f1ea_1f1f8.png&quot; alt=&quot;\ud83c\uddea\ud83c\uddf8&quot; width=&quot;16&quot; height=&quot;16&quot; \/&gt;&lt;\/span&gt;&lt;span class=&quot;html-span xexx8yu xyri2b x18d9i69 x1c1uobl x1hl2dhg x16tdsg8 x1vvkbs x3nfvp2 x1j61x8r x1fcty0u xdj266r xat24cr xm2jcoa x1mpyi22 xxymvpz xlup9mm x1kky2od&quot;&gt;&lt;img loading=&quot;lazy&quot; decoding=&quot;async&quot; class=&quot;xz74otr x15mokao x1ga7v0g x16uus16 xbiv7yw&quot; src=&quot;https:\/\/static.xx.fbcdn.net\/images\/emoji.php\/v9\/t34\/1\/16\/1f1ea_1f1f8.png&quot; alt=&quot;\ud83c\uddea\ud83c\uddf8&quot; width=&quot;16&quot; height=&quot;16&quot; \/&gt;&lt;\/span&gt;&lt;span class=&quot;html-span xexx8yu xyri2b x18d9i69 x1c1uobl x1hl2dhg x16tdsg8 x1vvkbs x3nfvp2 x1j61x8r x1fcty0u xdj266r xat24cr xm2jcoa x1mpyi22 xxymvpz xlup9mm x1kky2od&quot;&gt;&lt;img loading=&quot;lazy&quot; decoding=&quot;async&quot; class=&quot;xz74otr x15mokao x1ga7v0g x16uus16 xbiv7yw&quot; src=&quot;https:\/\/static.xx.fbcdn.net\/images\/emoji.php\/v9\/t34\/1\/16\/1f1ea_1f1f8.png&quot; alt=&quot;\ud83c\uddea\ud83c\uddf8&quot; width=&quot;16&quot; height=&quot;16&quot; \/&gt;&lt;\/span&gt;&lt;span class=&quot;html-span xexx8yu xyri2b x18d9i69 x1c1uobl x1hl2dhg x16tdsg8 x1vvkbs x3nfvp2 x1j61x8r x1fcty0u xdj266r xat24cr xm2jcoa x1mpyi22 xxymvpz xlup9mm x1kky2od&quot;&gt;&lt;img loading=&quot;lazy&quot; decoding=&quot;async&quot; class=&quot;xz74otr x15mokao x1ga7v0g x16uus16 xbiv7yw&quot; src=&quot;https:\/\/static.xx.fbcdn.net\/images\/emoji.php\/v9\/t34\/1\/16\/1f1ea_1f1f8.png&quot; alt=&quot;\ud83c\uddea\ud83c\uddf8&quot; width=&quot;16&quot; height=&quot;16&quot; \/&gt;&lt;\/span&gt;&lt;span class=&quot;html-span xexx8yu xyri2b x18d9i69 x1c1uobl x1hl2dhg x16tdsg8 x1vvkbs x3nfvp2 x1j61x8r x1fcty0u xdj266r xat24cr xm2jcoa x1mpyi22 xxymvpz xlup9mm x1kky2od&quot;&gt;&lt;img loading=&quot;lazy&quot; decoding=&quot;async&quot; class=&quot;xz74otr x15mokao x1ga7v0g x16uus16 xbiv7yw&quot; src=&quot;https:\/\/static.xx.fbcdn.net\/images\/emoji.php\/v9\/t34\/1\/16\/1f1ea_1f1f8.png&quot; alt=&quot;\ud83c\uddea\ud83c\uddf8&quot; width=&quot;16&quot; height=&quot;16&quot; \/&gt;&lt;\/span&gt;&lt;br \/&gt; A oto kilka powod\u00f3w dlaczego warto nauczy\u0107 si\u0119 j\u0119zyka hiszpa\u0144skiego!&lt;\/p&gt; &lt;p&gt;1. Zr\u00f3b co\u015b dla siebie!&lt;\/p&gt; &lt;p&gt;2. Poznaj bogactwo i r\u00f3\u017cnorodno\u015b\u0107 hiszpa\u0144skiej kultury&lt;\/p&gt; &lt;p&gt;3. Zwi\u0119ksz swoje szanse na rynku pracy poprzez znajomo\u015b\u0107 nowego j\u0119zyka&lt;\/p&gt; &lt;p&gt;4. Hiszpa\u0144ski to j\u0119zyk urz\u0119dowy w 21 krajach- znaj\u0105c go b\u0119dziesz m\u00f3g\u0142 si\u0119 porozumiewa\u0107 nie tylko w Hiszpanii!&lt;\/p&gt; &lt;p&gt;5. Dzi\u0119ki znajomo\u015b\u0107 hiszpa\u0144skiego z du\u017co wi\u0119ksz\u0105 \u0142atwo\u015bci\u0105 podejdziesz do nauki innych j\u0119zyk\u00f3w roma\u0144skich tj. w\u0142oski, francuski czy portugalski.&lt;\/p&gt; &lt;p&gt;6. Nauka ka\u017cdego nowego j\u0119zyka stymuluje m\u00f3zg, poprawia pami\u0119\u0107, wp\u0142ywa na rozw\u00f3j umiej\u0119tno\u015bci poznawczych i zdolno\u015bci komunikacyjnych.&lt;\/p&gt; &lt;p&gt;&lt;span class=&quot;html-span xexx8yu xyri2b x18d9i69 x1c1uobl x1hl2dhg x16tdsg8 x1vvkbs x3nfvp2 x1j61x8r x1fcty0u xdj266r xat24cr xm2jcoa x1mpyi22 xxymvpz xlup9mm x1kky2od&quot;&gt;&lt;img loading=&quot;lazy&quot; decoding=&quot;async&quot; class=&quot;xz74otr x15mokao x1ga7v0g x16uus16 xbiv7yw&quot; src=&quot;https:\/\/static.xx.fbcdn.net\/images\/emoji.php\/v9\/t34\/1\/16\/1f1ea_1f1f8.png&quot; alt=&quot;\ud83c\uddea\ud83c\uddf8&quot; width=&quot;16&quot; height=&quot;16&quot; \/&gt;&lt;\/span&gt;&lt;span class=&quot;html-span xexx8yu xyri2b x18d9i69 x1c1uobl x1hl2dhg x16tdsg8 x1vvkbs x3nfvp2 x1j61x8r x1fcty0u xdj266r xat24cr xm2jcoa x1mpyi22 xxymvpz xlup9mm x1kky2od&quot;&gt;&lt;img loading=&quot;lazy&quot; decoding=&quot;async&quot; class=&quot;xz74otr x15mokao x1ga7v0g x16uus16 xbiv7yw&quot; src=&quot;https:\/\/static.xx.fbcdn.net\/images\/emoji.php\/v9\/t34\/1\/16\/1f1ea_1f1f8.png&quot; alt=&quot;\ud83c\uddea\ud83c\uddf8&quot; width=&quot;16&quot; height=&quot;16&quot; \/&gt;&lt;\/span&gt;&lt;span class=&quot;html-span xexx8yu xyri2b x18d9i69 x1c1uobl x1hl2dhg x16tdsg8 x1vvkbs x3nfvp2 x1j61x8r x1fcty0u xdj266r xat24cr xm2jcoa x1mpyi22 xxymvpz xlup9mm x1kky2od&quot;&gt;&lt;img loading=&quot;lazy&quot; decoding=&quot;async&quot; class=&quot;xz74otr x15mokao x1ga7v0g x16uus16 xbiv7yw&quot; src=&quot;https:\/\/static.xx.fbcdn.net\/images\/emoji.php\/v9\/t34\/1\/16\/1f1ea_1f1f8.png&quot; alt=&quot;\ud83c\uddea\ud83c\uddf8&quot; width=&quot;16&quot; height=&quot;16&quot; \/&gt;&lt;\/span&gt;&lt;span class=&quot;html-span xexx8yu xyri2b x18d9i69 x1c1uobl x1hl2dhg x16tdsg8 x1vvkbs x3nfvp2 x1j61x8r x1fcty0u xdj266r xat24cr xm2jcoa x1mpyi22 xxymvpz xlup9mm x1kky2od&quot;&gt;&lt;img loading=&quot;lazy&quot; decoding=&quot;async&quot; class=&quot;xz74otr x15mokao x1ga7v0g x16uus16 xbiv7yw&quot; src=&quot;https:\/\/static.xx.fbcdn.net\/images\/emoji.php\/v9\/t34\/1\/16\/1f1ea_1f1f8.png&quot; alt=&quot;\ud83c\uddea\ud83c\uddf8&quot; width=&quot;16&quot; height=&quot;16&quot; \/&gt;&lt;\/span&gt;&lt;span class=&quot;html-span xexx8yu xyri2b x18d9i69 x1c1uobl x1hl2dhg x16tdsg8 x1vvkbs x3nfvp2 x1j61x8r x1fcty0u xdj266r xat24cr xm2jcoa x1mpyi22 xxymvpz xlup9mm x1kky2od&quot;&gt;&lt;img loading=&quot;lazy&quot; decoding=&quot;async&quot; class=&quot;xz74otr x15mokao x1ga7v0g x16uus16 xbiv7yw&quot; src=&quot;https:\/\/static.xx.fbcdn.net\/images\/emoji.php\/v9\/t34\/1\/16\/1f1ea_1f1f8.png&quot; alt=&quot;\ud83c\uddea\ud83c\uddf8&quot; width=&quot;16&quot; height=&quot;16&quot; \/&gt;&lt;\/span&gt;&lt;span class=&quot;html-span xexx8yu xyri2b x18d9i69 x1c1uobl x1hl2dhg x16tdsg8 x1vvkbs x3nfvp2 x1j61x8r x1fcty0u xdj266r xat24cr xm2jcoa x1mpyi22 xxymvpz xlup9mm x1kky2od&quot;&gt;&lt;img loading=&quot;lazy&quot; decoding=&quot;async&quot; class=&quot;xz74otr x15mokao x1ga7v0g x16uus16 xbiv7yw&quot; src=&quot;https:\/\/static.xx.fbcdn.net\/images\/emoji.php\/v9\/t34\/1\/16\/1f1ea_1f1f8.png&quot; alt=&quot;\ud83c\uddea\ud83c\uddf8&quot; width=&quot;16&quot; height=&quot;16&quot; \/&gt;&lt;\/span&gt;&lt;span class=&quot;html-span xexx8yu xyri2b x18d9i69 x1c1uobl x1hl2dhg x16tdsg8 x1vvkbs x3nfvp2 x1j61x8r x1fcty0u xdj266r xat24cr xm2jcoa x1mpyi22 xxymvpz xlup9mm x1kky2od&quot;&gt;&lt;img loading=&quot;lazy&quot; decoding=&quot;async&quot; class=&quot;xz74otr x15mokao x1ga7v0g x16uus16 xbiv7yw&quot; src=&quot;https:\/\/static.xx.fbcdn.net\/images\/emoji.php\/v9\/t34\/1\/16\/1f1ea_1f1f8.png&quot; alt=&quot;\ud83c\uddea\ud83c\uddf8&quot; width=&quot;16&quot; height=&quot;16&quot; \/&gt;&lt;\/span&gt;&lt;span class=&quot;html-span xexx8yu xyri2b x18d9i69 x1c1uobl x1hl2dhg x16tdsg8 x1vvkbs x3nfvp2 x1j61x8r x1fcty0u xdj266r xat24cr xm2jcoa x1mpyi22 xxymvpz xlup9mm x1kky2od&quot;&gt;&lt;img loading=&quot;lazy&quot; decoding=&quot;async&quot; class=&quot;xz74otr x15mokao x1ga7v0g x16uus16 xbiv7yw&quot; src=&quot;https:\/\/static.xx.fbcdn.net\/images\/emoji.php\/v9\/t34\/1\/16\/1f1ea_1f1f8.png&quot; alt=&quot;\ud83c\uddea\ud83c\uddf8&quot; width=&quot;16&quot; height=&quot;16&quot; \/&gt;&lt;\/span&gt;&lt;span class=&quot;html-span xexx8yu xyri2b x18d9i69 x1c1uobl x1hl2dhg x16tdsg8 x1vvkbs x3nfvp2 x1j61x8r x1fcty0u xdj266r xat24cr xm2jcoa x1mpyi22 xxymvpz xlup9mm x1kky2od&quot;&gt;&lt;img loading=&quot;lazy&quot; decoding=&quot;async&quot; class=&quot;xz74otr x15mokao x1ga7v0g x16uus16 xbiv7yw&quot; src=&quot;https:\/\/static.xx.fbcdn.net\/images\/emoji.php\/v9\/t34\/1\/16\/1f1ea_1f1f8.png&quot; alt=&quot;\ud83c\uddea\ud83c\uddf8&quot; width=&quot;16&quot; height=&quot;16&quot; \/&gt;&lt;\/span&gt;&lt;span class=&quot;html-span xexx8yu xyri2b x18d9i69 x1c1uobl x1hl2dhg x16tdsg8 x1vvkbs x3nfvp2 x1j61x8r x1fcty0u xdj266r xat24cr xm2jcoa x1mpyi22 xxymvpz xlup9mm x1kky2od&quot;&gt;&lt;img loading=&quot;lazy&quot; decoding=&quot;async&quot; class=&quot;xz74otr x15mokao x1ga7v0g x16uus16 xbiv7yw&quot; src=&quot;https:\/\/static.xx.fbcdn.net\/images\/emoji.php\/v9\/t34\/1\/16\/1f1ea_1f1f8.png&quot; alt=&quot;\ud83c\uddea\ud83c\uddf8&quot; width=&quot;16&quot; height=&quot;16&quot; \/&gt;&lt;\/span&gt;&lt;span class=&quot;html-span xexx8yu xyri2b x18d9i69 x1c1uobl x1hl2dhg x16tdsg8 x1vvkbs x3nfvp2 x1j61x8r x1fcty0u xdj266r xat24cr xm2jcoa x1mpyi22 xxymvpz xlup9mm x1kky2od&quot;&gt;&lt;img loading=&quot;lazy&quot; decoding=&quot;async&quot; class=&quot;xz74otr x15mokao x1ga7v0g x16uus16 xbiv7yw&quot; src=&quot;https:\/\/static.xx.fbcdn.net\/images\/emoji.php\/v9\/t34\/1\/16\/1f1ea_1f1f8.png&quot; alt=&quot;\ud83c\uddea\ud83c\uddf8&quot; width=&quot;16&quot; height=&quot;16&quot; \/&gt;&lt;\/span&gt;&lt;span class=&quot;html-span xexx8yu xyri2b x18d9i69 x1c1uobl x1hl2dhg x16tdsg8 x1vvkbs x3nfvp2 x1j61x8r x1fcty0u xdj266r xat24cr xm2jcoa x1mpyi22 xxymvpz xlup9mm x1kky2od&quot;&gt;&lt;img loading=&quot;lazy&quot; decoding=&quot;async&quot; class=&quot;xz74otr x15mokao x1ga7v0g x16uus16 xbiv7yw&quot; src=&quot;https:\/\/static.xx.fbcdn.net\/images\/emoji.php\/v9\/t34\/1\/16\/1f1ea_1f1f8.png&quot; alt=&quot;\ud83c\uddea\ud83c\uddf8&quot; width=&quot;16&quot; height=&quot;16&quot; \/&gt;&lt;\/span&gt;&lt;span class=&quot;html-span xexx8yu xyri2b x18d9i69 x1c1uobl x1hl2dhg x16tdsg8 x1vvkbs x3nfvp2 x1j61x8r x1fcty0u xdj266r xat24cr xm2jcoa x1mpyi22 xxymvpz xlup9mm x1kky2od&quot;&gt;&lt;img loading=&quot;lazy&quot; decoding=&quot;async&quot; class=&quot;xz74otr x15mokao x1ga7v0g x16uus16 xbiv7yw&quot; src=&quot;https:\/\/static.xx.fbcdn.net\/images\/emoji.php\/v9\/t34\/1\/16\/1f1ea_1f1f8.png&quot; alt=&quot;\ud83c\uddea\ud83c\uddf8&quot; width=&quot;16&quot; height=&quot;16&quot; \/&gt;&lt;\/span&gt;&lt;span class=&quot;html-span xexx8yu xyri2b x18d9i69 x1c1uobl x1hl2dhg x16tdsg8 x1vvkbs x3nfvp2 x1j61x8r x1fcty0u xdj266r xat24cr xm2jcoa x1mpyi22 xxymvpz xlup9mm x1kky2od&quot;&gt;&lt;img loading=&quot;lazy&quot; decoding=&quot;async&quot; class=&quot;xz74otr x15mokao x1ga7v0g x16uus16 xbiv7yw&quot; src=&quot;https:\/\/static.xx.fbcdn.net\/images\/emoji.php\/v9\/t34\/1\/16\/1f1ea_1f1f8.png&quot; alt=&quot;\ud83c\uddea\ud83c\uddf8&quot; width=&quot;16&quot; height=&quot;16&quot; \/&gt;&lt;\/span&gt;&lt;span class=&quot;html-span xexx8yu xyri2b x18d9i69 x1c1uobl x1hl2dhg x16tdsg8 x1vvkbs x3nfvp2 x1j61x8r x1fcty0u xdj266r xat24cr xm2jcoa x1mpyi22 xxymvpz xlup9mm x1kky2od&quot;&gt;&lt;img loading=&quot;lazy&quot; decoding=&quot;async&quot; class=&quot;xz74otr x15mokao x1ga7v0g x16uus16 xbiv7yw&quot; src=&quot;https:\/\/static.xx.fbcdn.net\/images\/emoji.php\/v9\/t34\/1\/16\/1f1ea_1f1f8.png&quot; alt=&quot;\ud83c\uddea\ud83c\uddf8&quot; width=&quot;16&quot; height=&quot;16&quot; \/&gt;&lt;\/span&gt;&lt;span class=&quot;html-span xexx8yu xyri2b x18d9i69 x1c1uobl x1hl2dhg x16tdsg8 x1vvkbs x3nfvp2 x1j61x8r x1fcty0u xdj266r xat24cr xm2jcoa x1mpyi22 xxymvpz xlup9mm x1kky2od&quot;&gt;&lt;img loading=&quot;lazy&quot; decoding=&quot;async&quot; class=&quot;xz74otr x15mokao x1ga7v0g x16uus16 xbiv7yw&quot; src=&quot;https:\/\/static.xx.fbcdn.net\/images\/emoji.php\/v9\/t34\/1\/16\/1f1ea_1f1f8.png&quot; alt=&quot;\ud83c\uddea\ud83c\uddf8&quot; width=&quot;16&quot; height=&quot;16&quot; \/&gt;&lt;\/span&gt;&lt;span class=&quot;html-span xexx8yu xyri2b x18d9i69 x1c1uobl x1hl2dhg x16tdsg8 x1vvkbs x3nfvp2 x1j61x8r x1fcty0u xdj266r xat24cr xm2jcoa x1mpyi22 xxymvpz xlup9mm x1kky2od&quot;&gt;&lt;img loading=&quot;lazy&quot; decoding=&quot;async&quot; class=&quot;xz74otr x15mokao x1ga7v0g x16uus16 xbiv7yw&quot; src=&quot;https:\/\/static.xx.fbcdn.net\/images\/emoji.php\/v9\/t34\/1\/16\/1f1ea_1f1f8.png&quot; alt=&quot;\ud83c\uddea\ud83c\uddf8&quot; width=&quot;16&quot; height=&quot;16&quot; \/&gt;&lt;\/span&gt;&lt;\/p&gt; &lt;p&gt;&lt;strong&gt;Kim jest N A T I V E S P E A K E R ?&lt;\/strong&gt;&lt;\/p&gt; &lt;p&gt;To osoba, kt\u00f3ra wychowa\u0142a si\u0119 w kraju, gdzie dany jest j\u0119zykiem ojczystym. Takie osoby od najm\u0142odszych lat pos\u0142uguj\u0105 si\u0119 tym j\u0119zykiem, co pozwala im na naturalne i swobodne wyra\u017canie my\u015bli. Cechuje je r\u00f3wnie\u017c g\u0142\u0119bokie zrozumienie kultury, obyczaj\u00f3w i kontekstu spo\u0142ecznego, w kt\u00f3rym si\u0119 poruszaj\u0105. Nauka z native speakerem to szereg korzy\u015bci, kt\u00f3re maj\u0105 kluczowe znaczenie dla rozwoju j\u0119zykowego: \u2013 mo\u017cliwo\u015b\u0107 os\u0142uchania si\u0119 z autentycznym akcentem oraz intonacj\u0105, co znacz\u0105co wp\u0142ywa na popraw\u0119 wymowy i p\u0142ynno\u015bci wypowiedzi. \u2013 \u0107wiczy\u0107 prowadzenie konwersacji w r\u00f3\u017cnych kontekstach, co zwi\u0119kszy ich pewno\u015b\u0107 siebie w pos\u0142ugiwaniu si\u0119 j\u0119zykiem.&lt;\/p&gt; &lt;p&gt;Serdecznie zapraszamy!&lt;\/p&gt; &lt;p&gt;Zapisy pod nr 731 251 102&lt;\/p&gt; &lt;div class=&quot;figure&quot;&gt;&lt;img loading=&quot;lazy&quot; decoding=&quot;async&quot; class=&quot;alignnone size-medium wp-image-8757&quot; src=&quot;https:\/\/bazanakrakowskiej.pl\/wp-content\/uploads\/2026\/02\/Kurs-hiszpanskiego-dla-poczatkujacych-212x300.png&quot; alt=&quot;&quot; width=&quot;212&quot; height=&quot;300&quot; srcset=&quot;https:\/\/bazanakrakowskiej.pl\/wp-content\/uploads\/2026\/02\/Kurs-hiszpanskiego-dla-poczatkujacych-212x300.png 212w, https:\/\/bazanakrakowskiej.pl\/wp-content\/uploads\/2026\/02\/Kurs-hiszpanskiego-dla-poczatkujacych-724x1024.png 724w, https:\/\/bazanakrakowskiej.pl\/wp-content\/uploads\/2026\/02\/Kurs-hiszpanskiego-dla-poczatkujacych-768x1086.png 768w, https:\/\/bazanakrakowskiej.pl\/wp-content\/uploads\/2026\/02\/Kurs-hiszpanskiego-dla-poczatkujacych-1086x1536.png 1086w, https:\/\/bazanakrakowskiej.pl\/wp-content\/uploads\/2026\/02\/Kurs-hiszpanskiego-dla-poczatkujacych-1448x2048.png 1448w, https:\/\/bazanakrakowskiej.pl\/wp-content\/uploads\/2026\/02\/Kurs-hiszpanskiego-dla-poczatkujacych.png 1587w&quot; sizes=&quot;auto, (max-width: 212px) 100vw, 212px&quot; \/&gt;&lt;\/div&gt; &lt;p&gt;&nbsp;&lt;\/p&gt; \",\r\n            \"image\": \"\",\r\n            \"name\": \"Kurs j\u0119zyka hiszpa\u0144skiego\",\r\n            \"url\": \"https:\/\/bazanakrakowskiej.pl\/index.php\/wydarzenia\/kurs-jezyka-hiszpanskiego\/\"\r\n        }\r\n        <\/script>\r\n                            <article  data-href=\"https:\/\/bazanakrakowskiej.pl\/index.php\/wydarzenia\/kurs-jezyka-hiszpanskiego\/\" data-target=\"m1\" style=\"background:#eae019\" class=\"mec-past-event mec-event-article mec-tile-item  mec-clear   \">\r\n                                                                        <div class=\"event-tile-view-head clearfix\">\r\n                                                            <div class=\"mec-event-month\"><span class=\"mec-start-date-label\" itemprop=\"startDate\">27 maj<\/span><\/div>\r\n                                                        <div class=\"mec-event-time\"><i class=\"mec-sl-clock\"><\/i>17:30<\/div>\r\n                        <\/div>\r\n                        <div class=\"mec-event-content\" data-target=\"m1\" data-event-id=\"8779\">\r\n                            <a href=\"https:\/\/bazanakrakowskiej.pl\/index.php\/wydarzenia\/kurs-jezyka-hiszpanskiego\/\" target=\"m1\" class=\"mec-tile-into-content-link\"><\/a>                            <div class=\"mec-tile-event-content\">\r\n                                <div class=\"mec-event-detail\">\r\n                                                                                                            <span class=\"mec-event-loc-place\"><i class=\"mec-sl-location-pin\"><\/i>Baza na Krakowskiej<\/span>                                                                    <\/div>\r\n                                                                <h4 class=\"mec-event-title\"><a class=\"mec-color-hover\"  data-event-id=\"8779\" href=\"https:\/\/bazanakrakowskiej.pl\/index.php\/wydarzenia\/kurs-jezyka-hiszpanskiego\/\" target=\"m1\" rel=\"noopener\">Kurs j\u0119zyka hiszpa\u0144skiego<\/a><\/h4>\r\n                                                            <\/div>\r\n                        <\/div>\r\n                    <\/article>\r\n                <\/div><\/div>            <div class=\"row\"><div class=\"col-md-3 col-sm-3\">        <script type=\"application\/ld+json\">\r\n        {\r\n            \"@context\": \"http:\/\/schema.org\",\r\n            \"@type\": \"Event\",\r\n            \"eventStatus\": \"https:\/\/schema.org\/EventScheduled\",\r\n            \"startDate\": \"2026-05-27\",\r\n            \"endDate\": \"2026-05-27\",\r\n            \"eventAttendanceMode\": \"https:\/\/schema.org\/OfflineEventAttendanceMode\",\r\n            \"location\":\r\n            {\r\n                \"@type\": \"Place\",\r\n                                \"name\": \"Szko\u0142a Podstawowa w Bestwinie\",\r\n                \"image\": \"\",\r\n                \"address\": \"\"\r\n                            },\r\n            \"organizer\":\r\n            {\r\n                \"@type\": \"Person\",\r\n                \"name\": \"Gabriela Nguyen Nam\",\r\n                \"url\": \"\"\r\n            },\r\n            \"offers\":\r\n            {\r\n                \"url\": \"https:\/\/bazanakrakowskiej.pl\/index.php\/wydarzenia\/taniec-wspolczesny-9-12-lat\/\",\r\n                \"price\": \"\",\r\n                \"priceCurrency\": \"$\",\r\n                \"availability\": \"https:\/\/schema.org\/InStock\",\r\n                \"validFrom\": \"2026-05-27T00:00\"\r\n            },\r\n            \"performer\": \"\",\r\n            \"description\": \"&lt;p&gt;&lt;strong&gt;BazaART &#8211; taniec wsp\u00f3\u0142czesny&lt;br \/&gt; &lt;\/strong&gt;&lt;strong&gt;(gr. wiekowa 9-12 lat)&lt;\/strong&gt;&lt;br \/&gt; zaj\u0119cia 2 razy w tygodniu&lt;\/p&gt; &lt;p&gt;&lt;strong&gt;Poniedzia\u0142ki&lt;\/strong&gt; godz. 17:30-19:00 (Szko\u0142a Podstawowa w Bestwinie)&lt;\/p&gt; &lt;p&gt;&lt;strong&gt;\u015arody&lt;\/strong&gt; godz.18:30-20:00 (Szko\u0142a Podstawowa w Bestwinie)&lt;\/p&gt; &lt;p&gt;Koszt: 40 z\u0142\/ zaj\u0119cia&lt;\/p&gt; &lt;p&gt;Wi\u0119cej o zaj\u0119ciach przeczytasz tutaj: &lt;a href=&quot;https:\/\/bazanakrakowskiej.pl\/index.php\/zajecia-taneczne\/&quot;&gt;Taniec wsp\u00f3\u0142czesny \u2013 BAZA NA KRAKOWSKIEJ&lt;\/a&gt;&lt;\/p&gt; \",\r\n            \"image\": \"\",\r\n            \"name\": \"BazaART- taniec wsp\u00f3\u0142czesny 9-12 lat\",\r\n            \"url\": \"https:\/\/bazanakrakowskiej.pl\/index.php\/wydarzenia\/taniec-wspolczesny-9-12-lat\/\"\r\n        }\r\n        <\/script>\r\n                            <article  data-href=\"https:\/\/bazanakrakowskiej.pl\/index.php\/wydarzenia\/taniec-wspolczesny-9-12-lat\/\" data-target=\"m1\" style=\"background:#9548e2\" class=\"mec-past-event mec-event-article mec-tile-item  mec-clear   \">\r\n                                                                        <div class=\"event-tile-view-head clearfix\">\r\n                                                            <div class=\"mec-event-month\"><span class=\"mec-start-date-label\" itemprop=\"startDate\">27 maj<\/span><\/div>\r\n                                                        <div class=\"mec-event-time\"><i class=\"mec-sl-clock\"><\/i>18:30<\/div>\r\n                        <\/div>\r\n                        <div class=\"mec-event-content\" data-target=\"m1\" data-event-id=\"7161\">\r\n                            <a href=\"https:\/\/bazanakrakowskiej.pl\/index.php\/wydarzenia\/taniec-wspolczesny-9-12-lat\/\" target=\"m1\" class=\"mec-tile-into-content-link\"><\/a>                            <div class=\"mec-tile-event-content\">\r\n                                <div class=\"mec-event-detail\">\r\n                                                                                                            <span class=\"mec-event-loc-place\"><i class=\"mec-sl-location-pin\"><\/i>Szko\u0142a Podstawowa w Bestwinie<\/span>                                                                    <\/div>\r\n                                                                <h4 class=\"mec-event-title\"><a class=\"mec-color-hover\"  data-event-id=\"7161\" href=\"https:\/\/bazanakrakowskiej.pl\/index.php\/wydarzenia\/taniec-wspolczesny-9-12-lat\/\" target=\"m1\" rel=\"noopener\">BazaART- taniec wsp\u00f3\u0142czesny 9-12 lat<\/a><\/h4>\r\n                                                            <\/div>\r\n                        <\/div>\r\n                    <\/article>\r\n                <\/div>                    <div class=\"col-md-3 col-sm-3\">        <script type=\"application\/ld+json\">\r\n        {\r\n            \"@context\": \"http:\/\/schema.org\",\r\n            \"@type\": \"Event\",\r\n            \"eventStatus\": \"https:\/\/schema.org\/EventScheduled\",\r\n            \"startDate\": \"2026-05-28\",\r\n            \"endDate\": \"2026-05-28\",\r\n            \"eventAttendanceMode\": \"https:\/\/schema.org\/OfflineEventAttendanceMode\",\r\n            \"location\":\r\n            {\r\n                \"@type\": \"Place\",\r\n                                \"name\": \"Baza na Krakowskiej\",\r\n                \"image\": \"\",\r\n                \"address\": \"\"\r\n                            },\r\n            \"organizer\":\r\n            {\r\n                \"@type\": \"Person\",\r\n                \"name\": \"Barbara Niemczyk\",\r\n                \"url\": \"\"\r\n            },\r\n            \"offers\":\r\n            {\r\n                \"url\": \"https:\/\/bazanakrakowskiej.pl\/index.php\/wydarzenia\/przedprzedszkole-3\/\",\r\n                \"price\": \"\",\r\n                \"priceCurrency\": \"$\",\r\n                \"availability\": \"https:\/\/schema.org\/InStock\",\r\n                \"validFrom\": \"2026-05-28T00:00\"\r\n            },\r\n            \"performer\": \"\",\r\n            \"description\": \"&lt;p&gt;To zaj\u0119cia adaptacyjne dla dzieci &lt;strong&gt;2+&lt;\/strong&gt; (bez udzia\u0142u Rodzica), prowadzone wg autorskich scenariuszy, maj\u0105ce na celu przygotowanie maluch\u00f3w do p\u00f3j\u015bcia do przedszkola.&lt;\/p&gt; &lt;p&gt;&lt;strong&gt;NASZA OFERTA: &lt;\/strong&gt;&lt;\/p&gt; &lt;ul&gt; &lt;li&gt;Zaj\u0119cia 5 razy w tygodniu!&lt;\/li&gt; &lt;li&gt;Od poniedzia\u0142ku do pi\u0105tku w godzinach 8:00-13:00&lt;\/li&gt; &lt;li&gt;&lt;strong&gt;3&lt;\/strong&gt; abonamenty do wyboru + abonament indywidulany&lt;\/li&gt; &lt;li&gt;Nauka poprzez zabaw\u0119!&lt;\/li&gt; &lt;\/ul&gt; &lt;p&gt;&lt;strong&gt;Naszym celem jest:&lt;\/strong&gt;&lt;\/p&gt; &lt;p&gt;\u2013 nawi\u0105zywanie i wzmacnianie kontakt\u00f3w spo\u0142ecznych z dzie\u0107mi w grupie&lt;br \/&gt; \u2013 wdra\u017canie do samodzielno\u015bci poprzez nabywanie nowych umiej\u0119tno\u015bci&lt;br \/&gt; \u2013 stwarzanie warunk\u00f3w sprzyjaj\u0105cych wsp\u00f3lnej zabawie&lt;br \/&gt; \u2013 kszta\u0142towanie u dzieci zdolno\u015bci radzenia sobie w nowych sytuacjach&lt;br \/&gt; \u2013 zach\u0119canie do udzia\u0142u w zaj\u0119ciach artystycznych, plastycznych itp.&lt;\/p&gt; &lt;p&gt;&lt;strong&gt;Zapewniamy:&lt;\/strong&gt;&lt;\/p&gt; &lt;p&gt;\u2013 troskliw\u0105 opiek\u0119 i bezpiecze\u0144stwo&lt;br \/&gt; \u2013 przestronne sale, przystosowane do potrzeb dzieci&lt;br \/&gt; \u2013 zabawki, materia\u0142y edukacyjne&lt;br \/&gt; \u2013 zaj\u0119cia plastyczne, muzyczne itp.&lt;br \/&gt; \u2013 indywidulane podej\u015bcie do dziecka&lt;\/p&gt; &lt;p&gt;Szczeg\u00f3\u0142y tutaj: &lt;a href=&quot;https:\/\/bazanakrakowskiej.pl\/index.php\/przedprzedszkole\/&quot;&gt;https:\/\/bazanakrakowskiej.pl\/index.php\/przedprzedszkole\/&lt;\/a&gt;&lt;\/p&gt; \",\r\n            \"image\": \"\",\r\n            \"name\": \"PrzedPrzedszkole\",\r\n            \"url\": \"https:\/\/bazanakrakowskiej.pl\/index.php\/wydarzenia\/przedprzedszkole-3\/\"\r\n        }\r\n        <\/script>\r\n                            <article  data-href=\"https:\/\/bazanakrakowskiej.pl\/index.php\/wydarzenia\/przedprzedszkole-3\/\" data-target=\"m1\" style=\"background:#eae019\" class=\"mec-past-event mec-event-article mec-tile-item  mec-clear   \">\r\n                                                                        <div class=\"event-tile-view-head clearfix\">\r\n                                                            <div class=\"mec-event-month\"><span class=\"mec-start-date-label\" itemprop=\"startDate\">28 maj<\/span><\/div>\r\n                                                        <div class=\"mec-event-time\"><i class=\"mec-sl-clock\"><\/i>08:00<\/div>\r\n                        <\/div>\r\n                        <div class=\"mec-event-content\" data-target=\"m1\" data-event-id=\"7050\">\r\n                            <a href=\"https:\/\/bazanakrakowskiej.pl\/index.php\/wydarzenia\/przedprzedszkole-3\/\" target=\"m1\" class=\"mec-tile-into-content-link\"><\/a>                            <div class=\"mec-tile-event-content\">\r\n                                <div class=\"mec-event-detail\">\r\n                                                                                                            <span class=\"mec-event-loc-place\"><i class=\"mec-sl-location-pin\"><\/i>Baza na Krakowskiej<\/span>                                                                    <\/div>\r\n                                                                <h4 class=\"mec-event-title\"><a class=\"mec-color-hover\"  data-event-id=\"7050\" href=\"https:\/\/bazanakrakowskiej.pl\/index.php\/wydarzenia\/przedprzedszkole-3\/\" target=\"m1\" rel=\"noopener\">PrzedPrzedszkole<\/a><\/h4>\r\n                                                            <\/div>\r\n                        <\/div>\r\n                    <\/article>\r\n                <\/div>            <div class=\"col-md-3 col-sm-3\">        <script type=\"application\/ld+json\">\r\n        {\r\n            \"@context\": \"http:\/\/schema.org\",\r\n            \"@type\": \"Event\",\r\n            \"eventStatus\": \"https:\/\/schema.org\/EventScheduled\",\r\n            \"startDate\": \"2026-05-28\",\r\n            \"endDate\": \"2026-05-28\",\r\n            \"eventAttendanceMode\": \"https:\/\/schema.org\/OfflineEventAttendanceMode\",\r\n            \"location\":\r\n            {\r\n                \"@type\": \"Place\",\r\n                                \"name\": \"Baza na Krakowskiej\",\r\n                \"image\": \"\",\r\n                \"address\": \"\"\r\n                            },\r\n            \"organizer\":\r\n            {\r\n                \"@type\": \"Person\",\r\n                \"name\": \"\",\r\n                \"url\": \"\"\r\n            },\r\n            \"offers\":\r\n            {\r\n                \"url\": \"https:\/\/bazanakrakowskiej.pl\/index.php\/wydarzenia\/mozliwosc-organizacji-urodzin-2\/\",\r\n                \"price\": \"\",\r\n                \"priceCurrency\": \"$\",\r\n                \"availability\": \"https:\/\/schema.org\/InStock\",\r\n                \"validFrom\": \"2026-05-28T00:00\"\r\n            },\r\n            \"performer\": \"\",\r\n            \"description\": \"&lt;p&gt;Wi\u0119cej informacji w zak\u0142adce &lt;a href=&quot;https:\/\/bazanakrakowskiej.pl\/index.php\/oferta-dodatkowa\/&quot;&gt;URODZINY&lt;\/a&gt; \ud83d\ude42&lt;\/p&gt; \",\r\n            \"image\": \"\",\r\n            \"name\": \"Mo\u017cliwo\u015b\u0107 organizacji urodzin\",\r\n            \"url\": \"https:\/\/bazanakrakowskiej.pl\/index.php\/wydarzenia\/mozliwosc-organizacji-urodzin-2\/\"\r\n        }\r\n        <\/script>\r\n                            <article  data-href=\"https:\/\/bazanakrakowskiej.pl\/index.php\/wydarzenia\/mozliwosc-organizacji-urodzin-2\/\" data-target=\"m1\" style=\"background:#f587a6\" class=\"mec-past-event mec-event-article mec-tile-item  mec-clear   \">\r\n                                                                        <div class=\"event-tile-view-head clearfix\">\r\n                                                            <div class=\"mec-event-month\"><span class=\"mec-start-date-label\" itemprop=\"startDate\">28 maj<\/span><\/div>\r\n                                                        <div class=\"mec-event-time\"><i class=\"mec-sl-clock\"><\/i>16:30<\/div>\r\n                        <\/div>\r\n                        <div class=\"mec-event-content\" data-target=\"m1\" data-event-id=\"7160\">\r\n                            <a href=\"https:\/\/bazanakrakowskiej.pl\/index.php\/wydarzenia\/mozliwosc-organizacji-urodzin-2\/\" target=\"m1\" class=\"mec-tile-into-content-link\"><\/a>                            <div class=\"mec-tile-event-content\">\r\n                                <div class=\"mec-event-detail\">\r\n                                                                                                            <span class=\"mec-event-loc-place\"><i class=\"mec-sl-location-pin\"><\/i>Baza na Krakowskiej<\/span>                                                                    <\/div>\r\n                                                                <h4 class=\"mec-event-title\"><a class=\"mec-color-hover\"  data-event-id=\"7160\" href=\"https:\/\/bazanakrakowskiej.pl\/index.php\/wydarzenia\/mozliwosc-organizacji-urodzin-2\/\" target=\"m1\" rel=\"noopener\">Mo\u017cliwo\u015b\u0107 organizacji urodzin<\/a><\/h4>\r\n                                                            <\/div>\r\n                        <\/div>\r\n                    <\/article>\r\n                <\/div>            <div class=\"col-md-3 col-sm-3\">        <script type=\"application\/ld+json\">\r\n        {\r\n            \"@context\": \"http:\/\/schema.org\",\r\n            \"@type\": \"Event\",\r\n            \"eventStatus\": \"https:\/\/schema.org\/EventScheduled\",\r\n            \"startDate\": \"2026-05-28\",\r\n            \"endDate\": \"2026-05-28\",\r\n            \"eventAttendanceMode\": \"https:\/\/schema.org\/OfflineEventAttendanceMode\",\r\n            \"location\":\r\n            {\r\n                \"@type\": \"Place\",\r\n                                \"name\": \"Baza na Krakowskiej\/ s. lustrzana\",\r\n                \"image\": \"\",\r\n                \"address\": \"\"\r\n                            },\r\n            \"organizer\":\r\n            {\r\n                \"@type\": \"Person\",\r\n                \"name\": \"Anna Porwit\",\r\n                \"url\": \"https:\/\/www.facebook.com\/pasjamojaity\"\r\n            },\r\n            \"offers\":\r\n            {\r\n                \"url\": \"https:\/\/bazanakrakowskiej.pl\/index.php\/wydarzenia\/zajecia-fitness-hantle-gumy-hip-band-rollowanie\/\",\r\n                \"price\": \"\",\r\n                \"priceCurrency\": \"$\",\r\n                \"availability\": \"https:\/\/schema.org\/InStock\",\r\n                \"validFrom\": \"2026-05-28T00:00\"\r\n            },\r\n            \"performer\": \"\",\r\n            \"description\": \"&lt;p&gt;Zapraszamy na wystrza\u0142owe zaj\u0119cia &lt;strong&gt;FITNESS&lt;\/strong&gt;, pod okiem wykwalifikowanej instruktorki!&lt;br \/&gt; Mo\u017cliwo\u015b\u0107 nabycia karnet\u00f3w!&lt;br \/&gt; Super atmosfera!&lt;br \/&gt; Materia\u0142y do \u0107wicze\u0144!&lt;\/p&gt; &lt;p&gt;\ud83d\udfe9Poniedzia\u0142ki \u25aa\ufe0fStep cardio- trening ze stepem&lt;br \/&gt; 18:00-19:00&lt;\/p&gt; &lt;p&gt;\ud83d\udfe6Wtorki \u25aa\ufe0fSi\u0142a i sylwetka- trening z obci\u0105\u017ceniem&lt;br \/&gt; 18:00-19:00&lt;\/p&gt; &lt;p&gt;\ud83d\udfeaCzwartki \u25aa\ufe0fMobility -trening rozci\u0105gaj\u0105cy&lt;br \/&gt; 18:45-19:45&lt;\/p&gt; &lt;p&gt;&nbsp;&lt;\/p&gt; &lt;p&gt;Instruktor: Anna Porwit\/&lt;a href=&quot;https:\/\/www.facebook.com\/pasjamojaity&quot;&gt;Pasjamojaity&lt;\/a&gt;&lt;\/p&gt; &lt;p&gt;Zapisy pod nr tel. 796 500 690&lt;\/p&gt; &lt;p&gt;&nbsp;&lt;\/p&gt; \",\r\n            \"image\": \"\",\r\n            \"name\": \"Zaj\u0119cia Fitness Mobility -trening rozci\u0105gaj\u0105cy\",\r\n            \"url\": \"https:\/\/bazanakrakowskiej.pl\/index.php\/wydarzenia\/zajecia-fitness-hantle-gumy-hip-band-rollowanie\/\"\r\n        }\r\n        <\/script>\r\n                            <article  data-href=\"https:\/\/bazanakrakowskiej.pl\/index.php\/wydarzenia\/zajecia-fitness-hantle-gumy-hip-band-rollowanie\/\" data-target=\"m1\" style=\"background:#00e4e8\" class=\"mec-past-event mec-event-article mec-tile-item  mec-clear   \">\r\n                                                                        <div class=\"event-tile-view-head clearfix\">\r\n                                                            <div class=\"mec-event-month\"><span class=\"mec-start-date-label\" itemprop=\"startDate\">28 maj<\/span><\/div>\r\n                                                        <div class=\"mec-event-time\"><i class=\"mec-sl-clock\"><\/i>18:45<\/div>\r\n                        <\/div>\r\n                        <div class=\"mec-event-content\" data-target=\"m1\" data-event-id=\"8257\">\r\n                            <a href=\"https:\/\/bazanakrakowskiej.pl\/index.php\/wydarzenia\/zajecia-fitness-hantle-gumy-hip-band-rollowanie\/\" target=\"m1\" class=\"mec-tile-into-content-link\"><\/a>                            <div class=\"mec-tile-event-content\">\r\n                                <div class=\"mec-event-detail\">\r\n                                                                                                            <span class=\"mec-event-loc-place\"><i class=\"mec-sl-location-pin\"><\/i>Baza na Krakowskiej\/ s. lustrzana<\/span>                                                                    <\/div>\r\n                                                                <h4 class=\"mec-event-title\"><a class=\"mec-color-hover\"  data-event-id=\"8257\" href=\"https:\/\/bazanakrakowskiej.pl\/index.php\/wydarzenia\/zajecia-fitness-hantle-gumy-hip-band-rollowanie\/\" target=\"m1\" rel=\"noopener\">Zaj\u0119cia Fitness Mobility -trening rozci\u0105gaj\u0105cy<\/a><\/h4>\r\n                                                            <\/div>\r\n                        <\/div>\r\n                    <\/article>\r\n                <\/div><\/div>                    <div class=\"row\"><div class=\"col-md-3 col-sm-3\">        <script type=\"application\/ld+json\">\r\n        {\r\n            \"@context\": \"http:\/\/schema.org\",\r\n            \"@type\": \"Event\",\r\n            \"eventStatus\": \"https:\/\/schema.org\/EventScheduled\",\r\n            \"startDate\": \"2026-05-29\",\r\n            \"endDate\": \"2026-05-29\",\r\n            \"eventAttendanceMode\": \"https:\/\/schema.org\/OfflineEventAttendanceMode\",\r\n            \"location\":\r\n            {\r\n                \"@type\": \"Place\",\r\n                                \"name\": \"Baza na Krakowskiej\",\r\n                \"image\": \"\",\r\n                \"address\": \"\"\r\n                            },\r\n            \"organizer\":\r\n            {\r\n                \"@type\": \"Person\",\r\n                \"name\": \"Barbara Niemczyk\",\r\n                \"url\": \"\"\r\n            },\r\n            \"offers\":\r\n            {\r\n                \"url\": \"https:\/\/bazanakrakowskiej.pl\/index.php\/wydarzenia\/przedprzedszkole-3\/\",\r\n                \"price\": \"\",\r\n                \"priceCurrency\": \"$\",\r\n                \"availability\": \"https:\/\/schema.org\/InStock\",\r\n                \"validFrom\": \"2026-05-29T00:00\"\r\n            },\r\n            \"performer\": \"\",\r\n            \"description\": \"&lt;p&gt;To zaj\u0119cia adaptacyjne dla dzieci &lt;strong&gt;2+&lt;\/strong&gt; (bez udzia\u0142u Rodzica), prowadzone wg autorskich scenariuszy, maj\u0105ce na celu przygotowanie maluch\u00f3w do p\u00f3j\u015bcia do przedszkola.&lt;\/p&gt; &lt;p&gt;&lt;strong&gt;NASZA OFERTA: &lt;\/strong&gt;&lt;\/p&gt; &lt;ul&gt; &lt;li&gt;Zaj\u0119cia 5 razy w tygodniu!&lt;\/li&gt; &lt;li&gt;Od poniedzia\u0142ku do pi\u0105tku w godzinach 8:00-13:00&lt;\/li&gt; &lt;li&gt;&lt;strong&gt;3&lt;\/strong&gt; abonamenty do wyboru + abonament indywidulany&lt;\/li&gt; &lt;li&gt;Nauka poprzez zabaw\u0119!&lt;\/li&gt; &lt;\/ul&gt; &lt;p&gt;&lt;strong&gt;Naszym celem jest:&lt;\/strong&gt;&lt;\/p&gt; &lt;p&gt;\u2013 nawi\u0105zywanie i wzmacnianie kontakt\u00f3w spo\u0142ecznych z dzie\u0107mi w grupie&lt;br \/&gt; \u2013 wdra\u017canie do samodzielno\u015bci poprzez nabywanie nowych umiej\u0119tno\u015bci&lt;br \/&gt; \u2013 stwarzanie warunk\u00f3w sprzyjaj\u0105cych wsp\u00f3lnej zabawie&lt;br \/&gt; \u2013 kszta\u0142towanie u dzieci zdolno\u015bci radzenia sobie w nowych sytuacjach&lt;br \/&gt; \u2013 zach\u0119canie do udzia\u0142u w zaj\u0119ciach artystycznych, plastycznych itp.&lt;\/p&gt; &lt;p&gt;&lt;strong&gt;Zapewniamy:&lt;\/strong&gt;&lt;\/p&gt; &lt;p&gt;\u2013 troskliw\u0105 opiek\u0119 i bezpiecze\u0144stwo&lt;br \/&gt; \u2013 przestronne sale, przystosowane do potrzeb dzieci&lt;br \/&gt; \u2013 zabawki, materia\u0142y edukacyjne&lt;br \/&gt; \u2013 zaj\u0119cia plastyczne, muzyczne itp.&lt;br \/&gt; \u2013 indywidulane podej\u015bcie do dziecka&lt;\/p&gt; &lt;p&gt;Szczeg\u00f3\u0142y tutaj: &lt;a href=&quot;https:\/\/bazanakrakowskiej.pl\/index.php\/przedprzedszkole\/&quot;&gt;https:\/\/bazanakrakowskiej.pl\/index.php\/przedprzedszkole\/&lt;\/a&gt;&lt;\/p&gt; \",\r\n            \"image\": \"\",\r\n            \"name\": \"PrzedPrzedszkole\",\r\n            \"url\": \"https:\/\/bazanakrakowskiej.pl\/index.php\/wydarzenia\/przedprzedszkole-3\/\"\r\n        }\r\n        <\/script>\r\n                            <article  data-href=\"https:\/\/bazanakrakowskiej.pl\/index.php\/wydarzenia\/przedprzedszkole-3\/\" data-target=\"m1\" style=\"background:#eae019\" class=\"mec-past-event mec-event-article mec-tile-item  mec-clear   \">\r\n                                                                        <div class=\"event-tile-view-head clearfix\">\r\n                                                            <div class=\"mec-event-month\"><span class=\"mec-start-date-label\" itemprop=\"startDate\">29 maj<\/span><\/div>\r\n                                                        <div class=\"mec-event-time\"><i class=\"mec-sl-clock\"><\/i>08:00<\/div>\r\n                        <\/div>\r\n                        <div class=\"mec-event-content\" data-target=\"m1\" data-event-id=\"7050\">\r\n                            <a href=\"https:\/\/bazanakrakowskiej.pl\/index.php\/wydarzenia\/przedprzedszkole-3\/\" target=\"m1\" class=\"mec-tile-into-content-link\"><\/a>                            <div class=\"mec-tile-event-content\">\r\n                                <div class=\"mec-event-detail\">\r\n                                                                                                            <span class=\"mec-event-loc-place\"><i class=\"mec-sl-location-pin\"><\/i>Baza na Krakowskiej<\/span>                                                                    <\/div>\r\n                                                                <h4 class=\"mec-event-title\"><a class=\"mec-color-hover\"  data-event-id=\"7050\" href=\"https:\/\/bazanakrakowskiej.pl\/index.php\/wydarzenia\/przedprzedszkole-3\/\" target=\"m1\" rel=\"noopener\">PrzedPrzedszkole<\/a><\/h4>\r\n                                                            <\/div>\r\n                        <\/div>\r\n                    <\/article>\r\n                <\/div>            <div class=\"col-md-3 col-sm-3\">        <script type=\"application\/ld+json\">\r\n        {\r\n            \"@context\": \"http:\/\/schema.org\",\r\n            \"@type\": \"Event\",\r\n            \"eventStatus\": \"https:\/\/schema.org\/EventScheduled\",\r\n            \"startDate\": \"2026-05-29\",\r\n            \"endDate\": \"2026-05-29\",\r\n            \"eventAttendanceMode\": \"https:\/\/schema.org\/OfflineEventAttendanceMode\",\r\n            \"location\":\r\n            {\r\n                \"@type\": \"Place\",\r\n                                \"name\": \"Baza na Krakowskiej\/ s. lustrzana\",\r\n                \"image\": \"\",\r\n                \"address\": \"\"\r\n                            },\r\n            \"organizer\":\r\n            {\r\n                \"@type\": \"Person\",\r\n                \"name\": \"Anna Porwit\",\r\n                \"url\": \"https:\/\/www.facebook.com\/pasjamojaity\"\r\n            },\r\n            \"offers\":\r\n            {\r\n                \"url\": \"https:\/\/bazanakrakowskiej.pl\/index.php\/wydarzenia\/fitness-dla-seniorow\/\",\r\n                \"price\": \"\",\r\n                \"priceCurrency\": \"$\",\r\n                \"availability\": \"https:\/\/schema.org\/InStock\",\r\n                \"validFrom\": \"2026-05-29T00:00\"\r\n            },\r\n            \"performer\": \"\",\r\n            \"description\": \"&lt;p&gt;&lt;span class=&quot;x1xsqp64 xiy17q3 x1o6pynw x19co3pv xdj266r xcwd3tp xat24cr x39eecv x2b8uid&quot; data-testid=&quot;emoji&quot;&gt;&lt;span class=&quot;xexx8yu xn5pp95 x18d9i69 x2fxd7x x3jgonx x1bhl96m&quot;&gt;\ud83d\udfe8&lt;\/span&gt;&lt;\/span&gt;&lt;span class=&quot;x1xsqp64 xiy17q3 x1o6pynw x19co3pv xdj266r xcwd3tp xat24cr x39eecv x2b8uid&quot; data-testid=&quot;emoji&quot;&gt;&lt;span class=&quot;xexx8yu xn5pp95 x18d9i69 x2fxd7x x3jgonx x1bhl96m&quot;&gt;\ud83d\udfea&lt;\/span&gt;&lt;\/span&gt;FITNESS DLA SENIOR\u00d3W &lt;span class=&quot;x1xsqp64 xiy17q3 x1o6pynw x19co3pv xdj266r xcwd3tp xat24cr x39eecv x2b8uid&quot; data-testid=&quot;emoji&quot;&gt;&lt;span class=&quot;xexx8yu xn5pp95 x18d9i69 x2fxd7x x3jgonx x1bhl96m&quot;&gt;\ud83d\udfe8&lt;\/span&gt;&lt;\/span&gt;&lt;span class=&quot;x1xsqp64 xiy17q3 x1o6pynw x19co3pv xdj266r xcwd3tp xat24cr x39eecv x2b8uid&quot; data-testid=&quot;emoji&quot;&gt;&lt;span class=&quot;xexx8yu xn5pp95 x18d9i69 x2fxd7x x3jgonx x1bhl96m&quot;&gt;\ud83d\udfea&lt;\/span&gt;&lt;\/span&gt;&lt;br \/&gt; Zapraszamy na nowe zaj\u0119cia!&lt;\/p&gt; &lt;p&gt;Ka\u017cdy pi\u0105tek godz.11:00-12:00, Baza na Krakowskiej\/ sala lustrzana&lt;\/p&gt; &lt;p&gt;Specjalnie opracowany program pozwoli uczestnikom czu\u0107 si\u0119 swobodnie i komfortowo, a w\u0142\u0105czenie do codzienno\u015bci rutyny \u0107wicze\u0144 fizycznych pozwoli zachowa\u0107 sprawno\u015b\u0107 i si\u0142\u0119 cia\u0142a.&lt;\/p&gt; &lt;p&gt;Jakie jeszcze s\u0105 zalety udzia\u0142u w zaj\u0119ciach?&lt;br \/&gt; &lt;span class=&quot;x1xsqp64 xiy17q3 x1o6pynw x19co3pv xdj266r xcwd3tp xat24cr x39eecv x2b8uid&quot; data-testid=&quot;emoji&quot;&gt;&lt;span class=&quot;xexx8yu xn5pp95 x18d9i69 x2fxd7x x3jgonx x1bhl96m&quot;&gt;\ud83d\udfea&lt;\/span&gt;&lt;\/span&gt;&lt;span class=&quot;x1xsqp64 xiy17q3 x1o6pynw x19co3pv xdj266r xcwd3tp xat24cr x39eecv x2b8uid&quot; data-testid=&quot;emoji&quot;&gt;&lt;span class=&quot;xexx8yu xn5pp95 x18d9i69 x2fxd7x x3jgonx x1bhl96m&quot;&gt;\ud83d\udfe8&lt;\/span&gt;&lt;\/span&gt;Zdrowie serca i sprawno\u015b\u0107 uk\u0142adu sercowo-naczyniowego&lt;br \/&gt; &lt;span class=&quot;x1xsqp64 xiy17q3 x1o6pynw x19co3pv xdj266r xcwd3tp xat24cr x39eecv x2b8uid&quot; data-testid=&quot;emoji&quot;&gt;&lt;span class=&quot;xexx8yu xn5pp95 x18d9i69 x2fxd7x x3jgonx x1bhl96m&quot;&gt;\ud83d\udfea&lt;\/span&gt;&lt;\/span&gt;&lt;span class=&quot;x1xsqp64 xiy17q3 x1o6pynw x19co3pv xdj266r xcwd3tp xat24cr x39eecv x2b8uid&quot; data-testid=&quot;emoji&quot;&gt;&lt;span class=&quot;xexx8yu xn5pp95 x18d9i69 x2fxd7x x3jgonx x1bhl96m&quot;&gt;\ud83d\udfe8&lt;\/span&gt;&lt;\/span&gt;Poprawa wytrzyma\u0142o\u015bci i og\u00f3lnego poziomu energii&lt;br \/&gt; &lt;span class=&quot;x1xsqp64 xiy17q3 x1o6pynw x19co3pv xdj266r xcwd3tp xat24cr x39eecv x2b8uid&quot; data-testid=&quot;emoji&quot;&gt;&lt;span class=&quot;xexx8yu xn5pp95 x18d9i69 x2fxd7x x3jgonx x1bhl96m&quot;&gt;\ud83d\udfea&lt;\/span&gt;&lt;\/span&gt;&lt;span class=&quot;x1xsqp64 xiy17q3 x1o6pynw x19co3pv xdj266r xcwd3tp xat24cr x39eecv x2b8uid&quot; data-testid=&quot;emoji&quot;&gt;&lt;span class=&quot;xexx8yu xn5pp95 x18d9i69 x2fxd7x x3jgonx x1bhl96m&quot;&gt;\ud83d\udfe8&lt;\/span&gt;&lt;\/span&gt;Nastr\u00f3j i dobre samopoczucie psychiczne&lt;br \/&gt; &lt;span class=&quot;x1xsqp64 xiy17q3 x1o6pynw x19co3pv xdj266r xcwd3tp xat24cr x39eecv x2b8uid&quot; data-testid=&quot;emoji&quot;&gt;&lt;span class=&quot;xexx8yu xn5pp95 x18d9i69 x2fxd7x x3jgonx x1bhl96m&quot;&gt;\ud83d\udfea&lt;\/span&gt;&lt;\/span&gt;&lt;span class=&quot;x1xsqp64 xiy17q3 x1o6pynw x19co3pv xdj266r xcwd3tp xat24cr x39eecv x2b8uid&quot; data-testid=&quot;emoji&quot;&gt;&lt;span class=&quot;xexx8yu xn5pp95 x18d9i69 x2fxd7x x3jgonx x1bhl96m&quot;&gt;\ud83d\udfe8&lt;\/span&gt;&lt;\/span&gt;Wzmocnienie wi\u0119zi spo\u0142eczne i zmniejszenie poczucia samotno\u015bci&lt;br \/&gt; &lt;span class=&quot;x1xsqp64 xiy17q3 x1o6pynw x19co3pv xdj266r xcwd3tp xat24cr x39eecv x2b8uid&quot; data-testid=&quot;emoji&quot;&gt;&lt;span class=&quot;xexx8yu xn5pp95 x18d9i69 x2fxd7x x3jgonx x1bhl96m&quot;&gt;\ud83d\udfea&lt;\/span&gt;&lt;\/span&gt;&lt;span class=&quot;x1xsqp64 xiy17q3 x1o6pynw x19co3pv xdj266r xcwd3tp xat24cr x39eecv x2b8uid&quot; data-testid=&quot;emoji&quot;&gt;&lt;span class=&quot;xexx8yu xn5pp95 x18d9i69 x2fxd7x x3jgonx x1bhl96m&quot;&gt;\ud83d\udfe8&lt;\/span&gt;&lt;\/span&gt;Zachowanie niezale\u017cno\u015bci i \u0142atwiejsze wykonywanie codziennych czynno\u015bci poprzez \u0107wiczenia buduj\u0105ce i utrzymuj\u0105ce si\u0142\u0119&lt;\/p&gt; &lt;p&gt;Serdecznie zapraszamy!&lt;br \/&gt; &lt;span class=&quot;x1xsqp64 xiy17q3 x1o6pynw x19co3pv xdj266r xcwd3tp xat24cr x39eecv x2b8uid&quot; data-testid=&quot;emoji&quot;&gt;&lt;span class=&quot;xexx8yu xn5pp95 x18d9i69 x2fxd7x x3jgonx x1bhl96m&quot;&gt;\ud83d\udfe8&lt;\/span&gt;&lt;\/span&gt;Prosimy o udost\u0119pnienie tej wiadomo\u015bci najbli\u017cszym, domownikom i wszystkim osobom, kt\u00f3re by\u0142by zainteresowane udzia\u0142em w zaj\u0119ciach.&lt;span class=&quot;x1xsqp64 xiy17q3 x1o6pynw x19co3pv xdj266r xcwd3tp xat24cr x39eecv x2b8uid&quot; data-testid=&quot;emoji&quot;&gt;&lt;span class=&quot;xexx8yu xn5pp95 x18d9i69 x2fxd7x x3jgonx x1bhl96m&quot;&gt;\ud83d\udfe8&lt;\/span&gt;&lt;\/span&gt;&lt;\/p&gt; &lt;p&gt;Zaj\u0119cia prowadzi wykwalifikowana instruktorka fitness Anna Porwit.&lt;br \/&gt; &lt;span class=&quot;x1xsqp64 xiy17q3 x1o6pynw x19co3pv xdj266r xcwd3tp xat24cr x39eecv x2b8uid&quot; data-testid=&quot;emoji&quot;&gt;&lt;span class=&quot;xexx8yu xn5pp95 x18d9i69 x2fxd7x x3jgonx x1bhl96m&quot;&gt;\ud83d\udcde&lt;\/span&gt;&lt;\/span&gt;Szczeg\u00f3\u0142y pod nr tel: 796 500 690&lt;\/p&gt; \",\r\n            \"image\": \"https:\/\/bazanakrakowskiej.pl\/wp-content\/uploads\/2024\/11\/fitness-dla-seniorow.png\",\r\n            \"name\": \"Fitness dla Senior\u00f3w\",\r\n            \"url\": \"https:\/\/bazanakrakowskiej.pl\/index.php\/wydarzenia\/fitness-dla-seniorow\/\"\r\n        }\r\n        <\/script>\r\n                            <article  data-href=\"https:\/\/bazanakrakowskiej.pl\/index.php\/wydarzenia\/fitness-dla-seniorow\/\" data-target=\"m1\" style=\"background:#00a0d2 url('https:\/\/bazanakrakowskiej.pl\/wp-content\/uploads\/2024\/11\/fitness-dla-seniorow-300x400.png')\" class=\"mec-past-event mec-event-article mec-tile-item  mec-clear   \">\r\n                                                                        <div class=\"event-tile-view-head clearfix\">\r\n                                                            <div class=\"mec-event-month\"><span class=\"mec-start-date-label\" itemprop=\"startDate\">29 maj<\/span><\/div>\r\n                                                        <div class=\"mec-event-time\"><i class=\"mec-sl-clock\"><\/i>11:00<\/div>\r\n                        <\/div>\r\n                        <div class=\"mec-event-content\" data-target=\"m1\" data-event-id=\"8134\">\r\n                            <a href=\"https:\/\/bazanakrakowskiej.pl\/index.php\/wydarzenia\/fitness-dla-seniorow\/\" target=\"m1\" class=\"mec-tile-into-content-link\"><\/a>                            <div class=\"mec-tile-event-content\">\r\n                                <div class=\"mec-event-detail\">\r\n                                                                                                            <span class=\"mec-event-loc-place\"><i class=\"mec-sl-location-pin\"><\/i>Baza na Krakowskiej\/ s. lustrzana<\/span>                                                                    <\/div>\r\n                                                                <h4 class=\"mec-event-title\"><a class=\"mec-color-hover\"  data-event-id=\"8134\" href=\"https:\/\/bazanakrakowskiej.pl\/index.php\/wydarzenia\/fitness-dla-seniorow\/\" target=\"m1\" rel=\"noopener\">Fitness dla Senior\u00f3w<\/a><\/h4>\r\n                                                            <\/div>\r\n                        <\/div>\r\n                    <\/article>\r\n                <\/div>            <div class=\"col-md-3 col-sm-3\">        <script type=\"application\/ld+json\">\r\n        {\r\n            \"@context\": \"http:\/\/schema.org\",\r\n            \"@type\": \"Event\",\r\n            \"eventStatus\": \"https:\/\/schema.org\/EventScheduled\",\r\n            \"startDate\": \"2026-05-29\",\r\n            \"endDate\": \"2026-05-29\",\r\n            \"eventAttendanceMode\": \"https:\/\/schema.org\/OfflineEventAttendanceMode\",\r\n            \"location\":\r\n            {\r\n                \"@type\": \"Place\",\r\n                                \"name\": \"Baza na Krakowskiej\/ s. lustrzana\",\r\n                \"image\": \"\",\r\n                \"address\": \"\"\r\n                            },\r\n            \"organizer\":\r\n            {\r\n                \"@type\": \"Person\",\r\n                \"name\": \"Anna Porwit\",\r\n                \"url\": \"https:\/\/www.facebook.com\/pasjamojaity\"\r\n            },\r\n            \"offers\":\r\n            {\r\n                \"url\": \"https:\/\/bazanakrakowskiej.pl\/index.php\/wydarzenia\/fitness-dla-seniorow-2\/\",\r\n                \"price\": \"\",\r\n                \"priceCurrency\": \"$\",\r\n                \"availability\": \"https:\/\/schema.org\/InStock\",\r\n                \"validFrom\": \"2026-05-29T00:00\"\r\n            },\r\n            \"performer\": \"\",\r\n            \"description\": \"&lt;p&gt;&lt;span class=&quot;x1xsqp64 xiy17q3 x1o6pynw x19co3pv xdj266r xcwd3tp xat24cr x39eecv x2b8uid&quot; data-testid=&quot;emoji&quot;&gt;&lt;span class=&quot;xexx8yu xn5pp95 x18d9i69 x2fxd7x x3jgonx x1bhl96m&quot;&gt;\ud83d\udfe8&lt;\/span&gt;&lt;\/span&gt;&lt;span class=&quot;x1xsqp64 xiy17q3 x1o6pynw x19co3pv xdj266r xcwd3tp xat24cr x39eecv x2b8uid&quot; data-testid=&quot;emoji&quot;&gt;&lt;span class=&quot;xexx8yu xn5pp95 x18d9i69 x2fxd7x x3jgonx x1bhl96m&quot;&gt;\ud83d\udfea&lt;\/span&gt;&lt;\/span&gt;FITNESS DLA SENIOR\u00d3W &lt;span class=&quot;x1xsqp64 xiy17q3 x1o6pynw x19co3pv xdj266r xcwd3tp xat24cr x39eecv x2b8uid&quot; data-testid=&quot;emoji&quot;&gt;&lt;span class=&quot;xexx8yu xn5pp95 x18d9i69 x2fxd7x x3jgonx x1bhl96m&quot;&gt;\ud83d\udfe8&lt;\/span&gt;&lt;\/span&gt;&lt;span class=&quot;x1xsqp64 xiy17q3 x1o6pynw x19co3pv xdj266r xcwd3tp xat24cr x39eecv x2b8uid&quot; data-testid=&quot;emoji&quot;&gt;&lt;span class=&quot;xexx8yu xn5pp95 x18d9i69 x2fxd7x x3jgonx x1bhl96m&quot;&gt;\ud83d\udfea&lt;\/span&gt;&lt;\/span&gt;&lt;br \/&gt; Zapraszamy na nowe zaj\u0119cia!&lt;\/p&gt; &lt;p&gt;Ka\u017cdy pi\u0105tek godz.11:00-12:00 i 12:00-13:00 , Baza na Krakowskiej\/ sala lustrzana&lt;\/p&gt; &lt;p&gt;Specjalnie opracowany program pozwoli uczestnikom czu\u0107 si\u0119 swobodnie i komfortowo, a w\u0142\u0105czenie do codzienno\u015bci rutyny \u0107wicze\u0144 fizycznych pozwoli zachowa\u0107 sprawno\u015b\u0107 i si\u0142\u0119 cia\u0142a.&lt;\/p&gt; &lt;p&gt;Jakie jeszcze s\u0105 zalety udzia\u0142u w zaj\u0119ciach?&lt;br \/&gt; &lt;span class=&quot;x1xsqp64 xiy17q3 x1o6pynw x19co3pv xdj266r xcwd3tp xat24cr x39eecv x2b8uid&quot; data-testid=&quot;emoji&quot;&gt;&lt;span class=&quot;xexx8yu xn5pp95 x18d9i69 x2fxd7x x3jgonx x1bhl96m&quot;&gt;\ud83d\udfea&lt;\/span&gt;&lt;\/span&gt;&lt;span class=&quot;x1xsqp64 xiy17q3 x1o6pynw x19co3pv xdj266r xcwd3tp xat24cr x39eecv x2b8uid&quot; data-testid=&quot;emoji&quot;&gt;&lt;span class=&quot;xexx8yu xn5pp95 x18d9i69 x2fxd7x x3jgonx x1bhl96m&quot;&gt;\ud83d\udfe8&lt;\/span&gt;&lt;\/span&gt;Zdrowie serca i sprawno\u015b\u0107 uk\u0142adu sercowo-naczyniowego&lt;br \/&gt; &lt;span class=&quot;x1xsqp64 xiy17q3 x1o6pynw x19co3pv xdj266r xcwd3tp xat24cr x39eecv x2b8uid&quot; data-testid=&quot;emoji&quot;&gt;&lt;span class=&quot;xexx8yu xn5pp95 x18d9i69 x2fxd7x x3jgonx x1bhl96m&quot;&gt;\ud83d\udfea&lt;\/span&gt;&lt;\/span&gt;&lt;span class=&quot;x1xsqp64 xiy17q3 x1o6pynw x19co3pv xdj266r xcwd3tp xat24cr x39eecv x2b8uid&quot; data-testid=&quot;emoji&quot;&gt;&lt;span class=&quot;xexx8yu xn5pp95 x18d9i69 x2fxd7x x3jgonx x1bhl96m&quot;&gt;\ud83d\udfe8&lt;\/span&gt;&lt;\/span&gt;Poprawa wytrzyma\u0142o\u015bci i og\u00f3lnego poziomu energii&lt;br \/&gt; &lt;span class=&quot;x1xsqp64 xiy17q3 x1o6pynw x19co3pv xdj266r xcwd3tp xat24cr x39eecv x2b8uid&quot; data-testid=&quot;emoji&quot;&gt;&lt;span class=&quot;xexx8yu xn5pp95 x18d9i69 x2fxd7x x3jgonx x1bhl96m&quot;&gt;\ud83d\udfea&lt;\/span&gt;&lt;\/span&gt;&lt;span class=&quot;x1xsqp64 xiy17q3 x1o6pynw x19co3pv xdj266r xcwd3tp xat24cr x39eecv x2b8uid&quot; data-testid=&quot;emoji&quot;&gt;&lt;span class=&quot;xexx8yu xn5pp95 x18d9i69 x2fxd7x x3jgonx x1bhl96m&quot;&gt;\ud83d\udfe8&lt;\/span&gt;&lt;\/span&gt;Nastr\u00f3j i dobre samopoczucie psychiczne&lt;br \/&gt; &lt;span class=&quot;x1xsqp64 xiy17q3 x1o6pynw x19co3pv xdj266r xcwd3tp xat24cr x39eecv x2b8uid&quot; data-testid=&quot;emoji&quot;&gt;&lt;span class=&quot;xexx8yu xn5pp95 x18d9i69 x2fxd7x x3jgonx x1bhl96m&quot;&gt;\ud83d\udfea&lt;\/span&gt;&lt;\/span&gt;&lt;span class=&quot;x1xsqp64 xiy17q3 x1o6pynw x19co3pv xdj266r xcwd3tp xat24cr x39eecv x2b8uid&quot; data-testid=&quot;emoji&quot;&gt;&lt;span class=&quot;xexx8yu xn5pp95 x18d9i69 x2fxd7x x3jgonx x1bhl96m&quot;&gt;\ud83d\udfe8&lt;\/span&gt;&lt;\/span&gt;Wzmocnienie wi\u0119zi spo\u0142eczne i zmniejszenie poczucia samotno\u015bci&lt;br \/&gt; &lt;span class=&quot;x1xsqp64 xiy17q3 x1o6pynw x19co3pv xdj266r xcwd3tp xat24cr x39eecv x2b8uid&quot; data-testid=&quot;emoji&quot;&gt;&lt;span class=&quot;xexx8yu xn5pp95 x18d9i69 x2fxd7x x3jgonx x1bhl96m&quot;&gt;\ud83d\udfea&lt;\/span&gt;&lt;\/span&gt;&lt;span class=&quot;x1xsqp64 xiy17q3 x1o6pynw x19co3pv xdj266r xcwd3tp xat24cr x39eecv x2b8uid&quot; data-testid=&quot;emoji&quot;&gt;&lt;span class=&quot;xexx8yu xn5pp95 x18d9i69 x2fxd7x x3jgonx x1bhl96m&quot;&gt;\ud83d\udfe8&lt;\/span&gt;&lt;\/span&gt;Zachowanie niezale\u017cno\u015bci i \u0142atwiejsze wykonywanie codziennych czynno\u015bci poprzez \u0107wiczenia buduj\u0105ce i utrzymuj\u0105ce si\u0142\u0119&lt;\/p&gt; &lt;p&gt;Serdecznie zapraszamy!&lt;br \/&gt; &lt;span class=&quot;x1xsqp64 xiy17q3 x1o6pynw x19co3pv xdj266r xcwd3tp xat24cr x39eecv x2b8uid&quot; data-testid=&quot;emoji&quot;&gt;&lt;span class=&quot;xexx8yu xn5pp95 x18d9i69 x2fxd7x x3jgonx x1bhl96m&quot;&gt;\ud83d\udfe8&lt;\/span&gt;&lt;\/span&gt;Prosimy o udost\u0119pnienie tej wiadomo\u015bci najbli\u017cszym, domownikom i wszystkim osobom, kt\u00f3re by\u0142by zainteresowane udzia\u0142em w zaj\u0119ciach.&lt;span class=&quot;x1xsqp64 xiy17q3 x1o6pynw x19co3pv xdj266r xcwd3tp xat24cr x39eecv x2b8uid&quot; data-testid=&quot;emoji&quot;&gt;&lt;span class=&quot;xexx8yu xn5pp95 x18d9i69 x2fxd7x x3jgonx x1bhl96m&quot;&gt;\ud83d\udfe8&lt;\/span&gt;&lt;\/span&gt;&lt;\/p&gt; &lt;p&gt;Zaj\u0119cia prowadzi wykwalifikowana instruktorka fitness Anna Porwit.&lt;br \/&gt; &lt;span class=&quot;x1xsqp64 xiy17q3 x1o6pynw x19co3pv xdj266r xcwd3tp xat24cr x39eecv x2b8uid&quot; data-testid=&quot;emoji&quot;&gt;&lt;span class=&quot;xexx8yu xn5pp95 x18d9i69 x2fxd7x x3jgonx x1bhl96m&quot;&gt;\ud83d\udcde&lt;\/span&gt;&lt;\/span&gt;Szczeg\u00f3\u0142y pod nr tel: 796 500 690&lt;\/p&gt; \",\r\n            \"image\": \"\",\r\n            \"name\": \"Fitness dla senior\u00f3w\",\r\n            \"url\": \"https:\/\/bazanakrakowskiej.pl\/index.php\/wydarzenia\/fitness-dla-seniorow-2\/\"\r\n        }\r\n        <\/script>\r\n                            <article  data-href=\"https:\/\/bazanakrakowskiej.pl\/index.php\/wydarzenia\/fitness-dla-seniorow-2\/\" data-target=\"m1\" style=\"background:#00a0d2\" class=\"mec-past-event mec-event-article mec-tile-item  mec-clear   \">\r\n                                                                        <div class=\"event-tile-view-head clearfix\">\r\n                                                            <div class=\"mec-event-month\"><span class=\"mec-start-date-label\" itemprop=\"startDate\">29 maj<\/span><\/div>\r\n                                                        <div class=\"mec-event-time\"><i class=\"mec-sl-clock\"><\/i>12:00<\/div>\r\n                        <\/div>\r\n                        <div class=\"mec-event-content\" data-target=\"m1\" data-event-id=\"8585\">\r\n                            <a href=\"https:\/\/bazanakrakowskiej.pl\/index.php\/wydarzenia\/fitness-dla-seniorow-2\/\" target=\"m1\" class=\"mec-tile-into-content-link\"><\/a>                            <div class=\"mec-tile-event-content\">\r\n                                <div class=\"mec-event-detail\">\r\n                                                                                                            <span class=\"mec-event-loc-place\"><i class=\"mec-sl-location-pin\"><\/i>Baza na Krakowskiej\/ s. lustrzana<\/span>                                                                    <\/div>\r\n                                                                <h4 class=\"mec-event-title\"><a class=\"mec-color-hover\"  data-event-id=\"8585\" href=\"https:\/\/bazanakrakowskiej.pl\/index.php\/wydarzenia\/fitness-dla-seniorow-2\/\" target=\"m1\" rel=\"noopener\">Fitness dla senior\u00f3w<\/a><\/h4>\r\n                                                            <\/div>\r\n                        <\/div>\r\n                    <\/article>\r\n                <\/div>            <div class=\"col-md-3 col-sm-3\">        <script type=\"application\/ld+json\">\r\n        {\r\n            \"@context\": \"http:\/\/schema.org\",\r\n            \"@type\": \"Event\",\r\n            \"eventStatus\": \"https:\/\/schema.org\/EventScheduled\",\r\n            \"startDate\": \"2026-05-29\",\r\n            \"endDate\": \"2026-05-29\",\r\n            \"eventAttendanceMode\": \"https:\/\/schema.org\/OfflineEventAttendanceMode\",\r\n            \"location\":\r\n            {\r\n                \"@type\": \"Place\",\r\n                                \"name\": \"Baza na Krakowskiej\",\r\n                \"image\": \"\",\r\n                \"address\": \"\"\r\n                            },\r\n            \"organizer\":\r\n            {\r\n                \"@type\": \"Person\",\r\n                \"name\": \"\",\r\n                \"url\": \"\"\r\n            },\r\n            \"offers\":\r\n            {\r\n                \"url\": \"https:\/\/bazanakrakowskiej.pl\/index.php\/wydarzenia\/mozliwosc-organizacji-urodzin-3\/\",\r\n                \"price\": \"\",\r\n                \"priceCurrency\": \"$\",\r\n                \"availability\": \"https:\/\/schema.org\/InStock\",\r\n                \"validFrom\": \"2026-05-29T00:00\"\r\n            },\r\n            \"performer\": \"\",\r\n            \"description\": \"&lt;p&gt;Wi\u0119cej informacji w zak\u0142adce &lt;a href=&quot;https:\/\/bazanakrakowskiej.pl\/index.php\/oferta-dodatkowa\/&quot;&gt;URODZINY&lt;\/a&gt; \ud83d\ude42&lt;\/p&gt; \",\r\n            \"image\": \"\",\r\n            \"name\": \"Mo\u017cliwo\u015b\u0107 organizacji urodzin\",\r\n            \"url\": \"https:\/\/bazanakrakowskiej.pl\/index.php\/wydarzenia\/mozliwosc-organizacji-urodzin-3\/\"\r\n        }\r\n        <\/script>\r\n                            <article  data-href=\"https:\/\/bazanakrakowskiej.pl\/index.php\/wydarzenia\/mozliwosc-organizacji-urodzin-3\/\" data-target=\"m1\" style=\"background:#f587a6\" class=\"mec-past-event mec-event-article mec-tile-item  mec-clear   \">\r\n                                                                        <div class=\"event-tile-view-head clearfix\">\r\n                                                            <div class=\"mec-event-month\"><span class=\"mec-start-date-label\" itemprop=\"startDate\">29 maj<\/span><\/div>\r\n                                                        <div class=\"mec-event-time\"><i class=\"mec-sl-clock\"><\/i>17:00<\/div>\r\n                        <\/div>\r\n                        <div class=\"mec-event-content\" data-target=\"m1\" data-event-id=\"6906\">\r\n                            <a href=\"https:\/\/bazanakrakowskiej.pl\/index.php\/wydarzenia\/mozliwosc-organizacji-urodzin-3\/\" target=\"m1\" class=\"mec-tile-into-content-link\"><\/a>                            <div class=\"mec-tile-event-content\">\r\n                                <div class=\"mec-event-detail\">\r\n                                                                                                            <span class=\"mec-event-loc-place\"><i class=\"mec-sl-location-pin\"><\/i>Baza na Krakowskiej<\/span>                                                                    <\/div>\r\n                                                                <h4 class=\"mec-event-title\"><a class=\"mec-color-hover\"  data-event-id=\"6906\" href=\"https:\/\/bazanakrakowskiej.pl\/index.php\/wydarzenia\/mozliwosc-organizacji-urodzin-3\/\" target=\"m1\" rel=\"noopener\">Mo\u017cliwo\u015b\u0107 organizacji urodzin<\/a><\/h4>\r\n                                                            <\/div>\r\n                        <\/div>\r\n                    <\/article>\r\n                <\/div><\/div>                    <div class=\"row\"><div class=\"col-md-3 col-sm-3\">        <script type=\"application\/ld+json\">\r\n        {\r\n            \"@context\": \"http:\/\/schema.org\",\r\n            \"@type\": \"Event\",\r\n            \"eventStatus\": \"https:\/\/schema.org\/EventScheduled\",\r\n            \"startDate\": \"2026-05-30\",\r\n            \"endDate\": \"2026-05-30\",\r\n            \"eventAttendanceMode\": \"https:\/\/schema.org\/OfflineEventAttendanceMode\",\r\n            \"location\":\r\n            {\r\n                \"@type\": \"Place\",\r\n                                \"name\": \"Baza na Krakowskiej\",\r\n                \"image\": \"\",\r\n                \"address\": \"\"\r\n                            },\r\n            \"organizer\":\r\n            {\r\n                \"@type\": \"Person\",\r\n                \"name\": \"\",\r\n                \"url\": \"\"\r\n            },\r\n            \"offers\":\r\n            {\r\n                \"url\": \"https:\/\/bazanakrakowskiej.pl\/index.php\/wydarzenia\/mozliwosc-organizacji-urodzin\/\",\r\n                \"price\": \"\",\r\n                \"priceCurrency\": \"$\",\r\n                \"availability\": \"https:\/\/schema.org\/InStock\",\r\n                \"validFrom\": \"2026-05-30T00:00\"\r\n            },\r\n            \"performer\": \"\",\r\n            \"description\": \"&lt;p&gt;Wi\u0119cej informacji w zak\u0142adce &lt;a href=&quot;https:\/\/bazanakrakowskiej.pl\/index.php\/oferta-dodatkowa\/&quot;&gt;URODZINY&lt;\/a&gt; \ud83d\ude42&lt;\/p&gt; \",\r\n            \"image\": \"\",\r\n            \"name\": \"Mo\u017cliwo\u015b\u0107 organizacji urodzin\",\r\n            \"url\": \"https:\/\/bazanakrakowskiej.pl\/index.php\/wydarzenia\/mozliwosc-organizacji-urodzin\/\"\r\n        }\r\n        <\/script>\r\n                            <article  data-href=\"https:\/\/bazanakrakowskiej.pl\/index.php\/wydarzenia\/mozliwosc-organizacji-urodzin\/\" data-target=\"m1\" style=\"background:#f587a6\" class=\"mec-past-event mec-event-article mec-tile-item  mec-clear   \">\r\n                                                                        <div class=\"event-tile-view-head clearfix\">\r\n                                                            <div class=\"mec-event-month\"><span class=\"mec-start-date-label\" itemprop=\"startDate\">30 maj<\/span><\/div>\r\n                                                        <div class=\"mec-event-time\"><i class=\"mec-sl-clock\"><\/i>10:00<\/div>\r\n                        <\/div>\r\n                        <div class=\"mec-event-content\" data-target=\"m1\" data-event-id=\"7953\">\r\n                            <a href=\"https:\/\/bazanakrakowskiej.pl\/index.php\/wydarzenia\/mozliwosc-organizacji-urodzin\/\" target=\"m1\" class=\"mec-tile-into-content-link\"><\/a>                            <div class=\"mec-tile-event-content\">\r\n                                <div class=\"mec-event-detail\">\r\n                                                                                                            <span class=\"mec-event-loc-place\"><i class=\"mec-sl-location-pin\"><\/i>Baza na Krakowskiej<\/span>                                                                    <\/div>\r\n                                                                <h4 class=\"mec-event-title\"><a class=\"mec-color-hover\"  data-event-id=\"7953\" href=\"https:\/\/bazanakrakowskiej.pl\/index.php\/wydarzenia\/mozliwosc-organizacji-urodzin\/\" target=\"m1\" rel=\"noopener\">Mo\u017cliwo\u015b\u0107 organizacji urodzin<\/a><\/h4>\r\n                                                            <\/div>\r\n                        <\/div>\r\n                    <\/article>\r\n                <\/div>            <div class=\"col-md-3 col-sm-3\">        <script type=\"application\/ld+json\">\r\n        {\r\n            \"@context\": \"http:\/\/schema.org\",\r\n            \"@type\": \"Event\",\r\n            \"eventStatus\": \"https:\/\/schema.org\/EventScheduled\",\r\n            \"startDate\": \"2026-05-30\",\r\n            \"endDate\": \"2026-05-30\",\r\n            \"eventAttendanceMode\": \"https:\/\/schema.org\/OfflineEventAttendanceMode\",\r\n            \"location\":\r\n            {\r\n                \"@type\": \"Place\",\r\n                                \"name\": \"Baza na Krakowskiej\",\r\n                \"image\": \"\",\r\n                \"address\": \"\"\r\n                            },\r\n            \"organizer\":\r\n            {\r\n                \"@type\": \"Person\",\r\n                \"name\": \"\",\r\n                \"url\": \"\"\r\n            },\r\n            \"offers\":\r\n            {\r\n                \"url\": \"https:\/\/bazanakrakowskiej.pl\/index.php\/wydarzenia\/mozliwosc-organizacji-urodzin-4\/\",\r\n                \"price\": \"\",\r\n                \"priceCurrency\": \"$\",\r\n                \"availability\": \"https:\/\/schema.org\/InStock\",\r\n                \"validFrom\": \"2026-05-30T00:00\"\r\n            },\r\n            \"performer\": \"\",\r\n            \"description\": \"&lt;p&gt;Wi\u0119cej informacji w zak\u0142adce &lt;a href=&quot;https:\/\/bazanakrakowskiej.pl\/index.php\/oferta-dodatkowa\/&quot;&gt;URODZINY&lt;\/a&gt; \ud83d\ude42&lt;\/p&gt; \",\r\n            \"image\": \"\",\r\n            \"name\": \"Mo\u017cliwo\u015b\u0107 organizacji urodzin\",\r\n            \"url\": \"https:\/\/bazanakrakowskiej.pl\/index.php\/wydarzenia\/mozliwosc-organizacji-urodzin-4\/\"\r\n        }\r\n        <\/script>\r\n                            <article  data-href=\"https:\/\/bazanakrakowskiej.pl\/index.php\/wydarzenia\/mozliwosc-organizacji-urodzin-4\/\" data-target=\"m1\" style=\"background:#f587a6\" class=\"mec-past-event mec-event-article mec-tile-item  mec-clear   \">\r\n                                                                        <div class=\"event-tile-view-head clearfix\">\r\n                                                            <div class=\"mec-event-month\"><span class=\"mec-start-date-label\" itemprop=\"startDate\">30 maj<\/span><\/div>\r\n                                                        <div class=\"mec-event-time\"><i class=\"mec-sl-clock\"><\/i>13:00<\/div>\r\n                        <\/div>\r\n                        <div class=\"mec-event-content\" data-target=\"m1\" data-event-id=\"7954\">\r\n                            <a href=\"https:\/\/bazanakrakowskiej.pl\/index.php\/wydarzenia\/mozliwosc-organizacji-urodzin-4\/\" target=\"m1\" class=\"mec-tile-into-content-link\"><\/a>                            <div class=\"mec-tile-event-content\">\r\n                                <div class=\"mec-event-detail\">\r\n                                                                                                            <span class=\"mec-event-loc-place\"><i class=\"mec-sl-location-pin\"><\/i>Baza na Krakowskiej<\/span>                                                                    <\/div>\r\n                                                                <h4 class=\"mec-event-title\"><a class=\"mec-color-hover\"  data-event-id=\"7954\" href=\"https:\/\/bazanakrakowskiej.pl\/index.php\/wydarzenia\/mozliwosc-organizacji-urodzin-4\/\" target=\"m1\" rel=\"noopener\">Mo\u017cliwo\u015b\u0107 organizacji urodzin<\/a><\/h4>\r\n                                                            <\/div>\r\n                        <\/div>\r\n                    <\/article>\r\n                <\/div>            <div class=\"col-md-3 col-sm-3\">        <script type=\"application\/ld+json\">\r\n        {\r\n            \"@context\": \"http:\/\/schema.org\",\r\n            \"@type\": \"Event\",\r\n            \"eventStatus\": \"https:\/\/schema.org\/EventScheduled\",\r\n            \"startDate\": \"2026-05-30\",\r\n            \"endDate\": \"2026-05-30\",\r\n            \"eventAttendanceMode\": \"https:\/\/schema.org\/OfflineEventAttendanceMode\",\r\n            \"location\":\r\n            {\r\n                \"@type\": \"Place\",\r\n                                \"name\": \"Baza na Krakowskiej\",\r\n                \"image\": \"\",\r\n                \"address\": \"\"\r\n                            },\r\n            \"organizer\":\r\n            {\r\n                \"@type\": \"Person\",\r\n                \"name\": \"Ma\u0142gorzata Grabowska- Fluder\",\r\n                \"url\": \"https:\/\/www.instagram.com\/malflu_foto\/\"\r\n            },\r\n            \"offers\":\r\n            {\r\n                \"url\": \"https:\/\/bazanakrakowskiej.pl\/index.php\/wydarzenia\/korepetycje-z-warzyw-warsztaty-kulinarne\/\",\r\n                \"price\": \"\",\r\n                \"priceCurrency\": \"$\",\r\n                \"availability\": \"https:\/\/schema.org\/InStock\",\r\n                \"validFrom\": \"2026-05-30T00:00\"\r\n            },\r\n            \"performer\": \"\",\r\n            \"description\": \"&lt;p&gt;Razem z &lt;a class=&quot;x1i10hfl xjbqb8w x1ejq31n xd10rxx x1sy0etr x17r0tee x972fbf xcfux6l x1qhh985 xm0m39n x9f619 x1ypdohk xt0psk2 xe8uvvx xdj266r x11i5rnm xat24cr x1mh8g0r xexx8yu x4uap5 x18d9i69 xkhd6sd x16tdsg8 x1hl2dhg xggy1nq x1a2a7pz notranslate _a6hd&quot; tabindex=&quot;0&quot; role=&quot;link&quot; href=&quot;https:\/\/www.instagram.com\/malflu_foto\/&quot;&gt;@malflu_foto&lt;\/a&gt; zapraszamy na&lt;br \/&gt; KOREPETYCJE Z WARZYW!&lt;\/p&gt; &lt;p&gt;Du\u017co dobrej, pozytywnej energii, pyszno\u015bci na talerzu, degustacja i znakomite towarzystwo- bo tak smakuje \u017cycie \u263a\ufe0f&lt;\/p&gt; &lt;p&gt;Jak m\u00f3wi Gosia \u201echc\u0119 pokaza\u0107, \u017ce warto je\u015b\u0107 sezonowo, \u017ce proste gotowanie mo\u017ce by\u0107 przyjemno\u015bci\u0105, \u017ce dzi\u0119ki jako\u015bciowym sk\u0142adnikom jedzenie mo\u017ce sta\u0107 si\u0119 lekarstwem- od\u017cywia\u0107 cia\u0142o i ducha\u201d \ud83c\udf72&lt;\/p&gt; &lt;p&gt;Szczeg\u00f3\u0142y i zapisy bezpo\u015brednio u Gosi pod nr tel. 500565030&lt;br \/&gt; Daty warsztat\u00f3w b\u0119d\u0105 podawane na bie\u017c\u0105co \u263a\ufe0f&lt;\/p&gt; &lt;div class=&quot;figure&quot;&gt;&lt;img loading=&quot;lazy&quot; decoding=&quot;async&quot; class=&quot;alignnone size-medium wp-image-7492&quot; src=&quot;https:\/\/bazanakrakowskiej.pl\/wp-content\/uploads\/2024\/03\/20240229_180717_0000-212x300.jpg&quot; alt=&quot;&quot; width=&quot;212&quot; height=&quot;300&quot; srcset=&quot;https:\/\/bazanakrakowskiej.pl\/wp-content\/uploads\/2024\/03\/20240229_180717_0000-212x300.jpg 212w, https:\/\/bazanakrakowskiej.pl\/wp-content\/uploads\/2024\/03\/20240229_180717_0000-724x1024.jpg 724w, https:\/\/bazanakrakowskiej.pl\/wp-content\/uploads\/2024\/03\/20240229_180717_0000-768x1086.jpg 768w, https:\/\/bazanakrakowskiej.pl\/wp-content\/uploads\/2024\/03\/20240229_180717_0000-1086x1536.jpg 1086w, https:\/\/bazanakrakowskiej.pl\/wp-content\/uploads\/2024\/03\/20240229_180717_0000.jpg 1414w&quot; sizes=&quot;auto, (max-width: 212px) 100vw, 212px&quot; \/&gt;&lt;\/div&gt; \",\r\n            \"image\": \"\",\r\n            \"name\": \"Korepetycje z warzyw- warsztaty kulinarne\",\r\n            \"url\": \"https:\/\/bazanakrakowskiej.pl\/index.php\/wydarzenia\/korepetycje-z-warzyw-warsztaty-kulinarne\/\"\r\n        }\r\n        <\/script>\r\n                            <article  data-href=\"https:\/\/bazanakrakowskiej.pl\/index.php\/wydarzenia\/korepetycje-z-warzyw-warsztaty-kulinarne\/\" data-target=\"m1\" style=\"background:#6fed6a\" class=\"mec-past-event mec-event-article mec-tile-item  mec-clear   \">\r\n                                                                        <div class=\"event-tile-view-head clearfix\">\r\n                                                            <div class=\"mec-event-month\"><span class=\"mec-start-date-label\" itemprop=\"startDate\">30 maj<\/span><\/div>\r\n                                                        <div class=\"mec-event-time\"><i class=\"mec-sl-clock\"><\/i>16:00<\/div>\r\n                        <\/div>\r\n                        <div class=\"mec-event-content\" data-target=\"m1\" data-event-id=\"7491\">\r\n                            <a href=\"https:\/\/bazanakrakowskiej.pl\/index.php\/wydarzenia\/korepetycje-z-warzyw-warsztaty-kulinarne\/\" target=\"m1\" class=\"mec-tile-into-content-link\"><\/a>                            <div class=\"mec-tile-event-content\">\r\n                                <div class=\"mec-event-detail\">\r\n                                                                                                            <span class=\"mec-event-loc-place\"><i class=\"mec-sl-location-pin\"><\/i>Baza na Krakowskiej<\/span>                                                                    <\/div>\r\n                                                                <h4 class=\"mec-event-title\"><a class=\"mec-color-hover\"  data-event-id=\"7491\" href=\"https:\/\/bazanakrakowskiej.pl\/index.php\/wydarzenia\/korepetycje-z-warzyw-warsztaty-kulinarne\/\" target=\"m1\" rel=\"noopener\">Korepetycje z warzyw- warsztaty kulinarne<\/a><\/h4>\r\n                                                            <\/div>\r\n                        <\/div>\r\n                    <\/article>\r\n                <\/div>                        <\/div>\r\n    <\/div><\/div><\/div>\r\n                                    <\/div>\r\n\r\n                            <\/div>\r\n        <\/div>\r\n    <\/div>\r\n    \r\n<\/div>\n","protected":false},"excerpt":{"rendered":"<p>Nadchodz\u0105ce wydarzenia<\/p>\n","protected":false},"author":1,"featured_media":0,"parent":0,"menu_order":0,"comment_status":"closed","ping_status":"closed","template":"","meta":{"footnotes":""},"class_list":["post-5964","page","type-page","status-publish"],"jetpack_sharing_enabled":true,"_links":{"self":[{"href":"https:\/\/bazanakrakowskiej.pl\/index.php\/wp-json\/wp\/v2\/pages\/5964","targetHints":{"allow":["GET"]}}],"collection":[{"href":"https:\/\/bazanakrakowskiej.pl\/index.php\/wp-json\/wp\/v2\/pages"}],"about":[{"href":"https:\/\/bazanakrakowskiej.pl\/index.php\/wp-json\/wp\/v2\/types\/page"}],"author":[{"embeddable":true,"href":"https:\/\/bazanakrakowskiej.pl\/index.php\/wp-json\/wp\/v2\/users\/1"}],"replies":[{"embeddable":true,"href":"https:\/\/bazanakrakowskiej.pl\/index.php\/wp-json\/wp\/v2\/comments?post=5964"}],"version-history":[{"count":2,"href":"https:\/\/bazanakrakowskiej.pl\/index.php\/wp-json\/wp\/v2\/pages\/5964\/revisions"}],"predecessor-version":[{"id":5966,"href":"https:\/\/bazanakrakowskiej.pl\/index.php\/wp-json\/wp\/v2\/pages\/5964\/revisions\/5966"}],"wp:attachment":[{"href":"https:\/\/bazanakrakowskiej.pl\/index.php\/wp-json\/wp\/v2\/media?parent=5964"}],"curies":[{"name":"wp","href":"https:\/\/api.w.org\/{rel}","templated":true}]}}