{"id":6958,"date":"2022-10-24T13:10:26","date_gmt":"2022-10-24T11:10:26","guid":{"rendered":"https:\/\/bazanakrakowskiej.pl\/?page_id=6958"},"modified":"2024-12-02T22:16:57","modified_gmt":"2024-12-02T21:16:57","slug":"bazart-2","status":"publish","type":"page","link":"https:\/\/bazanakrakowskiej.pl\/index.php\/bazart-2\/","title":{"rendered":"BazART zg\u0142oszenia!"},"content":{"rendered":"[vc_row type=&#8221;in_container&#8221; full_screen_row_position=&#8221;middle&#8221; column_margin=&#8221;default&#8221; column_direction=&#8221;default&#8221; column_direction_tablet=&#8221;default&#8221; column_direction_phone=&#8221;default&#8221; scene_position=&#8221;center&#8221; text_color=&#8221;dark&#8221; text_align=&#8221;left&#8221; row_border_radius=&#8221;none&#8221; row_border_radius_applies=&#8221;bg&#8221; overlay_strength=&#8221;0.3&#8243; gradient_direction=&#8221;left_to_right&#8221; shape_divider_position=&#8221;bottom&#8221; bg_image_animation=&#8221;none&#8221;][vc_column column_padding=&#8221;no-extra-padding&#8221; column_padding_tablet=&#8221;inherit&#8221; column_padding_phone=&#8221;inherit&#8221; column_padding_position=&#8221;all&#8221; column_element_spacing=&#8221;default&#8221; background_color_opacity=&#8221;1&#8243; background_hover_color_opacity=&#8221;1&#8243; column_shadow=&#8221;none&#8221; column_border_radius=&#8221;none&#8221; column_link_target=&#8221;_self&#8221; gradient_direction=&#8221;left_to_right&#8221; overlay_strength=&#8221;0.3&#8243; width=&#8221;1\/2&#8243; tablet_width_inherit=&#8221;default&#8221; tablet_text_alignment=&#8221;default&#8221; phone_text_alignment=&#8221;default&#8221; bg_image_animation=&#8221;none&#8221; border_type=&#8221;simple&#8221; column_border_width=&#8221;none&#8221; column_border_style=&#8221;solid&#8221;][vc_column_text]\n<p style=\"text-align: center;\"><span style=\"color: #993300; font-size: 14pt;\">Ju\u017c 13 grudnia 3 edycja projektu <strong>BAZART!<\/strong><\/span><\/p>\n<p><strong>Lista tegorocznych wystawc\u00f3w :\u00a0<\/strong><\/p>\n<ol>\n<li>Lena Wr\u00f3bel\u00a0<span style=\"color: #ff9900;\"><a style=\"color: #ff9900;\" href=\"https:\/\/www.instagram.com\/mas.kotki_\/\">\u201eMasKOTKI\u201d<\/a>&#8211;<\/span>\u00a0maskotki robione na szyde\u0142ku<\/li>\n<li>Karolina Mo\u015b <span style=\"color: #ff9900;\"><a style=\"color: #ff9900;\" href=\"https:\/\/www.facebook.com\/profile.php?id=100067558522410\">\u201eKartki Karotki\u201d<\/a><\/span>&#8211; \u015bwiece sojowe, ozdoby choinkowe<\/li>\n<li>Magdalena Szwed <span style=\"color: #ff9900;\"><strong>&#8222;<\/strong><a style=\"color: #ff9900;\" href=\"https:\/\/www.instagram.com\/terraurapl\/\">Terraura<\/a>&#8221; <\/span>&#8211; bi\u017cuteria z kamieni naturalnych<\/li>\n<li>Kornelia Czupryniak\u00a0<span style=\"color: #ff9900;\"><a style=\"color: #ff9900;\" href=\"https:\/\/www.instagram.com\/babka_zwyczajna_\/\">Babka zwyczajna&#8221;<\/a><span style=\"color: #333333;\">&#8211;<\/span>&#8222;<\/span>\u00a0manufaktura kosmetyczna<\/li>\n<li>Maria Ma\u0142ysz -prace z kordonka, bi\u017cuteria, stroiki \u015bwi\u0105teczne<\/li>\n<li>Ma\u0142gorzata Datta &#8211; <span style=\"color: #ff9900;\">&#8222;<a style=\"color: #ff9900;\" href=\"https:\/\/www.instagram.com\/dattamalgorzata\/\">Zielona pracownia<\/a>&#8222;<\/span> &#8211; ro\u015bliny, drzewka szcz\u0119\u015bcia<\/li>\n<li>Marzena \u0141aszkiewicz\u00a0<span style=\"color: #ff9900;\"><a style=\"color: #ff9900;\" href=\"https:\/\/www.facebook.com\/profile.php?id=100050949655475\">\u201eKraina Piernik\u00f3w- ciasteczka\u201d<\/a><\/span><strong>\u2013<\/strong>\u00a0pierniki robione r\u0119cznie<\/li>\n<li>Ilona Kubiczek\u00a0<span style=\"color: #ff9900;\"><a style=\"color: #ff9900;\" href=\"https:\/\/www.facebook.com\/search\/top?q=ikubi%20pracownia\">\u201eIkubi\u201d<\/a><\/span><strong>\u2013<\/strong>\u00a0akwarele, kartki \u015bwi\u0105teczne , kalendarze<\/li>\n<li>\u017baneta Kozik- <span style=\"color: #ff9900;\">&#8222;<\/span><a href=\"https:\/\/www.instagram.com\/zanet.ko\/\"><span style=\"color: #ff9900;\">Zanet.ko&#8221; <\/span><\/a>torby i akcesoria<\/li>\n<li>Paulina Englert\u00a0<span style=\"color: #ff9900;\"><a style=\"color: #ff9900;\" href=\"https:\/\/www.facebook.com\/nana.paulina.englert.new\">\u201eNaNa\u201d<\/a><\/span><strong>\u2013<\/strong>\u00a0artyku\u0142y dzieci\u0119ce i odzie\u017cowe<\/li>\n<li>Ma\u0142gorzata Grabowska- Fluder- <span style=\"color: #ff9900;\">&#8222;<a style=\"color: #ff9900;\" href=\"https:\/\/www.instagram.com\/malflu_foto\/\">Zal\u0105\u017cek<\/a>&#8221; &#8211;<\/span> vouchery upominkowe<\/li>\n<li>Iwona \u015awierczek\u00a0<span style=\"color: #ff9900;\"><a style=\"color: #ff9900;\" href=\"https:\/\/www.instagram.com\/mama.maluje\/\">\u201eMama maluje\u201d<\/a><\/span>\u2013 puzzle, naklejki magnesy w oparciu o r\u0119cznie robione ilustracje<\/li>\n<li>Agnieszka Frydel <span style=\"color: #ff9900;\">&#8222;<a style=\"color: #ff9900;\" href=\"https:\/\/www.instagram.com\/nieidealne_oczka\/\">Nieidealne oczka<\/a>&#8221; &#8222;<a style=\"color: #ff9900;\" href=\"https:\/\/www.instagram.com\/bibulka.i.spolka\/\">Bibu\u0142ka i sp\u00f3\u0142ka<\/a>&#8222;<\/span>&#8211; kartki na r\u00f3\u017cne okazje, dekoracje szyde\u0142kowe<\/li>\n<li>Dagmara Teraszkiewicz &#8222;<a href=\"https:\/\/www.facebook.com\/maraterbb\"><span style=\"color: #ff9900;\">Marater&#8221;<\/span> &#8211; <\/a>autorskie projekty odzie\u017cowe<\/li>\n<li>Anna Pisulak- Kubica<span style=\"color: #ff9900;\"> &#8222;<a style=\"color: #ff9900;\" href=\"https:\/\/www.instagram.com\/rozowa.patera\/\">R\u00f3\u017cowa Patera&#8221;<\/a> <\/span>s\u0142odycze okoliczno\u015bciowe<\/li>\n<li>Renata Rejma\u0144ska <span style=\"color: #ff9900;\">&#8222;<a style=\"color: #ff9900;\" href=\"https:\/\/www.facebook.com\/profile.php?id=61566819455663\">Twarda sztuka &#8221; &#8211;<\/a><\/span>obrazy z gipsu z motywem ro\u015blinnym<\/li>\n<li>Irmina Po\u015bpiech <span style=\"color: #ff9900;\"><a style=\"color: #ff9900;\" href=\"https:\/\/www.facebook.com\/profile.php?id=100094197177595\">Makrama <\/a>\u00a0<\/span>sztuka plecenia sznurka<\/li>\n<li>Iga Ochmanek <span style=\"color: #ff9900;\">&#8222;<\/span><a href=\"https:\/\/www.facebook.com\/iga.ochmanek\"><span style=\"color: #ff9900;\">Kosmetyki<\/span> <span style=\"color: #ff9900;\">naturalne&#8221; <\/span><\/a>kosmetyki naturalne<\/li>\n<li>El\u017cbieta Ku\u015b <span style=\"color: #ff9900;\">&#8222;<\/span><a href=\"https:\/\/www.facebook.com\/profile.php?id=100086908803976\"><span style=\"color: #ff9900;\">Velurette&#8221;<\/span> <\/a>torebki, kosmetyczki<\/li>\n<\/ol>\n<p>&nbsp;[\/vc_column_text][vc_column_text]\n<p style=\"text-align: center;\"><span style=\"color: #993300; font-size: 14pt;\">Rusza 3 edycja projektu <strong>BAZART!<\/strong><\/span><\/p>\n<p>Jest to\u00a0 KIERMASZ ARTYSTYCZNY, ze wzgl\u0119du na por\u0119- nawi\u0105zuj\u0105cy do \u015bwi\u0105t, (bo takie elementy te\u017c si\u0119 oczywi\u015bcie pojawi\u0105), ale jego\u00a0<strong style=\"font-style: inherit;\">g\u0142\u00f3wnym celem jest zaprezentowanie tw\u00f3rczo\u015bci wyj\u0105tkowych, zdolnych ludzi, kt\u00f3rzy maj\u0105 pasj\u0119, talent i robi\u0105 niesamowite rzeczy!<\/strong><\/p>\n<p><span style=\"color: #993300;\"><strong>W tym roku b\u0119dzie on cz\u0119\u015bci\u0105 du\u017cego \u015bwi\u0105tecznego przedsi\u0119wzi\u0119cia, a mianowicie <span style=\"color: #ffcc00;\">WYST\u0118PU GWIAZDKOWEGO<\/span> czyli pokaz\u00f3w ta\u0144ca i wystawy prac dzieci.<\/strong><\/span><\/p>\n<p><span style=\"color: #ffcc00;\">Ca\u0142e wydarzenie odb\u0119dzie si\u0119 na sali widowiskowej OSP Bestwina.<\/span><\/p>\n<p><strong>Zastanawiasz si\u0119 czy BAZART jest dla Ciebie?\u00a0<\/strong><br \/>\nJe\u015bli przynajmniej na jedno z poni\u017cszych zda\u0144 odpowiesz TAK- zg\u0142o\u015b si\u0119 do nas;)<\/p>\n<ul>\n<li><span style=\"font-size: 10pt;\">Czuj\u0119 si\u0119 gotowy, by pokaza\u0107 co stworzy\u0142em.<\/span><\/li>\n<li><span style=\"font-size: 10pt;\">Chcia\u0142bym sprzeda\u0107 swoje produkty.<\/span><\/li>\n<li><span style=\"font-size: 10pt;\">Ju\u017c od dawna my\u015bl\u0119, by gdzie\u015b zaprezentowa\u0107 swoj\u0105 tw\u00f3rczo\u015b\u0107.<\/span><\/li>\n<li><span style=\"font-size: 10pt;\">Mam kolekcj\u0119 swoich prac i uwa\u017cam, \u017ce warto si\u0119 ni\u0105 pochwali\u0107.<\/span><\/li>\n<li><span style=\"font-size: 10pt;\">Stworzy\u0142em rzeczy, kt\u00f3re nadaj\u0105 si\u0119 na prezenty, pami\u0105tki i mog\u0105 si\u0119 komu\u015b przyda\u0107.<\/span><\/li>\n<li><span style=\"font-size: 10pt;\">Chc\u0119 pozna\u0107 innych tw\u00f3rc\u00f3w i nawi\u0105za\u0107 nowe kontakty.<\/span><\/li>\n<li><span style=\"font-size: 10pt;\">Chc\u0119 spr\u00f3bowa\u0107!<br \/>\n<\/span><br \/>\n<span style=\"color: #993300;\"><strong>Na zg\u0142oszenia wystawc\u00f3w czekamy od 16 pa\u017adziernika do 24 listopada 2024.<br \/>\n<\/strong><\/span>(formularz \u00a0i regulamin do pobrania na stronie lub stacjonarnie- w BAZIE)<br \/>\nSzczeg\u00f3\u0142y i informacje pod nr 731 251 102.<br \/>\n<span style=\"color: #008080;\"><a style=\"color: #008080;\" href=\"https:\/\/bazanakrakowskiej.pl\/wp-content\/uploads\/2024\/10\/Regulamin-BAZART-2024.docx\">Regulamin BAZART 2024<\/a><\/span><br \/>\n<span style=\"color: #008080;\"><a style=\"color: #008080;\" href=\"https:\/\/bazanakrakowskiej.pl\/wp-content\/uploads\/2024\/10\/Formularz-do-pobrania-BazART-2024.docx\">Formularz do pobrania BazART 2024<\/a><\/span><\/li>\n<\/ul>\n<p>&#8212;&#8212;&#8212;&#8212;&#8212;&#8212;&#8212;&#8212;&#8212;&#8212;&#8212;&#8212;&#8212;&#8212;&#8212;&#8212;&#8212;&#8212;&#8212;&#8212;&#8212;&#8211;[\/vc_column_text][vc_column_text]<span style=\"color: #ffcc00;\"><strong>II EDYCJA BAZART 2023- lista wystawc\u00f3w\u00a0<\/strong><\/span><\/p>\n<ol>\n<li>Karolina Mo\u015b <strong><a href=\"https:\/\/www.facebook.com\/profile.php?id=100067558522410\">\u201eKartki Karotki\u201d<\/a>&#8211;<\/strong> \u015bwiece sojowe, ozdoby choinkowe<\/li>\n<li>Lena Wr\u00f3bel <strong><a href=\"https:\/\/www.instagram.com\/mas.kotki_\/\">\u201eMasKOTKI\u201d<\/a>&#8211;<\/strong> maskotki robione na szyde\u0142ku<\/li>\n<li>Marzena \u0141aszkiewicz <strong><a href=\"https:\/\/www.facebook.com\/profile.php?id=100050949655475\">\u201eKraina Piernik\u00f3w- ciasteczka\u201d<\/a>&#8211;<\/strong> pierniki robione r\u0119cznie<\/li>\n<li>Agata Kara\u015b- prace szyde\u0142kowe, bi\u017cuteria, torebki<\/li>\n<li>Ilona Kubiczek <strong><a href=\"https:\/\/www.facebook.com\/search\/top?q=ikubi%20pracownia\">\u201eIkubi\u201d<\/a>&#8211;<\/strong> akwarele, kartki \u015bwi\u0105teczne , kalendarze<\/li>\n<li>Paulina Englert <strong><a href=\"https:\/\/www.facebook.com\/nana.paulina.englert.new\">\u201eNaNa\u201d<\/a>&#8211;<\/strong> artyku\u0142y dzieci\u0119ce i odzie\u017cowe<\/li>\n<li>Aleksandra Paszek- <strong><a href=\"https:\/\/www.facebook.com\/0laPrzetwornia\">\u201ePrzetwornia\u201d<\/a>&#8211;<\/strong> makrama, haft, drewniane dekoracje<\/li>\n<li>Joanna Liberda \u2013 pierniczki \u015bwi\u0105teczne r\u0119cznie zdobione<\/li>\n<li>Monika Hernas- ceramika i prace plastyczne<\/li>\n<li>Aneta G\u00f3rny<strong><a href=\"https:\/\/www.facebook.com\/profile.php?id=100063848119902\"> \u201eInspirowane mi\u0142o\u015bci\u0105\u201d<\/a>&#8211; <\/strong>artyku\u0142y dzieci\u0119ce i dekoracyjne<\/li>\n<li>Urszula Horeczy <strong><a href=\"https:\/\/www.facebook.com\/la.czapulla\">\u201eLa Czapulla\u201d<\/a>&#8211;<\/strong> czapki i opaski z we\u0142ny merino<\/li>\n<li>Agata Dittrich- Kocur- kompozycje kwiatowe, wianki, stroiki<\/li>\n<li>Justyna Kunicka <strong><a href=\"https:\/\/www.facebook.com\/profile.php?id=100064672126985\">\u201eKreatywna Manufaktura\u201d<\/a>&#8211;<\/strong> portrety, ilustracje akwarelowe<\/li>\n<li>\u017baneta Kozik- torby i akcesoria<\/li>\n<li>Monika Kumala <strong><a href=\"https:\/\/www.facebook.com\/profile.php?id=100083781655136\">\u201eFollow the Bunny\u201d<\/a>&#8211;<\/strong> ubrania dzieci\u0119ce<\/li>\n<li>Joanna Ludwik <strong><a href=\"https:\/\/www.facebook.com\/maminkapl\">\u201eMaminka\u201d<\/a>&#8211; <\/strong>ubranka, poduszki, torby<\/li>\n<\/ol>\n<p><span style=\"color: #993300;\">Prezentacja prac wystawc\u00f3w tej edycji znajduj\u0119 si\u0119 tutaj:<strong>\u00a0<a style=\"color: #993300;\" href=\"https:\/\/bazanakrakowskiej.pl\/index.php\/2023\/11\/30\/prezentacja-wystawcow-na-bazart-2023\/\">https:\/\/bazanakrakowskiej.pl\/index.php\/2023\/11\/30\/prezentacja-wystawcow-na-bazart-2023\/<\/a><\/strong><\/span>[\/vc_column_text][\/vc_column][vc_column column_padding=&#8221;no-extra-padding&#8221; column_padding_tablet=&#8221;inherit&#8221; column_padding_phone=&#8221;inherit&#8221; column_padding_position=&#8221;all&#8221; column_element_spacing=&#8221;default&#8221; background_color_opacity=&#8221;1&#8243; background_hover_color_opacity=&#8221;1&#8243; column_shadow=&#8221;none&#8221; column_border_radius=&#8221;none&#8221; column_link_target=&#8221;_self&#8221; gradient_direction=&#8221;left_to_right&#8221; overlay_strength=&#8221;0.3&#8243; width=&#8221;1\/2&#8243; tablet_width_inherit=&#8221;default&#8221; tablet_text_alignment=&#8221;default&#8221; phone_text_alignment=&#8221;default&#8221; bg_image_animation=&#8221;none&#8221; border_type=&#8221;simple&#8221; column_border_width=&#8221;none&#8221; column_border_style=&#8221;solid&#8221;][image_with_animation image_url=&#8221;8161&#8243; animation=&#8221;Fade In&#8221; hover_animation=&#8221;none&#8221; alignment=&#8221;&#8221; border_radius=&#8221;none&#8221; box_shadow=&#8221;none&#8221; image_loading=&#8221;default&#8221; max_width=&#8221;100%&#8221; max_width_mobile=&#8221;default&#8221;][image_with_animation image_url=&#8221;8111&#8243; animation=&#8221;Fade In&#8221; hover_animation=&#8221;none&#8221; alignment=&#8221;&#8221; border_radius=&#8221;none&#8221; box_shadow=&#8221;none&#8221; image_loading=&#8221;default&#8221; max_width=&#8221;100%&#8221; max_width_mobile=&#8221;default&#8221;][\/vc_column][\/vc_row][vc_row type=&#8221;in_container&#8221; full_screen_row_position=&#8221;middle&#8221; column_margin=&#8221;default&#8221; column_direction=&#8221;default&#8221; column_direction_tablet=&#8221;default&#8221; column_direction_phone=&#8221;default&#8221; scene_position=&#8221;center&#8221; text_color=&#8221;dark&#8221; text_align=&#8221;left&#8221; row_border_radius=&#8221;none&#8221; row_border_radius_applies=&#8221;bg&#8221; overlay_strength=&#8221;0.3&#8243; gradient_direction=&#8221;left_to_right&#8221; shape_divider_position=&#8221;bottom&#8221; bg_image_animation=&#8221;none&#8221;][vc_column column_padding=&#8221;no-extra-padding&#8221; column_padding_tablet=&#8221;inherit&#8221; column_padding_phone=&#8221;inherit&#8221; column_padding_position=&#8221;all&#8221; column_element_spacing=&#8221;default&#8221; background_color_opacity=&#8221;1&#8243; background_hover_color_opacity=&#8221;1&#8243; column_shadow=&#8221;none&#8221; column_border_radius=&#8221;none&#8221; column_link_target=&#8221;_self&#8221; gradient_direction=&#8221;left_to_right&#8221; overlay_strength=&#8221;0.3&#8243; width=&#8221;1\/1&#8243; tablet_width_inherit=&#8221;default&#8221; tablet_text_alignment=&#8221;default&#8221; phone_text_alignment=&#8221;default&#8221; bg_image_animation=&#8221;none&#8221; border_type=&#8221;simple&#8221; column_border_width=&#8221;none&#8221; column_border_style=&#8221;solid&#8221;][vc_column_text]<span style=\"color: #ffcc00;\"><strong>I EDYCJA BAZART 2022- LISTA WYSTAWC\u00d3W<\/strong><\/span><\/p>\n<ol>\n<li>Joanna Lewartowska \u2013 zawieszki do pokoju dzieci, ozdoby \u015bwi\u0105teczne<\/li>\n<li>Iwona \u015awierczek <a href=\"https:\/\/www.instagram.com\/mama.maluje\/\">\u201e<strong>Mama maluje\u201d<\/strong><\/a>&#8211; puzzle, naklejki magnesy w oparciu o r\u0119cznie robione ilustracje<\/li>\n<li>Barbara Pok\u0142adnik- obrazy na szkle i na p\u0142\u00f3tnie<\/li>\n<li>Justyna Kunicka <a href=\"https:\/\/www.instagram.com\/kreatywna.manufaktura\/\"><strong>\u201eKreatywna manufaktura\u201d<\/strong><\/a>&#8211; rysunki, portrety<\/li>\n<li>Katarzyna Samborska <strong><a href=\"https:\/\/www.facebook.com\/profile.php?id=100063456345705\">\u201eDeko-serwis\u201d-<\/a><\/strong> anio\u0142ki, kule, wianki ze wst\u0105\u017cki<\/li>\n<li>Paulina Englert <strong><a href=\"https:\/\/www.instagram.com\/nana_paulinaenglert\/\">\u201eNana\u201d<\/a> <\/strong>\u2013 Przytulanki, po\u015bciele, artyku\u0142y dekoracyjne do domu<\/li>\n<li>Ilona Kubiczek <strong><a href=\"https:\/\/www.instagram.com\/ikubi_pracownia\/\">\u201eIkubi\u201d<\/a><\/strong>&#8211; poczt\u00f3wki, zak\u0142adki, rysunki i akwarele<\/li>\n<li>Bogumi\u0142a Durtan- obrazy olejne i akwarele<\/li>\n<li>Ola Gawlas i Gra\u017cyna Adamiec- serwetki, bransoletki, naszyjniki<\/li>\n<li>Anna P\u0142ucienniczak <strong><a href=\"https:\/\/www.instagram.com\/ikubi_pracowhttps:\/\/www.instagram.com\/nopracownia\/nia\/\">\u201eNO pracownia\u201d<\/a><\/strong> &#8211; drewniane ozdoby \u015bwi\u0105teczne, r\u0119cznie szyte choinki, dekoracyjne domki z drewna<\/li>\n<li><strong><a href=\"https:\/\/www.instagram.com\/basia_gren\/\">Barbara<\/a><\/strong> i <strong><a href=\"https:\/\/www.instagram.com\/grenjurek\/\">Jerzy Gre\u0144<\/a><\/strong>&#8211; akwarele, rysunki ,decoupage<\/li>\n<li><strong><a href=\"https:\/\/www.facebook.com\/amadlain\">Aleksandra Paszek<\/a><\/strong> \u201ePrzetwornia\u201d- makrama, bi\u017cuteria<\/li>\n<li>Sebastian Hara\u0144czyk<strong><a href=\"https:\/\/www.instagram.com\/debowyzakatekkmeble\/\"> \u201eD\u0119bowy zak\u0105tek\u201d<\/a><\/strong>&#8211; drewniane meble i akcesoria z dodatkiem barwionej \u017cywicy<\/li>\n<li>Zofia Kocurek- haftowane obrazy<\/li>\n<li>Anna Trybus <strong><a href=\"https:\/\/www.instagram.com\/nadzierganepowiazane\/\">\u201eNadziergane powi\u0105zane\u201d<\/a><\/strong>&#8211; czapki, kominy, opaski z we\u0142ny merino<\/li>\n<li>Katarzyna Krawczyk- drewniane choinki i \u015bwi\u0105teczne stroiki<\/li>\n<\/ol>\n[\/vc_column_text][\/vc_column][\/vc_row][vc_row type=&#8221;in_container&#8221; full_screen_row_position=&#8221;middle&#8221; column_margin=&#8221;default&#8221; column_direction=&#8221;default&#8221; column_direction_tablet=&#8221;default&#8221; column_direction_phone=&#8221;default&#8221; scene_position=&#8221;center&#8221; text_color=&#8221;dark&#8221; text_align=&#8221;left&#8221; row_border_radius=&#8221;none&#8221; row_border_radius_applies=&#8221;bg&#8221; overlay_strength=&#8221;0.3&#8243; gradient_direction=&#8221;left_to_right&#8221; shape_divider_position=&#8221;bottom&#8221; bg_image_animation=&#8221;none&#8221;][vc_column column_padding=&#8221;no-extra-padding&#8221; column_padding_tablet=&#8221;inherit&#8221; column_padding_phone=&#8221;inherit&#8221; column_padding_position=&#8221;all&#8221; column_element_spacing=&#8221;default&#8221; background_color_opacity=&#8221;1&#8243; background_hover_color_opacity=&#8221;1&#8243; column_shadow=&#8221;none&#8221; column_border_radius=&#8221;none&#8221; column_link_target=&#8221;_self&#8221; gradient_direction=&#8221;left_to_right&#8221; overlay_strength=&#8221;0.3&#8243; width=&#8221;1\/1&#8243; tablet_width_inherit=&#8221;default&#8221; tablet_text_alignment=&#8221;default&#8221; phone_text_alignment=&#8221;default&#8221; bg_image_animation=&#8221;none&#8221; border_type=&#8221;simple&#8221; column_border_width=&#8221;none&#8221; column_border_style=&#8221;solid&#8221;][vc_gallery type=&#8221;image_grid&#8221; images=&#8221;7218,7219,7220,7221,7222,7223,7224,7225,7226,7227,7228,7229,7230,7231,7232,7233,7234,7235,7236,7237,7238,7239,7240,7241,7242,7243,7244,7245,7246,7247&#8243; image_grid_loading=&#8221;default&#8221; layout=&#8221;4&#8243; item_spacing=&#8221;default&#8221; gallery_style=&#8221;7&#8243; load_in_animation=&#8221;none&#8221;][\/vc_column][\/vc_row]\n","protected":false},"excerpt":{"rendered":"<p>[vc_row type=&#8221;in_container&#8221; full_screen_row_position=&#8221;middle&#8221; column_margin=&#8221;default&#8221; column_direction=&#8221;default&#8221; column_direction_tablet=&#8221;default&#8221; column_direction_phone=&#8221;default&#8221; scene_position=&#8221;center&#8221; text_color=&#8221;dark&#8221; text_align=&#8221;left&#8221; row_border_radius=&#8221;none&#8221; row_border_radius_applies=&#8221;bg&#8221; overlay_strength=&#8221;0.3&#8243; gradient_direction=&#8221;left_to_right&#8221; shape_divider_position=&#8221;bottom&#8221;&#8230;<\/p>\n","protected":false},"author":1,"featured_media":0,"parent":0,"menu_order":0,"comment_status":"closed","ping_status":"closed","template":"","meta":{"footnotes":""},"class_list":["post-6958","page","type-page","status-publish"],"jetpack_sharing_enabled":true,"_links":{"self":[{"href":"https:\/\/bazanakrakowskiej.pl\/index.php\/wp-json\/wp\/v2\/pages\/6958","targetHints":{"allow":["GET"]}}],"collection":[{"href":"https:\/\/bazanakrakowskiej.pl\/index.php\/wp-json\/wp\/v2\/pages"}],"about":[{"href":"https:\/\/bazanakrakowskiej.pl\/index.php\/wp-json\/wp\/v2\/types\/page"}],"author":[{"embeddable":true,"href":"https:\/\/bazanakrakowskiej.pl\/index.php\/wp-json\/wp\/v2\/users\/1"}],"replies":[{"embeddable":true,"href":"https:\/\/bazanakrakowskiej.pl\/index.php\/wp-json\/wp\/v2\/comments?post=6958"}],"version-history":[{"count":24,"href":"https:\/\/bazanakrakowskiej.pl\/index.php\/wp-json\/wp\/v2\/pages\/6958\/revisions"}],"predecessor-version":[{"id":8180,"href":"https:\/\/bazanakrakowskiej.pl\/index.php\/wp-json\/wp\/v2\/pages\/6958\/revisions\/8180"}],"wp:attachment":[{"href":"https:\/\/bazanakrakowskiej.pl\/index.php\/wp-json\/wp\/v2\/media?parent=6958"}],"curies":[{"name":"wp","href":"https:\/\/api.w.org\/{rel}","templated":true}]}}