{"id":8177,"date":"2024-12-02T22:09:58","date_gmt":"2024-12-02T21:09:58","guid":{"rendered":"https:\/\/bazanakrakowskiej.pl\/?page_id=8177"},"modified":"2024-12-02T22:09:58","modified_gmt":"2024-12-02T21:09:58","slug":"prezentacja-wystawcow-bazart-2024","status":"publish","type":"page","link":"https:\/\/bazanakrakowskiej.pl\/index.php\/prezentacja-wystawcow-bazart-2024\/","title":{"rendered":"Prezentacja wystawc\u00f3w- BazART 2024"},"content":{"rendered":"<p><span style=\"color: #993300;\"><strong>III EDYCJA BAZART 2024- lista wystawc\u00f3w\u00a0<\/strong><\/span><\/p>\n<ol>\n<li>Karolina Mo\u015b <span style=\"color: #ff9900;\"><a style=\"color: #ff9900;\" href=\"https:\/\/www.facebook.com\/profile.php?id=100067558522410\">\u201eKartki Karotki\u201d<\/a><\/span>&#8211; \u015bwiece sojowe, ozdoby choinkowe<\/li>\n<li>Lena Wr\u00f3bel <span style=\"color: #ff9900;\"><a style=\"color: #ff9900;\" href=\"https:\/\/www.instagram.com\/mas.kotki_\/\">\u201eMasKOTKI\u201d<\/a>&#8211;<\/span> maskotki robione na szyde\u0142ku<\/li>\n<li>Magdalena Szwed <span style=\"color: #ff9900;\"><strong>&#8222;<\/strong><a style=\"color: #ff9900;\" href=\"https:\/\/www.instagram.com\/terraurapl\/\">Terraura<\/a>&#8221; <\/span>&#8211; bi\u017cuteria z kamieni naturalnych<\/li>\n<li>Kornelia Czupryniak\u00a0<span style=\"color: #ff9900;\"><a style=\"color: #ff9900;\" href=\"https:\/\/www.instagram.com\/babka_zwyczajna_\/\">Babka zwyczajna&#8221;<\/a><span style=\"color: #333333;\">&#8211;<\/span>&#8222;<\/span>\u00a0manufaktura kosmetyczna<\/li>\n<li>Maria Ma\u0142ysz -prace z kordonka, bi\u017cuteria, stroiki \u015bwi\u0105teczne<\/li>\n<li>Ma\u0142gorzata Datta &#8211; <span style=\"color: #ff9900;\">&#8222;<a style=\"color: #ff9900;\" href=\"https:\/\/www.instagram.com\/dattamalgorzata\/\">Zielona pracownia<\/a>&#8222;<\/span> &#8211; ro\u015bliny, drzewka szcz\u0119\u015bcia<\/li>\n<li>Marzena \u0141aszkiewicz\u00a0<span style=\"color: #ff9900;\"><a style=\"color: #ff9900;\" href=\"https:\/\/www.facebook.com\/profile.php?id=100050949655475\">\u201eKraina Piernik\u00f3w- ciasteczka\u201d<\/a><\/span><strong>\u2013<\/strong>\u00a0pierniki robione r\u0119cznie<\/li>\n<li>Ilona Kubiczek\u00a0<span style=\"color: #ff9900;\"><a style=\"color: #ff9900;\" href=\"https:\/\/www.facebook.com\/search\/top?q=ikubi%20pracownia\">\u201eIkubi\u201d<\/a><\/span><strong>\u2013<\/strong>\u00a0akwarele, kartki \u015bwi\u0105teczne , kalendarze<\/li>\n<li>\u017baneta Kozik- <span style=\"color: #ff9900;\">&#8222;<\/span><a href=\"https:\/\/www.instagram.com\/zanet.ko\/\"><span style=\"color: #ff9900;\">Zanet.ko<\/span>&#8221; <\/a>torby i akcesoria<\/li>\n<li>Paulina Englert\u00a0<span style=\"color: #ff9900;\"><a style=\"color: #ff9900;\" href=\"https:\/\/www.facebook.com\/nana.paulina.englert.new\">\u201eNaNa\u201d<\/a><\/span><strong>\u2013<\/strong>\u00a0artyku\u0142y dzieci\u0119ce i odzie\u017cowe<\/li>\n<li>Ma\u0142gorzata Grabowska- Fluder- <span style=\"color: #ff9900;\">&#8222;<a style=\"color: #ff9900;\" href=\"https:\/\/www.instagram.com\/malflu_foto\/\">Zal\u0105\u017cek<\/a>&#8221; &#8211;<\/span> vouchery upominkowe<\/li>\n<li>Iwona \u015awierczek\u00a0<span style=\"color: #ff9900;\"><a style=\"color: #ff9900;\" href=\"https:\/\/www.instagram.com\/mama.maluje\/\">\u201eMama maluje\u201d<\/a><\/span>\u2013 puzzle, naklejki magnesy w oparciu o r\u0119cznie robione ilustracje<\/li>\n<li>Agnieszka Frydel <span style=\"color: #ff9900;\">&#8222;<a style=\"color: #ff9900;\" href=\"https:\/\/www.instagram.com\/nieidealne_oczka\/\">Nieidealne oczka<\/a>&#8221; &#8222;<a style=\"color: #ff9900;\" href=\"https:\/\/www.instagram.com\/bibulka.i.spolka\/\">Bibu\u0142ka i sp\u00f3\u0142ka<\/a>&#8222;<\/span>&#8211; kartki na r\u00f3\u017cne okazje, dekoracje szyde\u0142kowe<\/li>\n<li>Dagmara Teraszkiewicz &#8222;<a href=\"https:\/\/www.facebook.com\/maraterbb\"><span style=\"color: #ff9900;\">Marater&#8221;<\/span> &#8211; <\/a>autorskie projekty odzie\u017cowe<\/li>\n<li>Anna Pisulak- Kubica<span style=\"color: #ff9900;\"> &#8222;<a style=\"color: #ff9900;\" href=\"https:\/\/www.instagram.com\/rozowa.patera\/\">R\u00f3\u017cowa Patera&#8221;<\/a> <\/span>s\u0142odycze okoliczno\u015bciowe<\/li>\n<li>Renata Rejma\u0144ska <span style=\"color: #ff9900;\">&#8222;<a style=\"color: #ff9900;\" href=\"https:\/\/www.facebook.com\/profile.php?id=61566819455663\">Twarda sztuka &#8221; &#8211;<\/a><\/span>obrazy z gipsu z motywem ro\u015blinnym<\/li>\n<li>Irmina Po\u015bpiech <span style=\"color: #ff9900;\"><a style=\"color: #ff9900;\" href=\"https:\/\/www.facebook.com\/profile.php?id=100094197177595\">Makrama <\/a>\u00a0<\/span>sztuka plecenia sznurka<\/li>\n<li>Iga Ochmanek <span style=\"color: #ff9900;\">&#8222;<\/span><a href=\"https:\/\/www.facebook.com\/iga.ochmanek\"><span style=\"color: #ff9900;\">Kosmetyki<\/span> naturalne&#8221; <\/a>kosmetyki naturalne<\/li>\n<li>El\u017cbieta Ku\u015b <span style=\"color: #ff9900;\">&#8222;<\/span><a href=\"https:\/\/www.facebook.com\/profile.php?id=100086908803976\"><span style=\"color: #ff9900;\">Velurette&#8221;<\/span> <\/a>torebki, kosmetyczki<\/li>\n<\/ol>\n","protected":false},"excerpt":{"rendered":"<p>III EDYCJA BAZART 2024- lista wystawc\u00f3w\u00a0 Karolina Mo\u015b \u201eKartki Karotki\u201d&#8211; \u015bwiece sojowe, ozdoby choinkowe Lena&#8230;<\/p>\n","protected":false},"author":1,"featured_media":0,"parent":0,"menu_order":0,"comment_status":"closed","ping_status":"closed","template":"","meta":{"footnotes":""},"class_list":["post-8177","page","type-page","status-publish"],"jetpack_sharing_enabled":true,"_links":{"self":[{"href":"https:\/\/bazanakrakowskiej.pl\/index.php\/wp-json\/wp\/v2\/pages\/8177","targetHints":{"allow":["GET"]}}],"collection":[{"href":"https:\/\/bazanakrakowskiej.pl\/index.php\/wp-json\/wp\/v2\/pages"}],"about":[{"href":"https:\/\/bazanakrakowskiej.pl\/index.php\/wp-json\/wp\/v2\/types\/page"}],"author":[{"embeddable":true,"href":"https:\/\/bazanakrakowskiej.pl\/index.php\/wp-json\/wp\/v2\/users\/1"}],"replies":[{"embeddable":true,"href":"https:\/\/bazanakrakowskiej.pl\/index.php\/wp-json\/wp\/v2\/comments?post=8177"}],"version-history":[{"count":2,"href":"https:\/\/bazanakrakowskiej.pl\/index.php\/wp-json\/wp\/v2\/pages\/8177\/revisions"}],"predecessor-version":[{"id":8179,"href":"https:\/\/bazanakrakowskiej.pl\/index.php\/wp-json\/wp\/v2\/pages\/8177\/revisions\/8179"}],"wp:attachment":[{"href":"https:\/\/bazanakrakowskiej.pl\/index.php\/wp-json\/wp\/v2\/media?parent=8177"}],"curies":[{"name":"wp","href":"https:\/\/api.w.org\/{rel}","templated":true}]}}